{"id":2705,"date":"2023-07-10T05:59:49","date_gmt":"2023-07-10T05:59:49","guid":{"rendered":"http:\/\/knjiznice.nsk.hr\/senj\/?page_id=2705"},"modified":"2023-07-10T05:59:49","modified_gmt":"2023-07-10T05:59:49","slug":"izvjesce-o-radu-za-2022-g-sazeta-verzija","status":"publish","type":"page","link":"https:\/\/knjiznice.nsk.hr\/senj\/izvjesce-o-radu-za-2022-g-sazeta-verzija\/","title":{"rendered":"IZVJE\u0160\u0106E O RADU ZA 2022.g-sa\u017eeta verzija"},"content":{"rendered":"<p>\uf0fc\t\u0160to se knji\u017eni\u010dnih parametara ti\u010de, senjska knji\u017enica zadovoljava sve parametre struke:<br \/>\n20 530 knjiga, 605 \u010dlanova, lanjska nabava-1656 knjiga, 15 755 posudbi.<br \/>\n\uf0fc\tGra\u0111u obra\u0111ujemo trenuta\u010dno najsuvremenijim knji\u017eni\u010darskom programom u nas-Zaki programom. Uz to, odli\u010dno funkcioniraju i rado se koriste na\u0161i online katalozi u sklopu na\u0161ih web kanala informiranja-internetske stranice i facebook stranice koje smo samostalno isposlovali te sami odr\u017eavamo i osvje\u017eavamo.<br \/>\n\uf0fc\t\u0160to se ti\u010de financija, poslovali smo sukladno planovima i zakonima.<br \/>\nNa\u0161i prihodi u 2022. godini bili su 625.289,69  kn, a rashodi 544.229,51  kuna, dok je 84.217,47  kuna utro\u0161eno za nabavu nefinancijske imovine.<br \/>\nOstvaren je ukupan manjak prihoda poslovanja u iznosu od 3.161,29 kn. Preneseni vi\u0161ak prihoda i primitaka iz proteklog razdoblja je 21.616,23  kune i Gradska knji\u017enica Senj prenosi vi\u0161ak prihoda i primitaka raspolo\u017eiv u sljede\u0107em razdoblju u iznosu od 18.454,94 kune.<br \/>\nPored sredstava Osniva\u010da i vlastitih sredstva, dodatnim smo naporima osigurali sredstva i iz ostalih izvora:<br \/>\n-40.000,00 kuna za nabavu knji\u017ene i neknji\u017ene gra\u0111e-Ministarstvo kulture<br \/>\nSvi ostali detalji financijskog poslovanja Gradske knji\u017enice Senj nalaze se u Financijskom izvje\u0161\u0107u pred vama.<br \/>\n\uf0fc\t\u0160to se ti\u010de prostornih parametara, u knji\u017enici se ve\u0107 du\u017ee name\u0107e potreba koju bi u budu\u0107nosti trebalo namiriti na zadovoljstvo djelatnika i korisnika ustanove. Naime, na\u0161a ustanova kontininuirano radi na populariziranju kulture i obrazovanja i u tom smislu organizira razne kulturne doga\u0111aje. Od srca nas veseli da je odaziv na doga\u0111anja veliki, no to name\u0107e potrebu ve\u0107e sale za doga\u0111aje koja je postala premala i pretijesna za sve na\u0161e drage posjetitelje i izvo\u0111a\u010de.  U tom smislu se nadamo da \u0107e se u bli\u017eoj budu\u0107nosti, kada Osniva\u010d bude u financijskoj mogu\u0107nosti, mo\u0107i kupiti prostor u neposrednoj blizini Knji\u017enice, koji je trenutno u privatnom vlasni\u0161tvu.<br \/>\nU slu\u010daju kupovine istoga, budu\u0107i da je prostor ure\u0111en i izoliran, ulaganja Grada ne bi bila velika, dovoljno bi bilo probiti jedna vrata prema novom prostoru da se spoji s postoje\u0107im prostorom Knji\u017enice. Uz to, aplicirali bismo za program opremanja novog prostora pri Ministarstvu kulture kako bismo taj prostor prenamijenili u multimedijsku salu za doga\u0111aje pa bismo na taj na\u010din rasteretili Osniva\u010da od dodatnih tro\u0161kova. Nadamo se da \u0107e se ovaj projekt uspjeti realizirati u bli\u017eoj budu\u0107nosti.<br \/>\n\uf0fc\tUz primarne knji\u017eni\u010darske poslove, va\u017ean naglasak Gradska knji\u017enica Senj stavlja na kulturni program i doga\u0111anja u svojoj ustanovi. Organiziramo sve vrste doga\u0111aja od kulturnih, edukacijskih, savjetodavnih do informacijskih sadr\u017eaja za djecu, tinejd\u017eere i odrasle s ciljem poticanja kulture knjige i \u010ditanja te oboga\u0107ivanja kulturne ponude u na\u0161em gradu.<br \/>\nKroz pripremu i realizaciju doga\u0111anja aktivno i dobro sura\u0111ujemo sa svim ustanovama, udrugama i institucijama na lokalnoj, \u017eupanijskoj i dr\u017eavnoj razini. Sve doga\u0111aje propagiramo plakatima, lecima, preko portala, novina, radija i putem na\u0161e web i facebook stranice. Uz to, kroz godinu u suradnji s Radio Senjom kreiramo seriju emisija Knji\u017enica u eteru &#8211; radioemisija u kojima Gradska knji\u017enica Senj obavje\u0161tava gra\u0111ane o svojim aktivnostima i novitetima te najavljuje predstoje\u0107a doga\u0111anja.<br \/>\n-IZLO\u017dBE (8):<br \/>\n\uf0fc\tVITEZOVI\u0106U U \u010cAST<br \/>\n\uf0fc\tMATURANTSKA IZLO\u017dBA<br \/>\n\uf0fc\tBRANITELJSKA IZLO\u017dBA<br \/>\n\uf0fc\tIZLO\u017dBA INGE BURMUD\u017dIJE \u201cBURA OD BOJA \u201e<br \/>\n\uf0fc\tIZLO\u017dBA U\u010cENI\u010cKIH RADOVA \u0160KOLSKE ZADRUGE SINJAL<br \/>\n\uf0fc\tHUMANITARNA IZLO\u017dBA FOTOGRAFIJA DIVLJIH \u017dIVOTINJA I DIVLJINE VELEBITA \u201eVELI\u010cANSTVENA DIVLJINA VELEBITA\u201c<br \/>\n\uf0fc\tIZLO\u017dBA \u201eSLI\u010cICE IZ GRADA\u201c ANE HR\u0106AN \u0160OJAT<br \/>\n\uf0fc\tIZLO\u017dBA FOTOGRAFIJA VELJKA BARUD\u017dIJE \u201eSVIJET JE LOPTA\u201c<br \/>\n-EDUKATIVNI PROGRAMI:<br \/>\n\uf0fc\tPROGRAM \u201eUPOZNAJ SVOJ GRAD I KNJI\u017dNICU\u201c-vrti\u0107<br \/>\n\uf0fc\tEDUKATIVNI SAT \u2013 KOLIKO POZNAJEM VITEZOVI\u0106A?-23.5.2022.g-s\u0161<br \/>\n\uf0fc\tPREDAVANJE KRUNOSLAVA RACA: VELEBIT-2.6.2022.g<br \/>\n\uf0fc\tPREDAVANJE MIRKA BJELANA \u201eUSPON NA KILIMANJARO\u201c<br \/>\n\uf0fc\tEDUKATIVNI SAT-VUKOVAR-DA SE NE ZABORAVI-s\u0161<br \/>\n\uf0fc\tORGANIZIRANI POSJET I PRIGODNI PROGRAMI ZA DJECU O\u0160 I VRTI\u0106ANCE<br \/>\n-KNJI\u017dEVNE VE\u010cERI I PREDSTAVLJANJE KNJIGA:<br \/>\n\uf0fc\tPREDSTAVLJANJE ROMANA \u201eGLAGOLJSKI MISTERIJ\u201c SANJE \u017dDRALOVI\u0106<br \/>\n\uf0fc\tPREDSTAVLJANJE PJESNI\u010cKE ZBIRKE NEVENA MATIJEVI\u0106A \u201eIN MEDIAS RES\u201c<\/p>\n<p>\uf0fc\tPREDSTAVLJANJE KNJIGE BRUNE \u0160IMLE\u0160E (P)OSTATI ZDRAV<br \/>\n\uf0fc\tPREDSTAVLJANJE KNJIGE \u201ePORIJEKLO HRVATSKIH INSTITUCIJA\u201c JOSIPA JAMBRA\u010cA<br \/>\n\uf0fc\tPREDSTAVLJANJE KNJIGE \u201e100 STOLA\u010cKIH HABERA\u201c KLARE POLAK POLJAREVI\u0106<\/p>\n<p>-2 PRI\u010cAONICE ZA DJECU-LJETNA I ADVENTSKA<br \/>\n-3 KAZALI\u0160NE PREDSTAVE ZA DJECU<br \/>\n-2 LIKOVNE RADIONICE ZA DJECU<br \/>\n-DODJELA NAGRADA NAJ\u010cITA\u010cIMA GRADSKE KNJI\u017dNICE SENJ ZA 2022.GODINU<\/p>\n<p>ZAKLJU\u010cAK<br \/>\nGradska knji\u017enica Senj sve je poslove u 2022. godini izvr\u0161avala u skladu sa zakonima i strukom te po\u0161tuju\u0107i Standarde za narodne knji\u017enice Republike Hrvatske. Uz teku\u0107e knji\u017eni\u010darske poslove i nabavu gra\u0111e, odr\u017eavali smo i brojne kulturne programe za djecu i odrasle.  Bili smo aktivni u kulturnom i dru\u0161tvenom \u017eivotu Grada te transparentni putem svih vrsta medija za sugra\u0111ane i \u0161iru javnost. Brzo i efikasno smo ispunjavali zahtjeve zajednice za knji\u017eni\u010dnom gra\u0111om, kulturnim i edukacijskim sadr\u017eajima, za pristupom novim tehnologijama te za informacijskim opismenjavanjem. Financijsku godinu smo zaklju\u010dili  podmiriv\u0161i sve obaveze i bez odstupanja od predvi\u0111enog plana i programa.<\/p>\n<p>Uz sve navedeno, i dodatne zacrtane ciljeve predvi\u0111ene za 2022. smo uspje\u0161no realizirali:<br \/>\n-aplicirali smo na natje\u010daje kako bismo pribavili dodatna sredstva ustanovi,<br \/>\n-njegovali smo izdava\u010dku djelatnost zavi\u010dajnog profila-izdana je knjiga Nevena Matijevi\u0107a In medias res<br \/>\n-vanjaska stolarija je obnovljena i premazana.<\/p>\n<p>U narednom periodu planiramo odr\u017eavati kvalitetu rada, poslovanja i usluga dr\u017ee\u0107i nivo koji smo postavili. Uz to, u 2023. godini planiramo raditi na daljnjem usavr\u0161avanju i pobolj\u0161avanju nekih segmenata rada. Primjerice, planiramo:<br \/>\n-nastaviti raditi na daljnjem uvo\u0111enju novih i zanimljivih doga\u0111aja uz njegovanje projekata koji su se pokazali uspje\u0161nima,<br \/>\n-nastaviti aplicirati na razne natje\u010daje Grada, Ministarstva te iz ostalih raspolo\u017eivih izvora (knji\u017ena gra\u0111a te nova ra\u010dunala),<br \/>\n-razvijati svoju nakladni\u010dku djelatnost izdavanjem knjiga zavi\u010dajne knji\u017eevnosti.<\/p>\n<p>U 2022. godini knji\u017enica je poslovala dobro. Posje\u0107enost i posudba knjiga je odli\u010dna \u0161to govori o zadovoljnim korisnicima koji prepoznaju svoju knji\u017enicu kao zna\u010dajan kultirni centar u Senju.<br \/>\nHvala svim korisnicima, financijerima, suradnicima i medijima na dobroj suradnji i istoj se nadamo i u ovoj godini koja je pred nama.<\/p>\n","protected":false},"excerpt":{"rendered":"<p>\uf0fc \u0160to se knji\u017eni\u010dnih parametara ti\u010de, senjska knji\u017enica zadovoljava sve parametre struke: 20 530 knjiga, 605 \u010dlanova, lanjska nabava-1656 knjiga, 15 755 posudbi. \uf0fc Gra\u0111u obra\u0111ujemo trenuta\u010dno najsuvremenijim knji\u017eni\u010darskom programom u nas-Zaki programom. Uz to, odli\u010dno funkcioniraju i rado se koriste na\u0161i online katalozi u sklopu na\u0161ih web kanala informiranja-internetske stranice i facebook stranice koje [&hellip;]<\/p>\n","protected":false},"author":58,"featured_media":0,"parent":0,"menu_order":0,"comment_status":"closed","ping_status":"closed","template":"","meta":{"ngg_post_thumbnail":0},"yoast_head":"<!-- This site is optimized with the Yoast SEO plugin v16.4 - https:\/\/yoast.com\/wordpress\/plugins\/seo\/ -->\n<meta name=\"robots\" content=\"index, follow, max-snippet:-1, max-image-preview:large, max-video-preview:-1\" \/>\n<link rel=\"canonical\" href=\"https:\/\/knjiznice.nsk.hr\/senj\/izvjesce-o-radu-za-2022-g-sazeta-verzija\/\" \/>\n<meta property=\"og:locale\" content=\"hr_HR\" \/>\n<meta property=\"og:type\" content=\"article\" \/>\n<meta property=\"og:title\" content=\"IZVJE\u0160\u0106E O RADU ZA 2022.g-sa\u017eeta verzija - Gradska knji\u017enica Senj\" \/>\n<meta property=\"og:description\" content=\"\uf0fc \u0160to se knji\u017eni\u010dnih parametara ti\u010de, senjska knji\u017enica zadovoljava sve parametre struke: 20 530 knjiga, 605 \u010dlanova, lanjska nabava-1656 knjiga, 15 755 posudbi. \uf0fc Gra\u0111u obra\u0111ujemo trenuta\u010dno najsuvremenijim knji\u017eni\u010darskom programom u nas-Zaki programom. Uz to, odli\u010dno funkcioniraju i rado se koriste na\u0161i online katalozi u sklopu na\u0161ih web kanala informiranja-internetske stranice i facebook stranice koje [&hellip;]\" \/>\n<meta property=\"og:url\" content=\"https:\/\/knjiznice.nsk.hr\/senj\/izvjesce-o-radu-za-2022-g-sazeta-verzija\/\" \/>\n<meta property=\"og:site_name\" content=\"Gradska knji\u017enica Senj\" \/>\n<meta property=\"article:publisher\" content=\"http:\/\/facebook.com\/Gradska-knji%c5%benica-SENJ\" \/>\n<meta name=\"twitter:label1\" content=\"Procijenjeno vrijeme \u010ditanja\" \/>\n\t<meta name=\"twitter:data1\" content=\"5 minuta\" \/>\n<script type=\"application\/ld+json\" class=\"yoast-schema-graph\">{\"@context\":\"https:\/\/schema.org\",\"@graph\":[{\"@type\":\"WebSite\",\"@id\":\"https:\/\/knjiznice.nsk.hr\/senj\/#website\",\"url\":\"https:\/\/knjiznice.nsk.hr\/senj\/\",\"name\":\"Gradska knji\\u017enica Senj\",\"description\":\"S vama od 1835. godine\",\"potentialAction\":[{\"@type\":\"SearchAction\",\"target\":\"https:\/\/knjiznice.nsk.hr\/senj\/?s={search_term_string}\",\"query-input\":\"required name=search_term_string\"}],\"inLanguage\":\"hr\"},{\"@type\":\"WebPage\",\"@id\":\"https:\/\/knjiznice.nsk.hr\/senj\/izvjesce-o-radu-za-2022-g-sazeta-verzija\/#webpage\",\"url\":\"https:\/\/knjiznice.nsk.hr\/senj\/izvjesce-o-radu-za-2022-g-sazeta-verzija\/\",\"name\":\"IZVJE\\u0160\\u0106E O RADU ZA 2022.g-sa\\u017eeta verzija - Gradska knji\\u017enica Senj\",\"isPartOf\":{\"@id\":\"https:\/\/knjiznice.nsk.hr\/senj\/#website\"},\"datePublished\":\"2023-07-10T05:59:49+00:00\",\"dateModified\":\"2023-07-10T05:59:49+00:00\",\"breadcrumb\":{\"@id\":\"https:\/\/knjiznice.nsk.hr\/senj\/izvjesce-o-radu-za-2022-g-sazeta-verzija\/#breadcrumb\"},\"inLanguage\":\"hr\",\"potentialAction\":[{\"@type\":\"ReadAction\",\"target\":[\"https:\/\/knjiznice.nsk.hr\/senj\/izvjesce-o-radu-za-2022-g-sazeta-verzija\/\"]}]},{\"@type\":\"BreadcrumbList\",\"@id\":\"https:\/\/knjiznice.nsk.hr\/senj\/izvjesce-o-radu-za-2022-g-sazeta-verzija\/#breadcrumb\",\"itemListElement\":[{\"@type\":\"ListItem\",\"position\":1,\"item\":{\"@type\":\"WebPage\",\"@id\":\"https:\/\/knjiznice.nsk.hr\/senj\/\",\"url\":\"https:\/\/knjiznice.nsk.hr\/senj\/\",\"name\":\"Po\\u010detna stranica\"}},{\"@type\":\"ListItem\",\"position\":2,\"item\":{\"@id\":\"https:\/\/knjiznice.nsk.hr\/senj\/izvjesce-o-radu-za-2022-g-sazeta-verzija\/#webpage\"}}]}]}<\/script>\n<!-- \/ Yoast SEO plugin. -->","_links":{"self":[{"href":"https:\/\/knjiznice.nsk.hr\/senj\/wp-json\/wp\/v2\/pages\/2705"}],"collection":[{"href":"https:\/\/knjiznice.nsk.hr\/senj\/wp-json\/wp\/v2\/pages"}],"about":[{"href":"https:\/\/knjiznice.nsk.hr\/senj\/wp-json\/wp\/v2\/types\/page"}],"author":[{"embeddable":true,"href":"https:\/\/knjiznice.nsk.hr\/senj\/wp-json\/wp\/v2\/users\/58"}],"replies":[{"embeddable":true,"href":"https:\/\/knjiznice.nsk.hr\/senj\/wp-json\/wp\/v2\/comments?post=2705"}],"version-history":[{"count":1,"href":"https:\/\/knjiznice.nsk.hr\/senj\/wp-json\/wp\/v2\/pages\/2705\/revisions"}],"predecessor-version":[{"id":2706,"href":"https:\/\/knjiznice.nsk.hr\/senj\/wp-json\/wp\/v2\/pages\/2705\/revisions\/2706"}],"wp:attachment":[{"href":"https:\/\/knjiznice.nsk.hr\/senj\/wp-json\/wp\/v2\/media?parent=2705"}],"curies":[{"name":"wp","href":"https:\/\/api.w.org\/{rel}","templated":true}]}}