{"id":2171,"date":"2020-03-03T09:39:49","date_gmt":"2020-03-03T09:39:49","guid":{"rendered":"http:\/\/knjiznice.nsk.hr\/senj\/?page_id=2171"},"modified":"2020-03-03T09:39:49","modified_gmt":"2020-03-03T09:39:49","slug":"izvjesce-o-radu-za-2019-skracena-verzija","status":"publish","type":"page","link":"https:\/\/knjiznice.nsk.hr\/senj\/izvjesce-o-radu-za-2019-skracena-verzija\/","title":{"rendered":"IZVJE\u0160\u0106E O RADU ZA 2019.-skra\u0107ena verzija"},"content":{"rendered":"<p>IZVJE\u0160\u0106E O RADU ZA 2019.-skra\u0107ena verzija<\/p>\n<p>\uf0fc\t\u0160to se knji\u017eni\u010dnih parametara ti\u010de, senjska knji\u017enica zadovoljava sve standarde struke:<br \/>\n-17 213 knjiga, 600 \u010dlanova, lanjska nabava-1354 knjige te 15 novina i \u010dasopisa<br \/>\n-16 000 posudbi te preko 1400 ljudi na doga\u0111ajima<br \/>\n\uf0fc\tGra\u0111u obra\u0111ujemo trenuta\u010dno najsuvremenijim knji\u017eni\u010darskom programom u nas-Zaki programom. Uz to, odli\u010dno funkcioniraju i rado se koristi i Odjel za pretra\u017eivanje fonda u prostorijama knji\u017enice kao i na\u0161i online katalozi u sklopu na\u0161ih web kanala informiranja-internetske stranice i facebook stranice koje smo samostalno isposlovali te sami odr\u017eavamo i osvje\u017eavamo.<br \/>\n\uf0fc\t\u0160to se ti\u010de financija, poslovali smo pozitivno te sukladno planovima i zakonima.<br \/>\nNa\u0161i primici u 2019. godini bili su 675.132,00 kn, a rashodi 575.160,00 kuna, dok je 97.832,00 kuna utro\u0161eno za nabavu nefinancijske imovine. Ostvaren je ukupan vi\u0161ak prihoda poslovanja u iznosu od 2.139,00 kuna, \u0161to se prenosi u sljede\u0107e razdoblje.<br \/>\nPored sredstava Osniva\u010da i vlastitih sredstva, dodatnim smo naporima osigurali sredstva i iz ostalih izvora:<br \/>\n\uf0fc\t-40.000,00 kuna za nabavu knji\u017ene i neknji\u017ene gra\u0111e-Ministarstvo kulture<br \/>\n\uf0fc\t-10.000,00 kuna-za obnovu informati\u010dke opreme-Ministarstvo kulture<br \/>\n\uf0fc\tOprema u knji\u017enici je u prethodnih nekoliko godina generalno osvje\u017eena jer je bila zastarjela pa smo se javljali na razne natje\u010daje na kojima smo uspje\u0161no dobili sredstva za nabavu nove opreme za sredi\u0161njicu i ogranke. Na taj na\u010din osuvremenili smo svoj rad i pobolj\u0161ali uslugu.<br \/>\nU 2019. godini nabavili smo:<br \/>\n-Printer za ogranak Sveti Juraj-vlastita sredstva-2.162,44 kn<br \/>\n-Stalke za izlo\u017ebenu djelatnost-sredstva Grada-16.442,19 kn<br \/>\n-Color printer za sredi\u0161njicu- Ministarstvo kulture-10.000,00 kn, Grad Senj-4.375,00<br \/>\n\uf0fc\t\u0160to se ti\u010de prostornih parametara, u knji\u017enici se ve\u0107 du\u017ee name\u0107e potreba koju bi u budu\u0107nosti trebalo namiriti na zadovoljstvo djelatnika i korisnika ustanove. Naime, na\u0161a ustanova kontininuirano radi na populariziranju kulture i obrazovanja i u tom smislu organizira razne kulturne doga\u0111aje. Od srca nas veseli da je odaziv na doga\u0111anja veliki, no to name\u0107e potrebu ve\u0107e sale za doga\u0111aje koja je postala premala i pretijesna za sve na\u0161e drage posjetitelje i izvo\u0111a\u010de.  U tom smislu se nadamo da \u0107e se u bli\u017eoj budu\u0107nosti izna\u010di prostor koji bi Osniva\u010d mogao otkupiti i prenamjeniti u navedene svrhe. Kroz 2018. i 2019. godinu ulo\u017eeni su napori od strane Knji\u017enice i Grada kako bi se kupio prostor u neposrednoj blizini Knji\u017enice, koji je trenutno u privatnom vlasni\u0161tvu, no pregovori jo\u0161 nisu urodili \u017eeljenim rezultatima.<br \/>\nU slu\u010daju kupovine istoga, budu\u0107i da je prostor ure\u0111en i izoliran, ulaganja Grada ne bi bila velika, dovoljno bi bilo probiti jedna vrata prema novom prostoru da se spoji s postoje\u0107im prostorom Knji\u017enice. Uz to, aplicirali bismo za program opremanja novog prostora pri Ministarstvu kulture kako bismo taj prostor prenamijenili u multimedijsku salu za doga\u0111aje pa bismo na taj na\u010din rasteretili Osniva\u010da od dodatnih tro\u0161kova. Nadamo se da \u0107e se ovaj projekt uspjeti realizirati u bli\u017eoj budu\u0107nosti.<br \/>\n\uf0fc\tUz primarne knji\u017eni\u010darske poslove, va\u017ean naglasak Gradska knji\u017enica Senj stavlja na kulturni program i doga\u0111anja u svojoj ustanovi. Organiziramo sve vrste doga\u0111aja od kulturnih, edukacijskih, savjetodavnih do informacijskih sadr\u017eaja za djecu, tinejd\u017eere i odrasle s ciljem poticanja kulture knjige i \u010ditanja te oboga\u0107ivanja kulturne ponude u na\u0161em gradu.<br \/>\nU 2019. godini organizirali smo 40-ak programa za sve uzraste i interese na\u0161ih sugra\u0111ana. Aktivno smo obilje\u017eili Dan Grada, No\u0107 knjige i Mjesec hrvatske knjige te bili prisutni u svim gradskim doga\u0111anjima.<br \/>\n-Iz mno\u0161tva edukativnih programa izdvajamo-Predavanje u \u010dast vukovarskom heroju Blagi Zadri, zavi\u010dajni program za mlade \u201eSenju gradu\u201c, haiku radionice, predavanja o zdravlju, planinarska predavanja.<br \/>\n-Od brojnih izlo\u017ebi izdvajamo-mesopusnu, maturanatsku, braniteljsku, izlo\u017ebu o glagoljici te izlo\u017ebe umjetnika Davorke \u0160krgulja i Ive Kajzera.<br \/>\n-Od promocija knji\u017eevnih djela izdvajamo-predstavljanje knjige \u201e\u010covjek i planina\u201c Ede Popovi\u0107a i Ante Vuku\u0161i\u0107a,  predstavljanje knjige \u201eNa Caminu sam zagrlio Boga\u201c Tomislava Birti\u0107a, promocija zavi\u010dajne slikovnice \u201eSenjski zmaj\u201c autorica Oluji\u0107-Tomai\u0107 i Ostovi\u0107, predstavljanje slikovnice \u201eMarta u p\u010delinjaku\u201c obitelji Papi\u0107 te promocija knji\u017eice \u201eSenjske knji\u017eevne \u0161etnje-Vjenceslav Novak\u201c nastale trudom u\u010denika i profesora na\u0161e osnovne \u0161kole.<br \/>\n-Tako\u0111er, u suradnji sa senjskim TZ-om te ostalim partnerima predstavili smo Tematski put Crvenokose Zore koji je kroz kodirane table po gradu jo\u0161 jedna stepenica u gradnji ove zanimljive kulturno-turisti\u010dke pri\u010de.<br \/>\n-U knji\u017enici je lani odr\u017eano i niz sezonskih radionica, predstava, korisnih predavanja te progodnih akcija za gra\u0111ane poput prigodne besplatne \u010dlanarine i opra\u0161tanja zakasnine kao i niz humanitarnih akcija za pomo\u0107 najugro\u017eenijim sugra\u0111anima. Koncem godine odr\u017eana je i velika kulturno-humanitarna ve\u010der \u201eUmjetnici poma\u017eu\u201c kojom smo kroz prigodni program pomogli oboljelima od raka.<br \/>\nHvala dragim posjetiteljima koji su nas po\u010dastili brojnim dolascima te suradnicima, kolegama i medijima na dobroj suradnji.<br \/>\n\uf0fc\tZAKLJU\u010cAK<br \/>\nGradska knji\u017enica Senj sve je poslove u 2019. godini izvr\u0161avala u skladu sa zakonima i standardima struke. Financijske i programske planove smo ispo\u0161tivali, a u narednom periodu planiramo odr\u017eavati kvalitetu rada, poslovanja i usluga dr\u017ee\u0107i nivo koji smo postavili. Uz to, u 2020. godini planiramo raditi na daljnjem usavr\u0161avanju i pobolj\u0161avanju nekih segmenata rada. Primjerice, planiramo:<br \/>\n-nastaviti raditi na osvje\u017eavanju i izradi novih akata i pravilnika ustanove,<br \/>\n-nastaviti raditi na daljnjem uvo\u0111enju novih i zanimljivih doga\u0111aja uz njegovanje projekata koji su se pokazali uspje\u0161nima,<br \/>\n-nastaviti aplicirati na razne natje\u010daje Grada, Ministarstva te iz ostalih raspolo\u017eivih izvora,<br \/>\n-u suradnji s Turisti\u010dkom zajednicom Grada Senja i ostalim partnerima nastaviti razvijati zanimljivu kulturno-turisti\u010dku pri\u010du o Zori,<br \/>\n-raditi na daljnjem osvje\u017eavanju i obnovi ra\u010dunalne i uredske te izlo\u017ebene opreme,<br \/>\n-razvijati svoju nakladni\u010dku djelatnost izdavanjem dvije knjige zavi\u010dajne knji\u017eevnosti.<\/p>\n<p>Obim  fonda, broj korisnika, broj posu\u0111enih jedinica knji\u017ene i neknji\u017ene  gra\u0111e, kao i velika posje\u0107enost u knji\u017enici govore o  zadovoljnim  korisnicima. Ljudi \u010ditaju, ljudi dolaze na doga\u0111aje, dakle prepoznaju svoju knji\u017enicu kao dobar kulturni centar u gradu pod Nehajem. Trudit \u0107emo se da tako bude i ubudu\u0107e.<\/p>\n","protected":false},"excerpt":{"rendered":"<p>IZVJE\u0160\u0106E O RADU ZA 2019.-skra\u0107ena verzija \uf0fc \u0160to se knji\u017eni\u010dnih parametara ti\u010de, senjska knji\u017enica zadovoljava sve standarde struke: -17 213 knjiga, 600 \u010dlanova, lanjska nabava-1354 knjige te 15 novina i \u010dasopisa -16 000 posudbi te preko 1400 ljudi na doga\u0111ajima \uf0fc Gra\u0111u obra\u0111ujemo trenuta\u010dno najsuvremenijim knji\u017eni\u010darskom programom u nas-Zaki programom. Uz to, odli\u010dno funkcioniraju i [&hellip;]<\/p>\n","protected":false},"author":58,"featured_media":0,"parent":0,"menu_order":0,"comment_status":"closed","ping_status":"closed","template":"","meta":{"ngg_post_thumbnail":0},"yoast_head":"<!-- This site is optimized with the Yoast SEO plugin v16.4 - https:\/\/yoast.com\/wordpress\/plugins\/seo\/ -->\n<meta name=\"robots\" content=\"index, follow, max-snippet:-1, max-image-preview:large, max-video-preview:-1\" \/>\n<link rel=\"canonical\" href=\"https:\/\/knjiznice.nsk.hr\/senj\/izvjesce-o-radu-za-2019-skracena-verzija\/\" \/>\n<meta property=\"og:locale\" content=\"hr_HR\" \/>\n<meta property=\"og:type\" content=\"article\" \/>\n<meta property=\"og:title\" content=\"IZVJE\u0160\u0106E O RADU ZA 2019.-skra\u0107ena verzija - Gradska knji\u017enica Senj\" \/>\n<meta property=\"og:description\" content=\"IZVJE\u0160\u0106E O RADU ZA 2019.-skra\u0107ena verzija \uf0fc \u0160to se knji\u017eni\u010dnih parametara ti\u010de, senjska knji\u017enica zadovoljava sve standarde struke: -17 213 knjiga, 600 \u010dlanova, lanjska nabava-1354 knjige te 15 novina i \u010dasopisa -16 000 posudbi te preko 1400 ljudi na doga\u0111ajima \uf0fc Gra\u0111u obra\u0111ujemo trenuta\u010dno najsuvremenijim knji\u017eni\u010darskom programom u nas-Zaki programom. Uz to, odli\u010dno funkcioniraju i [&hellip;]\" \/>\n<meta property=\"og:url\" content=\"https:\/\/knjiznice.nsk.hr\/senj\/izvjesce-o-radu-za-2019-skracena-verzija\/\" \/>\n<meta property=\"og:site_name\" content=\"Gradska knji\u017enica Senj\" \/>\n<meta property=\"article:publisher\" content=\"http:\/\/facebook.com\/Gradska-knji%c5%benica-SENJ\" \/>\n<meta name=\"twitter:label1\" content=\"Procijenjeno vrijeme \u010ditanja\" \/>\n\t<meta name=\"twitter:data1\" content=\"5 minuta\" \/>\n<script type=\"application\/ld+json\" class=\"yoast-schema-graph\">{\"@context\":\"https:\/\/schema.org\",\"@graph\":[{\"@type\":\"WebSite\",\"@id\":\"https:\/\/knjiznice.nsk.hr\/senj\/#website\",\"url\":\"https:\/\/knjiznice.nsk.hr\/senj\/\",\"name\":\"Gradska knji\\u017enica Senj\",\"description\":\"S vama od 1835. godine\",\"potentialAction\":[{\"@type\":\"SearchAction\",\"target\":\"https:\/\/knjiznice.nsk.hr\/senj\/?s={search_term_string}\",\"query-input\":\"required name=search_term_string\"}],\"inLanguage\":\"hr\"},{\"@type\":\"WebPage\",\"@id\":\"https:\/\/knjiznice.nsk.hr\/senj\/izvjesce-o-radu-za-2019-skracena-verzija\/#webpage\",\"url\":\"https:\/\/knjiznice.nsk.hr\/senj\/izvjesce-o-radu-za-2019-skracena-verzija\/\",\"name\":\"IZVJE\\u0160\\u0106E O RADU ZA 2019.-skra\\u0107ena verzija - Gradska knji\\u017enica Senj\",\"isPartOf\":{\"@id\":\"https:\/\/knjiznice.nsk.hr\/senj\/#website\"},\"datePublished\":\"2020-03-03T09:39:49+00:00\",\"dateModified\":\"2020-03-03T09:39:49+00:00\",\"breadcrumb\":{\"@id\":\"https:\/\/knjiznice.nsk.hr\/senj\/izvjesce-o-radu-za-2019-skracena-verzija\/#breadcrumb\"},\"inLanguage\":\"hr\",\"potentialAction\":[{\"@type\":\"ReadAction\",\"target\":[\"https:\/\/knjiznice.nsk.hr\/senj\/izvjesce-o-radu-za-2019-skracena-verzija\/\"]}]},{\"@type\":\"BreadcrumbList\",\"@id\":\"https:\/\/knjiznice.nsk.hr\/senj\/izvjesce-o-radu-za-2019-skracena-verzija\/#breadcrumb\",\"itemListElement\":[{\"@type\":\"ListItem\",\"position\":1,\"item\":{\"@type\":\"WebPage\",\"@id\":\"https:\/\/knjiznice.nsk.hr\/senj\/\",\"url\":\"https:\/\/knjiznice.nsk.hr\/senj\/\",\"name\":\"Po\\u010detna stranica\"}},{\"@type\":\"ListItem\",\"position\":2,\"item\":{\"@id\":\"https:\/\/knjiznice.nsk.hr\/senj\/izvjesce-o-radu-za-2019-skracena-verzija\/#webpage\"}}]}]}<\/script>\n<!-- \/ Yoast SEO plugin. -->","_links":{"self":[{"href":"https:\/\/knjiznice.nsk.hr\/senj\/wp-json\/wp\/v2\/pages\/2171"}],"collection":[{"href":"https:\/\/knjiznice.nsk.hr\/senj\/wp-json\/wp\/v2\/pages"}],"about":[{"href":"https:\/\/knjiznice.nsk.hr\/senj\/wp-json\/wp\/v2\/types\/page"}],"author":[{"embeddable":true,"href":"https:\/\/knjiznice.nsk.hr\/senj\/wp-json\/wp\/v2\/users\/58"}],"replies":[{"embeddable":true,"href":"https:\/\/knjiznice.nsk.hr\/senj\/wp-json\/wp\/v2\/comments?post=2171"}],"version-history":[{"count":1,"href":"https:\/\/knjiznice.nsk.hr\/senj\/wp-json\/wp\/v2\/pages\/2171\/revisions"}],"predecessor-version":[{"id":2172,"href":"https:\/\/knjiznice.nsk.hr\/senj\/wp-json\/wp\/v2\/pages\/2171\/revisions\/2172"}],"wp:attachment":[{"href":"https:\/\/knjiznice.nsk.hr\/senj\/wp-json\/wp\/v2\/media?parent=2171"}],"curies":[{"name":"wp","href":"https:\/\/api.w.org\/{rel}","templated":true}]}}