{"id":1975,"date":"2019-05-03T10:23:50","date_gmt":"2019-05-03T10:23:50","guid":{"rendered":"http:\/\/knjiznice.nsk.hr\/senj\/?page_id=1975"},"modified":"2019-05-03T10:23:50","modified_gmt":"2019-05-03T10:23:50","slug":"izvjesce-o-radu-za-2018-godinu-sazetak","status":"publish","type":"page","link":"https:\/\/knjiznice.nsk.hr\/senj\/izvjesce-o-radu-za-2018-godinu-sazetak\/","title":{"rendered":"IZVJE\u0160\u0106E O RADU ZA 2018.GODINU-SA\u017dETAK"},"content":{"rendered":"<p>SA\u017dETAK IZVJE\u0160\u0106A O RADU ZA 2018.GODINU, velja\u010da 2019.<br \/>\n\uf0fc\t\u0160to se knji\u017eni\u010dnih parametara ti\u010de, senjska knji\u017enica zadovoljava sve standarde struke:<br \/>\n-17 000 knjiga, 600 \u010dlanova, lanjska nabava-1300 knjiga te 15 \u010dasopisa<br \/>\n-16 000 posudbi te preko 1400 ljudi na doga\u0111ajima<br \/>\n\uf0fc\tGra\u0111u obra\u0111ujemo trenuta\u010dno najsuvremenijim knji\u017eni\u010darskom programom u nas-Zaki programom. Uz to, odli\u010dno funkcioniraju i rado se koriste i Odjel za pretra\u017eivanje fonda u prostorijama knji\u017enice kao i na\u0161i online katalozi u sklopu na\u0161ih web kanala informiranja-internetske stranice i facebook stranice koje smo samostalno isposlovali te sami odr\u017eavamo i osvje\u017eavamo.<br \/>\n\uf0fc\t\u0160to se ti\u010de financija, poslovali smo pozitivno te sukladno planovima i zakonima.<br \/>\nNa\u0161i primici u 2018. godini bili su 655.146,00 kn, a rashodi  589.367,00 kuna od \u010dega je 65.000,00 kuna utro\u0161eno za nabavu nefinancijske imovine. Ostvaren je ukupan vi\u0161ak prihoda poslovanja u iznosu od 993,00 kune \u0161to je preneseno u idu\u0107e razdoblje. Pored sredstava Osniva\u010da i vlastitih sredstva, dodatnim smo naporima osigurali i 40.000,00 kuna za nabavu knji\u017ene i neknji\u017ene gra\u0111e-Ministarstvo kulture.<br \/>\n\uf0fc\tOprema u knji\u017enici je u prethodnih nekoliko godina generalno osvje\u017eena jer je bila zastarjela pa smo se javljali na razne natje\u010daje na kojima smo uspje\u0161no dobili sredstva za nabavu nove opreme za sredi\u0161njicu i ogranke. Na taj na\u010din osuvremenili smo svoj rad i pobolj\u0161ali uslugu.<br \/>\n\uf0fc\tPo\u010detkom 2018. godine u Gradskoj knji\u017enici Senj provedena je stru\u010dna revizija fonda.<br \/>\nKnji\u017eni\u010dna revizija je stru\u010dan probir cijeloga fonda koji iziskuje prebrojavanje, preslagivanje, otpisivanje te revidiranje sveukupne gra\u0111e Knji\u017enice. Napominjemo da se prethodno u ustanovi revizija, na\u017ealost, nije radila desetlje\u0107ima, stoga je ovo bio iscrpan i sveobuhvatan pregled, probir i valorizacija fonda. Kroz ruke nam je pro\u0161lo 30 000 knjiga, a reviziju smo zaklju\u010dili u rekordnom roku i uz minumalno zatvaranje vrata Knji\u017enice.Veseli nas da smo ovaj posao odraditi stru\u010dno i profesionalno na zadovoljstvo nas-djelatnika i jo\u0161 va\u017enije-na\u0161ih korisnika.<br \/>\n\uf0fc\t\u0160to se ti\u010de prostornih parametara, u knji\u017enici se ve\u0107 du\u017ee name\u0107e potreba koju bi u budu\u0107nosti trebalo namiriti na zadovoljstvo djelatnika i korisnika ustanove. Naime, na\u0161a ustanova kontininuirano radi na populariziranju kulture i obrazovanja i u tom smislu organizira razne kulturne doga\u0111aje. Od srca nas veseli da je odaziv na doga\u0111anja veliki, no to name\u0107e potrebu ve\u0107e sale za doga\u0111aje koja je postala premala i pretijesna za sve na\u0161e drage posjetitelje i izvo\u0111a\u010de.  U tom smislu se nadamo da \u0107e se u bli\u017eoj budu\u0107nosti izna\u010di prostor koji bi Osniva\u010d mogao otkupiti i prenamjeniti u navedene svrhe. Kroz 2018. godinu ulo\u017eeni su napori od strane Knji\u017enice i Grada kako bi se kupio prostor u neposrednoj blizini Knji\u017enice, koji je trenutno u privatnom vlasni\u0161tvu, no pregovori jo\u0161 nisu urodili \u017eeljenim rezultatima. U slu\u010daju kupovine istoga, budu\u0107i da je prostor ure\u0111en i izoliran, ulaganja Grada ne bi bila velika, dovoljno bi bilo probiti jedna vrata prema novom prostoru da se spoji s postoje\u0107im prostorom Knji\u017enice. Uz to, aplicirali bismo za program opremanja novog prostora pri Ministarstvu kulture kako bismo taj prostor prenamijenili u multimedijsku salu za doga\u0111aje pa bismo na taj na\u010din rasteretili Osniva\u010da od dodatnih tro\u0161kova. Nadamo se da \u0107e se ovaj projekt uspjeti realizirati u bli\u017eoj budu\u0107nosti.<br \/>\nIna\u010de, lani je postoje\u0107i prostor temeljito osvje\u017een i preli\u010den.<br \/>\n\uf0fc\tUz primarne knji\u017eni\u010darske poslove, va\u017ean naglasak Gradska knji\u017enica Senj stavlja na kulturni program i doga\u0111anja u svojoj ustanovi. Organiziramo sve vrste doga\u0111aja od kulturnih, edukacijskih, savjetodavnih do informacijskih sadr\u017eaja za djecu, tinejd\u017eere i odrasle s ciljem poticanja kulture knjige i \u010ditanja te oboga\u0107ivanja kulturne ponude u na\u0161em gradu.<br \/>\nU 2018. godini organizirali smo 40-ak programa za sve uzraste i interese na\u0161ih sugra\u0111ana. Aktivno smo obilje\u017eili Dan Grada, No\u0107 knjige i Mjesec hrvatske knjige te bili prisutni u svim gradskim doga\u0111anjima.<br \/>\n-Iz mno\u0161tva edukativnih programa izdvajamo-Predavanje u \u010dast vukovarskom heroju Nicolieru te zavi\u010dajni program za mlade \u201ePadale su bombe upopriko\u201c.<br \/>\n-Od brojnih izlo\u017ebi izdvajamo-mesopusnu u \u010dast Metli, planinarsku, maturnatsku, braniteljsku, izlo\u017ebu gradu u \u010dast obitelji \u0160pani\u0107 te izlo\u017ebu fotografija \u201eVratili se uskoci ku\u0107i\u201c Zorana Hap\u010de.<br \/>\n-Od promocija knji\u017eevnih djela izdvajamo: predstavljanje knjige \u201e\u0160est milimetara\u201c Josipe Pavi\u010di\u0107,  predstavljanje knjige \u201eIstine i la\u017ei o ljubavi\u201c Bruna \u0160imle\u0161e, promocije zavi\u010dajnih slikovnica \u201eJedne no\u0107i na Velebitu\u201c i \u201eSenjski zmaj\u201c.<br \/>\n-Tako\u0111er, u studenom 2018. godine odr\u017eana je i vrlo posje\u0107ena i uspje\u0161na promocija hrvatskog izdanja romana Crvenokosa Zora i njezina dru\u017eina u Zagrebu te je tom prilikom na\u0161 Senj i na\u0161a Zora afirmativno predstavljena nacionalnim medijima te zagreba\u010dkoj javnosti. Ina\u010de, zbog velike potra\u017enje i zahvaljuju\u0107i pomo\u0107i osniva\u010da, knji\u017enica je u 2018.godini dotisnula jo\u0161 180 prijeraka romana.<br \/>\n-U knji\u017enici je lani odr\u017eano i niz sezonskih radionica, korisnih predavanja te progodnih akcija za gra\u0111ane poput prigodne besplatne \u010dlanarine i opra\u0161tanja zakasnine kao i niz humanitarnih akcija za pomo\u0107 najugro\u017eenijim sugra\u0111anima.<br \/>\nHvala dragim posjetiteljima koji su nas po\u010dastili brojnim dolascima te suradnicima, kolegama i medijima na dobroj suradnji.<br \/>\n\uf0fc\tZAKLJU\u010cAK<br \/>\nGradska knji\u017enica Senj sve je poslove u 2018. godini izvr\u0161avala u skladu sa zakonima i standardima struke. Financijske i programske planove smo ispo\u0161tivali, a u narednom periodu planiramo odr\u017eavati kvalitetu rada, poslovanja i usluga dr\u017ee\u0107i nivo koji smo postavili. Uz to, u 2019. godini planiramo raditi na daljnjem usavr\u0161avanju i pobolj\u0161avanju nekih segmenata rada. Primjerice, planiramo:<br \/>\n-nastaviti raditi na daljnjem uvo\u0111enju novih doga\u0111aja uz njegovanje projekata koji su se pokazali uspje\u0161nima,<br \/>\n-nastaviti aplicirati na razne natje\u010daje Grada, Ministarstva te iz ostalih raspolo\u017eivih izvora,<br \/>\n-u suradnji s Turisti\u010dkom zajednicom Grada Senja i ostalim partnerima nastaviti razvijati zanimljivu kulturno-turisti\u010dku pri\u010du o Zori (konkretno &#8211; predstaviti \u0161iroj javnosti projekt kodiranih tabli o Zori),<br \/>\n-raditi na daljnjem osvje\u017eavanju i obnovi ra\u010dunalne i uredske opreme<br \/>\n-u suradnji s Osniva\u010dem pripremiti i provesti natje\u010daj za odabir ravnatelja,<br \/>\n-temeljito provesti pregled i popravke elektri\u010dnih instalacija u sredi\u0161njici te instalacija i sanitarnog \u010dvora u Ogranku Sveti Juraj.<\/p>\n<p>Obim  fonda, broj korisnika, broj posu\u0111enih jedinica knji\u017ene i neknji\u017ene  gra\u0111e, kao i velika posje\u0107enost u knji\u017enici govore o  zadovoljnim  korisnicima. Ljudi \u010ditaju, ljudi dolaze na doga\u0111aje, dakle prepoznaju svoju knji\u017enicu kao dobar kulturni centar u gradu pod Nehajem. Trudit \u0107emo se da tako bude i ubudu\u0107e.<br \/>\nHvala svim financijerima, suradnicima i medijima na dobroj suradnji i istoj se nadamo i u ovoj godini koja je pred nama.<\/p>\n","protected":false},"excerpt":{"rendered":"<p>SA\u017dETAK IZVJE\u0160\u0106A O RADU ZA 2018.GODINU, velja\u010da 2019. \uf0fc \u0160to se knji\u017eni\u010dnih parametara ti\u010de, senjska knji\u017enica zadovoljava sve standarde struke: -17 000 knjiga, 600 \u010dlanova, lanjska nabava-1300 knjiga te 15 \u010dasopisa -16 000 posudbi te preko 1400 ljudi na doga\u0111ajima \uf0fc Gra\u0111u obra\u0111ujemo trenuta\u010dno najsuvremenijim knji\u017eni\u010darskom programom u nas-Zaki programom. Uz to, odli\u010dno funkcioniraju i [&hellip;]<\/p>\n","protected":false},"author":58,"featured_media":0,"parent":0,"menu_order":0,"comment_status":"closed","ping_status":"closed","template":"","meta":{"ngg_post_thumbnail":0},"yoast_head":"<!-- This site is optimized with the Yoast SEO plugin v16.4 - https:\/\/yoast.com\/wordpress\/plugins\/seo\/ -->\n<meta name=\"robots\" content=\"index, follow, max-snippet:-1, max-image-preview:large, max-video-preview:-1\" \/>\n<link rel=\"canonical\" href=\"https:\/\/knjiznice.nsk.hr\/senj\/izvjesce-o-radu-za-2018-godinu-sazetak\/\" \/>\n<meta property=\"og:locale\" content=\"hr_HR\" \/>\n<meta property=\"og:type\" content=\"article\" \/>\n<meta property=\"og:title\" content=\"IZVJE\u0160\u0106E O RADU ZA 2018.GODINU-SA\u017dETAK - Gradska knji\u017enica Senj\" \/>\n<meta property=\"og:description\" content=\"SA\u017dETAK IZVJE\u0160\u0106A O RADU ZA 2018.GODINU, velja\u010da 2019. \uf0fc \u0160to se knji\u017eni\u010dnih parametara ti\u010de, senjska knji\u017enica zadovoljava sve standarde struke: -17 000 knjiga, 600 \u010dlanova, lanjska nabava-1300 knjiga te 15 \u010dasopisa -16 000 posudbi te preko 1400 ljudi na doga\u0111ajima \uf0fc Gra\u0111u obra\u0111ujemo trenuta\u010dno najsuvremenijim knji\u017eni\u010darskom programom u nas-Zaki programom. Uz to, odli\u010dno funkcioniraju i [&hellip;]\" \/>\n<meta property=\"og:url\" content=\"https:\/\/knjiznice.nsk.hr\/senj\/izvjesce-o-radu-za-2018-godinu-sazetak\/\" \/>\n<meta property=\"og:site_name\" content=\"Gradska knji\u017enica Senj\" \/>\n<meta property=\"article:publisher\" content=\"http:\/\/facebook.com\/Gradska-knji%c5%benica-SENJ\" \/>\n<meta name=\"twitter:label1\" content=\"Procijenjeno vrijeme \u010ditanja\" \/>\n\t<meta name=\"twitter:data1\" content=\"6 minuta\" \/>\n<script type=\"application\/ld+json\" class=\"yoast-schema-graph\">{\"@context\":\"https:\/\/schema.org\",\"@graph\":[{\"@type\":\"WebSite\",\"@id\":\"https:\/\/knjiznice.nsk.hr\/senj\/#website\",\"url\":\"https:\/\/knjiznice.nsk.hr\/senj\/\",\"name\":\"Gradska knji\\u017enica Senj\",\"description\":\"S vama od 1835. godine\",\"potentialAction\":[{\"@type\":\"SearchAction\",\"target\":\"https:\/\/knjiznice.nsk.hr\/senj\/?s={search_term_string}\",\"query-input\":\"required name=search_term_string\"}],\"inLanguage\":\"hr\"},{\"@type\":\"WebPage\",\"@id\":\"https:\/\/knjiznice.nsk.hr\/senj\/izvjesce-o-radu-za-2018-godinu-sazetak\/#webpage\",\"url\":\"https:\/\/knjiznice.nsk.hr\/senj\/izvjesce-o-radu-za-2018-godinu-sazetak\/\",\"name\":\"IZVJE\\u0160\\u0106E O RADU ZA 2018.GODINU-SA\\u017dETAK - Gradska knji\\u017enica Senj\",\"isPartOf\":{\"@id\":\"https:\/\/knjiznice.nsk.hr\/senj\/#website\"},\"datePublished\":\"2019-05-03T10:23:50+00:00\",\"dateModified\":\"2019-05-03T10:23:50+00:00\",\"breadcrumb\":{\"@id\":\"https:\/\/knjiznice.nsk.hr\/senj\/izvjesce-o-radu-za-2018-godinu-sazetak\/#breadcrumb\"},\"inLanguage\":\"hr\",\"potentialAction\":[{\"@type\":\"ReadAction\",\"target\":[\"https:\/\/knjiznice.nsk.hr\/senj\/izvjesce-o-radu-za-2018-godinu-sazetak\/\"]}]},{\"@type\":\"BreadcrumbList\",\"@id\":\"https:\/\/knjiznice.nsk.hr\/senj\/izvjesce-o-radu-za-2018-godinu-sazetak\/#breadcrumb\",\"itemListElement\":[{\"@type\":\"ListItem\",\"position\":1,\"item\":{\"@type\":\"WebPage\",\"@id\":\"https:\/\/knjiznice.nsk.hr\/senj\/\",\"url\":\"https:\/\/knjiznice.nsk.hr\/senj\/\",\"name\":\"Po\\u010detna stranica\"}},{\"@type\":\"ListItem\",\"position\":2,\"item\":{\"@id\":\"https:\/\/knjiznice.nsk.hr\/senj\/izvjesce-o-radu-za-2018-godinu-sazetak\/#webpage\"}}]}]}<\/script>\n<!-- \/ Yoast SEO plugin. -->","_links":{"self":[{"href":"https:\/\/knjiznice.nsk.hr\/senj\/wp-json\/wp\/v2\/pages\/1975"}],"collection":[{"href":"https:\/\/knjiznice.nsk.hr\/senj\/wp-json\/wp\/v2\/pages"}],"about":[{"href":"https:\/\/knjiznice.nsk.hr\/senj\/wp-json\/wp\/v2\/types\/page"}],"author":[{"embeddable":true,"href":"https:\/\/knjiznice.nsk.hr\/senj\/wp-json\/wp\/v2\/users\/58"}],"replies":[{"embeddable":true,"href":"https:\/\/knjiznice.nsk.hr\/senj\/wp-json\/wp\/v2\/comments?post=1975"}],"version-history":[{"count":1,"href":"https:\/\/knjiznice.nsk.hr\/senj\/wp-json\/wp\/v2\/pages\/1975\/revisions"}],"predecessor-version":[{"id":1976,"href":"https:\/\/knjiznice.nsk.hr\/senj\/wp-json\/wp\/v2\/pages\/1975\/revisions\/1976"}],"wp:attachment":[{"href":"https:\/\/knjiznice.nsk.hr\/senj\/wp-json\/wp\/v2\/media?parent=1975"}],"curies":[{"name":"wp","href":"https:\/\/api.w.org\/{rel}","templated":true}]}}