{"version":"1.0","provider_name":"Gradska knji\u017enica Senj","provider_url":"https:\/\/knjiznice.nsk.hr\/senj","title":"BOOK KLUB-OTVORILI SMO SEZONU \u010cITANJA NA OTVORENOM - Gradska knji\u017enica Senj","type":"rich","width":600,"height":338,"html":"<blockquote class=\"wp-embedded-content\"><a href=\"https:\/\/knjiznice.nsk.hr\/senj\/book-klub-otvorili-smo-sezonu-citanja-na-otvorenom\/\">BOOK KLUB-OTVORILI SMO SEZONU \u010cITANJA NA OTVORENOM<\/a><\/blockquote>\n<script type='text\/javascript'>\n<!--\/\/--><![CDATA[\/\/><!--\n\t\t\/*! This file is auto-generated *\/\n\t\t!function(c,d){\"use strict\";var e=!1,n=!1;if(d.querySelector)if(c.addEventListener)e=!0;if(c.wp=c.wp||{},!c.wp.receiveEmbedMessage)if(c.wp.receiveEmbedMessage=function(e){var t=e.data;if(t)if(t.secret||t.message||t.value)if(!\/[^a-zA-Z0-9]\/.test(t.secret)){for(var r,a,i,s=d.querySelectorAll('iframe[data-secret=\"'+t.secret+'\"]'),n=d.querySelectorAll('blockquote[data-secret=\"'+t.secret+'\"]'),o=0;o<n.length;o++)n[o].style.display=\"none\";for(o=0;o<s.length;o++)if(r=s[o],e.source===r.contentWindow){if(r.removeAttribute(\"style\"),\"height\"===t.message){if(1e3<(i=parseInt(t.value,10)))i=1e3;else if(~~i<200)i=200;r.height=i}if(\"link\"===t.message)if(a=d.createElement(\"a\"),i=d.createElement(\"a\"),a.href=r.getAttribute(\"src\"),i.href=t.value,i.host===a.host)if(d.activeElement===r)c.top.location.href=t.value}}},e)c.addEventListener(\"message\",c.wp.receiveEmbedMessage,!1),d.addEventListener(\"DOMContentLoaded\",t,!1),c.addEventListener(\"load\",t,!1);function t(){if(!n){n=!0;for(var e,t,r=-1!==navigator.appVersion.indexOf(\"MSIE 10\"),a=!!navigator.userAgent.match(\/Trident.*rv:11\\.\/),i=d.querySelectorAll(\"iframe.wp-embedded-content\"),s=0;s<i.length;s++){if(!(e=i[s]).getAttribute(\"data-secret\"))t=Math.random().toString(36).substr(2,10),e.src+=\"#?secret=\"+t,e.setAttribute(\"data-secret\",t);if(r||a)(t=e.cloneNode(!0)).removeAttribute(\"security\"),e.parentNode.replaceChild(t,e)}}}}(window,document);\n\/\/--><!]]>\n<\/script><iframe sandbox=\"allow-scripts\" security=\"restricted\" src=\"https:\/\/knjiznice.nsk.hr\/senj\/book-klub-otvorili-smo-sezonu-citanja-na-otvorenom\/embed\/\" width=\"600\" height=\"338\" title=\"&#8220;BOOK KLUB-OTVORILI SMO SEZONU \u010cITANJA NA OTVORENOM&#8221; &#8212; Gradska knji\u017enica Senj\" frameborder=\"0\" marginwidth=\"0\" marginheight=\"0\" scrolling=\"no\" class=\"wp-embedded-content\"><\/iframe>","thumbnail_url":"http:\/\/knjiznice.nsk.hr\/senj\/wp-content\/uploads\/sites\/60\/2017\/05\/image-0-02-05-e4ea2820c24c5e74ea76956977c81ccb53067127b28d67044e98cdad4b0c5fec-V.jpg","thumbnail_width":1280,"thumbnail_height":720,"description":"&nbsp; U petak, 12. svibnja odr\u017eao se novi susret na\u0161eg Book Kluba, a ovaj put na\u0161e knji\u017eevno dru\u017eenje bilo je ne\u0161to druga\u010dije nego ina\u010de. Lijepo vrijeme izmamilo je \u010dita\u010dice van pa smo na\u0161 prostor unutar knji\u017enice odlu\u010dili zamijeniti onim vanjskim, \u201eterasom\u201c ispred knji\u017enice. Na fri\u0161kome zraku, uz kavu i kola\u010de, razgovarali smo o na\u0161oj Zori [&hellip;]"}