{"version":"1.0","provider_name":"Gradska knji\u017enica Pregrada","provider_url":"https:\/\/knjiznice.nsk.hr\/pregrada","title":"Dan otvorenih vrata \u010citateljskog kluba Pregrada - Gradska knji\u017enica Pregrada","type":"rich","width":600,"height":338,"html":"<blockquote class=\"wp-embedded-content\"><a href=\"https:\/\/knjiznice.nsk.hr\/pregrada\/2025\/07\/15\/dan-otvorenih-vrata-citateljskog-kluba-pregrada\/\">Dan otvorenih vrata \u010citateljskog kluba Pregrada<\/a><\/blockquote>\n<script type='text\/javascript'>\n<!--\/\/--><![CDATA[\/\/><!--\n\t\t\/*! This file is auto-generated *\/\n\t\t!function(c,d){\"use strict\";var e=!1,n=!1;if(d.querySelector)if(c.addEventListener)e=!0;if(c.wp=c.wp||{},!c.wp.receiveEmbedMessage)if(c.wp.receiveEmbedMessage=function(e){var t=e.data;if(t)if(t.secret||t.message||t.value)if(!\/[^a-zA-Z0-9]\/.test(t.secret)){for(var r,a,i,s=d.querySelectorAll('iframe[data-secret=\"'+t.secret+'\"]'),n=d.querySelectorAll('blockquote[data-secret=\"'+t.secret+'\"]'),o=0;o<n.length;o++)n[o].style.display=\"none\";for(o=0;o<s.length;o++)if(r=s[o],e.source===r.contentWindow){if(r.removeAttribute(\"style\"),\"height\"===t.message){if(1e3<(i=parseInt(t.value,10)))i=1e3;else if(~~i<200)i=200;r.height=i}if(\"link\"===t.message)if(a=d.createElement(\"a\"),i=d.createElement(\"a\"),a.href=r.getAttribute(\"src\"),i.href=t.value,i.host===a.host)if(d.activeElement===r)c.top.location.href=t.value}}},e)c.addEventListener(\"message\",c.wp.receiveEmbedMessage,!1),d.addEventListener(\"DOMContentLoaded\",t,!1),c.addEventListener(\"load\",t,!1);function t(){if(!n){n=!0;for(var e,t,r=-1!==navigator.appVersion.indexOf(\"MSIE 10\"),a=!!navigator.userAgent.match(\/Trident.*rv:11\\.\/),i=d.querySelectorAll(\"iframe.wp-embedded-content\"),s=0;s<i.length;s++){if(!(e=i[s]).getAttribute(\"data-secret\"))t=Math.random().toString(36).substr(2,10),e.src+=\"#?secret=\"+t,e.setAttribute(\"data-secret\",t);if(r||a)(t=e.cloneNode(!0)).removeAttribute(\"security\"),e.parentNode.replaceChild(t,e)}}}}(window,document);\n\/\/--><!]]>\n<\/script><iframe sandbox=\"allow-scripts\" security=\"restricted\" src=\"https:\/\/knjiznice.nsk.hr\/pregrada\/2025\/07\/15\/dan-otvorenih-vrata-citateljskog-kluba-pregrada\/embed\/\" width=\"600\" height=\"338\" title=\"&#8220;Dan otvorenih vrata \u010citateljskog kluba Pregrada&#8221; &#8212; Gradska knji\u017enica Pregrada\" frameborder=\"0\" marginwidth=\"0\" marginheight=\"0\" scrolling=\"no\" class=\"wp-embedded-content\"><\/iframe>","description":"Svi ste nam dobrodo\u0161li &#8211; pro\u010ditana knjiga nije uvjet! Nadamo se da \u0107e netko od vas biti na\u0161 budu\u0107i \u010dlan! PROMJENA MJESTA ODR\u017dAVANJA Zbog najave lo\u0161ih vremenskih prilika, Dan otvorenih vrata \u010citateljskog kluba odr\u017eat \u0107e se u Knji\u017enici u 19,00 sati! U Parku knji\u017eevnika vidimo se nekom drugom prigodom &nbsp;","thumbnail_url":"https:\/\/static.xx.fbcdn.net\/images\/emoji.php\/v9\/td2\/1\/16\/1f604.png"}