{"version":"1.0","provider_name":"Narodna knji\u017enica Plo\u010de","provider_url":"https:\/\/knjiznice.nsk.hr\/ploce","title":"Pru\u017ei mi ruku i zakora\u010di u bajku - Narodna knji\u017enica Plo\u010de","type":"rich","width":600,"height":338,"html":"<blockquote class=\"wp-embedded-content\"><a href=\"https:\/\/knjiznice.nsk.hr\/ploce\/event\/pruzi-mi-ruku-i-zakoraci-u-bajku\/\">Pru\u017ei mi ruku i zakora\u010di u bajku<\/a><\/blockquote>\n<script type='text\/javascript'>\n<!--\/\/--><![CDATA[\/\/><!--\n\t\t\/*! This file is auto-generated *\/\n\t\t!function(c,d){\"use strict\";var e=!1,n=!1;if(d.querySelector)if(c.addEventListener)e=!0;if(c.wp=c.wp||{},!c.wp.receiveEmbedMessage)if(c.wp.receiveEmbedMessage=function(e){var t=e.data;if(t)if(t.secret||t.message||t.value)if(!\/[^a-zA-Z0-9]\/.test(t.secret)){for(var r,a,i,s=d.querySelectorAll('iframe[data-secret=\"'+t.secret+'\"]'),n=d.querySelectorAll('blockquote[data-secret=\"'+t.secret+'\"]'),o=0;o<n.length;o++)n[o].style.display=\"none\";for(o=0;o<s.length;o++)if(r=s[o],e.source===r.contentWindow){if(r.removeAttribute(\"style\"),\"height\"===t.message){if(1e3<(i=parseInt(t.value,10)))i=1e3;else if(~~i<200)i=200;r.height=i}if(\"link\"===t.message)if(a=d.createElement(\"a\"),i=d.createElement(\"a\"),a.href=r.getAttribute(\"src\"),i.href=t.value,i.host===a.host)if(d.activeElement===r)c.top.location.href=t.value}}},e)c.addEventListener(\"message\",c.wp.receiveEmbedMessage,!1),d.addEventListener(\"DOMContentLoaded\",t,!1),c.addEventListener(\"load\",t,!1);function t(){if(!n){n=!0;for(var e,t,r=-1!==navigator.appVersion.indexOf(\"MSIE 10\"),a=!!navigator.userAgent.match(\/Trident.*rv:11\\.\/),i=d.querySelectorAll(\"iframe.wp-embedded-content\"),s=0;s<i.length;s++){if(!(e=i[s]).getAttribute(\"data-secret\"))t=Math.random().toString(36).substr(2,10),e.src+=\"#?secret=\"+t,e.setAttribute(\"data-secret\",t);if(r||a)(t=e.cloneNode(!0)).removeAttribute(\"security\"),e.parentNode.replaceChild(t,e)}}}}(window,document);\n\/\/--><!]]>\n<\/script><iframe sandbox=\"allow-scripts\" security=\"restricted\" src=\"https:\/\/knjiznice.nsk.hr\/ploce\/event\/pruzi-mi-ruku-i-zakoraci-u-bajku\/embed\/\" width=\"600\" height=\"338\" title=\"&#8220;Pru\u017ei mi ruku i zakora\u010di u bajku&#8221; &#8212; Narodna knji\u017enica Plo\u010de\" frameborder=\"0\" marginwidth=\"0\" marginheight=\"0\" scrolling=\"no\" class=\"wp-embedded-content\"><\/iframe>","description":"Ovu subotu posjetit \u0107e nas Vila Pri\u010dalica i na\u0161e najmla\u0111e posjetitelje povesti pri\u010dama u zabavan i \u010daroban svijet bajki. Vila Pri\u010dalica bolje je poznata kao Du\u0161ka Mu\u0161i\u0107, spisateljica. Pri\u010daonica je namijenjena djeci pred\u0161kolskog uzrasta. Povodom Dana hrvatskih knji\u017enica koji se obilje\u017eava 11. studenog, svoj djeci koja do\u0111u na pri\u010daonicu darujemo BESPLATNO \u010cLANSTVO u knji\u017enici.","thumbnail_url":"http:\/\/knjiznice.nsk.hr\/ploce\/wp-content\/uploads\/sites\/74\/2019\/11\/du\u0161ka_bajke_plakat_sm.jpg"}