{"version":"1.0","provider_name":"Gradska knji\u017enica Ivana Belostenca Lepoglava","provider_url":"https:\/\/knjiznice.nsk.hr\/lepoglava","title":"\"\u010citajmo zajedno\" 03. lipnja 2025. godine - Gradska knji\u017enica Ivana Belostenca Lepoglava","type":"rich","width":600,"height":338,"html":"<blockquote class=\"wp-embedded-content\"><a href=\"https:\/\/knjiznice.nsk.hr\/lepoglava\/2025\/06\/04\/citajmo-zajedno-03-lipnja-2025-godine\/\">&#8220;\u010citajmo zajedno&#8221; 03. lipnja 2025. godine<\/a><\/blockquote>\n<script type='text\/javascript'>\n<!--\/\/--><![CDATA[\/\/><!--\n\t\t\/*! This file is auto-generated *\/\n\t\t!function(c,d){\"use strict\";var e=!1,n=!1;if(d.querySelector)if(c.addEventListener)e=!0;if(c.wp=c.wp||{},!c.wp.receiveEmbedMessage)if(c.wp.receiveEmbedMessage=function(e){var t=e.data;if(t)if(t.secret||t.message||t.value)if(!\/[^a-zA-Z0-9]\/.test(t.secret)){for(var r,a,i,s=d.querySelectorAll('iframe[data-secret=\"'+t.secret+'\"]'),n=d.querySelectorAll('blockquote[data-secret=\"'+t.secret+'\"]'),o=0;o<n.length;o++)n[o].style.display=\"none\";for(o=0;o<s.length;o++)if(r=s[o],e.source===r.contentWindow){if(r.removeAttribute(\"style\"),\"height\"===t.message){if(1e3<(i=parseInt(t.value,10)))i=1e3;else if(~~i<200)i=200;r.height=i}if(\"link\"===t.message)if(a=d.createElement(\"a\"),i=d.createElement(\"a\"),a.href=r.getAttribute(\"src\"),i.href=t.value,i.host===a.host)if(d.activeElement===r)c.top.location.href=t.value}}},e)c.addEventListener(\"message\",c.wp.receiveEmbedMessage,!1),d.addEventListener(\"DOMContentLoaded\",t,!1),c.addEventListener(\"load\",t,!1);function t(){if(!n){n=!0;for(var e,t,r=-1!==navigator.appVersion.indexOf(\"MSIE 10\"),a=!!navigator.userAgent.match(\/Trident.*rv:11\\.\/),i=d.querySelectorAll(\"iframe.wp-embedded-content\"),s=0;s<i.length;s++){if(!(e=i[s]).getAttribute(\"data-secret\"))t=Math.random().toString(36).substr(2,10),e.src+=\"#?secret=\"+t,e.setAttribute(\"data-secret\",t);if(r||a)(t=e.cloneNode(!0)).removeAttribute(\"security\"),e.parentNode.replaceChild(t,e)}}}}(window,document);\n\/\/--><!]]>\n<\/script><iframe sandbox=\"allow-scripts\" security=\"restricted\" src=\"https:\/\/knjiznice.nsk.hr\/lepoglava\/2025\/06\/04\/citajmo-zajedno-03-lipnja-2025-godine\/embed\/\" width=\"600\" height=\"338\" title=\"&#8220;&#8220;\u010citajmo zajedno&#8221; 03. lipnja 2025. godine&#8221; &#8212; Gradska knji\u017enica Ivana Belostenca Lepoglava\" frameborder=\"0\" marginwidth=\"0\" marginheight=\"0\" scrolling=\"no\" class=\"wp-embedded-content\"><\/iframe>","description":"Na na\u0161oj prvoj lipanjskoj aktivnosti \u201e\u010citajmo zajedno\u201c \u010ditali smo slikovnicu \u201eVrlo gladna gusjenica\u201c autora Erica Carlea. Bezvremenski je to klasik koji vodi djecu na zabavno putovanje kroz \u017eivotni ciklus gusjenice. Slikovnica, uz to \u0161to je prekrasno ilustrirana, pou\u010dava o prirodnom fenomenu transformacije gusjenice u leptira, u\u010di djecu dane u tjednu ali i nazive raznih namirnica [&hellip;]","thumbnail_url":"http:\/\/knjiznice.nsk.hr\/lepoglava\/wp-content\/uploads\/sites\/22\/2025\/06\/IMG_6454-300x225.jpg"}