{"id":777,"date":"2020-07-15T13:24:49","date_gmt":"2020-07-15T13:24:49","guid":{"rendered":"http:\/\/knjiznice.nsk.hr\/ivanec\/wp-content\/uploads\/sites\/27\/2020\/07\/Za\u0161to-je-va\u017eno-\u010ditati-svaki-dan.jpg"},"modified":"2020-07-15T13:24:49","modified_gmt":"2020-07-15T13:24:49","slug":"zasto-je-vazno-citati-svaki-dan","status":"inherit","type":"attachment","link":"https:\/\/knjiznice.nsk.hr\/ivanec\/citateljski-klub\/zasto-je-vazno-citati-svaki-dan\/","title":{"rendered":"Za\u0161to je va\u017eno \u010ditati svaki dan"},"author":23,"comment_status":"closed","ping_status":"closed","template":"","meta":{"ngg_post_thumbnail":0},"yoast_head":"<!-- This site is optimized with the Yoast SEO plugin v16.4 - https:\/\/yoast.com\/wordpress\/plugins\/seo\/ -->\n<meta name=\"robots\" content=\"index, follow, max-snippet:-1, max-image-preview:large, max-video-preview:-1\" \/>\n<link rel=\"canonical\" href=\"https:\/\/knjiznice.nsk.hr\/ivanec\/wp-content\/uploads\/sites\/27\/2020\/07\/Za\u0161to-je-va\u017eno-\u010ditati-svaki-dan.jpg\" \/>\n<meta property=\"og:locale\" content=\"hr_HR\" \/>\n<meta property=\"og:type\" content=\"article\" \/>\n<meta property=\"og:title\" content=\"Za\u0161to je va\u017eno \u010ditati svaki dan - Gradska knji\u017enica i \u010ditaonica &quot;Gustav Krklec&quot; Ivanec\" \/>\n<meta property=\"og:url\" content=\"https:\/\/knjiznice.nsk.hr\/ivanec\/wp-content\/uploads\/sites\/27\/2020\/07\/Za\u0161to-je-va\u017eno-\u010ditati-svaki-dan.jpg\" \/>\n<meta property=\"og:site_name\" content=\"Gradska knji\u017enica i \u010ditaonica &quot;Gustav Krklec&quot; Ivanec\" \/>\n<meta property=\"og:image\" content=\"https:\/\/knjiznice.nsk.hr\/ivanec\/wp-content\/uploads\/sites\/27\/2020\/07\/Za\u0161to-je-va\u017eno-\u010ditati-svaki-dan.jpg\" \/>\n\t<meta property=\"og:image:width\" content=\"768\" \/>\n\t<meta property=\"og:image:height\" content=\"768\" \/>\n<script type=\"application\/ld+json\" class=\"yoast-schema-graph\">{\"@context\":\"https:\/\/schema.org\",\"@graph\":[{\"@type\":\"WebSite\",\"@id\":\"http:\/\/knjiznice.nsk.hr\/ivanec\/#website\",\"url\":\"http:\/\/knjiznice.nsk.hr\/ivanec\/\",\"name\":\"Gradska knji\\u017enica i \\u010ditaonica &quot;Gustav Krklec&quot; Ivanec\",\"description\":\"Djeca koja \\u010ditaju postaju ljudi koji misle.\",\"potentialAction\":[{\"@type\":\"SearchAction\",\"target\":\"http:\/\/knjiznice.nsk.hr\/ivanec\/?s={search_term_string}\",\"query-input\":\"required name=search_term_string\"}],\"inLanguage\":\"hr\"},{\"@type\":\"WebPage\",\"@id\":\"https:\/\/knjiznice.nsk.hr\/ivanec\/wp-content\/uploads\/sites\/27\/2020\/07\/Za\\u0161to-je-va\\u017eno-\\u010ditati-svaki-dan.jpg#webpage\",\"url\":\"https:\/\/knjiznice.nsk.hr\/ivanec\/wp-content\/uploads\/sites\/27\/2020\/07\/Za\\u0161to-je-va\\u017eno-\\u010ditati-svaki-dan.jpg\",\"name\":\"Za\\u0161to je va\\u017eno \\u010ditati svaki dan - Gradska knji\\u017enica i \\u010ditaonica &quot;Gustav Krklec&quot; Ivanec\",\"isPartOf\":{\"@id\":\"http:\/\/knjiznice.nsk.hr\/ivanec\/#website\"},\"datePublished\":\"2020-07-15T13:24:49+00:00\",\"dateModified\":\"2020-07-15T13:24:49+00:00\",\"breadcrumb\":{\"@id\":\"https:\/\/knjiznice.nsk.hr\/ivanec\/wp-content\/uploads\/sites\/27\/2020\/07\/Za\\u0161to-je-va\\u017eno-\\u010ditati-svaki-dan.jpg#breadcrumb\"},\"inLanguage\":\"hr\",\"potentialAction\":[{\"@type\":\"ReadAction\",\"target\":[\"https:\/\/knjiznice.nsk.hr\/ivanec\/wp-content\/uploads\/sites\/27\/2020\/07\/Za\\u0161to-je-va\\u017eno-\\u010ditati-svaki-dan.jpg\"]}]},{\"@type\":\"BreadcrumbList\",\"@id\":\"https:\/\/knjiznice.nsk.hr\/ivanec\/wp-content\/uploads\/sites\/27\/2020\/07\/Za\\u0161to-je-va\\u017eno-\\u010ditati-svaki-dan.jpg#breadcrumb\",\"itemListElement\":[{\"@type\":\"ListItem\",\"position\":1,\"item\":{\"@type\":\"WebPage\",\"@id\":\"http:\/\/knjiznice.nsk.hr\/ivanec\/\",\"url\":\"http:\/\/knjiznice.nsk.hr\/ivanec\/\",\"name\":\"Po\\u010detna stranica\"}},{\"@type\":\"ListItem\",\"position\":2,\"item\":{\"@type\":\"WebPage\",\"@id\":\"http:\/\/knjiznice.nsk.hr\/ivanec\/citateljski-klub\/\",\"url\":\"http:\/\/knjiznice.nsk.hr\/ivanec\/citateljski-klub\/\",\"name\":\"\\u010cITATELJSKI KLUB &#8220;PAVICA&#8221;\"}},{\"@type\":\"ListItem\",\"position\":3,\"item\":{\"@id\":\"https:\/\/knjiznice.nsk.hr\/ivanec\/wp-content\/uploads\/sites\/27\/2020\/07\/Za\\u0161to-je-va\\u017eno-\\u010ditati-svaki-dan.jpg#webpage\"}}]}]}<\/script>\n<!-- \/ Yoast SEO plugin. -->","description":{"rendered":"<p class=\"attachment\"><a href='https:\/\/knjiznice.nsk.hr\/ivanec\/wp-content\/uploads\/sites\/27\/2020\/07\/Za\u0161to-je-va\u017eno-\u010ditati-svaki-dan.jpg'><img width=\"300\" height=\"300\" src=\"https:\/\/knjiznice.nsk.hr\/ivanec\/wp-content\/uploads\/sites\/27\/2020\/07\/Za\u0161to-je-va\u017eno-\u010ditati-svaki-dan-300x300.jpg\" class=\"attachment-medium size-medium\" alt=\"\" loading=\"lazy\" srcset=\"https:\/\/knjiznice.nsk.hr\/ivanec\/wp-content\/uploads\/sites\/27\/2020\/07\/Za\u0161to-je-va\u017eno-\u010ditati-svaki-dan-300x300.jpg 300w, https:\/\/knjiznice.nsk.hr\/ivanec\/wp-content\/uploads\/sites\/27\/2020\/07\/Za\u0161to-je-va\u017eno-\u010ditati-svaki-dan-150x150.jpg 150w, https:\/\/knjiznice.nsk.hr\/ivanec\/wp-content\/uploads\/sites\/27\/2020\/07\/Za\u0161to-je-va\u017eno-\u010ditati-svaki-dan-600x600.jpg 600w, https:\/\/knjiznice.nsk.hr\/ivanec\/wp-content\/uploads\/sites\/27\/2020\/07\/Za\u0161to-je-va\u017eno-\u010ditati-svaki-dan.jpg 768w\" sizes=\"(max-width: 300px) 100vw, 300px\" \/><\/a><\/p>\n"},"caption":{"rendered":""},"alt_text":"","media_type":"image","mime_type":"image\/jpeg","media_details":{"width":768,"height":768,"file":"2020\/07\/Za\u0161to-je-va\u017eno-\u010ditati-svaki-dan.jpg","sizes":{"medium":{"file":"Za\u0161to-je-va\u017eno-\u010ditati-svaki-dan-300x300.jpg","width":300,"height":300,"mime_type":"image\/jpeg","source_url":"https:\/\/knjiznice.nsk.hr\/ivanec\/wp-content\/uploads\/sites\/27\/2020\/07\/Za\u0161to-je-va\u017eno-\u010ditati-svaki-dan-300x300.jpg"},"thumbnail":{"file":"Za\u0161to-je-va\u017eno-\u010ditati-svaki-dan-150x150.jpg","width":150,"height":150,"mime_type":"image\/jpeg","source_url":"https:\/\/knjiznice.nsk.hr\/ivanec\/wp-content\/uploads\/sites\/27\/2020\/07\/Za\u0161to-je-va\u017eno-\u010ditati-svaki-dan-150x150.jpg"},"wysija-newsletters-max":{"file":"Za\u0161to-je-va\u017eno-\u010ditati-svaki-dan-600x600.jpg","width":600,"height":600,"mime_type":"image\/jpeg","source_url":"https:\/\/knjiznice.nsk.hr\/ivanec\/wp-content\/uploads\/sites\/27\/2020\/07\/Za\u0161to-je-va\u017eno-\u010ditati-svaki-dan-600x600.jpg"},"post-image":{"file":"Za\u0161to-je-va\u017eno-\u010ditati-svaki-dan-760x360.jpg","width":760,"height":360,"mime_type":"image\/jpeg","source_url":"https:\/\/knjiznice.nsk.hr\/ivanec\/wp-content\/uploads\/sites\/27\/2020\/07\/Za\u0161to-je-va\u017eno-\u010ditati-svaki-dan-760x360.jpg"},"widget-image":{"file":"Za\u0161to-je-va\u017eno-\u010ditati-svaki-dan-295x100.jpg","width":295,"height":100,"mime_type":"image\/jpeg","source_url":"https:\/\/knjiznice.nsk.hr\/ivanec\/wp-content\/uploads\/sites\/27\/2020\/07\/Za\u0161to-je-va\u017eno-\u010ditati-svaki-dan-295x100.jpg"},"slider":{"file":"Za\u0161to-je-va\u017eno-\u010ditati-svaki-dan-768x400.jpg","width":768,"height":400,"mime_type":"image\/jpeg","source_url":"https:\/\/knjiznice.nsk.hr\/ivanec\/wp-content\/uploads\/sites\/27\/2020\/07\/Za\u0161to-je-va\u017eno-\u010ditati-svaki-dan-768x400.jpg"},"full":{"file":"Za\u0161to-je-va\u017eno-\u010ditati-svaki-dan.jpg","width":768,"height":768,"mime_type":"image\/jpeg","source_url":"https:\/\/knjiznice.nsk.hr\/ivanec\/wp-content\/uploads\/sites\/27\/2020\/07\/Za\u0161to-je-va\u017eno-\u010ditati-svaki-dan.jpg"}},"image_meta":{"aperture":"0","credit":"","camera":"","caption":"","created_timestamp":"0","copyright":"","focal_length":"0","iso":"0","shutter_speed":"0","title":"","orientation":"0","keywords":[]}},"post":38,"source_url":"https:\/\/knjiznice.nsk.hr\/ivanec\/wp-content\/uploads\/sites\/27\/2020\/07\/Za\u0161to-je-va\u017eno-\u010ditati-svaki-dan.jpg","_links":{"self":[{"href":"https:\/\/knjiznice.nsk.hr\/ivanec\/wp-json\/wp\/v2\/media\/777"}],"collection":[{"href":"https:\/\/knjiznice.nsk.hr\/ivanec\/wp-json\/wp\/v2\/media"}],"about":[{"href":"https:\/\/knjiznice.nsk.hr\/ivanec\/wp-json\/wp\/v2\/types\/attachment"}],"author":[{"embeddable":true,"href":"https:\/\/knjiznice.nsk.hr\/ivanec\/wp-json\/wp\/v2\/users\/23"}]}}