{"id":3594,"date":"2023-07-11T08:36:07","date_gmt":"2023-07-11T08:36:07","guid":{"rendered":"http:\/\/knjiznice.nsk.hr\/vrbovsko\/wp-content\/uploads\/sites\/88\/2023\/07\/347563444_589994176646184_348374992142490156_n.jpg"},"modified":"2023-07-11T08:36:07","modified_gmt":"2023-07-11T08:36:07","slug":"347563444_589994176646184_348374992142490156_n","status":"inherit","type":"attachment","link":"http:\/\/knjiznice.nsk.hr\/vrbovsko\/damir-santek-gdje-misli-nestaju\/347563444_589994176646184_348374992142490156_n\/","title":{"rendered":"347563444_589994176646184_348374992142490156_n"},"author":103,"comment_status":"closed","ping_status":"closed","template":"","meta":{"ngg_post_thumbnail":0},"yoast_head":"<!-- This site is optimized with the Yoast SEO plugin v16.4 - https:\/\/yoast.com\/wordpress\/plugins\/seo\/ -->\n<meta name=\"robots\" content=\"index, follow, max-snippet:-1, max-image-preview:large, max-video-preview:-1\" \/>\n<link rel=\"canonical\" href=\"http:\/\/knjiznice.nsk.hr\/vrbovsko\/wp-content\/uploads\/sites\/88\/2023\/07\/347563444_589994176646184_348374992142490156_n.jpg\" \/>\n<meta property=\"og:locale\" content=\"hr_HR\" \/>\n<meta property=\"og:type\" content=\"article\" \/>\n<meta property=\"og:title\" content=\"347563444_589994176646184_348374992142490156_n - Gradska knji\u017enica Ivana Gorana Kova\u010di\u0107a Vrbovsko\" \/>\n<meta property=\"og:url\" content=\"http:\/\/knjiznice.nsk.hr\/vrbovsko\/wp-content\/uploads\/sites\/88\/2023\/07\/347563444_589994176646184_348374992142490156_n.jpg\" \/>\n<meta property=\"og:site_name\" content=\"Gradska knji\u017enica Ivana Gorana Kova\u010di\u0107a Vrbovsko\" \/>\n<meta property=\"og:image\" content=\"http:\/\/knjiznice.nsk.hr\/vrbovsko\/wp-content\/uploads\/sites\/88\/2023\/07\/347563444_589994176646184_348374992142490156_n.jpg\" \/>\n\t<meta property=\"og:image:width\" content=\"1312\" \/>\n\t<meta property=\"og:image:height\" content=\"688\" \/>\n<script type=\"application\/ld+json\" class=\"yoast-schema-graph\">{\"@context\":\"https:\/\/schema.org\",\"@graph\":[{\"@type\":\"WebSite\",\"@id\":\"http:\/\/knjiznice.nsk.hr\/vrbovsko\/#website\",\"url\":\"http:\/\/knjiznice.nsk.hr\/vrbovsko\/\",\"name\":\"Gradska knji\\u017enica Ivana Gorana Kova\\u010di\\u0107a Vrbovsko\",\"description\":\"\",\"potentialAction\":[{\"@type\":\"SearchAction\",\"target\":\"http:\/\/knjiznice.nsk.hr\/vrbovsko\/?s={search_term_string}\",\"query-input\":\"required name=search_term_string\"}],\"inLanguage\":\"hr\"},{\"@type\":\"WebPage\",\"@id\":\"http:\/\/knjiznice.nsk.hr\/vrbovsko\/wp-content\/uploads\/sites\/88\/2023\/07\/347563444_589994176646184_348374992142490156_n.jpg#webpage\",\"url\":\"http:\/\/knjiznice.nsk.hr\/vrbovsko\/wp-content\/uploads\/sites\/88\/2023\/07\/347563444_589994176646184_348374992142490156_n.jpg\",\"name\":\"347563444_589994176646184_348374992142490156_n - Gradska knji\\u017enica Ivana Gorana Kova\\u010di\\u0107a Vrbovsko\",\"isPartOf\":{\"@id\":\"http:\/\/knjiznice.nsk.hr\/vrbovsko\/#website\"},\"datePublished\":\"2023-07-11T08:36:07+00:00\",\"dateModified\":\"2023-07-11T08:36:07+00:00\",\"breadcrumb\":{\"@id\":\"http:\/\/knjiznice.nsk.hr\/vrbovsko\/wp-content\/uploads\/sites\/88\/2023\/07\/347563444_589994176646184_348374992142490156_n.jpg#breadcrumb\"},\"inLanguage\":\"hr\",\"potentialAction\":[{\"@type\":\"ReadAction\",\"target\":[\"http:\/\/knjiznice.nsk.hr\/vrbovsko\/wp-content\/uploads\/sites\/88\/2023\/07\/347563444_589994176646184_348374992142490156_n.jpg\"]}]},{\"@type\":\"BreadcrumbList\",\"@id\":\"http:\/\/knjiznice.nsk.hr\/vrbovsko\/wp-content\/uploads\/sites\/88\/2023\/07\/347563444_589994176646184_348374992142490156_n.jpg#breadcrumb\",\"itemListElement\":[{\"@type\":\"ListItem\",\"position\":1,\"item\":{\"@type\":\"WebPage\",\"@id\":\"http:\/\/knjiznice.nsk.hr\/vrbovsko\/\",\"url\":\"http:\/\/knjiznice.nsk.hr\/vrbovsko\/\",\"name\":\"Po\\u010detna stranica\"}},{\"@type\":\"ListItem\",\"position\":2,\"item\":{\"@type\":\"WebPage\",\"@id\":\"http:\/\/knjiznice.nsk.hr\/vrbovsko\/damir-santek-gdje-misli-nestaju\/\",\"url\":\"http:\/\/knjiznice.nsk.hr\/vrbovsko\/damir-santek-gdje-misli-nestaju\/\",\"name\":\"Damir \\u0160antek: Gdje misli nestaju\"}},{\"@type\":\"ListItem\",\"position\":3,\"item\":{\"@id\":\"http:\/\/knjiznice.nsk.hr\/vrbovsko\/wp-content\/uploads\/sites\/88\/2023\/07\/347563444_589994176646184_348374992142490156_n.jpg#webpage\"}}]}]}<\/script>\n<!-- \/ Yoast SEO plugin. -->","description":{"rendered":"<p class=\"attachment\"><a href='http:\/\/knjiznice.nsk.hr\/vrbovsko\/wp-content\/uploads\/sites\/88\/2023\/07\/347563444_589994176646184_348374992142490156_n.jpg'><img width=\"300\" height=\"157\" src=\"http:\/\/knjiznice.nsk.hr\/vrbovsko\/wp-content\/uploads\/sites\/88\/2023\/07\/347563444_589994176646184_348374992142490156_n-300x157.jpg\" class=\"attachment-medium size-medium\" alt=\"\" loading=\"lazy\" srcset=\"http:\/\/knjiznice.nsk.hr\/vrbovsko\/wp-content\/uploads\/sites\/88\/2023\/07\/347563444_589994176646184_348374992142490156_n-300x157.jpg 300w, http:\/\/knjiznice.nsk.hr\/vrbovsko\/wp-content\/uploads\/sites\/88\/2023\/07\/347563444_589994176646184_348374992142490156_n-1024x537.jpg 1024w, http:\/\/knjiznice.nsk.hr\/vrbovsko\/wp-content\/uploads\/sites\/88\/2023\/07\/347563444_589994176646184_348374992142490156_n-768x403.jpg 768w, http:\/\/knjiznice.nsk.hr\/vrbovsko\/wp-content\/uploads\/sites\/88\/2023\/07\/347563444_589994176646184_348374992142490156_n-600x315.jpg 600w, http:\/\/knjiznice.nsk.hr\/vrbovsko\/wp-content\/uploads\/sites\/88\/2023\/07\/347563444_589994176646184_348374992142490156_n.jpg 1312w\" sizes=\"(max-width: 300px) 100vw, 300px\" \/><\/a><\/p>\n"},"caption":{"rendered":""},"alt_text":"","media_type":"image","mime_type":"image\/jpeg","media_details":{"width":1312,"height":688,"file":"2023\/07\/347563444_589994176646184_348374992142490156_n.jpg","sizes":{"medium":{"file":"347563444_589994176646184_348374992142490156_n-300x157.jpg","width":300,"height":157,"mime_type":"image\/jpeg","source_url":"http:\/\/knjiznice.nsk.hr\/vrbovsko\/wp-content\/uploads\/sites\/88\/2023\/07\/347563444_589994176646184_348374992142490156_n-300x157.jpg"},"large":{"file":"347563444_589994176646184_348374992142490156_n-1024x537.jpg","width":1024,"height":537,"mime_type":"image\/jpeg","source_url":"http:\/\/knjiznice.nsk.hr\/vrbovsko\/wp-content\/uploads\/sites\/88\/2023\/07\/347563444_589994176646184_348374992142490156_n-1024x537.jpg"},"thumbnail":{"file":"347563444_589994176646184_348374992142490156_n-150x150.jpg","width":150,"height":150,"mime_type":"image\/jpeg","source_url":"http:\/\/knjiznice.nsk.hr\/vrbovsko\/wp-content\/uploads\/sites\/88\/2023\/07\/347563444_589994176646184_348374992142490156_n-150x150.jpg"},"medium_large":{"file":"347563444_589994176646184_348374992142490156_n-768x403.jpg","width":768,"height":403,"mime_type":"image\/jpeg","source_url":"http:\/\/knjiznice.nsk.hr\/vrbovsko\/wp-content\/uploads\/sites\/88\/2023\/07\/347563444_589994176646184_348374992142490156_n-768x403.jpg"},"wysija-newsletters-max":{"file":"347563444_589994176646184_348374992142490156_n-600x315.jpg","width":600,"height":315,"mime_type":"image\/jpeg","source_url":"http:\/\/knjiznice.nsk.hr\/vrbovsko\/wp-content\/uploads\/sites\/88\/2023\/07\/347563444_589994176646184_348374992142490156_n-600x315.jpg"},"home-bottom":{"file":"347563444_589994176646184_348374992142490156_n-150x150.jpg","width":150,"height":150,"mime_type":"image\/jpeg","source_url":"http:\/\/knjiznice.nsk.hr\/vrbovsko\/wp-content\/uploads\/sites\/88\/2023\/07\/347563444_589994176646184_348374992142490156_n-150x150.jpg"},"home-middle":{"file":"347563444_589994176646184_348374992142490156_n-332x190.jpg","width":332,"height":190,"mime_type":"image\/jpeg","source_url":"http:\/\/knjiznice.nsk.hr\/vrbovsko\/wp-content\/uploads\/sites\/88\/2023\/07\/347563444_589994176646184_348374992142490156_n-332x190.jpg"},"home-top":{"file":"347563444_589994176646184_348374992142490156_n-700x400.jpg","width":700,"height":400,"mime_type":"image\/jpeg","source_url":"http:\/\/knjiznice.nsk.hr\/vrbovsko\/wp-content\/uploads\/sites\/88\/2023\/07\/347563444_589994176646184_348374992142490156_n-700x400.jpg"},"slider":{"file":"347563444_589994176646184_348374992142490156_n-750x420.jpg","width":750,"height":420,"mime_type":"image\/jpeg","source_url":"http:\/\/knjiznice.nsk.hr\/vrbovsko\/wp-content\/uploads\/sites\/88\/2023\/07\/347563444_589994176646184_348374992142490156_n-750x420.jpg"},"full":{"file":"347563444_589994176646184_348374992142490156_n.jpg","width":1312,"height":688,"mime_type":"image\/jpeg","source_url":"http:\/\/knjiznice.nsk.hr\/vrbovsko\/wp-content\/uploads\/sites\/88\/2023\/07\/347563444_589994176646184_348374992142490156_n.jpg"}},"image_meta":{"aperture":"0","credit":"","camera":"","caption":"","created_timestamp":"0","copyright":"","focal_length":"0","iso":"0","shutter_speed":"0","title":"","orientation":"0","keywords":[]}},"post":3593,"source_url":"http:\/\/knjiznice.nsk.hr\/vrbovsko\/wp-content\/uploads\/sites\/88\/2023\/07\/347563444_589994176646184_348374992142490156_n.jpg","_links":{"self":[{"href":"http:\/\/knjiznice.nsk.hr\/vrbovsko\/wp-json\/wp\/v2\/media\/3594"}],"collection":[{"href":"http:\/\/knjiznice.nsk.hr\/vrbovsko\/wp-json\/wp\/v2\/media"}],"about":[{"href":"http:\/\/knjiznice.nsk.hr\/vrbovsko\/wp-json\/wp\/v2\/types\/attachment"}],"author":[{"embeddable":true,"href":"http:\/\/knjiznice.nsk.hr\/vrbovsko\/wp-json\/wp\/v2\/users\/103"}]}}