{"id":2028,"date":"2023-06-19T06:55:44","date_gmt":"2023-06-19T06:55:44","guid":{"rendered":"http:\/\/knjiznice.nsk.hr\/ston\/?page_id=2028"},"modified":"2024-05-07T10:36:08","modified_gmt":"2024-05-07T10:36:08","slug":"2023-2","status":"publish","type":"page","link":"http:\/\/knjiznice.nsk.hr\/ston\/2023-2\/","title":{"rendered":"2023."},"content":{"rendered":"<p>&nbsp; &nbsp; &nbsp; &nbsp; &nbsp; &nbsp; &nbsp; &nbsp;<\/p>\n<div class=\"ngg-albumoverview\">\n            <div class=\"ngg-album-compact\">\n            <div class=\"ngg-album-compactbox\">\n                <div class=\"ngg-album-link\">\n                                        <a title='Eko radionica Lavanda-mirisna kraljica'\n                       href='http:\/\/knjiznice.nsk.hr\/ston\/2023-2\/nggallery\/program-eko-s-knjiznicom-1\/eko-radionica-lavanda-mirisna-kraljica'>\n                        <img class=\"Thumb\"\n                             alt=\"Eko radionica Lavanda-mirisna kraljica\"\n                             src=\"http:\/\/knjiznice.nsk.hr\/ston\/wp-content\/uploads\/sites\/12\/nggallery\/lavanda-mirisna-kraljica\/cache\/347589901_1434170987397523_3719541978985195492_n.jpg-nggid03467-ngg0dyn-240x160x100-00f0w010c011r110f110r010t010.jpg\"\/>\n                    <\/a>\n                                    <\/div>\n            <\/div>\n                        <h4>\n                <a class='ngg-album-desc' title='Eko radionica Lavanda-mirisna kraljica'\n                       href='http:\/\/knjiznice.nsk.hr\/ston\/2023-2\/nggallery\/program-eko-s-knjiznicom-1\/eko-radionica-lavanda-mirisna-kraljica'style=\"max-width: 260px\">Eko radionica Lavanda-mirisna kraljica<\/a>\n            <\/h4>\n            <p class=\"ngg-album-gallery-image-counter\">\n                                    <strong>14<\/strong>&nbsp;Photos                            <\/p>\n        <\/div>\n            <div class=\"ngg-album-compact\">\n            <div class=\"ngg-album-compactbox\">\n                <div class=\"ngg-album-link\">\n                                        <a title='Budi eko i recikliraj'\n                       href='http:\/\/knjiznice.nsk.hr\/ston\/2023-2\/nggallery\/program-eko-s-knjiznicom-1\/budi-eko-i-recikliraj'>\n                        <img class=\"Thumb\"\n                             alt=\"Budi eko i recikliraj\"\n                             src=\"http:\/\/knjiznice.nsk.hr\/ston\/wp-content\/uploads\/sites\/12\/nggallery\/budi-eko-i-recikliraj\/cache\/347421577_732875168527405_4399060220986990564_n.jpg-nggid03457-ngg0dyn-240x160x100-00f0w010c011r110f110r010t010.jpg\"\/>\n                    <\/a>\n                                    <\/div>\n            <\/div>\n                        <h4>\n                <a class='ngg-album-desc' title='Budi eko i recikliraj'\n                       href='http:\/\/knjiznice.nsk.hr\/ston\/2023-2\/nggallery\/program-eko-s-knjiznicom-1\/budi-eko-i-recikliraj'style=\"max-width: 260px\">Budi eko i recikliraj<\/a>\n            <\/h4>\n            <p class=\"ngg-album-gallery-image-counter\">\n                                    <strong>9<\/strong>&nbsp;Photos                            <\/p>\n        <\/div>\n            <div class=\"ngg-album-compact\">\n            <div class=\"ngg-album-compactbox\">\n                <div class=\"ngg-album-link\">\n                                        <a title='Eko radionica Pri\u010da o robotu Sme\u0107ku'\n                       href='http:\/\/knjiznice.nsk.hr\/ston\/2023-2\/nggallery\/program-eko-s-knjiznicom-1\/eko-radionica-prica-o-robotu-smecku'>\n                        <img class=\"Thumb\"\n                             alt=\"Eko radionica Pri\u010da o robotu Sme\u0107ku\"\n                             src=\"http:\/\/knjiznice.nsk.hr\/ston\/wp-content\/uploads\/sites\/12\/nggallery\/prica-o-robotu-smecku\/cache\/343087165_176163301622433_8001516682604961390_n-%E2%80%93-kopija.jpg-nggid03488-ngg0dyn-240x160x100-00f0w010c011r110f110r010t010.jpg\"\/>\n                    <\/a>\n                                    <\/div>\n            <\/div>\n                        <h4>\n                <a class='ngg-album-desc' title='Eko radionica Pri\u010da o robotu Sme\u0107ku'\n                       href='http:\/\/knjiznice.nsk.hr\/ston\/2023-2\/nggallery\/program-eko-s-knjiznicom-1\/eko-radionica-prica-o-robotu-smecku'style=\"max-width: 260px\">Eko radionica Pri\u010da o robotu Sme\u0107ku<\/a>\n            <\/h4>\n            <p class=\"ngg-album-gallery-image-counter\">\n                                    <strong>6<\/strong>&nbsp;Photos                            <\/p>\n        <\/div>\n            <div class=\"ngg-album-compact\">\n            <div class=\"ngg-album-compactbox\">\n                <div class=\"ngg-album-link\">\n                                        <a title='Eko radionica Mali zeleni'\n                       href='http:\/\/knjiznice.nsk.hr\/ston\/2023-2\/nggallery\/program-eko-s-knjiznicom-1\/eko-radionica-mali-zeleni'>\n                        <img class=\"Thumb\"\n                             alt=\"Eko radionica Mali zeleni\"\n                             src=\"http:\/\/knjiznice.nsk.hr\/ston\/wp-content\/uploads\/sites\/12\/nggallery\/mali-zeleni\/cache\/342997240_1264310067554099_6477670729845355663_n.jpg-nggid03449-ngg0dyn-240x160x100-00f0w010c011r110f110r010t010.jpg\"\/>\n                    <\/a>\n                                    <\/div>\n            <\/div>\n                        <h4>\n                <a class='ngg-album-desc' title='Eko radionica Mali zeleni'\n                       href='http:\/\/knjiznice.nsk.hr\/ston\/2023-2\/nggallery\/program-eko-s-knjiznicom-1\/eko-radionica-mali-zeleni'style=\"max-width: 260px\">Eko radionica Mali zeleni<\/a>\n            <\/h4>\n            <p class=\"ngg-album-gallery-image-counter\">\n                                    <strong>8<\/strong>&nbsp;Photos                            <\/p>\n        <\/div>\n            <div class=\"ngg-album-compact\">\n            <div class=\"ngg-album-compactbox\">\n                <div class=\"ngg-album-link\">\n                                        <a title='Organska poljoprivreda - put prema zdravlju'\n                       href='http:\/\/knjiznice.nsk.hr\/ston\/2023-2\/nggallery\/program-eko-s-knjiznicom-1\/organska-poljoprivreda-put-prema-zdravlju'>\n                        <img class=\"Thumb\"\n                             alt=\"Organska poljoprivreda - put prema zdravlju\"\n                             src=\"http:\/\/knjiznice.nsk.hr\/ston\/wp-content\/uploads\/sites\/12\/nggallery\/organska-poljoprivreda-put-prema-zdravlju\/cache\/378385363_655743763326091_6312785807663351558_n.jpg-nggid03769-ngg0dyn-240x160x100-00f0w010c011r110f110r010t010.jpg\"\/>\n                    <\/a>\n                                    <\/div>\n            <\/div>\n                        <h4>\n                <a class='ngg-album-desc' title='Organska poljoprivreda - put prema zdravlju'\n                       href='http:\/\/knjiznice.nsk.hr\/ston\/2023-2\/nggallery\/program-eko-s-knjiznicom-1\/organska-poljoprivreda-put-prema-zdravlju'style=\"max-width: 260px\">Organska poljoprivreda - put prema zdravlju<\/a>\n            <\/h4>\n            <p class=\"ngg-album-gallery-image-counter\">\n                                    <strong>9<\/strong>&nbsp;Photos                            <\/p>\n        <\/div>\n            <div class=\"ngg-album-compact\">\n            <div class=\"ngg-album-compactbox\">\n                <div class=\"ngg-album-link\">\n                                        <a title='Martina Divi\u0107: Ne postoji sutra u Atru'\n                       href='http:\/\/knjiznice.nsk.hr\/ston\/2023-2\/nggallery\/martina-divic-ne-postoji-sutra-u-atru\/martina-divic-ne-postoji-sutra-u-atru'>\n                        <img class=\"Thumb\"\n                             alt=\"Martina Divi\u0107: Ne postoji sutra u Atru\"\n                             src=\"http:\/\/knjiznice.nsk.hr\/ston\/wp-content\/uploads\/sites\/12\/nggallery\/martina-divic-ne-postoji-sutra-u-atru\/cache\/347385707_953156429306691_9209966488259316311_n.jpg-nggid03482-ngg0dyn-240x160x100-00f0w010c011r110f110r010t010.jpg\"\/>\n                    <\/a>\n                                    <\/div>\n            <\/div>\n                        <h4>\n                <a class='ngg-album-desc' title='Martina Divi\u0107: Ne postoji sutra u Atru'\n                       href='http:\/\/knjiznice.nsk.hr\/ston\/2023-2\/nggallery\/martina-divic-ne-postoji-sutra-u-atru\/martina-divic-ne-postoji-sutra-u-atru'style=\"max-width: 260px\">Martina Divi\u0107: Ne postoji sutra u Atru<\/a>\n            <\/h4>\n            <p class=\"ngg-album-gallery-image-counter\">\n                                    <strong>8<\/strong>&nbsp;Photos                            <\/p>\n        <\/div>\n            <div class=\"ngg-album-compact\">\n            <div class=\"ngg-album-compactbox\">\n                <div class=\"ngg-album-link\">\n                                        <a title='Radionica Uskrsne golubice'\n                       href='http:\/\/knjiznice.nsk.hr\/ston\/2023-2\/nggallery\/radionica-uskrsne-golubice\/radionica-uskrsne-golubice'>\n                        <img class=\"Thumb\"\n                             alt=\"Radionica Uskrsne golubice\"\n                             src=\"http:\/\/knjiznice.nsk.hr\/ston\/wp-content\/uploads\/sites\/12\/nggallery\/radionica-uskrsne-golubice\/cache\/339262931_739155717583740_641777209710617040_n.jpg-nggid03496-ngg0dyn-240x160x100-00f0w010c011r110f110r010t010.jpg\"\/>\n                    <\/a>\n                                    <\/div>\n            <\/div>\n                        <h4>\n                <a class='ngg-album-desc' title='Radionica Uskrsne golubice'\n                       href='http:\/\/knjiznice.nsk.hr\/ston\/2023-2\/nggallery\/radionica-uskrsne-golubice\/radionica-uskrsne-golubice'style=\"max-width: 260px\">Radionica Uskrsne golubice<\/a>\n            <\/h4>\n            <p class=\"ngg-album-gallery-image-counter\">\n                                    <strong>8<\/strong>&nbsp;Photos                            <\/p>\n        <\/div>\n            <div class=\"ngg-album-compact\">\n            <div class=\"ngg-album-compactbox\">\n                <div class=\"ngg-album-link\">\n                                        <a title='Bljakava pri\u010daonica i radionica Jelene Pervan'\n                       href='http:\/\/knjiznice.nsk.hr\/ston\/2023-2\/nggallery\/bljakava-pricaonica-i-radionica-jelene-pervan\/bljakava-pricaonica-i-radionica-jelene-pervan'>\n                        <img class=\"Thumb\"\n                             alt=\"Bljakava pri\u010daonica i radionica Jelene Pervan\"\n                             src=\"http:\/\/knjiznice.nsk.hr\/ston\/wp-content\/uploads\/sites\/12\/nggallery\/bljakava-pricaonica-i-radionica-jelene-pervan\/cache\/323278720_1223610228524147_3621084911637724918_n.jpg-nggid03515-ngg0dyn-240x160x100-00f0w010c011r110f110r010t010.jpg\"\/>\n                    <\/a>\n                                    <\/div>\n            <\/div>\n                        <h4>\n                <a class='ngg-album-desc' title='Bljakava pri\u010daonica i radionica Jelene Pervan'\n                       href='http:\/\/knjiznice.nsk.hr\/ston\/2023-2\/nggallery\/bljakava-pricaonica-i-radionica-jelene-pervan\/bljakava-pricaonica-i-radionica-jelene-pervan'style=\"max-width: 260px\">Bljakava pri\u010daonica i radionica Jelene Pervan<\/a>\n            <\/h4>\n            <p class=\"ngg-album-gallery-image-counter\">\n                                    <strong>11<\/strong>&nbsp;Photos                            <\/p>\n        <\/div>\n            <div class=\"ngg-album-compact\">\n            <div class=\"ngg-album-compactbox\">\n                <div class=\"ngg-album-link\">\n                                        <a title='Pri\u010daonica i radionica Upoznajte Fridu Kahlo'\n                       href='http:\/\/knjiznice.nsk.hr\/ston\/2023-2\/nggallery\/ljeto-s-knjiznicom\/pricaonica-i-radionica-upoznajte-fridu-kahlo'>\n                        <img class=\"Thumb\"\n                             alt=\"Pri\u010daonica i radionica Upoznajte Fridu Kahlo\"\n                             src=\"http:\/\/knjiznice.nsk.hr\/ston\/wp-content\/uploads\/sites\/12\/nggallery\/pricaonica-i-radionica-upoznajte-fridu-kahlo\/cache\/347579807_611717934395341_7989941477120715067_n.jpg-nggid03617-ngg0dyn-240x160x100-00f0w010c011r110f110r010t010.jpg\"\/>\n                    <\/a>\n                                    <\/div>\n            <\/div>\n                        <h4>\n                <a class='ngg-album-desc' title='Pri\u010daonica i radionica Upoznajte Fridu Kahlo'\n                       href='http:\/\/knjiznice.nsk.hr\/ston\/2023-2\/nggallery\/ljeto-s-knjiznicom\/pricaonica-i-radionica-upoznajte-fridu-kahlo'style=\"max-width: 260px\">Pri\u010daonica i radionica Upoznajte Fridu Kahlo<\/a>\n            <\/h4>\n            <p class=\"ngg-album-gallery-image-counter\">\n                                    <strong>11<\/strong>&nbsp;Photos                            <\/p>\n        <\/div>\n            <div class=\"ngg-album-compact\">\n            <div class=\"ngg-album-compactbox\">\n                <div class=\"ngg-album-link\">\n                                        <a title='Zaigrana jutra u knji\u017enici'\n                       href='http:\/\/knjiznice.nsk.hr\/ston\/2023-2\/nggallery\/ljeto-s-knjiznicom\/zaigrana-jutra-u-knjiznici'>\n                        <img class=\"Thumb\"\n                             alt=\"Zaigrana jutra u knji\u017enici\"\n                             src=\"http:\/\/knjiznice.nsk.hr\/ston\/wp-content\/uploads\/sites\/12\/nggallery\/zaigrana-jutra-u-knjiznici\/cache\/347552949_613811604185974_2470737143271198375_n.jpg-nggid03630-ngg0dyn-240x160x100-00f0w010c011r110f110r010t010.jpg\"\/>\n                    <\/a>\n                                    <\/div>\n            <\/div>\n                        <h4>\n                <a class='ngg-album-desc' title='Zaigrana jutra u knji\u017enici'\n                       href='http:\/\/knjiznice.nsk.hr\/ston\/2023-2\/nggallery\/ljeto-s-knjiznicom\/zaigrana-jutra-u-knjiznici'style=\"max-width: 260px\">Zaigrana jutra u knji\u017enici<\/a>\n            <\/h4>\n            <p class=\"ngg-album-gallery-image-counter\">\n                                    <strong>20<\/strong>&nbsp;Photos                            <\/p>\n        <\/div>\n            <div class=\"ngg-album-compact\">\n            <div class=\"ngg-album-compactbox\">\n                <div class=\"ngg-album-link\">\n                                        <a title='I oni \u017eive u na\u0161oj sredini - susret s glumicom i lutkaricom Bo\u017eenom Dela\u0161'\n                       href='http:\/\/knjiznice.nsk.hr\/ston\/2023-2\/nggallery\/ljeto-s-knjiznicom\/i-oni-zive-u-nasoj-sredini-susret-s-glumicom-i-lutkaricom-bozenom-delas'>\n                        <img class=\"Thumb\"\n                             alt=\"I oni \u017eive u na\u0161oj sredini - susret s glumicom i lutkaricom Bo\u017eenom Dela\u0161\"\n                             src=\"http:\/\/knjiznice.nsk.hr\/ston\/wp-content\/uploads\/sites\/12\/nggallery\/susret-s-glumicom-i-lutkaricom-bozenom-delas\/cache\/363032581_620038633563271_1824808265264516448_n.jpg-nggid03635-ngg0dyn-240x160x100-00f0w010c011r110f110r010t010.jpg\"\/>\n                    <\/a>\n                                    <\/div>\n            <\/div>\n                        <h4>\n                <a class='ngg-album-desc' title='I oni \u017eive u na\u0161oj sredini - susret s glumicom i lutkaricom Bo\u017eenom Dela\u0161'\n                       href='http:\/\/knjiznice.nsk.hr\/ston\/2023-2\/nggallery\/ljeto-s-knjiznicom\/i-oni-zive-u-nasoj-sredini-susret-s-glumicom-i-lutkaricom-bozenom-delas'style=\"max-width: 260px\">I oni \u017eive u na\u0161oj sredini - susret s glumicom i lutkaricom Bo\u017eenom Dela\u0161<\/a>\n            <\/h4>\n            <p class=\"ngg-album-gallery-image-counter\">\n                                    <strong>20<\/strong>&nbsp;Photos                            <\/p>\n        <\/div>\n            <div class=\"ngg-album-compact\">\n            <div class=\"ngg-album-compactbox\">\n                <div class=\"ngg-album-link\">\n                                        <a title='I oni \u017eive u na\u0161oj sredini - Susret sa spisateljicama Marinom Asturi\u0107 i Jelicom  Gjenero'\n                       href='http:\/\/knjiznice.nsk.hr\/ston\/2023-2\/nggallery\/ljeto-s-knjiznicom\/i-oni-zive-u-nasoj-sredini-susret-sa-spisateljicama-marinom-asturic-i-jelicom-gjenero'>\n                        <img class=\"Thumb\"\n                             alt=\"I oni \u017eive u na\u0161oj sredini - Susret sa spisateljicama Marinom Asturi\u0107 i Jelicom  Gjenero\"\n                             src=\"http:\/\/knjiznice.nsk.hr\/ston\/wp-content\/uploads\/sites\/12\/nggallery\/i-oni-zive-u-nasoj-sredini-susret-sa-spisateljicama-marinom-asturic-i-jelicom-gjenero\/cache\/364790488_624059046494563_4951381178664851682_n.jpg-nggid03655-ngg0dyn-240x160x100-00f0w010c011r110f110r010t010.jpg\"\/>\n                    <\/a>\n                                    <\/div>\n            <\/div>\n                        <h4>\n                <a class='ngg-album-desc' title='I oni \u017eive u na\u0161oj sredini - Susret sa spisateljicama Marinom Asturi\u0107 i Jelicom  Gjenero'\n                       href='http:\/\/knjiznice.nsk.hr\/ston\/2023-2\/nggallery\/ljeto-s-knjiznicom\/i-oni-zive-u-nasoj-sredini-susret-sa-spisateljicama-marinom-asturic-i-jelicom-gjenero'style=\"max-width: 260px\">I oni \u017eive u na\u0161oj sredini - Susret sa spisateljicama Marinom Asturi\u0107 i Jelicom  Gjenero<\/a>\n            <\/h4>\n            <p class=\"ngg-album-gallery-image-counter\">\n                                    <strong>14<\/strong>&nbsp;Photos                            <\/p>\n        <\/div>\n            <div class=\"ngg-album-compact\">\n            <div class=\"ngg-album-compactbox\">\n                <div class=\"ngg-album-link\">\n                                        <a title='Pri\u010daonica i radionica Poznate i manje poznate \u017eivotinje'\n                       href='http:\/\/knjiznice.nsk.hr\/ston\/2023-2\/nggallery\/ljeto-s-knjiznicom\/pricaonica-i-radionica-poznate-i-manje-poznate-zivotinje'>\n                        <img class=\"Thumb\"\n                             alt=\"Pri\u010daonica i radionica Poznate i manje poznate \u017eivotinje\"\n                             src=\"http:\/\/knjiznice.nsk.hr\/ston\/wp-content\/uploads\/sites\/12\/nggallery\/pricaonica-i-radionica-poznate-i-manje-poznate-zivotinje\/cache\/366080190_632110082356126_6653511373603983997_n.jpg-nggid03671-ngg0dyn-240x160x100-00f0w010c011r110f110r010t010.jpg\"\/>\n                    <\/a>\n                                    <\/div>\n            <\/div>\n                        <h4>\n                <a class='ngg-album-desc' title='Pri\u010daonica i radionica Poznate i manje poznate \u017eivotinje'\n                       href='http:\/\/knjiznice.nsk.hr\/ston\/2023-2\/nggallery\/ljeto-s-knjiznicom\/pricaonica-i-radionica-poznate-i-manje-poznate-zivotinje'style=\"max-width: 260px\">Pri\u010daonica i radionica Poznate i manje poznate \u017eivotinje<\/a>\n            <\/h4>\n            <p class=\"ngg-album-gallery-image-counter\">\n                                    <strong>17<\/strong>&nbsp;Photos                            <\/p>\n        <\/div>\n            <div class=\"ngg-album-compact\">\n            <div class=\"ngg-album-compactbox\">\n                <div class=\"ngg-album-link\">\n                                        <a title='I oni \u017eive u na\u0161oj sredini - susret sa slikaricom Maja Kova\u010devi\u0107'\n                       href='http:\/\/knjiznice.nsk.hr\/ston\/2023-2\/nggallery\/ljeto-s-knjiznicom\/i-oni-zive-u-nasoj-sredini-susret-sa-slikaricom-maja-kovacevic'>\n                        <img class=\"Thumb\"\n                             alt=\"I oni \u017eive u na\u0161oj sredini - susret sa slikaricom Maja Kova\u010devi\u0107\"\n                             src=\"http:\/\/knjiznice.nsk.hr\/ston\/wp-content\/uploads\/sites\/12\/nggallery\/i-oni-zive-u-nasoj-sredini-susret-sa-slikaricom-maja-kovacevic\/cache\/367392592_629513372615797_846256264156616810_n-%E2%80%93-kopija.jpg-nggid03702-ngg0dyn-240x160x100-00f0w010c011r110f110r010t010.jpg\"\/>\n                    <\/a>\n                                    <\/div>\n            <\/div>\n                        <h4>\n                <a class='ngg-album-desc' title='I oni \u017eive u na\u0161oj sredini - susret sa slikaricom Maja Kova\u010devi\u0107'\n                       href='http:\/\/knjiznice.nsk.hr\/ston\/2023-2\/nggallery\/ljeto-s-knjiznicom\/i-oni-zive-u-nasoj-sredini-susret-sa-slikaricom-maja-kovacevic'style=\"max-width: 260px\">I oni \u017eive u na\u0161oj sredini - susret sa slikaricom Maja Kova\u010devi\u0107<\/a>\n            <\/h4>\n            <p class=\"ngg-album-gallery-image-counter\">\n                                    <strong>15<\/strong>&nbsp;Photos                            <\/p>\n        <\/div>\n            <div class=\"ngg-album-compact\">\n            <div class=\"ngg-album-compactbox\">\n                <div class=\"ngg-album-link\">\n                                        <a title='Otvorenje izlo\u017ebe Dan kada sam nau\u010dila letjeti Maja Kova\u010devi\u0107'\n                       href='http:\/\/knjiznice.nsk.hr\/ston\/2023-2\/nggallery\/ljeto-s-knjiznicom\/otvorenje-izlozbe-dan-kada-sam-naucila-letjeti-maja-kovacevic'>\n                        <img class=\"Thumb\"\n                             alt=\"Otvorenje izlo\u017ebe Dan kada sam nau\u010dila letjeti Maja Kova\u010devi\u0107\"\n                             src=\"http:\/\/knjiznice.nsk.hr\/ston\/wp-content\/uploads\/sites\/12\/nggallery\/otvorenje-izlozbe-dan-kada-sam-naucila-letjeti-maja-kovacevic\/cache\/367494383_630474575853010_2412109922513761197_n.jpg-nggid03713-ngg0dyn-240x160x100-00f0w010c011r110f110r010t010.jpg\"\/>\n                    <\/a>\n                                    <\/div>\n            <\/div>\n                        <h4>\n                <a class='ngg-album-desc' title='Otvorenje izlo\u017ebe Dan kada sam nau\u010dila letjeti Maja Kova\u010devi\u0107'\n                       href='http:\/\/knjiznice.nsk.hr\/ston\/2023-2\/nggallery\/ljeto-s-knjiznicom\/otvorenje-izlozbe-dan-kada-sam-naucila-letjeti-maja-kovacevic'style=\"max-width: 260px\">Otvorenje izlo\u017ebe Dan kada sam nau\u010dila letjeti Maja Kova\u010devi\u0107<\/a>\n            <\/h4>\n            <p class=\"ngg-album-gallery-image-counter\">\n                                    <strong>14<\/strong>&nbsp;Photos                            <\/p>\n        <\/div>\n            <div class=\"ngg-album-compact\">\n            <div class=\"ngg-album-compactbox\">\n                <div class=\"ngg-album-link\">\n                                        <a title='Radionica Ba\u0161tina u koncima'\n                       href='http:\/\/knjiznice.nsk.hr\/ston\/2023-2\/nggallery\/ljeto-s-knjiznicom\/radionica-bastina-u-koncima'>\n                        <img class=\"Thumb\"\n                             alt=\"Radionica Ba\u0161tina u koncima\"\n                             src=\"http:\/\/knjiznice.nsk.hr\/ston\/wp-content\/uploads\/sites\/12\/nggallery\/radionica-bastina-u-koncima\/cache\/369717509_633872258846575_880754932228236423_n.jpg-nggid03727-ngg0dyn-240x160x100-00f0w010c011r110f110r010t010.jpg\"\/>\n                    <\/a>\n                                    <\/div>\n            <\/div>\n                        <h4>\n                <a class='ngg-album-desc' title='Radionica Ba\u0161tina u koncima'\n                       href='http:\/\/knjiznice.nsk.hr\/ston\/2023-2\/nggallery\/ljeto-s-knjiznicom\/radionica-bastina-u-koncima'style=\"max-width: 260px\">Radionica Ba\u0161tina u koncima<\/a>\n            <\/h4>\n            <p class=\"ngg-album-gallery-image-counter\">\n                                    <strong>16<\/strong>&nbsp;Photos                            <\/p>\n        <\/div>\n            <div class=\"ngg-album-compact\">\n            <div class=\"ngg-album-compactbox\">\n                <div class=\"ngg-album-link\">\n                                        <a title='\u010citateljska kartolina - zavr\u0161etak natjecanja i podjela nagrada'\n                       href='http:\/\/knjiznice.nsk.hr\/ston\/2023-2\/nggallery\/ljeto-s-knjiznicom\/citateljska-kartolina-zavrsetak-natjecanja-i-podjela-nagrada'>\n                        <img class=\"Thumb\"\n                             alt=\"\u010citateljska kartolina - zavr\u0161etak natjecanja i podjela nagrada\"\n                             src=\"http:\/\/knjiznice.nsk.hr\/ston\/wp-content\/uploads\/sites\/12\/nggallery\/citateljska-kartolina-zavrsetak-natjecanja-i-podjela-nagrada\/cache\/369686874_638467251720409_8297419564755815351_n.jpg-nggid03743-ngg0dyn-240x160x100-00f0w010c011r110f110r010t010.jpg\"\/>\n                    <\/a>\n                                    <\/div>\n            <\/div>\n                        <h4>\n                <a class='ngg-album-desc' title='\u010citateljska kartolina - zavr\u0161etak natjecanja i podjela nagrada'\n                       href='http:\/\/knjiznice.nsk.hr\/ston\/2023-2\/nggallery\/ljeto-s-knjiznicom\/citateljska-kartolina-zavrsetak-natjecanja-i-podjela-nagrada'style=\"max-width: 260px\">\u010citateljska kartolina - zavr\u0161etak natjecanja i podjela nagrada<\/a>\n            <\/h4>\n            <p class=\"ngg-album-gallery-image-counter\">\n                                    <strong>19<\/strong>&nbsp;Photos                            <\/p>\n        <\/div>\n            <div class=\"ngg-album-compact\">\n            <div class=\"ngg-album-compactbox\">\n                <div class=\"ngg-album-link\">\n                                        <a title='Projekcija filma Stella maris ju\u017enih otoka'\n                       href='http:\/\/knjiznice.nsk.hr\/ston\/2023-2\/nggallery\/projekcija-filma-stella-maris-juznih-otoka\/projekcija-filma-stella-maris-juznih-otoka'>\n                        <img class=\"Thumb\"\n                             alt=\"Projekcija filma Stella maris ju\u017enih otoka\"\n                             src=\"http:\/\/knjiznice.nsk.hr\/ston\/wp-content\/uploads\/sites\/12\/nggallery\/projekcija-filma-stella-maris-juznih-otoka\/cache\/375200816_642279824672485_7224117642877720445_n.jpg-nggid03763-ngg0dyn-240x160x100-00f0w010c011r110f110r010t010.jpg\"\/>\n                    <\/a>\n                                    <\/div>\n            <\/div>\n                        <h4>\n                <a class='ngg-album-desc' title='Projekcija filma Stella maris ju\u017enih otoka'\n                       href='http:\/\/knjiznice.nsk.hr\/ston\/2023-2\/nggallery\/projekcija-filma-stella-maris-juznih-otoka\/projekcija-filma-stella-maris-juznih-otoka'style=\"max-width: 260px\">Projekcija filma Stella maris ju\u017enih otoka<\/a>\n            <\/h4>\n            <p class=\"ngg-album-gallery-image-counter\">\n                                    <strong>7<\/strong>&nbsp;Photos                            <\/p>\n        <\/div>\n            <div class=\"ngg-album-compact\">\n            <div class=\"ngg-album-compactbox\">\n                <div class=\"ngg-album-link\">\n                                        <a title='Radionica Ponikovska posko\u010dica - \u017eiva ba\u0161tina i otvorenje izlo\u017ebe Ba\u0161tina u koncima'\n                       href='http:\/\/knjiznice.nsk.hr\/ston\/2023-2\/nggallery\/medunarodni-dan-kulturne-bastine-radionica-i-izlozba\/radionica-ponikovska-poskocica-ziva-bastina-i-otvorenje-izlozbe-bastina-u-koncima'>\n                        <img class=\"Thumb\"\n                             alt=\"Radionica Ponikovska posko\u010dica - \u017eiva ba\u0161tina i otvorenje izlo\u017ebe Ba\u0161tina u koncima\"\n                             src=\"http:\/\/knjiznice.nsk.hr\/ston\/wp-content\/uploads\/sites\/12\/nggallery\/radionica-ponikovska-poskocica-ziva-bastina-i-otvorenje-izlozbe-bastina-u-koncima\/cache\/381086608_651485537085247_2047825262668231896_n.jpg-nggid03778-ngg0dyn-240x160x100-00f0w010c011r110f110r010t010.jpg\"\/>\n                    <\/a>\n                                    <\/div>\n            <\/div>\n                        <h4>\n                <a class='ngg-album-desc' title='Radionica Ponikovska posko\u010dica - \u017eiva ba\u0161tina i otvorenje izlo\u017ebe Ba\u0161tina u koncima'\n                       href='http:\/\/knjiznice.nsk.hr\/ston\/2023-2\/nggallery\/medunarodni-dan-kulturne-bastine-radionica-i-izlozba\/radionica-ponikovska-poskocica-ziva-bastina-i-otvorenje-izlozbe-bastina-u-koncima'style=\"max-width: 260px\">Radionica Ponikovska posko\u010dica - \u017eiva ba\u0161tina i otvorenje izlo\u017ebe Ba\u0161tina u koncima<\/a>\n            <\/h4>\n            <p class=\"ngg-album-gallery-image-counter\">\n                                    <strong>14<\/strong>&nbsp;Photos                            <\/p>\n        <\/div>\n            <div class=\"ngg-album-compact\">\n            <div class=\"ngg-album-compactbox\">\n                <div class=\"ngg-album-link\">\n                                        <a title='Predstavljanje slikovnice Kad nestanu slasti\u010dari...'\n                       href='http:\/\/knjiznice.nsk.hr\/ston\/2023-2\/nggallery\/predstavljanje-slikovnice-kad-nestanu-slasticari-1\/predstavljanje-slikovnice-kad-nestanu-slasticari'>\n                        <img class=\"Thumb\"\n                             alt=\"Predstavljanje slikovnice Kad nestanu slasti\u010dari...\"\n                             src=\"http:\/\/knjiznice.nsk.hr\/ston\/wp-content\/uploads\/sites\/12\/nggallery\/predstavljanje-slikovnice-kad-nestanu-slasticari\/cache\/395454812_667281548838979_4859038562525631556_n.jpg-nggid03792-ngg0dyn-240x160x100-00f0w010c011r110f110r010t010.jpg\"\/>\n                    <\/a>\n                                    <\/div>\n            <\/div>\n                        <h4>\n                <a class='ngg-album-desc' title='Predstavljanje slikovnice Kad nestanu slasti\u010dari...'\n                       href='http:\/\/knjiznice.nsk.hr\/ston\/2023-2\/nggallery\/predstavljanje-slikovnice-kad-nestanu-slasticari-1\/predstavljanje-slikovnice-kad-nestanu-slasticari'style=\"max-width: 260px\">Predstavljanje slikovnice Kad nestanu slasti\u010dari...<\/a>\n            <\/h4>\n            <p class=\"ngg-album-gallery-image-counter\">\n                                    <strong>17<\/strong>&nbsp;Photos                            <\/p>\n        <\/div>\n            <div class=\"ngg-album-compact\">\n            <div class=\"ngg-album-compactbox\">\n                <div class=\"ngg-album-link\">\n                                        <a title='Vremenaste pri\u010de - knji\u017eevni susret sa Zoranom Vakulom'\n                       href='http:\/\/knjiznice.nsk.hr\/ston\/2023-2\/nggallery\/vremenaste-price-1\/vremenaste-price-knjizevni-susret-sa-zoranom-vakulom'>\n                        <img class=\"Thumb\"\n                             alt=\"Vremenaste pri\u010de - knji\u017eevni susret sa Zoranom Vakulom\"\n                             src=\"http:\/\/knjiznice.nsk.hr\/ston\/wp-content\/uploads\/sites\/12\/nggallery\/vremenaste-price-knjizevni-susret-sa-zoranom-vakulom\/cache\/395449886_670326458534488_1193159539205716125_n.jpg-nggid03809-ngg0dyn-240x160x100-00f0w010c011r110f110r010t010.jpg\"\/>\n                    <\/a>\n                                    <\/div>\n            <\/div>\n                        <h4>\n                <a class='ngg-album-desc' title='Vremenaste pri\u010de - knji\u017eevni susret sa Zoranom Vakulom'\n                       href='http:\/\/knjiznice.nsk.hr\/ston\/2023-2\/nggallery\/vremenaste-price-1\/vremenaste-price-knjizevni-susret-sa-zoranom-vakulom'style=\"max-width: 260px\">Vremenaste pri\u010de - knji\u017eevni susret sa Zoranom Vakulom<\/a>\n            <\/h4>\n            <p class=\"ngg-album-gallery-image-counter\">\n                                    <strong>13<\/strong>&nbsp;Photos                            <\/p>\n        <\/div>\n            <div class=\"ngg-album-compact\">\n            <div class=\"ngg-album-compactbox\">\n                <div class=\"ngg-album-link\">\n                                        <a title='Stipe Bo\u017ei\u0107: predstavljanje knjige Penja\u010devi zapisi'\n                       href='http:\/\/knjiznice.nsk.hr\/ston\/2023-2\/nggallery\/stipe-bozic-predstavljanje-knj\/stipe-bozic-predstavljanje-knjige-penjacevi-zapisi'>\n                        <img class=\"Thumb\"\n                             alt=\"Stipe Bo\u017ei\u0107: predstavljanje knjige Penja\u010devi zapisi\"\n                             src=\"http:\/\/knjiznice.nsk.hr\/ston\/wp-content\/uploads\/sites\/12\/nggallery\/stipe-bozic-predstavljanje-knjige-penjacevi-zapisi\/cache\/398612714_678270171073450_1144491033344347917_n.jpg-nggid03823-ngg0dyn-240x160x100-00f0w010c011r110f110r010t010.jpg\"\/>\n                    <\/a>\n                                    <\/div>\n            <\/div>\n                        <h4>\n                <a class='ngg-album-desc' title='Stipe Bo\u017ei\u0107: predstavljanje knjige Penja\u010devi zapisi'\n                       href='http:\/\/knjiznice.nsk.hr\/ston\/2023-2\/nggallery\/stipe-bozic-predstavljanje-knj\/stipe-bozic-predstavljanje-knjige-penjacevi-zapisi'style=\"max-width: 260px\">Stipe Bo\u017ei\u0107: predstavljanje knjige Penja\u010devi zapisi<\/a>\n            <\/h4>\n            <p class=\"ngg-album-gallery-image-counter\">\n                                    <strong>7<\/strong>&nbsp;Photos                            <\/p>\n        <\/div>\n            <div class=\"ngg-album-compact\">\n            <div class=\"ngg-album-compactbox\">\n                <div class=\"ngg-album-link\">\n                                        <a title='MHK: posjet u\u010denika 2. razreda O\u0160 Ston'\n                       href='http:\/\/knjiznice.nsk.hr\/ston\/2023-2\/nggallery\/mhk-posjet-ucenika-2-razreda-os-ston-1\/mhk-posjet-ucenika-2-razreda-os-ston'>\n                        <img class=\"Thumb\"\n                             alt=\"MHK: posjet u\u010denika 2. razreda O\u0160 Ston\"\n                             src=\"http:\/\/knjiznice.nsk.hr\/ston\/wp-content\/uploads\/sites\/12\/nggallery\/mhk-posjet-ucenika-2-razreda-os-ston\/cache\/403714068_681776907389443_8739878533854891224_n.jpg-nggid03837-ngg0dyn-240x160x100-00f0w010c011r110f110r010t010.jpg\"\/>\n                    <\/a>\n                                    <\/div>\n            <\/div>\n                        <h4>\n                <a class='ngg-album-desc' title='MHK: posjet u\u010denika 2. razreda O\u0160 Ston'\n                       href='http:\/\/knjiznice.nsk.hr\/ston\/2023-2\/nggallery\/mhk-posjet-ucenika-2-razreda-os-ston-1\/mhk-posjet-ucenika-2-razreda-os-ston'style=\"max-width: 260px\">MHK: posjet u\u010denika 2. razreda O\u0160 Ston<\/a>\n            <\/h4>\n            <p class=\"ngg-album-gallery-image-counter\">\n                                    <strong>10<\/strong>&nbsp;Photos                            <\/p>\n        <\/div>\n            <div class=\"ngg-album-compact\">\n            <div class=\"ngg-album-compactbox\">\n                <div class=\"ngg-album-link\">\n                                        <a title='Posjet DV Ston povodom Svjetskog dana djece'\n                       href='http:\/\/knjiznice.nsk.hr\/ston\/2023-2\/nggallery\/posjet-dv-ston-povodom-svjetskog-dana-djece\/posjet-dv-ston-povodom-svjetskog-dana-djece'>\n                        <img class=\"Thumb\"\n                             alt=\"Posjet DV Ston povodom Svjetskog dana djece\"\n                             src=\"http:\/\/knjiznice.nsk.hr\/ston\/wp-content\/uploads\/sites\/12\/nggallery\/posjet-dv-ston-povodom-svjetskog-dana-djece\/cache\/403723416_682240447343089_5780472490347566676_n.jpg-nggid03846-ngg0dyn-240x160x100-00f0w010c011r110f110r010t010.jpg\"\/>\n                    <\/a>\n                                    <\/div>\n            <\/div>\n                        <h4>\n                <a class='ngg-album-desc' title='Posjet DV Ston povodom Svjetskog dana djece'\n                       href='http:\/\/knjiznice.nsk.hr\/ston\/2023-2\/nggallery\/posjet-dv-ston-povodom-svjetskog-dana-djece\/posjet-dv-ston-povodom-svjetskog-dana-djece'style=\"max-width: 260px\">Posjet DV Ston povodom Svjetskog dana djece<\/a>\n            <\/h4>\n            <p class=\"ngg-album-gallery-image-counter\">\n                                    <strong>21<\/strong>&nbsp;Photos                            <\/p>\n        <\/div>\n            <div class=\"ngg-album-compact\">\n            <div class=\"ngg-album-compactbox\">\n                <div class=\"ngg-album-link\">\n                                        <a title='MHK: Posjet 3. razreda O\u0160 Ston'\n                       href='http:\/\/knjiznice.nsk.hr\/ston\/2023-2\/nggallery\/mhk-posjet-3-razreda-os-ston\/mhk-posjet-3-razreda-os-ston'>\n                        <img class=\"Thumb\"\n                             alt=\"MHK: Posjet 3. razreda O\u0160 Ston\"\n                             src=\"http:\/\/knjiznice.nsk.hr\/ston\/wp-content\/uploads\/sites\/12\/nggallery\/mhk-posjet-3-razreda-os-ston\/cache\/403729884_682845873949213_1680362706911435621_n.jpg-nggid03928-ngg0dyn-240x160x100-00f0w010c011r110f110r010t010.jpg\"\/>\n                    <\/a>\n                                    <\/div>\n            <\/div>\n                        <h4>\n                <a class='ngg-album-desc' title='MHK: Posjet 3. razreda O\u0160 Ston'\n                       href='http:\/\/knjiznice.nsk.hr\/ston\/2023-2\/nggallery\/mhk-posjet-3-razreda-os-ston\/mhk-posjet-3-razreda-os-ston'style=\"max-width: 260px\">MHK: Posjet 3. razreda O\u0160 Ston<\/a>\n            <\/h4>\n            <p class=\"ngg-album-gallery-image-counter\">\n                                    <strong>6<\/strong>&nbsp;Photos                            <\/p>\n        <\/div>\n            <div class=\"ngg-album-compact\">\n            <div class=\"ngg-album-compactbox\">\n                <div class=\"ngg-album-link\">\n                                        <a title='MHK: Posjet u\u010denika 8. razreda O\u0160 Ston'\n                       href='http:\/\/knjiznice.nsk.hr\/ston\/2023-2\/nggallery\/mhk-posjet-8-razreda-os-ston\/mhk-posjet-ucenika-8-razreda-os-ston'>\n                        <img class=\"Thumb\"\n                             alt=\"MHK: Posjet u\u010denika 8. razreda O\u0160 Ston\"\n                             src=\"http:\/\/knjiznice.nsk.hr\/ston\/wp-content\/uploads\/sites\/12\/nggallery\/mhk-posjet-ucenika-8-razreda-os-ston\/cache\/403891707_684755967091537_4429030611092597365_n.jpg-nggid03935-ngg0dyn-240x160x100-00f0w010c011r110f110r010t010.jpg\"\/>\n                    <\/a>\n                                    <\/div>\n            <\/div>\n                        <h4>\n                <a class='ngg-album-desc' title='MHK: Posjet u\u010denika 8. razreda O\u0160 Ston'\n                       href='http:\/\/knjiznice.nsk.hr\/ston\/2023-2\/nggallery\/mhk-posjet-8-razreda-os-ston\/mhk-posjet-ucenika-8-razreda-os-ston'style=\"max-width: 260px\">MHK: Posjet u\u010denika 8. razreda O\u0160 Ston<\/a>\n            <\/h4>\n            <p class=\"ngg-album-gallery-image-counter\">\n                                    <strong>3<\/strong>&nbsp;Photos                            <\/p>\n        <\/div>\n            <div class=\"ngg-album-compact\">\n            <div class=\"ngg-album-compactbox\">\n                <div class=\"ngg-album-link\">\n                                        <a title='MHK: Posjet 1. razreda O\u0160 Ston'\n                       href='http:\/\/knjiznice.nsk.hr\/ston\/2023-2\/nggallery\/mhk-posjet-1-razreda-os-ston\/mhk-posjet-1-razreda-os-ston'>\n                        <img class=\"Thumb\"\n                             alt=\"MHK: Posjet 1. razreda O\u0160 Ston\"\n                             src=\"http:\/\/knjiznice.nsk.hr\/ston\/wp-content\/uploads\/sites\/12\/nggallery\/mhk-posjet-1-razreda-os-ston\/cache\/406024979_685290870371380_5340349505586388932_n.jpg-nggid03936-ngg0dyn-240x160x100-00f0w010c011r110f110r010t010.jpg\"\/>\n                    <\/a>\n                                    <\/div>\n            <\/div>\n                        <h4>\n                <a class='ngg-album-desc' title='MHK: Posjet 1. razreda O\u0160 Ston'\n                       href='http:\/\/knjiznice.nsk.hr\/ston\/2023-2\/nggallery\/mhk-posjet-1-razreda-os-ston\/mhk-posjet-1-razreda-os-ston'style=\"max-width: 260px\">MHK: Posjet 1. razreda O\u0160 Ston<\/a>\n            <\/h4>\n            <p class=\"ngg-album-gallery-image-counter\">\n                                    <strong>6<\/strong>&nbsp;Photos                            <\/p>\n        <\/div>\n            <div class=\"ngg-album-compact\">\n            <div class=\"ngg-album-compactbox\">\n                <div class=\"ngg-album-link\">\n                                        <a title='MHK: Posjet u\u010denika Podru\u010dne \u0161kole Ponikve'\n                       href='http:\/\/knjiznice.nsk.hr\/ston\/2023-2\/nggallery\/mhk-posjet-ucenika-podrucne-skole-ponikve\/mhk-posjet-ucenika-podrucne-skole-ponikve'>\n                        <img class=\"Thumb\"\n                             alt=\"MHK: Posjet u\u010denika Podru\u010dne \u0161kole Ponikve\"\n                             src=\"http:\/\/knjiznice.nsk.hr\/ston\/wp-content\/uploads\/sites\/12\/nggallery\/mhk-posjet-ucenika-podrucne-skole-ponikve\/cache\/406042479_685298407037293_5461296710225859209_n.jpg-nggid03942-ngg0dyn-240x160x100-00f0w010c011r110f110r010t010.jpg\"\/>\n                    <\/a>\n                                    <\/div>\n            <\/div>\n                        <h4>\n                <a class='ngg-album-desc' title='MHK: Posjet u\u010denika Podru\u010dne \u0161kole Ponikve'\n                       href='http:\/\/knjiznice.nsk.hr\/ston\/2023-2\/nggallery\/mhk-posjet-ucenika-podrucne-skole-ponikve\/mhk-posjet-ucenika-podrucne-skole-ponikve'style=\"max-width: 260px\">MHK: Posjet u\u010denika Podru\u010dne \u0161kole Ponikve<\/a>\n            <\/h4>\n            <p class=\"ngg-album-gallery-image-counter\">\n                                    <strong>7<\/strong>&nbsp;Photos                            <\/p>\n        <\/div>\n            <div class=\"ngg-album-compact\">\n            <div class=\"ngg-album-compactbox\">\n                <div class=\"ngg-album-link\">\n                                        <a title='Anamarija Bezek: Bo\u017ei\u0107no kerami\u010dka radionica'\n                       href='http:\/\/knjiznice.nsk.hr\/ston\/2023-2\/nggallery\/prosinac-u-knjiznici\/anamarija-bezek-bozicno-keramicka-radionica'>\n                        <img class=\"Thumb\"\n                             alt=\"Anamarija Bezek: Bo\u017ei\u0107no kerami\u010dka radionica\"\n                             src=\"http:\/\/knjiznice.nsk.hr\/ston\/wp-content\/uploads\/sites\/12\/nggallery\/anamarija-bezek-bozicno-keramicka-radionica\/cache\/408182326_689985999901867_7124000844892320561_n.jpg-nggid03949-ngg0dyn-240x160x100-00f0w010c011r110f110r010t010.jpg\"\/>\n                    <\/a>\n                                    <\/div>\n            <\/div>\n                        <h4>\n                <a class='ngg-album-desc' title='Anamarija Bezek: Bo\u017ei\u0107no kerami\u010dka radionica'\n                       href='http:\/\/knjiznice.nsk.hr\/ston\/2023-2\/nggallery\/prosinac-u-knjiznici\/anamarija-bezek-bozicno-keramicka-radionica'style=\"max-width: 260px\">Anamarija Bezek: Bo\u017ei\u0107no kerami\u010dka radionica<\/a>\n            <\/h4>\n            <p class=\"ngg-album-gallery-image-counter\">\n                                    <strong>14<\/strong>&nbsp;Photos                            <\/p>\n        <\/div>\n            <div class=\"ngg-album-compact\">\n            <div class=\"ngg-album-compactbox\">\n                <div class=\"ngg-album-link\">\n                                        <a title='Marica \u017daneti\u017e Malenica: predstavljanje slikovnice Radoznala Nora'\n                       href='http:\/\/knjiznice.nsk.hr\/ston\/2023-2\/nggallery\/prosinac-u-knjiznici\/marica-zanetiz-malenica-predstavljanje-slikovnice-radoznala-nora'>\n                        <img class=\"Thumb\"\n                             alt=\"Marica \u017daneti\u017e Malenica: predstavljanje slikovnice Radoznala Nora\"\n                             src=\"http:\/\/knjiznice.nsk.hr\/ston\/wp-content\/uploads\/sites\/12\/nggallery\/marica-zanetiz-malenica-predastavcjka\/cache\/408152802_692672872966513_1504560567349589889_n.jpg-nggid03965-ngg0dyn-240x160x100-00f0w010c011r110f110r010t010.jpg\"\/>\n                    <\/a>\n                                    <\/div>\n            <\/div>\n                        <h4>\n                <a class='ngg-album-desc' title='Marica \u017daneti\u017e Malenica: predstavljanje slikovnice Radoznala Nora'\n                       href='http:\/\/knjiznice.nsk.hr\/ston\/2023-2\/nggallery\/prosinac-u-knjiznici\/marica-zanetiz-malenica-predstavljanje-slikovnice-radoznala-nora'style=\"max-width: 260px\">Marica \u017daneti\u017e Malenica: predstavljanje slikovnice Radoznala Nora<\/a>\n            <\/h4>\n            <p class=\"ngg-album-gallery-image-counter\">\n                                    <strong>10<\/strong>&nbsp;Photos                            <\/p>\n        <\/div>\n            <div class=\"ngg-album-compact\">\n            <div class=\"ngg-album-compactbox\">\n                <div class=\"ngg-album-link\">\n                                        <a title='Marina Asturi\u0107: predavanje Advent u Bro\u010dansko-stonskoj kulturi'\n                       href='http:\/\/knjiznice.nsk.hr\/ston\/2023-2\/nggallery\/prosinac-u-knjiznici\/marina-asturic-predavanje-advent-u-brocansko-stonskoj-kulturi'>\n                        <img class=\"Thumb\"\n                             alt=\"Marina Asturi\u0107: predavanje Advent u Bro\u010dansko-stonskoj kulturi\"\n                             src=\"http:\/\/knjiznice.nsk.hr\/ston\/wp-content\/uploads\/sites\/12\/nggallery\/marina-asturic-predavanje-advent-u-brocansko-stonskoj-kulturi\/cache\/408198978_693245139575953_2069655998839808477_n.jpg-nggid03974-ngg0dyn-240x160x100-00f0w010c011r110f110r010t010.jpg\"\/>\n                    <\/a>\n                                    <\/div>\n            <\/div>\n                        <h4>\n                <a class='ngg-album-desc' title='Marina Asturi\u0107: predavanje Advent u Bro\u010dansko-stonskoj kulturi'\n                       href='http:\/\/knjiznice.nsk.hr\/ston\/2023-2\/nggallery\/prosinac-u-knjiznici\/marina-asturic-predavanje-advent-u-brocansko-stonskoj-kulturi'style=\"max-width: 260px\">Marina Asturi\u0107: predavanje Advent u Bro\u010dansko-stonskoj kulturi<\/a>\n            <\/h4>\n            <p class=\"ngg-album-gallery-image-counter\">\n                                    <strong>5<\/strong>&nbsp;Photos                            <\/p>\n        <\/div>\n            <div class=\"ngg-album-compact\">\n            <div class=\"ngg-album-compactbox\">\n                <div class=\"ngg-album-link\">\n                                        <a title='Bo\u017ei\u0107na radionica'\n                       href='http:\/\/knjiznice.nsk.hr\/ston\/2023-2\/nggallery\/prosinac-u-knjiznici\/bozicna-radionica'>\n                        <img class=\"Thumb\"\n                             alt=\"Bo\u017ei\u0107na radionica\"\n                             src=\"http:\/\/knjiznice.nsk.hr\/ston\/wp-content\/uploads\/sites\/12\/nggallery\/bozicna-radionica\/cache\/411498613_695422506024883_3571469663697023418_n.jpg-nggid03980-ngg0dyn-240x160x100-00f0w010c011r110f110r010t010.jpg\"\/>\n                    <\/a>\n                                    <\/div>\n            <\/div>\n                        <h4>\n                <a class='ngg-album-desc' title='Bo\u017ei\u0107na radionica'\n                       href='http:\/\/knjiznice.nsk.hr\/ston\/2023-2\/nggallery\/prosinac-u-knjiznici\/bozicna-radionica'style=\"max-width: 260px\">Bo\u017ei\u0107na radionica<\/a>\n            <\/h4>\n            <p class=\"ngg-album-gallery-image-counter\">\n                                    <strong>5<\/strong>&nbsp;Photos                            <\/p>\n        <\/div>\n        <br class=\"ngg-clear\"\/>\n    <div class='ngg-clear'><\/div><\/div>\n\n","protected":false},"excerpt":{"rendered":"<p>&nbsp; &nbsp; &nbsp; &nbsp; &nbsp; &nbsp; &nbsp; &nbsp;<\/p>\n","protected":false},"author":55,"featured_media":0,"parent":0,"menu_order":0,"comment_status":"closed","ping_status":"closed","template":"","meta":{"ngg_post_thumbnail":0},"yoast_head":"<!-- This site is optimized with the Yoast SEO plugin v16.4 - https:\/\/yoast.com\/wordpress\/plugins\/seo\/ -->\n<meta name=\"robots\" content=\"index, follow, max-snippet:-1, max-image-preview:large, max-video-preview:-1\" \/>\n<link rel=\"canonical\" href=\"https:\/\/knjiznice.nsk.hr\/ston\/2023-2\/\" \/>\n<meta property=\"og:locale\" content=\"hr_HR\" \/>\n<meta property=\"og:type\" content=\"article\" \/>\n<meta property=\"og:title\" content=\"2023. &ndash; Narodna knji\u017enica Ston\" \/>\n<meta property=\"og:description\" content=\"&nbsp; &nbsp; &nbsp; &nbsp; &nbsp; &nbsp; &nbsp; &nbsp;\" \/>\n<meta property=\"og:url\" content=\"https:\/\/knjiznice.nsk.hr\/ston\/2023-2\/\" \/>\n<meta property=\"og:site_name\" content=\"Narodna knji\u017enica Ston\" \/>\n<meta property=\"article:modified_time\" content=\"2024-05-07T10:36:08+00:00\" \/>\n<meta name=\"twitter:label1\" content=\"Procijenjeno vrijeme \u010ditanja\" \/>\n\t<meta name=\"twitter:data1\" content=\"1 minuta\" \/>\n<script type=\"application\/ld+json\" class=\"yoast-schema-graph\">{\"@context\":\"https:\/\/schema.org\",\"@graph\":[{\"@type\":\"WebSite\",\"@id\":\"https:\/\/knjiznice.nsk.hr\/ston\/#website\",\"url\":\"https:\/\/knjiznice.nsk.hr\/ston\/\",\"name\":\"Narodna knji\\u017enica Ston\",\"description\":\"\",\"potentialAction\":[{\"@type\":\"SearchAction\",\"target\":\"https:\/\/knjiznice.nsk.hr\/ston\/?s={search_term_string}\",\"query-input\":\"required name=search_term_string\"}],\"inLanguage\":\"hr\"},{\"@type\":\"WebPage\",\"@id\":\"https:\/\/knjiznice.nsk.hr\/ston\/2023-2\/#webpage\",\"url\":\"https:\/\/knjiznice.nsk.hr\/ston\/2023-2\/\",\"name\":\"2023. &ndash; Narodna knji\\u017enica Ston\",\"isPartOf\":{\"@id\":\"https:\/\/knjiznice.nsk.hr\/ston\/#website\"},\"datePublished\":\"2023-06-19T06:55:44+00:00\",\"dateModified\":\"2024-05-07T10:36:08+00:00\",\"breadcrumb\":{\"@id\":\"https:\/\/knjiznice.nsk.hr\/ston\/2023-2\/#breadcrumb\"},\"inLanguage\":\"hr\",\"potentialAction\":[{\"@type\":\"ReadAction\",\"target\":[\"https:\/\/knjiznice.nsk.hr\/ston\/2023-2\/\"]}]},{\"@type\":\"BreadcrumbList\",\"@id\":\"https:\/\/knjiznice.nsk.hr\/ston\/2023-2\/#breadcrumb\",\"itemListElement\":[{\"@type\":\"ListItem\",\"position\":1,\"item\":{\"@type\":\"WebPage\",\"@id\":\"https:\/\/knjiznice.nsk.hr\/ston\/\",\"url\":\"https:\/\/knjiznice.nsk.hr\/ston\/\",\"name\":\"Po\\u010detna stranica\"}},{\"@type\":\"ListItem\",\"position\":2,\"item\":{\"@id\":\"https:\/\/knjiznice.nsk.hr\/ston\/2023-2\/#webpage\"}}]}]}<\/script>\n<!-- \/ Yoast SEO plugin. -->","_links":{"self":[{"href":"http:\/\/knjiznice.nsk.hr\/ston\/wp-json\/wp\/v2\/pages\/2028"}],"collection":[{"href":"http:\/\/knjiznice.nsk.hr\/ston\/wp-json\/wp\/v2\/pages"}],"about":[{"href":"http:\/\/knjiznice.nsk.hr\/ston\/wp-json\/wp\/v2\/types\/page"}],"author":[{"embeddable":true,"href":"http:\/\/knjiznice.nsk.hr\/ston\/wp-json\/wp\/v2\/users\/55"}],"replies":[{"embeddable":true,"href":"http:\/\/knjiznice.nsk.hr\/ston\/wp-json\/wp\/v2\/comments?post=2028"}],"version-history":[{"count":24,"href":"http:\/\/knjiznice.nsk.hr\/ston\/wp-json\/wp\/v2\/pages\/2028\/revisions"}],"predecessor-version":[{"id":3134,"href":"http:\/\/knjiznice.nsk.hr\/ston\/wp-json\/wp\/v2\/pages\/2028\/revisions\/3134"}],"wp:attachment":[{"href":"http:\/\/knjiznice.nsk.hr\/ston\/wp-json\/wp\/v2\/media?parent=2028"}],"curies":[{"name":"wp","href":"https:\/\/api.w.org\/{rel}","templated":true}]}}