{"id":218,"date":"2021-02-20T21:03:35","date_gmt":"2021-02-20T20:03:35","guid":{"rendered":"http:\/\/knjiznice.nsk.hr\/prelog\/?page_id=218"},"modified":"2022-02-02T11:39:50","modified_gmt":"2022-02-02T10:39:50","slug":"izjava-o-pristupacnosti","status":"publish","type":"page","link":"http:\/\/knjiznice.nsk.hr\/prelog\/izjava-o-pristupacnosti\/","title":{"rendered":"Izjava o pristupa\u010dnosti"},"content":{"rendered":"<h3><span class=\"fontstyle0\"><strong>Op\u0107enito<\/strong><\/span><\/h3>\n<p><span class=\"fontstyle0\"><br \/>\n<\/span>Knji\u017enica i \u010ditaonica Grada Preloga nastoji svoje mre\u017ene stranice u\u010diniti pristupa\u010dnima u skladu sa Zakonom o pristupa\u010dnosti mre\u017enih stranica i programskih rje\u0161enja za pokretne ure\u0111aje tijela javnog sektora Republike Hrvatske (<span class=\"fontstyle0\">\u201eNarodne novine&#8221;, broj 17\/19; dalje u tekstu: Zakon) kojim se prenosi Direktiva (EU) 2016\/2102 Europskog parlamenta i Vije\u0107a od 26. listopada 2016. o pristupa\u010dnosti internetskih stranica i mobilnih aplikacija tijela javnog sektora (SLL 327, 2.12. 2016.)<br \/>\n<\/span><\/p>\n<p>Ova Izjava o pristupa\u010dnosti primjenjuje se na mre\u017eno sjedi\u0161te Knji\u017enice i \u010ditaonice Grada Preloga koje se nalazi na adresi http:\/\/knjiznice.nsk.hr\/prelog\/.<\/p>\n<p>&nbsp;<\/p>\n<h3><strong>Status uskla\u0111enosti<\/strong><\/h3>\n<p>Mre\u017eno sjedi\u0161te http:\/\/knjiznice.nsk.hr\/prelog djelomi\u010dno je uskla\u0111eno sa Zakonom zbog neuskla\u0111enosti koje su navedene u nastavku.<\/p>\n<p>&nbsp;<\/p>\n<h3><strong>Nepristupa\u010dan sadr\u017eaj<\/strong><\/h3>\n<p>Sadr\u017eaj naveden u nastavku je nepristupa\u010dan iz razloga:<\/p>\n<p>a) neuskla\u0111enosti sa Zakonom<br \/>\nKontrast na pojedinim dijelovima stranice nije zadovoljavaju\u0107i.<br \/>\nVeli\u010dina fonta na mre\u017enom mjestu je premala.<br \/>\nNazivi pojedinih poveznica trebali bi konkretnije specificirati sadr\u017eaj koji se iza njih nalazi.<br \/>\nMre\u017eno mjesto nema mogu\u0107nost reprodukcije tekstualnog sadr\u017eaja u audio obliku.<br \/>\nPojedine slike na stranici ne sadr\u017ee &lt;alt&gt; tribut.<br \/>\nPojedine slike na stranici ne sadr\u017ee kratak tekstualni opis sadr\u017eaja i funkcije slike.<br \/>\nNavigacija u sidebaru prikazuje padaju\u0107e izbornike na prelazak mi\u0161a preko elementa navigacije, a ne na klik na odre\u0111eni element.<\/p>\n<p>b) nerazmjerno optere\u0107enje<br \/>\nZa neuskla\u0111enosti navedene pod to\u010dkom a), Knji\u017enica i \u010ditaonica Grada Preloga poziva se na iznimku zbog nerazmjernog optere\u0107enja sukladno \u010dlanku 8. Zakona.<\/p>\n<p>c) sadr\u017eaj nije obuhva\u0107en podru\u010djem primjene primjenjivog zakonodavstva<br \/>\nSukladno \u010dlanku 3. Zakona, isti se ne primjenjuje na uredske datoteke objavljene prije 23. rujna 2018. \u010diji sadr\u017eaj nije potreban za postupke u tijeku koje tijelo javnog sektora obavlja u okviru svog djelokruga.<br \/>\nSukladno \u010dlanku 3. Zakona, isti se ne primjenjuje na prethodno snimljene medijske sadr\u017eaje u obliku audiozapisa, videozapisa, audio i videozapisa, audio i\/ili videozapisa kombiniranih s interakcijom objavljene prije 23. rujna 2020.<br \/>\nSukladno \u010dlanku 3. Zakona, isti se ne primjenjuje na sadr\u017eaje tre\u0107ih strana koje tijelo javnog sektora ne financira niti razvija.<br \/>\nSukladno \u010dlanku 3. Zakona, isti se ne primjenjuje na sadr\u017eaje mre\u017enih stranica i programskih rje\u0161enja za pokretne ure\u0111aje koji su kvalificirani kao arhiva. Kao arhiva u smislu ovoga Zakona smatraju se sadr\u017eaji koji nisu potrebni za postupke u tijeku niti se a\u017euriraju niti ure\u0111uju nakon 23. rujna 2019.<\/p>\n<p>&nbsp;<\/p>\n<h3><strong>Priprema ove izjave o pristupa\u010dnosti<\/strong><\/h3>\n<p>Ova je izjava sastavljena 18.2.2021., prema Predlo\u0161ku izjave o pristupa\u010dnosti koji je u skladu s Direktivom (EU) 2016\/2102 Europskog parlamenta i Vije\u0107a o pristupa\u010dnosti internetskih stranica i mobilnih aplikacija tijela javnog sektora, a utvr\u0111en je Provedbenom odlukom Komisije (EU) 2018\/1523.<br \/>\nIzjava je zadnji put preispitana 18.2.2021.<\/p>\n<p>&nbsp;<\/p>\n<h3><strong>Povratne informacije i podaci za kontakt<\/strong><\/h3>\n<p>Molimo korisnike ove mre\u017ene stranice ako primijete neuskla\u0111en sadr\u017eaj, koji nije obuhva\u0107en ovom izjavom, da o tome obavijeste Knji\u017enicu i \u010ditaonicu Grada Preloga.<br \/>\nSve upite i sugestije vezane uz pristupa\u010dnost mre\u017enog sjedi\u0161ta Knji\u017enice i \u010ditaonice Grada Preloga korisnici mogu uputiti putem elektroni\u010dke po\u0161te: knjiznica.prelog@gmail.com<br \/>\nKnji\u017enica i \u010ditaonica Grada Preloga du\u017ena je na upit, obavijest ili zahtjev korisnika vezano uz osiguravanje pristupa\u010dnosti odgovoriti u roku od 15 dana od dana primitka obavijesti, odnosno zahtjeva ili ga u istom roku, uz detaljno obrazlo\u017eenje razloga koji zahtijevaju odgodu, obavijestiti o naknadnom roku u kojem \u0107e odgovoriti na korisnikovu obavijest ili zahtjev.<\/p>\n<p>&nbsp;<\/p>\n<h3><strong>Postupak pra\u0107enja provedbe propisa<\/strong><\/h3>\n<p>Povjerenik za informiranje Republike Hrvatske je tijelo nadle\u017eno za pra\u0107enje uskla\u0111enosti mre\u017enih stranica i programskih rje\u0161enja za pokretne ure\u0111aje tijela javnog sektora sa zahtjevima na pristupa\u010dnosti kao i za nadzor nad provedbom Zakona.<br \/>\nU slu\u010daju nezadovoljavaju\u0107ih odgovora na obavijest ili zahtjev za povratne informacije o pristupa\u010dnosti ovih mre\u017enih stranica, korisnici se mogu obratiti Povjereniku za informiranje putem elektroni\u010dke po\u0161te: pristupacnost@pristupinfo.hr.<\/p>\n","protected":false},"excerpt":{"rendered":"<p>Op\u0107enito Knji\u017enica i \u010ditaonica Grada Preloga nastoji svoje mre\u017ene stranice u\u010diniti pristupa\u010dnima u skladu sa Zakonom o pristupa\u010dnosti mre\u017enih stranica i programskih rje\u0161enja za pokretne ure\u0111aje tijela javnog sektora Republike [&hellip;]<\/p>\n","protected":false},"author":192,"featured_media":0,"parent":0,"menu_order":0,"comment_status":"closed","ping_status":"closed","template":"","meta":{"ngg_post_thumbnail":0},"yoast_head":"<!-- This site is optimized with the Yoast SEO plugin v16.4 - https:\/\/yoast.com\/wordpress\/plugins\/seo\/ -->\n<meta name=\"robots\" content=\"index, follow, max-snippet:-1, max-image-preview:large, max-video-preview:-1\" \/>\n<link rel=\"canonical\" href=\"http:\/\/knjiznice.nsk.hr\/prelog\/izjava-o-pristupacnosti\/\" \/>\n<meta property=\"og:locale\" content=\"hr_HR\" \/>\n<meta property=\"og:type\" content=\"article\" \/>\n<meta property=\"og:title\" content=\"Izjava o pristupa\u010dnosti - Knji\u017enica i \u010ditaonica Grada Preloga\" \/>\n<meta property=\"og:description\" content=\"Op\u0107enito Knji\u017enica i \u010ditaonica Grada Preloga nastoji svoje mre\u017ene stranice u\u010diniti pristupa\u010dnima u skladu sa Zakonom o pristupa\u010dnosti mre\u017enih stranica i programskih rje\u0161enja za pokretne ure\u0111aje tijela javnog sektora Republike [&hellip;]\" \/>\n<meta property=\"og:url\" content=\"http:\/\/knjiznice.nsk.hr\/prelog\/izjava-o-pristupacnosti\/\" \/>\n<meta property=\"og:site_name\" content=\"Knji\u017enica i \u010ditaonica Grada Preloga\" \/>\n<meta property=\"article:publisher\" content=\"https:\/\/www.facebook.com\/kicgprelog\" \/>\n<meta property=\"article:modified_time\" content=\"2022-02-02T10:39:50+00:00\" \/>\n<meta name=\"twitter:card\" content=\"summary_large_image\" \/>\n<meta name=\"twitter:label1\" content=\"Procijenjeno vrijeme \u010ditanja\" \/>\n\t<meta name=\"twitter:data1\" content=\"3 minute\" \/>\n<script type=\"application\/ld+json\" class=\"yoast-schema-graph\">{\"@context\":\"https:\/\/schema.org\",\"@graph\":[{\"@type\":\"Organization\",\"@id\":\"http:\/\/knjiznice.nsk.hr\/prelog\/#organization\",\"name\":\"Knji\\u017enica i \\u010ditaonica Grada Preloga\",\"url\":\"http:\/\/knjiznice.nsk.hr\/prelog\/\",\"sameAs\":[\"https:\/\/www.facebook.com\/kicgprelog\",\"https:\/\/www.instagram.com\/kicgprelog\/?hl=hr\",\"https:\/\/www.youtube.com\/channel\/UCPoJLs4KlDbQu79pK5HoY4g\"],\"logo\":{\"@type\":\"ImageObject\",\"@id\":\"http:\/\/knjiznice.nsk.hr\/prelog\/#logo\",\"inLanguage\":\"hr\",\"url\":\"http:\/\/knjiznice.nsk.hr\/prelog\/wp-content\/uploads\/sites\/115\/2021\/02\/201803211410360.logo2_.jpg\",\"contentUrl\":\"http:\/\/knjiznice.nsk.hr\/prelog\/wp-content\/uploads\/sites\/115\/2021\/02\/201803211410360.logo2_.jpg\",\"width\":970,\"height\":561,\"caption\":\"Knji\\u017enica i \\u010ditaonica Grada Preloga\"},\"image\":{\"@id\":\"http:\/\/knjiznice.nsk.hr\/prelog\/#logo\"}},{\"@type\":\"WebSite\",\"@id\":\"http:\/\/knjiznice.nsk.hr\/prelog\/#website\",\"url\":\"http:\/\/knjiznice.nsk.hr\/prelog\/\",\"name\":\"Knji\\u017enica i \\u010ditaonica Grada Preloga\",\"description\":\"Iza svake sjajne zajednice stoji sjajna knji\\u017enica. Behind Every Great Community is a Great Library.\",\"publisher\":{\"@id\":\"http:\/\/knjiznice.nsk.hr\/prelog\/#organization\"},\"potentialAction\":[{\"@type\":\"SearchAction\",\"target\":\"http:\/\/knjiznice.nsk.hr\/prelog\/?s={search_term_string}\",\"query-input\":\"required name=search_term_string\"}],\"inLanguage\":\"hr\"},{\"@type\":\"WebPage\",\"@id\":\"http:\/\/knjiznice.nsk.hr\/prelog\/izjava-o-pristupacnosti\/#webpage\",\"url\":\"http:\/\/knjiznice.nsk.hr\/prelog\/izjava-o-pristupacnosti\/\",\"name\":\"Izjava o pristupa\\u010dnosti - Knji\\u017enica i \\u010ditaonica Grada Preloga\",\"isPartOf\":{\"@id\":\"http:\/\/knjiznice.nsk.hr\/prelog\/#website\"},\"datePublished\":\"2021-02-20T20:03:35+00:00\",\"dateModified\":\"2022-02-02T10:39:50+00:00\",\"breadcrumb\":{\"@id\":\"http:\/\/knjiznice.nsk.hr\/prelog\/izjava-o-pristupacnosti\/#breadcrumb\"},\"inLanguage\":\"hr\",\"potentialAction\":[{\"@type\":\"ReadAction\",\"target\":[\"http:\/\/knjiznice.nsk.hr\/prelog\/izjava-o-pristupacnosti\/\"]}]},{\"@type\":\"BreadcrumbList\",\"@id\":\"http:\/\/knjiznice.nsk.hr\/prelog\/izjava-o-pristupacnosti\/#breadcrumb\",\"itemListElement\":[{\"@type\":\"ListItem\",\"position\":1,\"item\":{\"@type\":\"WebPage\",\"@id\":\"http:\/\/knjiznice.nsk.hr\/prelog\/\",\"url\":\"http:\/\/knjiznice.nsk.hr\/prelog\/\",\"name\":\"Po\\u010detna stranica\"}},{\"@type\":\"ListItem\",\"position\":2,\"item\":{\"@id\":\"http:\/\/knjiznice.nsk.hr\/prelog\/izjava-o-pristupacnosti\/#webpage\"}}]}]}<\/script>\n<!-- \/ Yoast SEO plugin. -->","_links":{"self":[{"href":"http:\/\/knjiznice.nsk.hr\/prelog\/wp-json\/wp\/v2\/pages\/218"}],"collection":[{"href":"http:\/\/knjiznice.nsk.hr\/prelog\/wp-json\/wp\/v2\/pages"}],"about":[{"href":"http:\/\/knjiznice.nsk.hr\/prelog\/wp-json\/wp\/v2\/types\/page"}],"author":[{"embeddable":true,"href":"http:\/\/knjiznice.nsk.hr\/prelog\/wp-json\/wp\/v2\/users\/192"}],"replies":[{"embeddable":true,"href":"http:\/\/knjiznice.nsk.hr\/prelog\/wp-json\/wp\/v2\/comments?post=218"}],"version-history":[{"count":5,"href":"http:\/\/knjiznice.nsk.hr\/prelog\/wp-json\/wp\/v2\/pages\/218\/revisions"}],"predecessor-version":[{"id":543,"href":"http:\/\/knjiznice.nsk.hr\/prelog\/wp-json\/wp\/v2\/pages\/218\/revisions\/543"}],"wp:attachment":[{"href":"http:\/\/knjiznice.nsk.hr\/prelog\/wp-json\/wp\/v2\/media?parent=218"}],"curies":[{"name":"wp","href":"https:\/\/api.w.org\/{rel}","templated":true}]}}