{"id":230,"date":"2015-03-26T15:56:10","date_gmt":"2015-03-26T15:56:10","guid":{"rendered":"http:\/\/knjiznice.nsk.hr\/porec\/?page_id=230"},"modified":"2015-03-26T15:56:10","modified_gmt":"2015-03-26T15:56:10","slug":"free-little-library","status":"publish","type":"page","link":"http:\/\/knjiznice.nsk.hr\/porec\/booktiga\/free-little-library\/","title":{"rendered":"Free Little Library"},"content":{"rendered":"<h3 style=\"text-align: right\"><span style=\"color: #ff6600\"><a style=\"color: #ff6600\" title=\"Booktiga\" href=\"http:\/\/knjiznice.nsk.hr\/porec\/booktiga\/\">Povratak &lt;<\/a><\/span><\/h3>\n<p>Gradska knji\u017enica Pore\u010d, iznova se, u okviru <strong>8. BOOKtige: me\u0111unarodnog festivala pro\u010ditanih knjiga<\/strong>, na poseban na\u010din okre\u0107e zajednici te u suradnji s njom poti\u010de pobolj\u0161anje uvjeta \u017eivota u lokalnoj sredini. Projekt <strong>\u201eKnjiga pri ruci\u201c<\/strong> za\u017eivio je u\u00a0 \u010cervar Portu, Novoj Vasi i Varvarima otvorenjem knji\u017eni\u010dnih stacionara u suradnji s mjesnim odborima Grada Pore\u010da pa je zajedni\u010dkom inicijativom pokrenuto \u0161irenje knji\u017eni\u010dne mre\u017ee u Pore\u010du. Gradska knji\u017enica Pore\u010d postavlja kao imperativ knjigu dostupniju za sve gra\u0111ane pa \u0107e i nadalje osnivati knji\u017eni\u010dne stacionare u onim odborima koji imaju prostorne mogu\u0107nosti za realizaciju knji\u017eni\u010dne djelatnosti.<\/p>\n<p>U 8. BOOKtigi sva <strong>prikupljena sredstva od prodaje darovanih knjiga usmjerit \u0107e se za izradu <\/strong><strong>ku\u0107ica za knjige<\/strong>, malim knji\u017enicama na otvorenom, i to u onim mjesnim odborima koji nemaju uvjete za otvorenje stacionara. Ovom realizacijom uklju\u010dili bismo se u\u00a0 me\u0111unarodni projekt <strong>Little Free Library<\/strong> koji je za\u017eivo u 70 dr\u017eava svijeta ukazuju\u0107i na dinami\u010dnost i spontanost \u017eivljenja uz knjigu u svakodnevnim aktivnostima i na otvorenim prostorima.\u00a0<a href=\"http:\/\/knjiznice.nsk.hr\/porec\/wp-content\/uploads\/sites\/44\/2015\/03\/fll.jpg\"><img loading=\"lazy\" class=\" size-full wp-image-231 alignright\" src=\"http:\/\/knjiznice.nsk.hr\/porec\/wp-content\/uploads\/sites\/44\/2015\/03\/fll.jpg\" alt=\"fll\" width=\"259\" height=\"194\" \/><\/a><\/p>\n<p>Prvu takvu ku\u0107icu postavili bismo u parku Olge Ban\u00a0 na podru\u010dju Mjesnog odbora Joakim Rakovac, iz razloga \u0161to je ovaj park jedan od frekventnijih u na\u0161em gradu, a u njemu se \u010desto sre\u0107u brojne generacije na\u0161ih sugra\u0111ana, od najmla\u0111ih do najstarijih. Knjige, iz projekta Bookcrossing, namijenile bi se na\u0161im sugra\u0111anima razli\u010dite dobi, od onih najmanjih koji se tek upoznaju sa slikovnicama do onih starijih, znati\u017eeljnih \u010dita\u010da potaknutih nekonvencionalnom dostupno\u0161\u0107u knjige.<\/p>\n<p>&nbsp;<\/p>\n<p>&nbsp;<\/p>\n<h3 style=\"text-align: right\"><span style=\"color: #ff6600\"><a style=\"color: #ff6600\" title=\"Booktiga\" href=\"http:\/\/knjiznice.nsk.hr\/porec\/booktiga\/\">Povratak &lt;<\/a><\/span><\/h3>\n","protected":false},"excerpt":{"rendered":"<p>Povratak &lt; Gradska knji\u017enica Pore\u010d, iznova se, u okviru 8. BOOKtige: me\u0111unarodnog festivala pro\u010ditanih knjiga, na poseban na\u010din okre\u0107e zajednici te u suradnji s njom poti\u010de pobolj\u0161anje uvjeta \u017eivota u lokalnoj sredini. Projekt \u201eKnjiga pri ruci\u201c za\u017eivio je u\u00a0 \u010cervar Portu, Novoj Vasi i Varvarima otvorenjem knji\u017eni\u010dnih stacionara u suradnji s mjesnim odborima Grada Pore\u010da [&hellip;]<\/p>\n","protected":false},"author":39,"featured_media":0,"parent":51,"menu_order":0,"comment_status":"closed","ping_status":"closed","template":"page_landing.php","meta":{"ngg_post_thumbnail":0},"yoast_head":"<!-- This site is optimized with the Yoast SEO plugin v16.4 - https:\/\/yoast.com\/wordpress\/plugins\/seo\/ -->\n<meta name=\"robots\" content=\"index, follow, max-snippet:-1, max-image-preview:large, max-video-preview:-1\" \/>\n<link rel=\"canonical\" href=\"http:\/\/knjiznice.nsk.hr\/porec\/booktiga\/free-little-library\/\" \/>\n<meta property=\"og:locale\" content=\"hr_HR\" \/>\n<meta property=\"og:type\" content=\"article\" \/>\n<meta property=\"og:title\" content=\"Free Little Library - Gradska knji\u017enica Pore\u010d\" \/>\n<meta property=\"og:description\" content=\"Povratak &lt; Gradska knji\u017enica Pore\u010d, iznova se, u okviru 8. BOOKtige: me\u0111unarodnog festivala pro\u010ditanih knjiga, na poseban na\u010din okre\u0107e zajednici te u suradnji s njom poti\u010de pobolj\u0161anje uvjeta \u017eivota u lokalnoj sredini. Projekt \u201eKnjiga pri ruci\u201c za\u017eivio je u\u00a0 \u010cervar Portu, Novoj Vasi i Varvarima otvorenjem knji\u017eni\u010dnih stacionara u suradnji s mjesnim odborima Grada Pore\u010da [&hellip;]\" \/>\n<meta property=\"og:url\" content=\"http:\/\/knjiznice.nsk.hr\/porec\/booktiga\/free-little-library\/\" \/>\n<meta property=\"og:site_name\" content=\"Gradska knji\u017enica Pore\u010d\" \/>\n<meta property=\"og:image\" content=\"http:\/\/knjiznice.nsk.hr\/porec\/wp-content\/uploads\/sites\/44\/2015\/03\/fll.jpg\" \/>\n<meta name=\"twitter:label1\" content=\"Procijenjeno vrijeme \u010ditanja\" \/>\n\t<meta name=\"twitter:data1\" content=\"1 minuta\" \/>\n<script type=\"application\/ld+json\" class=\"yoast-schema-graph\">{\"@context\":\"https:\/\/schema.org\",\"@graph\":[{\"@type\":\"WebSite\",\"@id\":\"https:\/\/knjiznice.nsk.hr\/porec\/#website\",\"url\":\"https:\/\/knjiznice.nsk.hr\/porec\/\",\"name\":\"Gradska knji\\u017enica Pore\\u010d\",\"description\":\"\",\"potentialAction\":[{\"@type\":\"SearchAction\",\"target\":\"https:\/\/knjiznice.nsk.hr\/porec\/?s={search_term_string}\",\"query-input\":\"required name=search_term_string\"}],\"inLanguage\":\"hr\"},{\"@type\":\"ImageObject\",\"@id\":\"http:\/\/knjiznice.nsk.hr\/porec\/booktiga\/free-little-library\/#primaryimage\",\"inLanguage\":\"hr\",\"url\":\"http:\/\/knjiznice.nsk.hr\/porec\/wp-content\/uploads\/sites\/44\/2015\/03\/fll.jpg\",\"contentUrl\":\"http:\/\/knjiznice.nsk.hr\/porec\/wp-content\/uploads\/sites\/44\/2015\/03\/fll.jpg\",\"width\":259,\"height\":194},{\"@type\":\"WebPage\",\"@id\":\"http:\/\/knjiznice.nsk.hr\/porec\/booktiga\/free-little-library\/#webpage\",\"url\":\"http:\/\/knjiznice.nsk.hr\/porec\/booktiga\/free-little-library\/\",\"name\":\"Free Little Library - Gradska knji\\u017enica Pore\\u010d\",\"isPartOf\":{\"@id\":\"https:\/\/knjiznice.nsk.hr\/porec\/#website\"},\"primaryImageOfPage\":{\"@id\":\"http:\/\/knjiznice.nsk.hr\/porec\/booktiga\/free-little-library\/#primaryimage\"},\"datePublished\":\"2015-03-26T15:56:10+00:00\",\"dateModified\":\"2015-03-26T15:56:10+00:00\",\"breadcrumb\":{\"@id\":\"http:\/\/knjiznice.nsk.hr\/porec\/booktiga\/free-little-library\/#breadcrumb\"},\"inLanguage\":\"hr\",\"potentialAction\":[{\"@type\":\"ReadAction\",\"target\":[\"http:\/\/knjiznice.nsk.hr\/porec\/booktiga\/free-little-library\/\"]}]},{\"@type\":\"BreadcrumbList\",\"@id\":\"http:\/\/knjiznice.nsk.hr\/porec\/booktiga\/free-little-library\/#breadcrumb\",\"itemListElement\":[{\"@type\":\"ListItem\",\"position\":1,\"item\":{\"@type\":\"WebPage\",\"@id\":\"https:\/\/knjiznice.nsk.hr\/porec\/\",\"url\":\"https:\/\/knjiznice.nsk.hr\/porec\/\",\"name\":\"Po\\u010detna stranica\"}},{\"@type\":\"ListItem\",\"position\":2,\"item\":{\"@type\":\"WebPage\",\"@id\":\"https:\/\/knjiznice.nsk.hr\/porec\/booktiga\/\",\"url\":\"https:\/\/knjiznice.nsk.hr\/porec\/booktiga\/\",\"name\":\"Booktiga\"}},{\"@type\":\"ListItem\",\"position\":3,\"item\":{\"@id\":\"http:\/\/knjiznice.nsk.hr\/porec\/booktiga\/free-little-library\/#webpage\"}}]}]}<\/script>\n<!-- \/ Yoast SEO plugin. -->","_links":{"self":[{"href":"http:\/\/knjiznice.nsk.hr\/porec\/wp-json\/wp\/v2\/pages\/230"}],"collection":[{"href":"http:\/\/knjiznice.nsk.hr\/porec\/wp-json\/wp\/v2\/pages"}],"about":[{"href":"http:\/\/knjiznice.nsk.hr\/porec\/wp-json\/wp\/v2\/types\/page"}],"author":[{"embeddable":true,"href":"http:\/\/knjiznice.nsk.hr\/porec\/wp-json\/wp\/v2\/users\/39"}],"replies":[{"embeddable":true,"href":"http:\/\/knjiznice.nsk.hr\/porec\/wp-json\/wp\/v2\/comments?post=230"}],"version-history":[{"count":1,"href":"http:\/\/knjiznice.nsk.hr\/porec\/wp-json\/wp\/v2\/pages\/230\/revisions"}],"predecessor-version":[{"id":232,"href":"http:\/\/knjiznice.nsk.hr\/porec\/wp-json\/wp\/v2\/pages\/230\/revisions\/232"}],"up":[{"embeddable":true,"href":"http:\/\/knjiznice.nsk.hr\/porec\/wp-json\/wp\/v2\/pages\/51"}],"wp:attachment":[{"href":"http:\/\/knjiznice.nsk.hr\/porec\/wp-json\/wp\/v2\/media?parent=230"}],"curies":[{"name":"wp","href":"https:\/\/api.w.org\/{rel}","templated":true}]}}