{"id":27,"date":"2018-11-08T10:52:49","date_gmt":"2018-11-08T09:52:49","guid":{"rendered":"http:\/\/knjiznice.nsk.hr\/klanjec\/?page_id=27"},"modified":"2018-11-08T10:52:49","modified_gmt":"2018-11-08T09:52:49","slug":"dobro-dosli","status":"publish","type":"page","link":"http:\/\/knjiznice.nsk.hr\/klanjec\/","title":{"rendered":"Dobro do\u0161li!"},"content":{"rendered":"","protected":false},"excerpt":{"rendered":"","protected":false},"author":167,"featured_media":0,"parent":0,"menu_order":0,"comment_status":"closed","ping_status":"closed","template":"","meta":{"ngg_post_thumbnail":0},"yoast_head":"<!-- This site is optimized with the Yoast SEO plugin v16.4 - https:\/\/yoast.com\/wordpress\/plugins\/seo\/ -->\n<meta name=\"robots\" content=\"index, follow, max-snippet:-1, max-image-preview:large, max-video-preview:-1\" \/>\n<link rel=\"canonical\" href=\"http:\/\/knjiznice.nsk.hr\/klanjec\/\" \/>\n<meta property=\"og:locale\" content=\"hr_HR\" \/>\n<meta property=\"og:type\" content=\"article\" \/>\n<meta property=\"og:title\" content=\"Dobro do\u0161li! - Gradska knji\u017enica i \u010ditaonica Antun Mihanovi\u0107 Klanjec\" \/>\n<meta property=\"og:url\" content=\"http:\/\/knjiznice.nsk.hr\/klanjec\/\" \/>\n<meta property=\"og:site_name\" content=\"Gradska knji\u017enica i \u010ditaonica Antun Mihanovi\u0107 Klanjec\" \/>\n<meta name=\"twitter:card\" content=\"summary_large_image\" \/>\n<script type=\"application\/ld+json\" class=\"yoast-schema-graph\">{\"@context\":\"https:\/\/schema.org\",\"@graph\":[{\"@type\":\"WebSite\",\"@id\":\"http:\/\/knjiznice.nsk.hr\/klanjec\/#website\",\"url\":\"http:\/\/knjiznice.nsk.hr\/klanjec\/\",\"name\":\"Gradska knji\\u017enica i \\u010ditaonica Antun Mihanovi\\u0107 Klanjec\",\"description\":\"\\u010citajmo zajedno!\",\"potentialAction\":[{\"@type\":\"SearchAction\",\"target\":\"http:\/\/knjiznice.nsk.hr\/klanjec\/?s={search_term_string}\",\"query-input\":\"required name=search_term_string\"}],\"inLanguage\":\"hr\"},{\"@type\":\"WebPage\",\"@id\":\"http:\/\/knjiznice.nsk.hr\/klanjec\/#webpage\",\"url\":\"http:\/\/knjiznice.nsk.hr\/klanjec\/\",\"name\":\"Dobro do\\u0161li! - Gradska knji\\u017enica i \\u010ditaonica Antun Mihanovi\\u0107 Klanjec\",\"isPartOf\":{\"@id\":\"http:\/\/knjiznice.nsk.hr\/klanjec\/#website\"},\"datePublished\":\"2018-11-08T09:52:49+00:00\",\"dateModified\":\"2018-11-08T09:52:49+00:00\",\"breadcrumb\":{\"@id\":\"http:\/\/knjiznice.nsk.hr\/klanjec\/#breadcrumb\"},\"inLanguage\":\"hr\",\"potentialAction\":[{\"@type\":\"ReadAction\",\"target\":[\"http:\/\/knjiznice.nsk.hr\/klanjec\/\"]}]},{\"@type\":\"BreadcrumbList\",\"@id\":\"http:\/\/knjiznice.nsk.hr\/klanjec\/#breadcrumb\",\"itemListElement\":[{\"@type\":\"ListItem\",\"position\":1,\"item\":{\"@type\":\"WebPage\",\"@id\":\"http:\/\/knjiznice.nsk.hr\/klanjec\/\",\"url\":\"http:\/\/knjiznice.nsk.hr\/klanjec\/\",\"name\":\"Po\\u010detna stranica\"}},{\"@type\":\"ListItem\",\"position\":2,\"item\":{\"@id\":\"http:\/\/knjiznice.nsk.hr\/klanjec\/#webpage\"}}]}]}<\/script>\n<!-- \/ Yoast SEO plugin. -->","_links":{"self":[{"href":"http:\/\/knjiznice.nsk.hr\/klanjec\/wp-json\/wp\/v2\/pages\/27"}],"collection":[{"href":"http:\/\/knjiznice.nsk.hr\/klanjec\/wp-json\/wp\/v2\/pages"}],"about":[{"href":"http:\/\/knjiznice.nsk.hr\/klanjec\/wp-json\/wp\/v2\/types\/page"}],"author":[{"embeddable":true,"href":"http:\/\/knjiznice.nsk.hr\/klanjec\/wp-json\/wp\/v2\/users\/167"}],"replies":[{"embeddable":true,"href":"http:\/\/knjiznice.nsk.hr\/klanjec\/wp-json\/wp\/v2\/comments?post=27"}],"version-history":[{"count":1,"href":"http:\/\/knjiznice.nsk.hr\/klanjec\/wp-json\/wp\/v2\/pages\/27\/revisions"}],"predecessor-version":[{"id":29,"href":"http:\/\/knjiznice.nsk.hr\/klanjec\/wp-json\/wp\/v2\/pages\/27\/revisions\/29"}],"wp:attachment":[{"href":"http:\/\/knjiznice.nsk.hr\/klanjec\/wp-json\/wp\/v2\/media?parent=27"}],"curies":[{"name":"wp","href":"https:\/\/api.w.org\/{rel}","templated":true}]}}