{"id":240,"date":"2019-09-20T21:53:00","date_gmt":"2019-09-20T19:53:00","guid":{"rendered":"http:\/\/knjiznice.nsk.hr\/kali\/?page_id=240"},"modified":"2022-08-27T09:14:00","modified_gmt":"2022-08-27T07:14:00","slug":"mis-lavljeg-srca","status":"publish","type":"page","link":"http:\/\/knjiznice.nsk.hr\/kali\/preporuke-za-mlade\/mis-lavljeg-srca\/","title":{"rendered":"Preporuke Dje\u010djeg odjela"},"content":{"rendered":"<div class=\"fusion-page-title-captions\">\n<div id=\"divNaslov\" class=\"row contents\"><strong>Vi\u0161njin dnevnik \/&nbsp; Joris Chamblain<\/strong><\/div>\n<\/div>\n<div>&nbsp;<\/div>\n<p>Glavna junakinja ovog pustolovno-detektivskog strip-serijala za djecu simpati\u010dna je<img loading=\"lazy\" class=\" wp-image-1199 alignright\" src=\"http:\/\/knjiznice.nsk.hr\/kali\/wp-content\/uploads\/sites\/100\/2022\/08\/visnjin-dnevnik.jpg\" alt=\"\" width=\"200\" height=\"267\" srcset=\"http:\/\/knjiznice.nsk.hr\/kali\/wp-content\/uploads\/sites\/100\/2022\/08\/visnjin-dnevnik.jpg 450w, http:\/\/knjiznice.nsk.hr\/kali\/wp-content\/uploads\/sites\/100\/2022\/08\/visnjin-dnevnik-225x300.jpg 225w\" sizes=\"(max-width: 200px) 100vw, 200px\" \/> desetogodi\u0161njakinja koja \u017eeli postati spisateljica. U namjeri da to ostvari, u dnevnik upisuje&nbsp;svakodnevne do\u017eivljaje promatraju\u0107i ljude koje susre\u0107e. Prvi naslov u nizu otkriva zadivljuju\u0107i svijet tajanstvenog starijeg \u010dovjeka koji je svojom neobi\u010dnom pojavom zagolicao ma\u0161tu Vi\u0161nje i njenih prijateljica. Kroz strip se nenametljivo provla\u010de op\u0107eljudske vrijednosti, poput obazrivih me\u0111uljudskih odnosa i prijateljstva. Serijal je namijenjen djeci osnovno\u0161kolskog uzrasta.<\/p>\n<p>&nbsp;<\/p>\n<div class=\"fusion-page-title-captions\">\n<div class=\"row contents\">\n<div id=\"divLargeCover\" class=\"col-sm-4\">&nbsp;<\/div>\n<\/div>\n<p><strong>Svjetlana i sni o letu \/ Dominik Vukovi\u0107<\/strong><\/p>\n<p>Djevoj\u010dica&nbsp;Svjetlana&nbsp;na dar je od roditelja dobila knjigu o znanstvenicima&nbsp;i&nbsp;izumiteljima.<img loading=\"lazy\" class=\" wp-image-1103 alignright\" src=\"http:\/\/knjiznice.nsk.hr\/kali\/wp-content\/uploads\/sites\/100\/2021\/12\/Svjetlana-i-sni-o-letu.jpg\" alt=\"\" width=\"164\" height=\"232\"> Saznala je iz knjige kako su izumitelji Faust Vran\u010di\u0107, Slaboljub Eduard Penkala&nbsp;i&nbsp;Hermana Poto\u010dnik dobili inspiraciju za svoje ideje: Faust ideju&nbsp;o&nbsp;padobranu, Slaboljub ideju za avion te Herman ideju za istra\u017eivanje leta u svemir.<\/p>\n<\/div>\n<p>&nbsp;<\/p>\n<p>&nbsp;<\/p>\n<div class=\"fusion-page-title-captions\">\n<p data-fontsize=\"18\" data-lineheight=\"27px\"><strong>Gregov dnevnik: Kugla za ru\u0161enje \/ Jeff Kinney<\/strong><\/p>\n<p data-fontsize=\"18\" data-lineheight=\"27px\">Gregov dnevnik: Kugla za ru\u0161enje \u010detrnaesti je nastavak me\u0111u djecom iznimno popularne serije<img loading=\"lazy\" class=\" wp-image-939 alignright\" src=\"http:\/\/knjiznice.nsk.hr\/kali\/wp-content\/uploads\/sites\/100\/2021\/05\/gregov-dnevnik-189x300.jpg\" alt=\"\" width=\"169\" height=\"268\" srcset=\"http:\/\/knjiznice.nsk.hr\/kali\/wp-content\/uploads\/sites\/100\/2021\/05\/gregov-dnevnik-189x300.jpg 189w, http:\/\/knjiznice.nsk.hr\/kali\/wp-content\/uploads\/sites\/100\/2021\/05\/gregov-dnevnik.jpg 240w\" sizes=\"(max-width: 169px) 100vw, 169px\" \/> knjiga o urnebesnim dogodov\u0161tinama Grega Heffleyja. Grega Heffleyja i njegovu obitelji o\u010dekuju velike promjene. Odlu\u010dili su pro\u0161iriti ku\u0107u! No uz opasne kukce, otrovnu plijesan i zidove koji se ru\u0161e, Gregu \u0107e postati jasno da gra\u0111evinski zahvati ba\u0161 i nisu ma\u010dji ka\u0161alj. Kad se pra\u0161ina napokon slegne, ho\u0107e li Heffleyjevi ostati gdje jesu ili \u0107e se morati odseliti u drugi grad?<\/p>\n<p data-fontsize=\"18\" data-lineheight=\"27px\">&nbsp;<\/p>\n<p data-fontsize=\"18\" data-lineheight=\"27px\">&nbsp;<\/p>\n<p data-fontsize=\"18\" data-lineheight=\"27px\">&nbsp;<\/p>\n<p data-fontsize=\"18\" data-lineheight=\"27px\"><strong><span style=\"font-size: 1rem\">&#8220;Suli u avanturi &#8211; \u0161kola&#8221; \/ Maja \u0160imle\u0161a<\/span><\/strong><\/p>\n<p>Slavna dugovratka \u017eirafica Suli nakon prve pustolovine u kojoj je tra\u017eila svoje krdo i druge<img loading=\"lazy\" class=\" wp-image-866 alignright\" src=\"http:\/\/knjiznice.nsk.hr\/kali\/wp-content\/uploads\/sites\/100\/2021\/02\/Skola.jpg\" alt=\"\" width=\"237\" height=\"247\"> u&nbsp;kojoj je nakon velikih prepreka stigla u Hrvatsku, u tre\u0107em nastavku ove izuzetne serije kre\u0107e u \u0161kolu s ostalim mladuncima.<\/p>\n<p>Suli je odu\u0161evljena \u0161to \u0107e nau\u010diti nove vje\u0161tine i ste\u0107i korisna znanja, ali zaigrana mladun\u010dad svih \u017eivotinja naljutila je u\u010ditelja vodenkonja pa on, \u017eele\u0107i im o\u010ditati lekciju, ostavlja ih da se sna\u0111u sami dok on iz prikrajka motri. \u0160kolarci su u po\u010detku malo zbunjeni, ali i uzbu\u0111eni \u0161to mogu sami birati \u0161to \u0107e raditi. No, kad tigri\u0107 organizira u\u010denje skakanja i tr\u010danja u kojem ma\u010dke briljiraju, ali ostali o\u010dajavaju, dje\u010dja se \u0161kola po\u010dinje opasno drmati. A onda Suli preuzme stvar u svoje ruke i svakoga ohrabri i potakne na na\u010din koji mu treba. Slonu Mi\u0161ku objasni da je va\u017eno di\u0107i se kad padne\u0161 i da je njegova upornost supervrlina, pa su klokani donijeli svoje trampoline i sad se svi neskaka\u010di zabavljaju skakanjem. Crveni panda Bruno pronalazi izgovore kad mu ne\u0161to od prve ne ide, pa ga merkati pozovu u svoj zabavan tim. Majmun\u010di\u0107 Darko pak boji se visine pa mu Suli objasni da se sa strahom treba suo\u010diti i u sebe vjerovati. I tako na kraju dana mladun\u010dad shvati da su u \u0161koli \u201e\u0161ale super, al\u2019 treba i reda\u201c.<\/p>\n<\/div>\n<p><strong>Dnevnik stra\u0161no simpa klinca : kronike Rowleyja Jeffersona \/ Jeff Kinney<\/strong><\/p>\n<p>Bok, zovem se Rowley Jefferson i ovo je moja knjiga. Sad i ja imam dnevnik, ba\u0161 kao i moj <img loading=\"lazy\" class=\" wp-image-833 alignright\" src=\"http:\/\/knjiznice.nsk.hr\/kali\/wp-content\/uploads\/sites\/100\/2020\/12\/dnevnik-201x300.jpg\" alt=\"\" width=\"162\" height=\"242\" srcset=\"http:\/\/knjiznice.nsk.hr\/kali\/wp-content\/uploads\/sites\/100\/2020\/12\/dnevnik-201x300.jpg 201w, http:\/\/knjiznice.nsk.hr\/kali\/wp-content\/uploads\/sites\/100\/2020\/12\/dnevnik.jpg 402w\" sizes=\"(max-width: 162px) 100vw, 162px\" \/>prijatelj Greg. To je dnevnik! Svoju sam knjigu nazvao \u201eDnevnik stra\u0161no simpa klinca\u201c zato \u0161to me tata tako zove:&nbsp;<em>Ti si ba\u0161 stra\u0161no simpati\u010dan klinac.<\/em>&nbsp;Iako je ovo knjiga o meni, u njoj ima puno i o Gregu, jer mi je najbolji prijatelj. Ponekad mi roditelji govore stvari zbog kojih posumnjam da o Gregu nemaju jednako mi\u0161ljenje kao ja. Uglavnom, nadam se da \u0107e vam se moja knjiga svidjeti jer sam u nju ulo\u017eio velik trud. A nadam se da \u0107e se svidjeti i mojemu prijatelju Gregu.<\/p>\n<p>&nbsp;<\/p>\n<p>&nbsp;<\/p>\n<p><strong>Dje\u010dak zvan Bo\u017ei\u0107 \/Matt Haig<\/strong><img loading=\"lazy\" class=\" wp-image-828 alignright\" src=\"http:\/\/knjiznice.nsk.hr\/kali\/wp-content\/uploads\/sites\/100\/2020\/11\/Djecak_zvan_Bozic-212x300.jpg\" alt=\"\" width=\"165\" height=\"233\" srcset=\"http:\/\/knjiznice.nsk.hr\/kali\/wp-content\/uploads\/sites\/100\/2020\/11\/Djecak_zvan_Bozic-212x300.jpg 212w, http:\/\/knjiznice.nsk.hr\/kali\/wp-content\/uploads\/sites\/100\/2020\/11\/Djecak_zvan_Bozic.jpg 300w\" sizes=\"(max-width: 165px) 100vw, 165px\" \/><\/p>\n<p>Dje\u010dak zvan Bo\u017ei\u0107 avanturisti\u010dka je pri\u010da o snijegu, otmici, vilenjacima, o jo\u0161 vi\u0161e snijega i o jedanaestogodi\u0161njem dje\u010daku koji vjeruje u \u010duda.<\/p>\n<p>&nbsp;<\/p>\n<p>&nbsp;<\/p>\n<p><strong>Lasta bez pam\u0107enja \/ Sarah Stru\u010di\u0107<\/strong><\/p>\n<p>Serijal \u201cMale \u017eivotinjske pri\u010de\u201d sadr\u017ei pet slikovnica koje se na duhovit, ali i pou\u010dan na\u010din <img loading=\"lazy\" class=\" wp-image-803 alignright\" src=\"http:\/\/knjiznice.nsk.hr\/kali\/wp-content\/uploads\/sites\/100\/2020\/11\/lasta-bez-pamcenja-300x300.jpg\" alt=\"\" width=\"188\" height=\"188\" srcset=\"http:\/\/knjiznice.nsk.hr\/kali\/wp-content\/uploads\/sites\/100\/2020\/11\/lasta-bez-pamcenja-300x300.jpg 300w, http:\/\/knjiznice.nsk.hr\/kali\/wp-content\/uploads\/sites\/100\/2020\/11\/lasta-bez-pamcenja-150x150.jpg 150w, http:\/\/knjiznice.nsk.hr\/kali\/wp-content\/uploads\/sites\/100\/2020\/11\/lasta-bez-pamcenja-600x598.jpg 600w, http:\/\/knjiznice.nsk.hr\/kali\/wp-content\/uploads\/sites\/100\/2020\/11\/lasta-bez-pamcenja.jpg 602w\" sizes=\"(max-width: 188px) 100vw, 188px\" \/>bave&nbsp;odre\u0111enim problemom na koji nailaze simpati\u010dni \u017eivotinjski likovi. Tekst je pisan u rimi, a ilustracije upotpunjuju njegov \u0161aljiv ton. Gubitak pam\u0107enja problemska je situacija ove pri\u010de, ali uz prijateljsku upornost i brigu lastavica \u0107e najesen ipak poletjeti prema jugu.<\/p>\n<p>&nbsp;<\/p>\n<p>&nbsp;<\/p>\n<p><strong>Mrljek i Prljek na zbr\u010dkanome prespavancu<\/strong><strong>&nbsp;\/ Jelena Pervan<img loading=\"lazy\" class=\" wp-image-789 alignright\" src=\"http:\/\/knjiznice.nsk.hr\/kali\/wp-content\/uploads\/sites\/100\/2020\/09\/mrljek-i-prljek-na-zbrckanome-prespavancu_naslovnica-300x300.jpg\" alt=\"\" width=\"230\" height=\"230\" srcset=\"http:\/\/knjiznice.nsk.hr\/kali\/wp-content\/uploads\/sites\/100\/2020\/09\/mrljek-i-prljek-na-zbrckanome-prespavancu_naslovnica-300x300.jpg 300w, http:\/\/knjiznice.nsk.hr\/kali\/wp-content\/uploads\/sites\/100\/2020\/09\/mrljek-i-prljek-na-zbrckanome-prespavancu_naslovnica-150x150.jpg 150w, http:\/\/knjiznice.nsk.hr\/kali\/wp-content\/uploads\/sites\/100\/2020\/09\/mrljek-i-prljek-na-zbrckanome-prespavancu_naslovnica-600x600.jpg 600w, http:\/\/knjiznice.nsk.hr\/kali\/wp-content\/uploads\/sites\/100\/2020\/09\/mrljek-i-prljek-na-zbrckanome-prespavancu_naslovnica-624x624.jpg 624w, http:\/\/knjiznice.nsk.hr\/kali\/wp-content\/uploads\/sites\/100\/2020\/09\/mrljek-i-prljek-na-zbrckanome-prespavancu_naslovnica.jpg 750w\" sizes=\"(max-width: 230px) 100vw, 230px\" \/><\/strong><\/p>\n<p>Slikovnica \u201eMrljek i Prljek na zbr\u010dkanome prespavancu \u2212 Pri\u010da o neurednoj sobi\u201d dio je serije slikovnica o higijeni. Namijenjena je znati\u017eeljnim mali\u0161anima koji \u017eele saznati \u0161to se mo\u017ee dogoditi ako redovito ne \u010distimo i ne pospremamo svoje stvari.<\/p>\n<p>&nbsp;<\/p>\n<p>&nbsp;<\/p>\n<p><strong>Dje\u010dja kvizopedija &#8211; Budi genij!<\/strong><\/p>\n<p><span class=\"highlight\">Dje\u010dja<\/span>&nbsp;op\u0107a enciklopedija koja se sastoji od 5 poglavlja: Znanstveni znalac obra\u0111uje teme poput <img loading=\"lazy\" class=\" wp-image-745 alignright\" src=\"http:\/\/knjiznice.nsk.hr\/kali\/wp-content\/uploads\/sites\/100\/2020\/07\/dje\u010dija-kvizopedija-231x300.jpg\" alt=\"\" width=\"185\" height=\"240\" srcset=\"http:\/\/knjiznice.nsk.hr\/kali\/wp-content\/uploads\/sites\/100\/2020\/07\/dje\u010dija-kvizopedija-231x300.jpg 231w, http:\/\/knjiznice.nsk.hr\/kali\/wp-content\/uploads\/sites\/100\/2020\/07\/dje\u010dija-kvizopedija.jpg 350w\" sizes=\"(max-width: 185px) 100vw, 185px\" \/>svemira, ljudskog tijela i prijevoznih sredstava; Prirodni lumen: dinosaure, ptice, gmazove, zmije, ribe, cvije\u0107e, povr\u0107e; Geografski genij: dr\u017eave, gradove, svjetska \u010duda, glavne gradove; Povijesni ekspert: drevne civilizacije, mitolo\u0161ka stvorenja, dvorce; Kulturni ata\u0161e: umjetni\u010dka djela, glazbu i sport. Svaka je tema obra\u0111ena u obliku zanimljivih \u010dinjenica i svaka sadr\u017ei odjeljak pod naslovom A sada kviz u kojem treba povezati rije\u010di i slike. Svaki se kviz nudi na 3 razine, a odgovori se mogu provjeriti na dnu stranice.<\/p>\n<p><strong>\u010carolija zagrljaja \/&nbsp; Dubravka Kolanovi\u0107<\/strong><\/p>\n<p>Mali Medo i Vu\u010di\u0107 najbolji su prijatelji. Svake ve\u010deri zajedno promatraju zvjezdano nebo. Jedne <img loading=\"lazy\" class=\" wp-image-532 alignright\" src=\"http:\/\/knjiznice.nsk.hr\/kali\/wp-content\/uploads\/sites\/100\/2020\/01\/cover-218x300.jpg\" alt=\"\" width=\"167\" height=\"230\" srcset=\"http:\/\/knjiznice.nsk.hr\/kali\/wp-content\/uploads\/sites\/100\/2020\/01\/cover-218x300.jpg 218w, http:\/\/knjiznice.nsk.hr\/kali\/wp-content\/uploads\/sites\/100\/2020\/01\/cover.jpg 435w\" sizes=\"(max-width: 167px) 100vw, 167px\" \/>\u0107e ih ve\u010deri iznenaditi neo\u010dekivan dolazak \u010dudnovata stvorenja. Isprva sumnji\u010davi, ubrzo shva\u0107aju da je mali svemirac ba\u0161 poput njih. Tu\u017ean i usamljen, zahvalan je na pomo\u0107i i nje\u017enosti koju mu pru\u017eaju Mali Medo i Vu\u010di\u0107. U iskrenu zagrljaju prijatelja krije se prava \u010darolija!<\/p>\n<p>&nbsp;<\/p>\n<p>&nbsp;<\/p>\n<p><strong><span class=\"highlight\">Tom Gates<\/span> : treba imati malo sre\u0107e \/ Liz Pichon<\/strong><img loading=\"lazy\" class=\" wp-image-500 alignright\" src=\"http:\/\/knjiznice.nsk.hr\/kali\/wp-content\/uploads\/sites\/100\/2019\/12\/cover-2-1-237x300.jpg\" alt=\"\" width=\"164\" height=\"208\" srcset=\"http:\/\/knjiznice.nsk.hr\/kali\/wp-content\/uploads\/sites\/100\/2019\/12\/cover-2-1-237x300.jpg 237w, http:\/\/knjiznice.nsk.hr\/kali\/wp-content\/uploads\/sites\/100\/2019\/12\/cover-2-1.jpg 474w\" sizes=\"(max-width: 164px) 100vw, 164px\" \/><\/p>\n<p>U sedmoj knjizi serijala o Tomu Gatesu Tomova je \u0161kola pod budnim okom \u0161kolske inspekcije pa u\u010denici, prema uputi profesora Fullermana, moraju posebno pripaziti na urednost \u0161kolskih uniformi, ne smiju kasniti i moraju se vrlo lijepo pona\u0161ati. Nesta\u0161nom Tomu i njegovom prijatelju Dereku tjedan \u0107e biti pun izazova i dogodov\u0161tina u kojima \u0107e biti potrebno imati malo sre\u0107e. Posebno mjesto u ovom nastavku zauzima zabavna pri\u010da u pri\u010di Vrlo poseban recept, koju profesor Fullerman \u010dita u\u010denicima. Tomove dogodov\u0161tine raznolike su i zabavne \u2013 od izrade raznih crtkarija od komada u\u017eeta, kupovina cipela za \u0161kolu i pripreme pizze s posebnim sastojcima, do najva\u017enijeg doga\u0111aja za Pse Zombije \u2013 audicije za Borbu bendova. U ovom ludo zabavnom nastavku Tom prepri\u010dava svoje dogodov\u0161tine i nastavlja odu\u0161evljavati humorom i crte\u017eima. Zabavno, veselo i duhovito \u0161tivo! Megapopularni serijal o Tomu Gatesu britanske spisateljice i ilustratorice Liz Pichon nastavlja odu\u0161evljavati mlade \u010ditatelje i njihove roditelje diljem svijeta.<\/p>\n<p><strong>K\u0107i dima i kosti \/ Laini Taylor<\/strong><\/p>\n<p><img loading=\"lazy\" class=\" wp-image-497 alignright\" style=\"margin-top: 0.857143rem;margin-bottom: 0.857143rem;margin-left: 1.71429rem\" src=\"http:\/\/knjiznice.nsk.hr\/kali\/wp-content\/uploads\/sites\/100\/2019\/12\/k\u0107i-dima-i-kosti.jpg\" alt=\"\" width=\"169\" height=\"261\"><\/p>\n<p>Prvi dio fantasti\u010dne trilogije koji spaja dva svijeta: svijet ljudi i onaj &#8220;drugdje&#8221; u kojem ve\u0107 stolje\u0107ima ratuju an\u0111eli i himere. Pri\u010da prati sedamnaestogodi\u0161nju djevojku Karou koja poha\u0111a \u0161kolu likovnih umjetnosti u Pragu. S dugom modrom kosom i pregr\u0161t tetova\u017ea neobi\u010dna je pojava, ali prijatelji nisu svjesni njezine prave \u010dudnovatosti. Jedina obitelj koju Karou ima \u010dine \u010detiri himere, stra\u0161ne izgledom, ali za nju predivne. Prolaze\u0107i kroz tajne portale, za svog skrbnika himeru Brimstonea obavlja tajne zadatke po cijelome svijetu sakupljaju\u0107i neobi\u010dne relikvije, zube. Balansiraju\u0107i izme\u0111u dvaju svjetova, poku\u0161ava otkriti tajnu svog postojanja, jer kao i za ostale, i za nju samu njezin je \u017eivot prekriven velom tajne. Kada neobi\u010dni crni otisci uni\u0161te prolaze u drugi svijet, Karou \u0107e krenuti u misiju spa\u0161avanja Brimstonea i ostalih himera koje su ostale tamo zato\u010dene. Slu\u010dajan susret sa serafinom Akivom dovest \u0107e je do istine o njoj samoj, rasvijetliti tajnu zubiju, ali i slomiti joj srce.<\/p>\n<p><strong>Gricko: \u010dudovi\u0161te koje gricka knjige \/ Emma Yarlett<\/strong><img loading=\"lazy\" class=\" wp-image-496 alignright\" src=\"http:\/\/knjiznice.nsk.hr\/kali\/wp-content\/uploads\/sites\/100\/2019\/12\/gricko.jpg\" alt=\"\" width=\"172\" height=\"226\"><\/p>\n<p>Gricko je maleno \u017euto \u010dudovi\u0161te koje voli grickati sve oko sebe, a najvi\u0161e knjige. Tako je progrickao i put iz ove slikovnice i na\u0161ao se u pri\u010di o Zlatokosi, Crvenkapici i Janku. Vedar, brz i jako gladan pri\u010de, izgrizao je dijelove tih pri\u010da i napravio pravu pomutnju. Razigrane ilustracije, pogrickane stranice,te listovi razli\u010ditih dimenzija pridonose dinami\u010dnosti i uvjerljivosti sadr\u017eaja. Emma Yarlett nagra\u0111ivana je britanska spisateljica i ilustratorica \u010dije su slikovnice prodane u vi\u0161e od pola milijuna primjeraka na pet kontinenata, a za Gricka je dobila brojne nagrade i pohvale.<\/p>\n<p><strong>Uhvati mi plavog medu \/ Silvija \u0160esto<img loading=\"lazy\" class=\" wp-image-495 alignright\" src=\"http:\/\/knjiznice.nsk.hr\/kali\/wp-content\/uploads\/sites\/100\/2019\/12\/cover-1-1-260x300.jpg\" alt=\"\" width=\"197\" height=\"228\" srcset=\"http:\/\/knjiznice.nsk.hr\/kali\/wp-content\/uploads\/sites\/100\/2019\/12\/cover-1-1-260x300.jpg 260w, http:\/\/knjiznice.nsk.hr\/kali\/wp-content\/uploads\/sites\/100\/2019\/12\/cover-1-1.jpg 520w\" sizes=\"(max-width: 197px) 100vw, 197px\" \/><\/strong><\/p>\n<p>Dje\u010dak Svemir dobio je za peti ro\u0111endan na dar plavoga pli\u0161anog medu. No najljep\u0161i medo na svijetu ostao je zamotan u prozirnom celofanu. Kako se ne bi zapra\u0161io. \u0160u\u0161kavi celofan bio je u igri nepremostiva zapreka poslu\u0161nom dje\u010daku. Jednog je dana Svemiru u goste do\u0161la sestri\u010dna i izvadila medu iz celofana, a popustljivi roditelji dopustili su razma\u017eenoj djevoj\u010dici da plavog medu odnese svojoj ku\u0107i. U Svemirovu srcu tada je nastala pukotina koja je premo\u0161tena tek mnogo godina poslije kada je, \u0161e\u0107u\u0107i sa svojim sinom, na sajmu ugledao najljep\u0161eg medu na svijetu. Tada je tata Svemir za sina Kuzmu osvojio plavog medu koji se napokon na\u0161ao u toplom zagrljaju mlade obitelji.<\/p>\n<p>&nbsp;<\/p>\n<p><strong>Upoznaj&#8230;stare Egip\u0107ane \/ James Davies<\/strong><img loading=\"lazy\" class=\" wp-image-494 alignright\" src=\"http:\/\/knjiznice.nsk.hr\/kali\/wp-content\/uploads\/sites\/100\/2019\/12\/cover-6-297x300.jpg\" alt=\"\" width=\"190\" height=\"192\" srcset=\"http:\/\/knjiznice.nsk.hr\/kali\/wp-content\/uploads\/sites\/100\/2019\/12\/cover-6-297x300.jpg 297w, http:\/\/knjiznice.nsk.hr\/kali\/wp-content\/uploads\/sites\/100\/2019\/12\/cover-6.jpg 593w\" sizes=\"(max-width: 190px) 100vw, 190px\" \/><\/p>\n<p>Gdje su i kako \u017eivjeli stari Egip\u0107ani? Tko su bili faraoni? Kako su Egip\u0107ani sagradili piramide? \u0160to su to mumije i jesu li zaista postojale? Odgovore na ova pitanja i druge zanimljivosti o na\u010dinu \u017eivota starih Egip\u0107ana pro\u010ditajte u ovom povijesnom priru\u010dniku. Knjiga je namijenjena djeci osnovno\u0161kolske dobi.Gricko je maleno \u017euto \u010dudovi\u0161te koje voli grickati sve oko sebe, a najvi\u0161e knjige. Tako je progrickao i put iz ove slikovnice i na\u0161ao se u pri\u010di o Zlatokosi, Crvenkapici i Janku. Vedar, brz i jako gladan pri\u010de, izgrizao je dijelove tih pri\u010da i napravio pravu pomutnju. Razigrane ilustracije, pogrickane stranice,te listovi razli\u010ditih dimenzija pridonose dinami\u010dnosti i uvjerljivosti sadr\u017eaja. Emma Yarlett nagra\u0111ivana je britanska spisateljica i ilustratorica \u010dije su slikovnice prodane u vi\u0161e od pola milijuna primjeraka na pet kontinenata, a za Gricka je dobila brojne nagrade i pohvale.Gricko je maleno \u017euto \u010dudovi\u0161te koje voli grickati sve oko sebe, a najvi\u0161e knjige. Tako je progrickao i put iz ove slikovnice i na\u0161ao se u pri\u010di o Zlatokosi, Crvenkapici i Janku. Vedar, brz i jako gladan pri\u010de, izgrizao je dijelove tih pri\u010da i napravio pravu pomutnju. Razigrane ilustracije, pogrickane stranice,te listovi razli\u010ditih dimenzija pridonose dinami\u010dnosti i uvjerljivosti sadr\u017eaja. Emma Yarlett nagra\u0111ivana je britanska spisateljica i ilustratorica \u010dije su slikovnice prodane u vi\u0161e od pola milijuna primjeraka na pet kontinenata, a za Gricka je dobila brojne nagrade i pohvale.<\/p>\n<div>&nbsp;<\/div>\n<div>&nbsp;<\/div>\n<div><strong>Istra\u017eiva\u010d \/ Katherine Rundell<\/strong><\/div>\n<div>&nbsp;<\/div>\n<p>Dje\u010dak Fred putuje avionom \u0161esterosjedom iz brazilskog grada Manausa u Englesku kad <img loading=\"lazy\" class=\" wp-image-398 alignright\" src=\"http:\/\/knjiznice.nsk.hr\/kali\/wp-content\/uploads\/sites\/100\/2019\/12\/istrazivac-210x300.jpg\" alt=\"\" width=\"185\" height=\"264\" srcset=\"http:\/\/knjiznice.nsk.hr\/kali\/wp-content\/uploads\/sites\/100\/2019\/12\/istrazivac-210x300.jpg 210w, http:\/\/knjiznice.nsk.hr\/kali\/wp-content\/uploads\/sites\/100\/2019\/12\/istrazivac.jpg 300w\" sizes=\"(max-width: 185px) 100vw, 185px\" \/>pilotu pozli i avion se sru\u0161i u gusto zelenilo Amazonske pra\u0161ume. Do\u0161av\u0161i k sebi, Fred shvati da je osim njega pre\u017eivjelo jo\u0161 troje djece: Con, Lila i Max. Izgubljeni i bez nade da \u0107e ih prona\u0107i, kre\u0107u u potragu za hranom i skloni\u0161tem. Uskoro otkriju ne\u0161to \u0161to im govori da nisu sami u ovom dijelu pra\u0161ume&#8230;&nbsp;<\/p>\n<div>&nbsp;<\/div>\n<div>&nbsp;<\/div>\n<div>&nbsp;<\/div>\n<div>&nbsp;<\/div>\n<div><strong>Gospodin Gnjus \/ David Walliams<\/strong><\/div>\n<div>&nbsp;<\/div>\n<div>&nbsp;<\/div>\n<p>Nagra\u0111ivani i me\u0111u djecom omiljeni autor ovoga puta pripovijeda pri\u010du o najosamljenijoj <img loading=\"lazy\" class=\" wp-image-481 alignright\" src=\"http:\/\/knjiznice.nsk.hr\/kali\/wp-content\/uploads\/sites\/100\/2019\/12\/cover-5-213x300.jpg\" alt=\"\" width=\"193\" height=\"272\" srcset=\"http:\/\/knjiznice.nsk.hr\/kali\/wp-content\/uploads\/sites\/100\/2019\/12\/cover-5-213x300.jpg 213w, http:\/\/knjiznice.nsk.hr\/kali\/wp-content\/uploads\/sites\/100\/2019\/12\/cover-5.jpg 426w\" sizes=\"(max-width: 193px) 100vw, 193px\" \/>djevoj\u010dici Chloe i najsmrdljivijem <span class=\"highlight\">gospodin<\/span>u&nbsp;<span class=\"highlight\">Gnjus<\/span>u.&nbsp;<span class=\"highlight\">Gospodin Gnjus<\/span>&nbsp;osamljeni je gradski skitnica, a njegov \u017eivot obavijen je velom tajni. Dvanaestogodi\u0161nja djevoj\u010dica Chloe pomalo razotkriva&nbsp;<span class=\"highlight\">Gnjus<\/span>ov \u017eivot i po\u017eeli skloniti s ceste svog novog prijatelja te ga smje\u0161ta u vrtnu ku\u0107icu. No tajne katkad mogu biti \u0161okantne. Jo\u0161 jedan u nizu uzbudljivih romana Davida Walliamsa popra\u0107en je ma\u0161tovitim ilustracijama Quentina Blakea.<\/p>\n<p>&nbsp;<\/p>\n<div><strong>Ljeto na jezeru \u010ci\u010du\/ Jasminka Tihi &#8211; Stepani\u0107<\/strong><\/div>\n<div>&nbsp;<\/div>\n<div>&nbsp;<\/div>\n<div><img loading=\"lazy\" class=\" wp-image-399 alignright\" src=\"http:\/\/knjiznice.nsk.hr\/kali\/wp-content\/uploads\/sites\/100\/2019\/12\/ljeto_na_jezeru-186x300.jpg\" alt=\"\" width=\"197\" height=\"318\" srcset=\"http:\/\/knjiznice.nsk.hr\/kali\/wp-content\/uploads\/sites\/100\/2019\/12\/ljeto_na_jezeru-186x300.jpg 186w, http:\/\/knjiznice.nsk.hr\/kali\/wp-content\/uploads\/sites\/100\/2019\/12\/ljeto_na_jezeru.jpg 300w\" sizes=\"(max-width: 197px) 100vw, 197px\" \/><\/div>\n<p>Lucija je \u010detrnaestogodi\u0161njakinja koja tog ljeta saznaje da \u017eivot jednostavno nije po\u0161ten. Njezino ljeto na jezeru \u010ci\u010du nije od onih nezaboravnih ljeta koja stanu u memoriju mobitela. U nedovr\u0161enoj obiteljskoj ku\u0107i nema njezinih roditelja. Dok majka radi u Pore\u010du sezonski posao sobarice, koji je prihvatila nakon \u0161to je ostala bez posla promotorice u propaloj izdava\u010dkoj ku\u0107i, otac u dalekoj bavarskoj prijestolnici&nbsp;M\u00fcnchenu radom u tamo\u0161njoj slavnoj automobilskoj tvornici poku\u0161ava popraviti ku\u0107ni bud\u017eet&#8230;<\/p>\n<div>&nbsp;<\/div>\n<div>&nbsp;<\/div>\n<div>&nbsp;<\/div>\n<div>&nbsp;<\/div>\n<div>&nbsp;<\/div>\n<p><strong>&nbsp;Nikadgrad \/ Jessica Townsend<\/strong><\/p>\n<p>Morrigan Crow je ukleta. Ro\u0111ena na zlosretnu Staru ve\u010der, ta neobi\u010dna djevoj\u010dica u svom <img loading=\"lazy\" class=\" wp-image-397 alignright\" src=\"http:\/\/knjiznice.nsk.hr\/kali\/wp-content\/uploads\/sites\/100\/2019\/12\/nikadgrad-189x300.jpg\" alt=\"\" width=\"160\" height=\"254\" srcset=\"http:\/\/knjiznice.nsk.hr\/kali\/wp-content\/uploads\/sites\/100\/2019\/12\/nikadgrad-189x300.jpg 189w, http:\/\/knjiznice.nsk.hr\/kali\/wp-content\/uploads\/sites\/100\/2019\/12\/nikadgrad.jpg 240w\" sizes=\"(max-width: 160px) 100vw, 160px\" \/>rodnom \u0160akalovcu de\u017eurni je krivac za sve male i velike nevolje. Kao i svoj ukletoj djeci, predodre\u0111eno joj je da umre na jedanaesti ro\u0111endan, kada nebeskoliki sat otkuca pono\u0107. Morrigan naizgled hrabro i\u0161\u010dekuje taj trenutak, ali zapravo je prestravljena svojom sudbinom. Ba\u0161 kada pomisli da za nju vi\u0161e nema nade, pojavljuje se zagonetni \u010dovjek imena Jupiter Sjever i bje\u017ei s njome na \u010dudesno i magi\u010dno mjesto \u2013 Nikadgrad. Ovdje je Morrigan napokon prihva\u0107ena i voljena, ali kako bi zauvijek ostala u tom sigurnom okrilju, mora pro\u0107i kroz \u010detiri nevjerojatne ku\u0161nje i izboriti se za mjesto u tajnovitom \u010cudestnom dru\u0161tvu&#8230;&nbsp;<\/p>\n<p>&nbsp;<strong>Dom \/ Ana Pisac &#8211; Serezlija<\/strong><\/p>\n<p>U svom romanu &#8220;Dom&#8221; Ana Pisac &#8211; Serezlija izabrala je rijedak na\u010din da uz pomo\u0107 pozitivnih <img loading=\"lazy\" class=\" wp-image-479 alignright\" src=\"http:\/\/knjiznice.nsk.hr\/kali\/wp-content\/uploads\/sites\/100\/2019\/12\/dom-219x300.jpg\" alt=\"\" width=\"211\" height=\"289\" srcset=\"http:\/\/knjiznice.nsk.hr\/kali\/wp-content\/uploads\/sites\/100\/2019\/12\/dom-219x300.jpg 219w, http:\/\/knjiznice.nsk.hr\/kali\/wp-content\/uploads\/sites\/100\/2019\/12\/dom.jpg 327w\" sizes=\"(max-width: 211px) 100vw, 211px\" \/>primjera prika\u017ee svu lepezu problema koji zahva\u0107aju djecu u domskim ustanovama i njihove odgojitelje. Sna\u017eno nas vu\u010de prema zaklju\u010dku da su ti primjeri ostvarivi samo zato \u0161to su se djecom bavili ljudi kojima je do njih stalo. Ne samo u nekom formalnom obliku koji se iscrpljuje u sivoj svakodnevici, nego u punom osje\u0107ajnom anga\u017emanu za djecu koja su im povjerena. Autorica tako\u0111er dovodi u vezu \u017eivot i umjetnost, knji\u017eevnost, glazbu, slikarstvo, dramske i sportske aktivnosti, pokazuju\u0107i da one mogu biti generator pozitivnih vibracija, dobrih motivacija i uspjeha u ostvarivanju zajedni\u0161tva djece i osoblja, \u010dime se ostvaruje i maksima iz jednog od podnaslova ove knjige: I &#8220;Dom&#8221; je dom.&nbsp;<\/p>\n<p><strong>Pri\u010de o neustra\u0161ivim \u017eenama \/ Tatjana Barat<\/strong><\/p>\n<p><img loading=\"lazy\" class=\"size-medium wp-image-473 alignright\" src=\"http:\/\/knjiznice.nsk.hr\/kali\/wp-content\/uploads\/sites\/100\/2019\/12\/neustrasive_hrvatske_zene_0-204x300.jpg\" alt=\"\" width=\"204\" height=\"300\" srcset=\"http:\/\/knjiznice.nsk.hr\/kali\/wp-content\/uploads\/sites\/100\/2019\/12\/neustrasive_hrvatske_zene_0-204x300.jpg 204w, http:\/\/knjiznice.nsk.hr\/kali\/wp-content\/uploads\/sites\/100\/2019\/12\/neustrasive_hrvatske_zene_0.jpg 214w\" sizes=\"(max-width: 204px) 100vw, 204px\" \/><\/p>\n<p><em>Pri\u010de o neustra\u0161ivim hrvatskim \u017eenama<\/em>&nbsp;zbirka je&nbsp;<strong>50 knji\u017eevnih portreta \u017eena koje su obilje\u017eile hrvatsko dru\u0161tvo<\/strong>. Me\u0111u njima su \u017eene svih zanimanja i profila koje su ostavile traga u hrvatskoj, a i svjetskoj povijesti, a zajedni\u010dko im je da su sve postigle vlastitim radom u vremenu koje nije uvijek bilo poticajno za obrazovanje i profesionalno usavr\u0161avanje \u017eena.<\/p>\n<p><em>Pri\u010de o neustra\u0161ivim hrvatskim \u017eenama<\/em>&nbsp;izrazito je vrijedno djelo dje\u010dje knji\u017eevnosti. U umjetni\u010dki kvalitetnim i pou\u010dnim tekstovima djeca mogu saznati pregr\u0161t op\u0107ih povijesnih \u010dinjenica te nau\u010diti mnogo o hrabrim i odva\u017enim \u017eenama koje su utjecale na vrijeme u kojem su \u017eivjele. To je knjiga koja \u0107e djeci omogu\u0107iti da upoznaju pedeset iznimnih \u017eena, pedeset \u017eena koja su bile pionirke u svome podru\u010dju djelovanja, koje su se borile protiv predrasuda dru\u0161tva i unato\u010d svemu slijedile svoju strast. Od prve hrvatske pilotkinje, prve lije\u010dnice, prve kazali\u0161ne redateljice, prve dirigentice, prve balerine, prve doktorice fizike pa sve do oceanografkinja, botani\u010darki, vrsnih kemi\u010darki, novinarki, etnografkinja i drugih struka, te su \u017eene pokazale kako mogu mijenjati dru\u0161tvene norme.<\/p>\n<p>Knjiga je namijenjena djeci 7 \u2013 13 godina. Na kraju svake pri\u010de nalaze se tri pitanja za raspravu koja djecu poti\u010du na analizu pro\u010ditanoga te na razmi\u0161ljanje o ljudskim vrijednostima i \u010dinjenicama.<\/p>\n<p>&nbsp;<\/p>\n<p><strong>Svijet na crtama vremena: Od mamuta do svjetskih ratova<\/strong><\/p>\n<p>Istra\u017eite ilustriranu povijest svijeta kroz prekrasno ilustrirane vremenske crte. Od dinosaura i <img loading=\"lazy\" class=\" wp-image-396 alignright\" src=\"http:\/\/knjiznice.nsk.hr\/kali\/wp-content\/uploads\/sites\/100\/2019\/12\/svijet_na_crtama_vremena-252x300.jpg\" alt=\"\" width=\"211\" height=\"251\" srcset=\"http:\/\/knjiznice.nsk.hr\/kali\/wp-content\/uploads\/sites\/100\/2019\/12\/svijet_na_crtama_vremena-252x300.jpg 252w, http:\/\/knjiznice.nsk.hr\/kali\/wp-content\/uploads\/sites\/100\/2019\/12\/svijet_na_crtama_vremena.jpg 360w\" sizes=\"(max-width: 211px) 100vw, 211px\" \/>Vikinga do povijesti robotike i \u0161pijuniranja, upoznajte povijest kroz rasko\u0161nu zbirku vremenskih crta.<\/p>\n<p>Knjiga je podijeljena u \u010detiri poglavlja koja jasno razgrani\u010davaju razli\u010dite faze ljudskog razvoja: prapovijest u kojoj ljudi nije bilo, drevni svijet u kojem su po\u010dele nastajati civilizacije, srednji vijek, \u201cdoba istra\u017eivanja\u201d, \u201cdoba revolucija\u201d i, naposljetku, moderni svijet. Raspore\u0111uju\u0107i teme na taj na\u010din, \u010ditatelj stje\u010de pravi dojam o napretku \u010dovje\u010danstva. Ova enciklopedija svojim ulan\u010danim ustrojem poti\u010de dalje istra\u017eivanje jednostavno zato \u0161to je zabavno. Svijet na crtama vremena zbog toga mo\u017ee biti prekrasan dar, \u0161kolsko pomagalo ili knjiga koju \u0107ete kod ku\u0107e \u010desti uzimati u ruke.<\/p>\n<p>&nbsp;<\/p>\n<p><strong>Kuku i Riku \/ Nikolina Manojlovi\u0107 Vra\u010dar<\/strong><\/p>\n<p>U malenom selu, na malenom imanju \u017eivjela jednom dvojica \u010dupavaca, Ton\u0107i i \u0110uro, okru\u017eeni <img loading=\"lazy\" class=\" wp-image-395 alignright\" src=\"http:\/\/knjiznice.nsk.hr\/kali\/wp-content\/uploads\/sites\/100\/2019\/12\/kuku-i-riku-300x300.jpg\" alt=\"\" width=\"232\" height=\"232\" srcset=\"http:\/\/knjiznice.nsk.hr\/kali\/wp-content\/uploads\/sites\/100\/2019\/12\/kuku-i-riku-300x300.jpg 300w, http:\/\/knjiznice.nsk.hr\/kali\/wp-content\/uploads\/sites\/100\/2019\/12\/kuku-i-riku-150x150.jpg 150w, http:\/\/knjiznice.nsk.hr\/kali\/wp-content\/uploads\/sites\/100\/2019\/12\/kuku-i-riku.jpg 337w\" sizes=\"(max-width: 232px) 100vw, 232px\" \/>doma\u0107im \u017eivotinjama. Njihov se \u017eivot odvijao izme\u0111u rada u polju i sviranja raznih instrumenata. Glavni junaci pri\u010de, me\u0111utim, nisu \u010dupavci nego njihova dva pijetla, blizanci Kuku i Riku, koji nakon idili\u010dnog djetinjstva dospijevaju u ruke podlim Burazima&#8230;Kuku i Riku morat \u0107e tada upotrijebiti svu svoju hrabrost i vje\u0161tinu kako bi se vratili bezbri\u017enom kljucanju po seoskom dvori\u0161tu.&nbsp;<\/p>\n<p>&nbsp;<\/p>\n<p><strong>Pas sa zgodnim u\u0161ima \/Leauren Child<\/strong><\/p>\n<p>Imam mla\u0111u sestricu, zove se Lola. Mala je i jako zabavna. U zadnje vrijeme Lola pri\u010da samo <img loading=\"lazy\" class=\"size-medium wp-image-393 alignright\" src=\"http:\/\/knjiznice.nsk.hr\/kali\/wp-content\/uploads\/sites\/100\/2019\/12\/pas_sa_zgodnim_usima-189x300.jpg\" alt=\"\" width=\"189\" height=\"300\" srcset=\"http:\/\/knjiznice.nsk.hr\/kali\/wp-content\/uploads\/sites\/100\/2019\/12\/pas_sa_zgodnim_usima-189x300.jpg 189w, http:\/\/knjiznice.nsk.hr\/kali\/wp-content\/uploads\/sites\/100\/2019\/12\/pas_sa_zgodnim_usima.jpg 240w\" sizes=\"(max-width: 189px) 100vw, 189px\" \/>o psima. Ka\u017ee da bi \u017eeljela psa vi\u0161e od bilo \u010dega \u0161to se mo\u017ee zamisliti. Vi\u0161e od vjeverice ili prave lisice, ka\u017ee. A \u0161to roditelji na to ka\u017eu i ho\u0107e li Lola do\u0107i do svog psa, pro\u010ditajte u ovoj zabavnoj i duhovitoj slikovnici britanske spisateljice i ilustratorice Lauren Child, dobitnice velikog broja nagrada za svoj rad \u2013 od Kate Greenaway Medal do Nesl\u00e9 Smarties Book Award te priznanja MBE (Member of the British Empire). Junaci ove slikovnice, Charlie i njegova sestrica Lola, dugi su niz godina i junaci serije kratkih animiranih filmova koji su u vi\u0161e navrata dobili presti\u017enu britansku filmsku nagradu BAFTA.&nbsp;<\/p>\n<p>&nbsp;<\/p>\n<p><strong>Antologija o\u010daravaju\u0107ih \u017eivotinja\/ Ben Hoare<\/strong><\/p>\n<p>U &#8220;Antologiji o\u010daravaju\u0107ih \u017eivotinja&#8221; Bena Hoarea nalazi se 100 \u017eivotinja, poredanih od <img loading=\"lazy\" class=\" wp-image-348 alignright\" src=\"http:\/\/knjiznice.nsk.hr\/kali\/wp-content\/uploads\/sites\/100\/2019\/12\/cover-1-227x300.jpg\" alt=\"\" width=\"219\" height=\"289\" srcset=\"http:\/\/knjiznice.nsk.hr\/kali\/wp-content\/uploads\/sites\/100\/2019\/12\/cover-1-227x300.jpg 227w, http:\/\/knjiznice.nsk.hr\/kali\/wp-content\/uploads\/sites\/100\/2019\/12\/cover-1.jpg 454w\" sizes=\"(max-width: 219px) 100vw, 219px\" \/>najve\u0107ih prema najmanjima. Svaka je \u017eivotinja predstavljena kratkim tekstom sa zanimljivim detaljima, a \u010desto i nevjerojatnim podacima koji \u0107e odu\u0161eviti velikog i malog \u010ditatelja. \u017divotinjski je svijet nevjerojatno prilagodljiv svom okoli\u0161u i uvjetima \u017eivota, no mi jo\u0161 tako malo znamo o tome.&nbsp;<\/p>\n<p>Ova enciklopedija inspirativan je uvod u taj o\u010daravaju\u0107i svijet, otkrit \u0107e djeci iznena\u0111uju\u0107e podatke o svakoj \u017eivotinji, potaknuti ih na daljnje istra\u017eivanje i nau\u010diti ih razumijevanju i ljubavi prema svakoj sasvim maloj ili stvarno golemoj \u017eivotinji.<\/p>\n<p>&nbsp;<\/p>\n<p><strong>Mi\u0161 lavljeg srca<img loading=\"lazy\" class=\" wp-image-477 alignright\" src=\"http:\/\/knjiznice.nsk.hr\/kali\/wp-content\/uploads\/sites\/100\/2019\/12\/th.jpg\" alt=\"\" width=\"199\" height=\"247\"><\/strong><\/p>\n<p>Predivna pri\u010da prikazuje hrabrost jednog malog mi\u0161a, koji je dobio inspiraciju i po\u017eelio je rikati i biti vi\u0161e poput lava. Ali, za taj stra\u0161an naum netko ga je morao nau\u010diti kako se ri\u010de. Taj netko je kralj \u017eivotinja &#8211; lav. Lav se u prvi mah upla\u0161io mi\u0161a, ali odmah su se sprijateljili i tu je sve po\u010delo.&nbsp;<\/p>\n<p>&nbsp;<\/p>\n","protected":false},"excerpt":{"rendered":"<p>Vi\u0161njin dnevnik \/&nbsp; Joris Chamblain &nbsp; Glavna junakinja ovog pustolovno-detektivskog strip-serijala za djecu simpati\u010dna je desetogodi\u0161njakinja koja \u017eeli postati spisateljica. U namjeri da to ostvari, u dnevnik upisuje&nbsp;svakodnevne do\u017eivljaje promatraju\u0107i ljude koje susre\u0107e. Prvi naslov u nizu otkriva zadivljuju\u0107i svijet tajanstvenog starijeg \u010dovjeka koji je svojom neobi\u010dnom pojavom zagolicao ma\u0161tu Vi\u0161nje i njenih prijateljica. Kroz [&hellip;]<\/p>\n","protected":false},"author":168,"featured_media":0,"parent":248,"menu_order":0,"comment_status":"closed","ping_status":"closed","template":"","meta":{"ngg_post_thumbnail":0},"yoast_head":"<!-- This site is optimized with the Yoast SEO plugin v16.4 - https:\/\/yoast.com\/wordpress\/plugins\/seo\/ -->\n<meta name=\"robots\" content=\"index, follow, max-snippet:-1, max-image-preview:large, max-video-preview:-1\" \/>\n<link rel=\"canonical\" href=\"http:\/\/knjiznice.nsk.hr\/kali\/preporuke-za-mlade\/mis-lavljeg-srca\/\" \/>\n<meta property=\"og:locale\" content=\"hr_HR\" \/>\n<meta property=\"og:type\" content=\"article\" \/>\n<meta property=\"og:title\" content=\"Preporuke Dje\u010djeg odjela - Narodna knji\u017enica Kali\" \/>\n<meta property=\"og:description\" content=\"Vi\u0161njin dnevnik \/&nbsp; Joris Chamblain &nbsp; Glavna junakinja ovog pustolovno-detektivskog strip-serijala za djecu simpati\u010dna je desetogodi\u0161njakinja koja \u017eeli postati spisateljica. U namjeri da to ostvari, u dnevnik upisuje&nbsp;svakodnevne do\u017eivljaje promatraju\u0107i ljude koje susre\u0107e. Prvi naslov u nizu otkriva zadivljuju\u0107i svijet tajanstvenog starijeg \u010dovjeka koji je svojom neobi\u010dnom pojavom zagolicao ma\u0161tu Vi\u0161nje i njenih prijateljica. Kroz [&hellip;]\" \/>\n<meta property=\"og:url\" content=\"http:\/\/knjiznice.nsk.hr\/kali\/preporuke-za-mlade\/mis-lavljeg-srca\/\" \/>\n<meta property=\"og:site_name\" content=\"Narodna knji\u017enica Kali\" \/>\n<meta property=\"article:publisher\" content=\"https:\/\/www.facebook.com\/narodna.knjiznica.kali\/\" \/>\n<meta property=\"article:modified_time\" content=\"2022-08-27T07:14:00+00:00\" \/>\n<meta property=\"og:image\" content=\"http:\/\/knjiznice.nsk.hr\/kali\/wp-content\/uploads\/sites\/100\/2022\/08\/visnjin-dnevnik.jpg\" \/>\n<meta name=\"twitter:card\" content=\"summary_large_image\" \/>\n<meta name=\"twitter:label1\" content=\"Procijenjeno vrijeme \u010ditanja\" \/>\n\t<meta name=\"twitter:data1\" content=\"18 minuta\" \/>\n<script type=\"application\/ld+json\" class=\"yoast-schema-graph\">{\"@context\":\"https:\/\/schema.org\",\"@graph\":[{\"@type\":\"Organization\",\"@id\":\"http:\/\/knjiznice.nsk.hr\/kali\/#organization\",\"name\":\"Narodna kni\\u017enica Kali\",\"url\":\"http:\/\/knjiznice.nsk.hr\/kali\/\",\"sameAs\":[\"https:\/\/www.facebook.com\/narodna.knjiznica.kali\/\",\"https:\/\/www.instagram.com\/narodnaknjiznicakali\/\",\"https:\/\/www.youtube.com\/channel\/UC2glNDARQY0rsXxh2ZnUv_Q\"],\"logo\":{\"@type\":\"ImageObject\",\"@id\":\"http:\/\/knjiznice.nsk.hr\/kali\/#logo\",\"inLanguage\":\"hr\",\"url\":\"http:\/\/knjiznice.nsk.hr\/kali\/wp-content\/uploads\/sites\/100\/2019\/10\/cropped-LOGO-VERZIJA-1-3.jpg\",\"contentUrl\":\"http:\/\/knjiznice.nsk.hr\/kali\/wp-content\/uploads\/sites\/100\/2019\/10\/cropped-LOGO-VERZIJA-1-3.jpg\",\"width\":1122,\"height\":1118,\"caption\":\"Narodna kni\\u017enica Kali\"},\"image\":{\"@id\":\"http:\/\/knjiznice.nsk.hr\/kali\/#logo\"}},{\"@type\":\"WebSite\",\"@id\":\"http:\/\/knjiznice.nsk.hr\/kali\/#website\",\"url\":\"http:\/\/knjiznice.nsk.hr\/kali\/\",\"name\":\"Narodna knji\\u017enica Kali\",\"description\":\"\",\"publisher\":{\"@id\":\"http:\/\/knjiznice.nsk.hr\/kali\/#organization\"},\"potentialAction\":[{\"@type\":\"SearchAction\",\"target\":\"http:\/\/knjiznice.nsk.hr\/kali\/?s={search_term_string}\",\"query-input\":\"required name=search_term_string\"}],\"inLanguage\":\"hr\"},{\"@type\":\"ImageObject\",\"@id\":\"http:\/\/knjiznice.nsk.hr\/kali\/preporuke-za-mlade\/mis-lavljeg-srca\/#primaryimage\",\"inLanguage\":\"hr\",\"url\":\"http:\/\/knjiznice.nsk.hr\/kali\/wp-content\/uploads\/sites\/100\/2022\/08\/visnjin-dnevnik.jpg\",\"contentUrl\":\"http:\/\/knjiznice.nsk.hr\/kali\/wp-content\/uploads\/sites\/100\/2022\/08\/visnjin-dnevnik.jpg\",\"width\":450,\"height\":600},{\"@type\":\"WebPage\",\"@id\":\"http:\/\/knjiznice.nsk.hr\/kali\/preporuke-za-mlade\/mis-lavljeg-srca\/#webpage\",\"url\":\"http:\/\/knjiznice.nsk.hr\/kali\/preporuke-za-mlade\/mis-lavljeg-srca\/\",\"name\":\"Preporuke Dje\\u010djeg odjela - Narodna knji\\u017enica Kali\",\"isPartOf\":{\"@id\":\"http:\/\/knjiznice.nsk.hr\/kali\/#website\"},\"primaryImageOfPage\":{\"@id\":\"http:\/\/knjiznice.nsk.hr\/kali\/preporuke-za-mlade\/mis-lavljeg-srca\/#primaryimage\"},\"datePublished\":\"2019-09-20T19:53:00+00:00\",\"dateModified\":\"2022-08-27T07:14:00+00:00\",\"breadcrumb\":{\"@id\":\"http:\/\/knjiznice.nsk.hr\/kali\/preporuke-za-mlade\/mis-lavljeg-srca\/#breadcrumb\"},\"inLanguage\":\"hr\",\"potentialAction\":[{\"@type\":\"ReadAction\",\"target\":[\"http:\/\/knjiznice.nsk.hr\/kali\/preporuke-za-mlade\/mis-lavljeg-srca\/\"]}]},{\"@type\":\"BreadcrumbList\",\"@id\":\"http:\/\/knjiznice.nsk.hr\/kali\/preporuke-za-mlade\/mis-lavljeg-srca\/#breadcrumb\",\"itemListElement\":[{\"@type\":\"ListItem\",\"position\":1,\"item\":{\"@type\":\"WebPage\",\"@id\":\"http:\/\/knjiznice.nsk.hr\/kali\/\",\"url\":\"http:\/\/knjiznice.nsk.hr\/kali\/\",\"name\":\"Po\\u010detna stranica\"}},{\"@type\":\"ListItem\",\"position\":2,\"item\":{\"@type\":\"WebPage\",\"@id\":\"http:\/\/knjiznice.nsk.hr\/kali\/preporuke-za-mlade\/\",\"url\":\"http:\/\/knjiznice.nsk.hr\/kali\/preporuke-za-mlade\/\",\"name\":\"Odjeli\"}},{\"@type\":\"ListItem\",\"position\":3,\"item\":{\"@id\":\"http:\/\/knjiznice.nsk.hr\/kali\/preporuke-za-mlade\/mis-lavljeg-srca\/#webpage\"}}]}]}<\/script>\n<!-- \/ Yoast SEO plugin. -->","_links":{"self":[{"href":"http:\/\/knjiznice.nsk.hr\/kali\/wp-json\/wp\/v2\/pages\/240"}],"collection":[{"href":"http:\/\/knjiznice.nsk.hr\/kali\/wp-json\/wp\/v2\/pages"}],"about":[{"href":"http:\/\/knjiznice.nsk.hr\/kali\/wp-json\/wp\/v2\/types\/page"}],"author":[{"embeddable":true,"href":"http:\/\/knjiznice.nsk.hr\/kali\/wp-json\/wp\/v2\/users\/168"}],"replies":[{"embeddable":true,"href":"http:\/\/knjiznice.nsk.hr\/kali\/wp-json\/wp\/v2\/comments?post=240"}],"version-history":[{"count":30,"href":"http:\/\/knjiznice.nsk.hr\/kali\/wp-json\/wp\/v2\/pages\/240\/revisions"}],"predecessor-version":[{"id":1201,"href":"http:\/\/knjiznice.nsk.hr\/kali\/wp-json\/wp\/v2\/pages\/240\/revisions\/1201"}],"up":[{"embeddable":true,"href":"http:\/\/knjiznice.nsk.hr\/kali\/wp-json\/wp\/v2\/pages\/248"}],"wp:attachment":[{"href":"http:\/\/knjiznice.nsk.hr\/kali\/wp-json\/wp\/v2\/media?parent=240"}],"curies":[{"name":"wp","href":"https:\/\/api.w.org\/{rel}","templated":true}]}}