{"id":14,"date":"2018-12-09T12:58:13","date_gmt":"2018-12-09T11:58:13","guid":{"rendered":"http:\/\/knjiznice.nsk.hr\/jasenovac\/?page_id=14"},"modified":"2021-02-11T09:32:15","modified_gmt":"2021-02-11T08:32:15","slug":"o-nama","status":"publish","type":"page","link":"http:\/\/knjiznice.nsk.hr\/jasenovac\/","title":{"rendered":"O nama"},"content":{"rendered":"<p>&nbsp;<\/p>\n<p><img loading=\"lazy\" class=\"size-medium wp-image-344 alignleft\" src=\"http:\/\/knjiznice.nsk.hr\/jasenovac\/wp-content\/uploads\/sites\/105\/2021\/02\/20201217_143057-300x135.jpg\" alt=\"\" width=\"300\" height=\"135\" srcset=\"http:\/\/knjiznice.nsk.hr\/jasenovac\/wp-content\/uploads\/sites\/105\/2021\/02\/20201217_143057-300x135.jpg 300w, http:\/\/knjiznice.nsk.hr\/jasenovac\/wp-content\/uploads\/sites\/105\/2021\/02\/20201217_143057-1024x461.jpg 1024w, http:\/\/knjiznice.nsk.hr\/jasenovac\/wp-content\/uploads\/sites\/105\/2021\/02\/20201217_143057-768x346.jpg 768w, http:\/\/knjiznice.nsk.hr\/jasenovac\/wp-content\/uploads\/sites\/105\/2021\/02\/20201217_143057-600x270.jpg 600w, http:\/\/knjiznice.nsk.hr\/jasenovac\/wp-content\/uploads\/sites\/105\/2021\/02\/20201217_143057-1536x691.jpg 1536w, http:\/\/knjiznice.nsk.hr\/jasenovac\/wp-content\/uploads\/sites\/105\/2021\/02\/20201217_143057-2048x922.jpg 2048w\" sizes=\"(max-width: 300px) 100vw, 300px\" \/>Narodna knji\u017enica i \u010ditaonica Jasenovac po\u010dela je s radom 1998. godine a dovr\u0161ena je i opremljena uz financijsku potporu Ministarstva kulture. Smje\u0161tena je u staroj samostoje\u0107oj zgradi te zauzima 250 m\u00b2. Zgrada Knji\u017enice je u potpunosti obnovljena i ure\u0111ena 1995. godine.<\/p>\n<p>Knji\u017eni fond broji 10303 knjiga zahvaljuju\u0107i namjenskim sredstvima za kupnju knjiga i otkupu Ministarstva kulture kao i sredstvima Op\u0107ine Jasenovac. Knji\u017enica ima 275 korisnika, te je funkcionalno ustrojena na odjele, zbirke i slu\u017ebe. Unutarnji i vanjski izgled knji\u017enice mijenjao se tijekom 2018.-2020. godine. Unutarnji izgled izmijenjen je zbog potreba za smje\u0161tajem nove gra\u0111e i prilago\u0111avanja korisnicima, dok je vanjski izgled ure\u0111en zbog pobolj\u0161anja energetske u\u010dinkovitosti.<\/p>\n<p><img loading=\"lazy\" class=\"size-medium wp-image-210 aligncenter\" src=\"http:\/\/knjiznice.nsk.hr\/jasenovac\/wp-content\/uploads\/sites\/105\/2020\/09\/20200922_120217-300x135.jpg\" alt=\"\" width=\"300\" height=\"135\" srcset=\"http:\/\/knjiznice.nsk.hr\/jasenovac\/wp-content\/uploads\/sites\/105\/2020\/09\/20200922_120217-300x135.jpg 300w, http:\/\/knjiznice.nsk.hr\/jasenovac\/wp-content\/uploads\/sites\/105\/2020\/09\/20200922_120217-600x270.jpg 600w, http:\/\/knjiznice.nsk.hr\/jasenovac\/wp-content\/uploads\/sites\/105\/2020\/09\/20200922_120217.jpg 640w\" sizes=\"(max-width: 300px) 100vw, 300px\" \/><\/p>\n<p>Odjeli u knji\u017enici su: Odjel za odrasle i Dje\u010dji odjel.<\/p>\n<p><img loading=\"lazy\" class=\"alignnone size-medium wp-image-345\" src=\"http:\/\/knjiznice.nsk.hr\/jasenovac\/wp-content\/uploads\/sites\/105\/2021\/02\/20210211_085853-300x135.jpg\" alt=\"\" width=\"300\" height=\"135\" srcset=\"http:\/\/knjiznice.nsk.hr\/jasenovac\/wp-content\/uploads\/sites\/105\/2021\/02\/20210211_085853-300x135.jpg 300w, http:\/\/knjiznice.nsk.hr\/jasenovac\/wp-content\/uploads\/sites\/105\/2021\/02\/20210211_085853-1024x461.jpg 1024w, http:\/\/knjiznice.nsk.hr\/jasenovac\/wp-content\/uploads\/sites\/105\/2021\/02\/20210211_085853-768x346.jpg 768w, http:\/\/knjiznice.nsk.hr\/jasenovac\/wp-content\/uploads\/sites\/105\/2021\/02\/20210211_085853-600x270.jpg 600w, http:\/\/knjiznice.nsk.hr\/jasenovac\/wp-content\/uploads\/sites\/105\/2021\/02\/20210211_085853-1536x691.jpg 1536w, http:\/\/knjiznice.nsk.hr\/jasenovac\/wp-content\/uploads\/sites\/105\/2021\/02\/20210211_085853-2048x922.jpg 2048w\" sizes=\"(max-width: 300px) 100vw, 300px\" \/>&nbsp;<img loading=\"lazy\" class=\"alignnone size-medium wp-image-346\" src=\"http:\/\/knjiznice.nsk.hr\/jasenovac\/wp-content\/uploads\/sites\/105\/2021\/02\/20210211_085951-300x135.jpg\" alt=\"\" width=\"300\" height=\"135\" srcset=\"http:\/\/knjiznice.nsk.hr\/jasenovac\/wp-content\/uploads\/sites\/105\/2021\/02\/20210211_085951-300x135.jpg 300w, http:\/\/knjiznice.nsk.hr\/jasenovac\/wp-content\/uploads\/sites\/105\/2021\/02\/20210211_085951-1024x461.jpg 1024w, http:\/\/knjiznice.nsk.hr\/jasenovac\/wp-content\/uploads\/sites\/105\/2021\/02\/20210211_085951-768x346.jpg 768w, http:\/\/knjiznice.nsk.hr\/jasenovac\/wp-content\/uploads\/sites\/105\/2021\/02\/20210211_085951-600x270.jpg 600w, http:\/\/knjiznice.nsk.hr\/jasenovac\/wp-content\/uploads\/sites\/105\/2021\/02\/20210211_085951-1536x691.jpg 1536w, http:\/\/knjiznice.nsk.hr\/jasenovac\/wp-content\/uploads\/sites\/105\/2021\/02\/20210211_085951-2048x922.jpg 2048w\" sizes=\"(max-width: 300px) 100vw, 300px\" \/><\/p>\n<p>Narodna knji\u017enica i \u010ditaonica Jasenovac je knji\u017eni\u010dna kulturna ustanova, koja svojom djelatno\u0161\u0107u sudjeluje u ostvarivanju op\u0107eg kulturnog i obrazovnog programa Op\u0107ine Jasenovac. Knji\u017enica je po funkciji narodna pa je time usmjerena na izgradnju knji\u017eni\u010dnog fonda u skladu s potrebama \u0161to \u0161ire populacije. Njen fond sadr\u017ei op\u0107e-znanstvenu i popularno-znanstvenu literaturu te beletristiku, prvenstveno za op\u0107eobrazovne potrebe, kao i potrebe razonode \u010ditatelja.<\/p>\n<p>Uspje\u0161nom suradnjom sa osniva\u010dem Op\u0107inom Jasenovac, te partnerima Turisti\u010dkom zajednicom Jasenovac, Centrom za pomo\u0107 i njegu, Udrugom umirovljenika te Osnovnom \u0161kolom Jasenovac, uspje\u0161no sugra\u0111anima omogu\u0107ujemo razli\u010dite dru\u0161tvene i kulturne sadr\u017eaje.<\/p>\n<p>Kroz razne projekte pod pokroviteljstvom Op\u0107ine Jasenovac, Sisa\u010dko-moslava\u010dkom \u017eupanijom i Ministarstvom kulture radimo na pobolj\u0161anju i pro\u0161irenju aktivnosti kroz razne projekte, te povezujemo zajednicu kroz sadr\u017eaje prilago\u0111ene svim uzrastima.<\/p>\n<p>Knji\u017enica radi na \u0161irenju interesa za knjigu i \u010ditanje putem razli\u010ditih radionica, priredbi, tematskih izlo\u017ebi radova,&nbsp; kao i predavanjima, susretima sa knji\u017eevnicima, umjetnicima i znanstvenicima, predstavljanjem novih knjiga, organiziranjem kazali\u0161nih predstava i likovnih izlo\u017ebi.<\/p>\n<p>Osnovne zada\u0107e knji\u017enice su:<\/p>\n<ul>\n<li>stvaranje i ja\u010danje \u010ditala\u010dkih navika kod djece od najranije dobi<\/li>\n<li>podupiranje osobnog obrazovanja za koje se odlu\u010duje pojedinac, kao i formalnog obrazovanja na svim razinama<\/li>\n<li>stvaranje mogu\u0107nosti za osobni kreativni razvoj<\/li>\n<li>poticanje ma\u0161te i kreativnosti djece i mladih ljudi<\/li>\n<li>promicanje svijesti o kulturnom naslje\u0111u, uva\u017eavanju umjetnosti, znanstvenih postignu\u0107a i inovacija;<\/li>\n<li>osiguranje pristupa kulturnim izvedbama svih izvo\u0111a\u010dkih umjetnosti; &nbsp;olak\u0161avanje u\u010denja kompjuterske pismenosti<\/li>\n<\/ul>\n","protected":false},"excerpt":{"rendered":"<p>&nbsp; Narodna knji\u017enica i \u010ditaonica Jasenovac po\u010dela je s radom 1998. godine a dovr\u0161ena je i opremljena uz financijsku potporu Ministarstva kulture. Smje\u0161tena je u staroj samostoje\u0107oj zgradi te zauzima 250 m\u00b2. Zgrada Knji\u017enice je u potpunosti obnovljena i ure\u0111ena 1995. godine. Knji\u017eni fond broji 10303 knjiga zahvaljuju\u0107i namjenskim sredstvima za kupnju knjiga i otkupu [&hellip;]<\/p>\n","protected":false},"author":164,"featured_media":0,"parent":0,"menu_order":0,"comment_status":"closed","ping_status":"closed","template":"","meta":{"ngg_post_thumbnail":0},"yoast_head":"<!-- This site is optimized with the Yoast SEO plugin v16.4 - https:\/\/yoast.com\/wordpress\/plugins\/seo\/ -->\n<meta name=\"robots\" content=\"index, follow, max-snippet:-1, max-image-preview:large, max-video-preview:-1\" \/>\n<link rel=\"canonical\" href=\"http:\/\/knjiznice.nsk.hr\/jasenovac\/\" \/>\n<meta property=\"og:locale\" content=\"hr_HR\" \/>\n<meta property=\"og:type\" content=\"article\" \/>\n<meta property=\"og:title\" content=\"O nama - Narodna knji\u017enica i \u010ditaonica Jasenovac\" \/>\n<meta property=\"og:description\" content=\"&nbsp; Narodna knji\u017enica i \u010ditaonica Jasenovac po\u010dela je s radom 1998. godine a dovr\u0161ena je i opremljena uz financijsku potporu Ministarstva kulture. Smje\u0161tena je u staroj samostoje\u0107oj zgradi te zauzima 250 m\u00b2. Zgrada Knji\u017enice je u potpunosti obnovljena i ure\u0111ena 1995. godine. Knji\u017eni fond broji 10303 knjiga zahvaljuju\u0107i namjenskim sredstvima za kupnju knjiga i otkupu [&hellip;]\" \/>\n<meta property=\"og:url\" content=\"http:\/\/knjiznice.nsk.hr\/jasenovac\/\" \/>\n<meta property=\"og:site_name\" content=\"Narodna knji\u017enica i \u010ditaonica Jasenovac\" \/>\n<meta property=\"article:modified_time\" content=\"2021-02-11T08:32:15+00:00\" \/>\n<meta property=\"og:image\" content=\"http:\/\/knjiznice.nsk.hr\/jasenovac\/wp-content\/uploads\/sites\/105\/2021\/02\/20201217_143057-300x135.jpg\" \/>\n<meta name=\"twitter:card\" content=\"summary_large_image\" \/>\n<meta name=\"twitter:label1\" content=\"Procijenjeno vrijeme \u010ditanja\" \/>\n\t<meta name=\"twitter:data1\" content=\"2 minute\" \/>\n<script type=\"application\/ld+json\" class=\"yoast-schema-graph\">{\"@context\":\"https:\/\/schema.org\",\"@graph\":[{\"@type\":\"WebSite\",\"@id\":\"http:\/\/knjiznice.nsk.hr\/jasenovac\/#website\",\"url\":\"http:\/\/knjiznice.nsk.hr\/jasenovac\/\",\"name\":\"Narodna knji\\u017enica i \\u010ditaonica Jasenovac\",\"description\":\"\",\"potentialAction\":[{\"@type\":\"SearchAction\",\"target\":\"http:\/\/knjiznice.nsk.hr\/jasenovac\/?s={search_term_string}\",\"query-input\":\"required name=search_term_string\"}],\"inLanguage\":\"hr\"},{\"@type\":\"ImageObject\",\"@id\":\"http:\/\/knjiznice.nsk.hr\/jasenovac\/#primaryimage\",\"inLanguage\":\"hr\",\"url\":\"http:\/\/knjiznice.nsk.hr\/jasenovac\/wp-content\/uploads\/sites\/105\/2021\/02\/20201217_143057-300x135.jpg\",\"contentUrl\":\"http:\/\/knjiznice.nsk.hr\/jasenovac\/wp-content\/uploads\/sites\/105\/2021\/02\/20201217_143057-300x135.jpg\"},{\"@type\":\"WebPage\",\"@id\":\"http:\/\/knjiznice.nsk.hr\/jasenovac\/#webpage\",\"url\":\"http:\/\/knjiznice.nsk.hr\/jasenovac\/\",\"name\":\"O nama - Narodna knji\\u017enica i \\u010ditaonica Jasenovac\",\"isPartOf\":{\"@id\":\"http:\/\/knjiznice.nsk.hr\/jasenovac\/#website\"},\"primaryImageOfPage\":{\"@id\":\"http:\/\/knjiznice.nsk.hr\/jasenovac\/#primaryimage\"},\"datePublished\":\"2018-12-09T11:58:13+00:00\",\"dateModified\":\"2021-02-11T08:32:15+00:00\",\"breadcrumb\":{\"@id\":\"http:\/\/knjiznice.nsk.hr\/jasenovac\/#breadcrumb\"},\"inLanguage\":\"hr\",\"potentialAction\":[{\"@type\":\"ReadAction\",\"target\":[\"http:\/\/knjiznice.nsk.hr\/jasenovac\/\"]}]},{\"@type\":\"BreadcrumbList\",\"@id\":\"http:\/\/knjiznice.nsk.hr\/jasenovac\/#breadcrumb\",\"itemListElement\":[{\"@type\":\"ListItem\",\"position\":1,\"item\":{\"@type\":\"WebPage\",\"@id\":\"http:\/\/knjiznice.nsk.hr\/jasenovac\/\",\"url\":\"http:\/\/knjiznice.nsk.hr\/jasenovac\/\",\"name\":\"Po\\u010detna stranica\"}},{\"@type\":\"ListItem\",\"position\":2,\"item\":{\"@id\":\"http:\/\/knjiznice.nsk.hr\/jasenovac\/#webpage\"}}]}]}<\/script>\n<!-- \/ Yoast SEO plugin. -->","_links":{"self":[{"href":"http:\/\/knjiznice.nsk.hr\/jasenovac\/wp-json\/wp\/v2\/pages\/14"}],"collection":[{"href":"http:\/\/knjiznice.nsk.hr\/jasenovac\/wp-json\/wp\/v2\/pages"}],"about":[{"href":"http:\/\/knjiznice.nsk.hr\/jasenovac\/wp-json\/wp\/v2\/types\/page"}],"author":[{"embeddable":true,"href":"http:\/\/knjiznice.nsk.hr\/jasenovac\/wp-json\/wp\/v2\/users\/164"}],"replies":[{"embeddable":true,"href":"http:\/\/knjiznice.nsk.hr\/jasenovac\/wp-json\/wp\/v2\/comments?post=14"}],"version-history":[{"count":8,"href":"http:\/\/knjiznice.nsk.hr\/jasenovac\/wp-json\/wp\/v2\/pages\/14\/revisions"}],"predecessor-version":[{"id":350,"href":"http:\/\/knjiznice.nsk.hr\/jasenovac\/wp-json\/wp\/v2\/pages\/14\/revisions\/350"}],"wp:attachment":[{"href":"http:\/\/knjiznice.nsk.hr\/jasenovac\/wp-json\/wp\/v2\/media?parent=14"}],"curies":[{"name":"wp","href":"https:\/\/api.w.org\/{rel}","templated":true}]}}