{"id":108,"date":"2023-09-29T14:26:56","date_gmt":"2023-09-29T12:26:56","guid":{"rendered":"http:\/\/knjiznice.nsk.hr\/bosnjaci\/?page_id=108"},"modified":"2023-09-29T14:45:21","modified_gmt":"2023-09-29T12:45:21","slug":"svecano-otvorenje","status":"publish","type":"page","link":"http:\/\/knjiznice.nsk.hr\/bosnjaci\/svecano-otvorenje\/","title":{"rendered":"Sve\u010dano otvorenje"},"content":{"rendered":"<h6>U sklopu proslave Dana na\u0161e Op\u0107ine 21. svibnja sve\u010dano je otvorena Narodna knji\u017enica i \u010ditaonica Bo\u0161njaci, i to kao ogranak Gradske knji\u017enice i \u010ditaonice Vinkovci.<\/h6>\n<h6>Pri\u010da je zapo\u010dela u o\u017eujku 2020. godine kada je Iva Grkovi\u0107, voditeljica Mati\u010dne razvojne slu\u017ebe za narodne i \u0161kolske knji\u017enice Vukovarsko-srijemske \u017eupanije, stigla u \u0160umarski muzej u Bo\u0161njacima radi dogovora za projekt Virtualne stvarnosti. Tu je iznimnu priliku Antun Leakovi\u0107, voditelj \u0160umarskoga muzeja, iskoristio i za razgovor o budu\u0107nosti na\u0161e knji\u017enice te predlo\u017eio suradnju s Gradskom knji\u017enicom i \u010ditaonicom Vinkovci. Tu je ideju na\u0161 na\u010delnik prihvatio, prenio Ivanu Bosan\u010di\u0107u, gradona\u010delniku grada Vinkovaca \u2013 i suradnja je bila dogovorena. U znak te suradnje, sve\u010dano su otvorenje okrunili zajedni\u010dkim rezanjem vrpce.<\/h6>\n<h6>Okupljenim mje\u0161tanima i medijima prvo se obratio Andrija Juzba\u0161i\u0107, na\u010delnik Op\u0107ine Bo\u0161njaci, zatim Ivan Bosan\u010di\u0107, gradona\u010delnik grada Vinkovaca, potom je govorila Nevenka Nedi\u0107, djelatnica Narodne knji\u017enice i \u010ditaonice Bo\u0161njaci, u ime Ministarstva kulture i medija RH Iva Grkovi\u0107, voditeljica Mati\u010dne razvojne slu\u017ebe te Vedrana Lugi\u0107, ravnateljica Gradske knji\u017enice i \u010ditaonice Vinkovci.<\/h6>\n<h6>\u201ePomogli smo znanjem, mogu\u0107nostima i kompetencijama, a rezultat svega je otvorenje Narodne knji\u017enice i \u010ditaonice Bo\u0161njaci. Nadam se da \u0107e biti sredi\u0161nje mjesto okupljanja, dru\u017eenja i u\u010denja\u201d, zaklju\u010dila je.<\/h6>\n","protected":false},"excerpt":{"rendered":"<p>U sklopu proslave Dana na\u0161e Op\u0107ine 21. svibnja sve\u010dano je otvorena Narodna knji\u017enica i \u010ditaonica Bo\u0161njaci, i to kao ogranak Gradske knji\u017enice i \u010ditaonice Vinkovci. Pri\u010da je zapo\u010dela u o\u017eujku [&hellip;]<\/p>\n","protected":false},"author":196,"featured_media":0,"parent":0,"menu_order":0,"comment_status":"closed","ping_status":"closed","template":"","meta":{"ngg_post_thumbnail":0},"yoast_head":"<!-- This site is optimized with the Yoast SEO plugin v16.4 - https:\/\/yoast.com\/wordpress\/plugins\/seo\/ -->\n<meta name=\"robots\" content=\"index, follow, max-snippet:-1, max-image-preview:large, max-video-preview:-1\" \/>\n<link rel=\"canonical\" href=\"http:\/\/knjiznice.nsk.hr\/bosnjaci\/svecano-otvorenje\/\" \/>\n<meta property=\"og:locale\" content=\"hr_HR\" \/>\n<meta property=\"og:type\" content=\"article\" \/>\n<meta property=\"og:title\" content=\"Sve\u010dano otvorenje - Narodna knji\u017enica i \u010ditaonica Bo\u0161njaci\" \/>\n<meta property=\"og:description\" content=\"U sklopu proslave Dana na\u0161e Op\u0107ine 21. svibnja sve\u010dano je otvorena Narodna knji\u017enica i \u010ditaonica Bo\u0161njaci, i to kao ogranak Gradske knji\u017enice i \u010ditaonice Vinkovci. Pri\u010da je zapo\u010dela u o\u017eujku [&hellip;]\" \/>\n<meta property=\"og:url\" content=\"http:\/\/knjiznice.nsk.hr\/bosnjaci\/svecano-otvorenje\/\" \/>\n<meta property=\"og:site_name\" content=\"Narodna knji\u017enica i \u010ditaonica Bo\u0161njaci\" \/>\n<meta property=\"article:modified_time\" content=\"2023-09-29T12:45:21+00:00\" \/>\n<meta name=\"twitter:card\" content=\"summary_large_image\" \/>\n<meta name=\"twitter:label1\" content=\"Procijenjeno vrijeme \u010ditanja\" \/>\n\t<meta name=\"twitter:data1\" content=\"1 minuta\" \/>\n<script type=\"application\/ld+json\" class=\"yoast-schema-graph\">{\"@context\":\"https:\/\/schema.org\",\"@graph\":[{\"@type\":\"WebSite\",\"@id\":\"https:\/\/knjiznice.nsk.hr\/bosnjaci\/#website\",\"url\":\"https:\/\/knjiznice.nsk.hr\/bosnjaci\/\",\"name\":\"Narodna knji\\u017enica i \\u010ditaonica Bo\\u0161njaci\",\"description\":\"Ogranak Gradske knji\\u017enice i \\u010ditaonice Vinkovci\",\"potentialAction\":[{\"@type\":\"SearchAction\",\"target\":\"https:\/\/knjiznice.nsk.hr\/bosnjaci\/?s={search_term_string}\",\"query-input\":\"required name=search_term_string\"}],\"inLanguage\":\"hr\"},{\"@type\":\"WebPage\",\"@id\":\"http:\/\/knjiznice.nsk.hr\/bosnjaci\/svecano-otvorenje\/#webpage\",\"url\":\"http:\/\/knjiznice.nsk.hr\/bosnjaci\/svecano-otvorenje\/\",\"name\":\"Sve\\u010dano otvorenje - Narodna knji\\u017enica i \\u010ditaonica Bo\\u0161njaci\",\"isPartOf\":{\"@id\":\"https:\/\/knjiznice.nsk.hr\/bosnjaci\/#website\"},\"datePublished\":\"2023-09-29T12:26:56+00:00\",\"dateModified\":\"2023-09-29T12:45:21+00:00\",\"breadcrumb\":{\"@id\":\"http:\/\/knjiznice.nsk.hr\/bosnjaci\/svecano-otvorenje\/#breadcrumb\"},\"inLanguage\":\"hr\",\"potentialAction\":[{\"@type\":\"ReadAction\",\"target\":[\"http:\/\/knjiznice.nsk.hr\/bosnjaci\/svecano-otvorenje\/\"]}]},{\"@type\":\"BreadcrumbList\",\"@id\":\"http:\/\/knjiznice.nsk.hr\/bosnjaci\/svecano-otvorenje\/#breadcrumb\",\"itemListElement\":[{\"@type\":\"ListItem\",\"position\":1,\"item\":{\"@type\":\"WebPage\",\"@id\":\"https:\/\/knjiznice.nsk.hr\/bosnjaci\/\",\"url\":\"https:\/\/knjiznice.nsk.hr\/bosnjaci\/\",\"name\":\"Po\\u010detna stranica\"}},{\"@type\":\"ListItem\",\"position\":2,\"item\":{\"@id\":\"http:\/\/knjiznice.nsk.hr\/bosnjaci\/svecano-otvorenje\/#webpage\"}}]}]}<\/script>\n<!-- \/ Yoast SEO plugin. -->","_links":{"self":[{"href":"http:\/\/knjiznice.nsk.hr\/bosnjaci\/wp-json\/wp\/v2\/pages\/108"}],"collection":[{"href":"http:\/\/knjiznice.nsk.hr\/bosnjaci\/wp-json\/wp\/v2\/pages"}],"about":[{"href":"http:\/\/knjiznice.nsk.hr\/bosnjaci\/wp-json\/wp\/v2\/types\/page"}],"author":[{"embeddable":true,"href":"http:\/\/knjiznice.nsk.hr\/bosnjaci\/wp-json\/wp\/v2\/users\/196"}],"replies":[{"embeddable":true,"href":"http:\/\/knjiznice.nsk.hr\/bosnjaci\/wp-json\/wp\/v2\/comments?post=108"}],"version-history":[{"count":1,"href":"http:\/\/knjiznice.nsk.hr\/bosnjaci\/wp-json\/wp\/v2\/pages\/108\/revisions"}],"predecessor-version":[{"id":109,"href":"http:\/\/knjiznice.nsk.hr\/bosnjaci\/wp-json\/wp\/v2\/pages\/108\/revisions\/109"}],"wp:attachment":[{"href":"http:\/\/knjiznice.nsk.hr\/bosnjaci\/wp-json\/wp\/v2\/media?parent=108"}],"curies":[{"name":"wp","href":"https:\/\/api.w.org\/{rel}","templated":true}]}}