{"id":79,"date":"2020-09-21T14:29:20","date_gmt":"2020-09-21T12:29:20","guid":{"rendered":"http:\/\/knjiznice.nsk.hr\/bistra\/?page_id=79"},"modified":"2020-09-21T14:29:20","modified_gmt":"2020-09-21T12:29:20","slug":"izjava-o-pristupacnosti","status":"publish","type":"page","link":"http:\/\/knjiznice.nsk.hr\/bistra\/izjava-o-pristupacnosti\/","title":{"rendered":"Izjava o pristupa\u010dnosti"},"content":{"rendered":"<p>Izjava o pristupa\u010dnosti<\/p>\n<p>&nbsp;<\/p>\n<p><strong>Op\u0107enito<\/strong><\/p>\n<p>Op\u0107inska knji\u017enica Bistra nastoji svoje mre\u017ene stranice u\u010diniti pristupa\u010dnima u skladu sa&nbsp;<a href=\"https:\/\/www.zakon.hr\/z\/1929\/Zakon-o-pristupa%C4%8Dnosti-mre%C5%BEnih-stranica-i-programskih-rje%C5%A1enja-za-pokretne-ure%C4%91aje-tijela-javnog-sektora\">Zakonom o pristupa\u010dnosti mre\u017enih stranica i programskih rje\u0161enja za pokretne ure\u0111aje tijela javnog sektora Republike Hrvatske<\/a>&nbsp;(\u201eNarodne novine\u201c, broj 17\/19; dalje u tekstu: Zakon) kojim se prenosi&nbsp;<a href=\"https:\/\/eur-lex.europa.eu\/legal-content\/HR\/AUTO\/?uri=OJ:L:2016:327:TOC\">Direktiva (EU)&nbsp;2016\/2102 Europskog parlamenta i Vije\u0107a od 26.&nbsp;listopada 2016. o pristupa\u010dnosti internetskih stranica i mobilnih aplikacija tijela javnog sektora<\/a>&nbsp;(SL&nbsp;L&nbsp;327, 2.12.2016.).<\/p>\n<p>Ova Izjava o pristupa\u010dnosti primjenjuje se na mre\u017eno sjedi\u0161te Op\u0107inske knji\u017enice Bistra koje se nalazi na adresi http:\/\/knjiznice.nsk.hr\/bistra\/.<\/p>\n<p><strong>Status uskla\u0111enosti<\/strong><\/p>\n<p>Mre\u017eno sjedi\u0161te http:\/\/knjiznice.nsk.hr\/bistra\/&nbsp;djelomi\u010dno je uskla\u0111eno sa Zakonom zbog neuskla\u0111enosti koje su navedene u nastavku.<\/p>\n<p><strong>Nepristupa\u010dan sadr\u017eaj<\/strong><\/p>\n<p>Sadr\u017eaj naveden u nastavku je nepristupa\u010dan iz razloga:<\/p>\n<ol>\n<li>a) neuskla\u0111enosti sa Zakonom<\/li>\n<\/ol>\n<ul>\n<li>Kontrast na pojedinim dijelovima stranice nije zadovoljavaju\u0107.<\/li>\n<li>Veli\u010dina fonta na mre\u017enom mjestu je premala.<\/li>\n<li>Nazivi pojedinih poveznica trebali bi konkretnije specificirati sadr\u017eaj koji se iza njih nalazi.<\/li>\n<li>Mre\u017eno mjesto nema mogu\u0107nost reprodukcije tekstualnog sadr\u017eaja u audio obliku.<\/li>\n<li>Pojedine slike na stranici ne sadr\u017ee &lt;alt&gt; atribut.<\/li>\n<li>Pojedine slike na stranici ne sadr\u017ee kratak tekstualni opis sadr\u017eaja i funkcije slike.<\/li>\n<li>Navigacija u sidebaru prikazuje padaju\u0107e izbornike na prelazak mi\u0161a preko elementa navigacije, a ne na klik na odre\u0111eni element.<\/li>\n<\/ul>\n<ol>\n<li>b) nerazmjerno optere\u0107enje<\/li>\n<\/ol>\n<p>Za neuskla\u0111enosti navedene pod to\u010dkom a), Op\u0107inska knji\u017enica Bistra poziva se na iznimku zbog nerazmjernog optere\u0107enja sukladno \u010dlanku 8. Zakona.<\/p>\n<p>&nbsp;<\/p>\n<ol>\n<li>c) sadr\u017eaj nije obuhva\u0107en podru\u010djem primjene primjenjivog zakonodavstva<\/li>\n<\/ol>\n<p>Sukladno \u010dlanku 3. Zakona, isti se ne primjenjuje na uredske datoteke objavljene prije 23. rujna 2018. \u010diji sadr\u017eaj nije potreban za postupke u tijeku koje tijelo javnog sektora obavlja u okviru svog djelokruga.<\/p>\n<p>Sukladno \u010dlanku 3. Zakona, isti se ne primjenjuje na prethodno snimljene medijske sadr\u017eaje u obliku audiozapisa, videozapisa, audio i videozapisa, audio i\/ili videozapisa kombiniranih s interakcijom, objavljene prije 23. rujna 2020.<\/p>\n<p><strong>Priprema ove izjave o pristupa\u010dnosti<\/strong><\/p>\n<p>Ova je izjava sastavljena 18.9.2020., prema Predlo\u0161ku izjave o pristupa\u010dnosti koji je u skladu s Direktivom (EU) 2016\/2102 Europskog parlamenta i Vije\u0107a o pristupa\u010dnosti internetskih stranica i mobilnih aplikacija tijela javnog sektora, a utvr\u0111en je&nbsp;<a href=\"https:\/\/eur-lex.europa.eu\/legal-content\/HR\/TXT\/HTML\/?uri=CELEX:32018D1523&amp;qid=1590482508144&amp;from=HR\">Provedbenom odlukom Komisije (EU) 2018\/1523<\/a>.<\/p>\n<p>Izjava je zadnji put preispitana&nbsp;18.9.2020.<\/p>\n<p><strong>Povratne informacije i podaci za kontakt<\/strong><\/p>\n<p>Molimo korisnike ove mre\u017ene stranice ako primijete neuskla\u0111en sadr\u017eaj, koji nije obuhva\u0107en ovom izjavom, da o tome obavijeste Op\u0107insku knji\u017enicu Bistra.<\/p>\n<p>Sve upite i sugestije vezane uz pristupa\u010dnost mre\u017enog sjedi\u0161ta Op\u0107inska knji\u017enica Bistra korisnici mogu uputiti putem elektroni\u010dke po\u0161te:&nbsp;knjiznica@bistra.hr.&nbsp;<\/p>\n<p>Op\u0107inska knji\u017enica Bistra du\u017ena je na upit, obavijest ili zahtjev korisnika vezano uz osiguravanje pristupa\u010dnosti odgovoriti u roku od 15 dana od dana primitka obavijesti, odnosno zahtjeva ili ga u istom roku, uz detaljno obrazlo\u017eenje razloga koji zahtijevaju odgodu, obavijestiti o naknadnom roku u kojem \u0107e odgovoriti na korisnikovu obavijest ili zahtjev.<\/p>\n<p><strong>Postupak pra\u0107enja provedbe propisa<\/strong><\/p>\n<p>Povjerenik za informiranje Republike Hrvatske tijelo je nadle\u017eno za pra\u0107enje uskla\u0111enosti mre\u017enih stranica i programskih rje\u0161enja za pokretne ure\u0111aje tijela javnog sektora sa zahtjevima pristupa\u010dnosti kao i za nadzor nad provedbom Zakona. Poveznica na mre\u017enu stranicu inspekcijskog nadzora nalazi se na sljede\u0107oj adresi:&nbsp;<a href=\"https:\/\/pristupinfo.hr\/\">https:\/\/pristupinfo.hr<\/a>.<\/p>\n<p>U slu\u010daju nezadovoljavaju\u0107ih odgovora na obavijest ili zahtjev za povratne informacije o pristupa\u010dnosti ovih mre\u017enih stranica, korisnici se mogu obratiti Povjereniku za informiranje putem elektroni\u010dke po\u0161te:&nbsp;<a href=\"mailto:pristupacnost@pristupinfo.hr\">pristupacnost@pristupinfo.hr<\/a>.TEME<\/p>\n<p>&nbsp;<\/p>\n","protected":false},"excerpt":{"rendered":"<p>Izjava o pristupa\u010dnosti &nbsp; Op\u0107enito Op\u0107inska knji\u017enica Bistra nastoji svoje mre\u017ene stranice u\u010diniti pristupa\u010dnima u skladu sa&nbsp;Zakonom o pristupa\u010dnosti mre\u017enih stranica i programskih rje\u0161enja za pokretne ure\u0111aje tijela javnog sektora Republike Hrvatske&nbsp;(\u201eNarodne novine\u201c, broj 17\/19; dalje u tekstu: Zakon) kojim se prenosi&nbsp;Direktiva (EU)&nbsp;2016\/2102 Europskog parlamenta i Vije\u0107a od 26.&nbsp;listopada 2016. o pristupa\u010dnosti internetskih stranica i [&hellip;]<\/p>\n","protected":false},"author":173,"featured_media":0,"parent":0,"menu_order":0,"comment_status":"closed","ping_status":"closed","template":"","meta":{"ngg_post_thumbnail":0},"yoast_head":"<!-- This site is optimized with the Yoast SEO plugin v16.4 - https:\/\/yoast.com\/wordpress\/plugins\/seo\/ -->\n<meta name=\"robots\" content=\"index, follow, max-snippet:-1, max-image-preview:large, max-video-preview:-1\" \/>\n<link rel=\"canonical\" href=\"http:\/\/knjiznice.nsk.hr\/bistra\/izjava-o-pristupacnosti\/\" \/>\n<meta property=\"og:locale\" content=\"hr_HR\" \/>\n<meta property=\"og:type\" content=\"article\" \/>\n<meta property=\"og:title\" content=\"Izjava o pristupa\u010dnosti - Op\u0107inska knji\u017enica Bistra\" \/>\n<meta property=\"og:description\" content=\"Izjava o pristupa\u010dnosti &nbsp; Op\u0107enito Op\u0107inska knji\u017enica Bistra nastoji svoje mre\u017ene stranice u\u010diniti pristupa\u010dnima u skladu sa&nbsp;Zakonom o pristupa\u010dnosti mre\u017enih stranica i programskih rje\u0161enja za pokretne ure\u0111aje tijela javnog sektora Republike Hrvatske&nbsp;(\u201eNarodne novine\u201c, broj 17\/19; dalje u tekstu: Zakon) kojim se prenosi&nbsp;Direktiva (EU)&nbsp;2016\/2102 Europskog parlamenta i Vije\u0107a od 26.&nbsp;listopada 2016. o pristupa\u010dnosti internetskih stranica i [&hellip;]\" \/>\n<meta property=\"og:url\" content=\"http:\/\/knjiznice.nsk.hr\/bistra\/izjava-o-pristupacnosti\/\" \/>\n<meta property=\"og:site_name\" content=\"Op\u0107inska knji\u017enica Bistra\" \/>\n<meta name=\"twitter:card\" content=\"summary_large_image\" \/>\n<meta name=\"twitter:label1\" content=\"Procijenjeno vrijeme \u010ditanja\" \/>\n\t<meta name=\"twitter:data1\" content=\"3 minute\" \/>\n<script type=\"application\/ld+json\" class=\"yoast-schema-graph\">{\"@context\":\"https:\/\/schema.org\",\"@graph\":[{\"@type\":\"WebSite\",\"@id\":\"http:\/\/knjiznice.nsk.hr\/bistra\/#website\",\"url\":\"http:\/\/knjiznice.nsk.hr\/bistra\/\",\"name\":\"Op\\u0107inska knji\\u017enica Bistra\",\"description\":\"\",\"potentialAction\":[{\"@type\":\"SearchAction\",\"target\":\"http:\/\/knjiznice.nsk.hr\/bistra\/?s={search_term_string}\",\"query-input\":\"required name=search_term_string\"}],\"inLanguage\":\"hr\"},{\"@type\":\"WebPage\",\"@id\":\"http:\/\/knjiznice.nsk.hr\/bistra\/izjava-o-pristupacnosti\/#webpage\",\"url\":\"http:\/\/knjiznice.nsk.hr\/bistra\/izjava-o-pristupacnosti\/\",\"name\":\"Izjava o pristupa\\u010dnosti - Op\\u0107inska knji\\u017enica Bistra\",\"isPartOf\":{\"@id\":\"http:\/\/knjiznice.nsk.hr\/bistra\/#website\"},\"datePublished\":\"2020-09-21T12:29:20+00:00\",\"dateModified\":\"2020-09-21T12:29:20+00:00\",\"breadcrumb\":{\"@id\":\"http:\/\/knjiznice.nsk.hr\/bistra\/izjava-o-pristupacnosti\/#breadcrumb\"},\"inLanguage\":\"hr\",\"potentialAction\":[{\"@type\":\"ReadAction\",\"target\":[\"http:\/\/knjiznice.nsk.hr\/bistra\/izjava-o-pristupacnosti\/\"]}]},{\"@type\":\"BreadcrumbList\",\"@id\":\"http:\/\/knjiznice.nsk.hr\/bistra\/izjava-o-pristupacnosti\/#breadcrumb\",\"itemListElement\":[{\"@type\":\"ListItem\",\"position\":1,\"item\":{\"@type\":\"WebPage\",\"@id\":\"http:\/\/knjiznice.nsk.hr\/bistra\/\",\"url\":\"http:\/\/knjiznice.nsk.hr\/bistra\/\",\"name\":\"Po\\u010detna stranica\"}},{\"@type\":\"ListItem\",\"position\":2,\"item\":{\"@id\":\"http:\/\/knjiznice.nsk.hr\/bistra\/izjava-o-pristupacnosti\/#webpage\"}}]}]}<\/script>\n<!-- \/ Yoast SEO plugin. -->","_links":{"self":[{"href":"http:\/\/knjiznice.nsk.hr\/bistra\/wp-json\/wp\/v2\/pages\/79"}],"collection":[{"href":"http:\/\/knjiznice.nsk.hr\/bistra\/wp-json\/wp\/v2\/pages"}],"about":[{"href":"http:\/\/knjiznice.nsk.hr\/bistra\/wp-json\/wp\/v2\/types\/page"}],"author":[{"embeddable":true,"href":"http:\/\/knjiznice.nsk.hr\/bistra\/wp-json\/wp\/v2\/users\/173"}],"replies":[{"embeddable":true,"href":"http:\/\/knjiznice.nsk.hr\/bistra\/wp-json\/wp\/v2\/comments?post=79"}],"version-history":[{"count":1,"href":"http:\/\/knjiznice.nsk.hr\/bistra\/wp-json\/wp\/v2\/pages\/79\/revisions"}],"predecessor-version":[{"id":80,"href":"http:\/\/knjiznice.nsk.hr\/bistra\/wp-json\/wp\/v2\/pages\/79\/revisions\/80"}],"wp:attachment":[{"href":"http:\/\/knjiznice.nsk.hr\/bistra\/wp-json\/wp\/v2\/media?parent=79"}],"curies":[{"name":"wp","href":"https:\/\/api.w.org\/{rel}","templated":true}]}}