{"id":554,"date":"2016-08-22T10:02:41","date_gmt":"2016-08-22T10:02:41","guid":{"rendered":"http:\/\/knjiznice.nsk.hr\/babina-greda\/?page_id=554"},"modified":"2024-03-19T09:35:17","modified_gmt":"2024-03-19T09:35:17","slug":"knjizevni-susreti","status":"publish","type":"page","link":"http:\/\/knjiznice.nsk.hr\/babina-greda\/knjizevni-susreti\/","title":{"rendered":"Knji\u017eevni susreti"},"content":{"rendered":"<div class=\"x11i5rnm xat24cr x1mh8g0r x1vvkbs xdj266r x126k92a\">\n<p dir=\"auto\">2024.&nbsp;<\/p>\n<\/div>\n<div dir=\"auto\">U petak, 15. o\u017eujka, dru\u017eili smo se s Ivanom \u0160ojat, knji\u017eevnicom i prevoditeljicom, suradnicom brojnih \u010dasopisa, urednicom kazali\u0161nih izdanja. Odnedavno je Ivana \u0160ojat i studentica Povijesti umjetnosti i Filozofije na Filozofskom fakultetu u Osijeku.<\/div>\n<div dir=\"auto\">Odlikovana je za uspje\u0161no promicanje hrvatske kulture u zemlji i inozemstvu, dobitnica je brojnih nagrada za svoj knji\u017eevni rad i autorica brojnih romana koje smo pro\u010ditali. Osim ove bogate biografije, Ivana \u0160ojat je, prije svega, \u017eena koja otvoreno govori o sebi i poti\u010de razgovor o temama o kojima se ne govori ili ne \u017eeli govoriti.<\/div>\n<div dir=\"auto\">Njezin zadnji roman &#8220;Rogus&#8221; govori o Anici Pavkovi\u0107 iz \u010cepina, \u017eeni koja je bila optu\u017eena za vje\u0161ti\u010darenje i pritom spaljena na loma\u010di 1747. godine. Osim toga, roman govori i o arheologinji koja prou\u010dava taj slu\u010daj i polako po\u010dinje osje\u0107ati sve \u0161to i optu\u017eena Anica&#8230;&#8221;Rogus&#8221; i ostale romane potra\u017eite u na\u0161oj knji\u017enici!<\/div>\n<div dir=\"auto\">Hvala svim \u017eenama koje su do\u0161le! I Denisu!<\/div>\n<div dir=\"auto\">Foto: \u0110ur\u0111ica Babi\u0107<img loading=\"lazy\" class=\"aligncenter size-medium wp-image-2020\" src=\"http:\/\/knjiznice.nsk.hr\/babina-greda\/wp-content\/uploads\/sites\/72\/2024\/03\/unnamed-497x373.jpg\" alt=\"\" width=\"497\" height=\"373\" srcset=\"http:\/\/knjiznice.nsk.hr\/babina-greda\/wp-content\/uploads\/sites\/72\/2024\/03\/unnamed-497x373.jpg 497w, http:\/\/knjiznice.nsk.hr\/babina-greda\/wp-content\/uploads\/sites\/72\/2024\/03\/unnamed-1096x822.jpg 1096w, http:\/\/knjiznice.nsk.hr\/babina-greda\/wp-content\/uploads\/sites\/72\/2024\/03\/unnamed-768x576.jpg 768w, http:\/\/knjiznice.nsk.hr\/babina-greda\/wp-content\/uploads\/sites\/72\/2024\/03\/unnamed-600x450.jpg 600w, http:\/\/knjiznice.nsk.hr\/babina-greda\/wp-content\/uploads\/sites\/72\/2024\/03\/unnamed-1536x1152.jpg 1536w, http:\/\/knjiznice.nsk.hr\/babina-greda\/wp-content\/uploads\/sites\/72\/2024\/03\/unnamed-2048x1536.jpg 2048w, http:\/\/knjiznice.nsk.hr\/babina-greda\/wp-content\/uploads\/sites\/72\/2024\/03\/unnamed-624x468.jpg 624w\" sizes=\"(max-width: 497px) 100vw, 497px\" \/><\/div>\n<div class=\"x11i5rnm xat24cr x1mh8g0r x1vvkbs xdj266r x126k92a\">\n<p dir=\"auto\">&nbsp; &nbsp;<\/p>\n<div dir=\"auto\" style=\"text-align: center\">6. o\u017eujka smo predstavili zbirku pjesama Julije Kadi\u0107. Juliji je ovo prva zbirka pjesama, ali ne i zadnja, ve\u0107 priprema drugu!<\/div>\n<div dir=\"auto\" style=\"text-align: center\">Julija Kadi\u0107 (1982.) \u017eivi i radi u Gundincima kao nositeljica vlastitog OPG-a. Udana, majka troje djece. Diplomirala na Biotehni\u010dkom odjelu Sveu\u010dili\u0161ta u Slavonskom Brodu. Oduvijek pi\u0161e, a ovu zbirku poezije objavila je osvojiv\u0161i nagradu na natje\u010daju izdava\u010dke ku\u0107e Diligo liber. Zbirka pjesma &#8220;Sve o nama&#8221; je ljubavne tematike, a govori o svim ljudima, ljudima koji osje\u0107aju ljubav, koje ljubav boli i koji se vra\u0107aju ljubavi. Julija nerijetko objavljuje svoje stihove na dru\u0161tvenim mre\u017eama, a inspiraciju za pisanje nalazi u svemu \u0161to je okru\u017euje.<\/div>\n<div dir=\"auto\" style=\"text-align: center\">Radujemo se Julijinim novim pjesni\u010dkim tekstovima i o\u010dekujemo novu promociju u budu\u0107nosti.<img loading=\"lazy\" class=\"aligncenter size-full wp-image-2012\" src=\"http:\/\/knjiznice.nsk.hr\/babina-greda\/wp-content\/uploads\/sites\/72\/2024\/03\/429615301_420586537094719_8209898025170554971_n.jpg\" alt=\"\" width=\"339\" height=\"280\"\/><\/div>\n<p dir=\"auto\">&nbsp;<\/p>\n<p dir=\"auto\">&nbsp;<\/p>\n<p dir=\"auto\">Povodom Svjetskog dana \u010ditanja naglas, 7.2.2024. do\u0161li su nam u\u010denici i u\u010denice 2. razreda s u\u010diteljicom Nevenkom \u010civi\u0107. Spisateljica Andrijana Marti\u0107 je pro\u010ditala svoju slikovnicu &#8220;Vitez Akul i kralj koji se preigrao&#8221;. Djeca su bila odu\u0161evljena s pri\u010dom koja govori o posljedicama igranja igrica te koliko one utje\u010du na u\u010denje i pona\u0161anje. Oslikali su kutijice, pri\u010dali o slobodnom vremenu koje ne mora biti ispunjeno igricama. Za kraj smo imali slatki\u0161e za svakoga, a neki su dobili i slikovnicu od autorice!<img loading=\"lazy\" class=\"aligncenter size-medium wp-image-1977\" src=\"http:\/\/knjiznice.nsk.hr\/babina-greda\/wp-content\/uploads\/sites\/72\/2024\/02\/425595583_779678934187704_4849458858243148517_n-1-497x280.jpg\" alt=\"\" width=\"497\" height=\"280\" srcset=\"http:\/\/knjiznice.nsk.hr\/babina-greda\/wp-content\/uploads\/sites\/72\/2024\/02\/425595583_779678934187704_4849458858243148517_n-1-497x280.jpg 497w, http:\/\/knjiznice.nsk.hr\/babina-greda\/wp-content\/uploads\/sites\/72\/2024\/02\/425595583_779678934187704_4849458858243148517_n-1-1096x617.jpg 1096w, http:\/\/knjiznice.nsk.hr\/babina-greda\/wp-content\/uploads\/sites\/72\/2024\/02\/425595583_779678934187704_4849458858243148517_n-1-768x432.jpg 768w, http:\/\/knjiznice.nsk.hr\/babina-greda\/wp-content\/uploads\/sites\/72\/2024\/02\/425595583_779678934187704_4849458858243148517_n-1-600x338.jpg 600w, http:\/\/knjiznice.nsk.hr\/babina-greda\/wp-content\/uploads\/sites\/72\/2024\/02\/425595583_779678934187704_4849458858243148517_n-1-1536x865.jpg 1536w, http:\/\/knjiznice.nsk.hr\/babina-greda\/wp-content\/uploads\/sites\/72\/2024\/02\/425595583_779678934187704_4849458858243148517_n-1-624x351.jpg 624w, http:\/\/knjiznice.nsk.hr\/babina-greda\/wp-content\/uploads\/sites\/72\/2024\/02\/425595583_779678934187704_4849458858243148517_n-1.jpg 2048w\" sizes=\"(max-width: 497px) 100vw, 497px\" \/><\/p>\n<\/div>\n<p dir=\"auto\">&nbsp; &nbsp; U petak, 26. sije\u010dnja odr\u017eali smo promociju knjige Ive Re\u0161i\u0107a &#8220;Engleska igra \u0161oka\u010dke lady&#8221;. Autor je gra\u0111u za ovaj roman istra\u017eivao 14 godina. Oko glavne radnje, ljubavi izme\u0111u Katarine Horvatovi\u0107 i Freda Hepburna upoznajemo se s \u017dupanjom, njezinim stanovnicima i napretkom ovog kraja od kraja 19. stolje\u0107a do prve polovice 20. stolje\u0107a. Dolaskom Engleza u \u017dupanju radi tvornice tanina koju po\u010dinju graditi 1884. , \u017dupanja do\u017eivljava procvat. Osniva se prvo vatrogasno dru\u0161tvo, postavlja se javna rasvjeta u \u017dupanji i prije Vara\u017edina i Zagreba, \u017eupanjski hotel Weinberger slovi kao prvi elektrificirani hotel u Slavoniji i Srijemu, dolazi i prva nogometna lopta u Hrvatskoj. Autor Ivo Re\u0161i\u0107 vje\u0161to gradi pri\u010du o gradu kroz prikaz \u017eivota &#8220;\u0161oka\u010dke lady&#8221; Katarine. \u017delite li saznati vi\u0161e o \u017dupanji, nogometu i &#8220;lady&#8221;, potra\u017eite knjigu u na\u0161oj knji\u017enici!<\/p>\n<p dir=\"auto\"><img loading=\"lazy\" class=\"aligncenter size-medium wp-image-1916\" src=\"http:\/\/knjiznice.nsk.hr\/babina-greda\/wp-content\/uploads\/sites\/72\/2024\/01\/1-lady-e1706599828181-359x448.jpg\" alt=\"\" width=\"359\" height=\"448\" srcset=\"http:\/\/knjiznice.nsk.hr\/babina-greda\/wp-content\/uploads\/sites\/72\/2024\/01\/1-lady-e1706599828181-359x448.jpg 359w, http:\/\/knjiznice.nsk.hr\/babina-greda\/wp-content\/uploads\/sites\/72\/2024\/01\/1-lady-e1706599828181-907x1131.jpg 907w, http:\/\/knjiznice.nsk.hr\/babina-greda\/wp-content\/uploads\/sites\/72\/2024\/01\/1-lady-e1706599828181-768x957.jpg 768w, http:\/\/knjiznice.nsk.hr\/babina-greda\/wp-content\/uploads\/sites\/72\/2024\/01\/1-lady-e1706599828181-600x748.jpg 600w, http:\/\/knjiznice.nsk.hr\/babina-greda\/wp-content\/uploads\/sites\/72\/2024\/01\/1-lady-e1706599828181-624x778.jpg 624w, http:\/\/knjiznice.nsk.hr\/babina-greda\/wp-content\/uploads\/sites\/72\/2024\/01\/1-lady-e1706599828181.jpg 974w\" sizes=\"(max-width: 359px) 100vw, 359px\" \/><\/p>\n<div class=\"x11i5rnm xat24cr x1mh8g0r x1vvkbs xdj266r x126k92a\">\n<p dir=\"auto\"><strong>2023.&nbsp;<\/strong><\/p>\n<p dir=\"auto\">Ivana \u0160ojat i promocija romana &#8220;Oblak \u010dvoraka&#8221;<\/p>\n<h4>U na\u0161oj knji\u017enici gostovala je&nbsp;<span class=\"xt0psk2\" data-wahfont=\"14\">Ivana \u0160ojat<\/span>&nbsp;koja je u\u010denicima sedmih i osmih razreda govorila o svojim romanima za mlade, ponajvi\u0161e romanu \u201cOblak \u010dvoraka\u201d. Ovaj roman govori o psihi\u010dkom i fizi\u010dkom nasilju u osnovnoj \u0161koli koje pro\u017eivljavaju u\u010denice i u\u010denici jednog sedmog razreda. Unutarnja bitka glavne junakinje Lucije sa samom sobom rezultira, na kraju, sa sretnim zavr\u0161etkom. O Luciji i \u010dvorcima \u010ditali su u\u010denici i u\u010denice na\u0161e osnovne \u0161kole koji su postavljali na\u0161oj go\u0161\u0107i pitanja u vezi romana i u vezi nje kao autorice ove knjige. Zahvaljujemo na\u0161im divnim nastavnicama hrvatskoga jezika Martini i Danijeli \u0161to su pripremale u\u010denike i \u0161to su izdvojile vrijeme za ovaj knji\u017eevni susret! Hvala \u0161kolskoj knji\u017eni\u010darki Aniti na fotografijama<img loading=\"lazy\" class=\"aligncenter size-medium wp-image-1779\" src=\"http:\/\/knjiznice.nsk.hr\/babina-greda\/wp-content\/uploads\/sites\/72\/2023\/06\/350778906_1649140045507757_5479576116840416118_n-497x372.jpg\" alt=\"\" width=\"497\" height=\"372\" srcset=\"http:\/\/knjiznice.nsk.hr\/babina-greda\/wp-content\/uploads\/sites\/72\/2023\/06\/350778906_1649140045507757_5479576116840416118_n-497x372.jpg 497w, http:\/\/knjiznice.nsk.hr\/babina-greda\/wp-content\/uploads\/sites\/72\/2023\/06\/350778906_1649140045507757_5479576116840416118_n-1096x820.jpg 1096w, http:\/\/knjiznice.nsk.hr\/babina-greda\/wp-content\/uploads\/sites\/72\/2023\/06\/350778906_1649140045507757_5479576116840416118_n-768x575.jpg 768w, http:\/\/knjiznice.nsk.hr\/babina-greda\/wp-content\/uploads\/sites\/72\/2023\/06\/350778906_1649140045507757_5479576116840416118_n-600x449.jpg 600w, http:\/\/knjiznice.nsk.hr\/babina-greda\/wp-content\/uploads\/sites\/72\/2023\/06\/350778906_1649140045507757_5479576116840416118_n-1536x1149.jpg 1536w, http:\/\/knjiznice.nsk.hr\/babina-greda\/wp-content\/uploads\/sites\/72\/2023\/06\/350778906_1649140045507757_5479576116840416118_n-624x467.jpg 624w, http:\/\/knjiznice.nsk.hr\/babina-greda\/wp-content\/uploads\/sites\/72\/2023\/06\/350778906_1649140045507757_5479576116840416118_n.jpg 2048w\" sizes=\"(max-width: 497px) 100vw, 497px\" \/><\/h4>\n<p dir=\"auto\">&nbsp;<\/p>\n<p dir=\"auto\">&nbsp;<\/p>\n<p dir=\"auto\">&nbsp;<\/p>\n<p dir=\"auto\">&nbsp;<\/p>\n<p dir=\"auto\">&nbsp;<\/p>\n<p dir=\"auto\">&nbsp;<\/p>\n<p dir=\"auto\"><a href=\"http:\/\/knjiznice.nsk.hr\/babina-greda\/wp-content\/uploads\/sites\/72\/2023\/03\/IMG-c51857e2ed01178d79d31f78d9919bd2-V.jpg\"><img loading=\"lazy\" class=\"size-medium wp-image-1666 alignleft\" src=\"http:\/\/knjiznice.nsk.hr\/babina-greda\/wp-content\/uploads\/sites\/72\/2023\/03\/IMG-c51857e2ed01178d79d31f78d9919bd2-V-300x178.jpg\" alt=\"\" width=\"300\" height=\"178\" srcset=\"http:\/\/knjiznice.nsk.hr\/babina-greda\/wp-content\/uploads\/sites\/72\/2023\/03\/IMG-c51857e2ed01178d79d31f78d9919bd2-V-300x178.jpg 300w, http:\/\/knjiznice.nsk.hr\/babina-greda\/wp-content\/uploads\/sites\/72\/2023\/03\/IMG-c51857e2ed01178d79d31f78d9919bd2-V-1024x606.jpg 1024w, http:\/\/knjiznice.nsk.hr\/babina-greda\/wp-content\/uploads\/sites\/72\/2023\/03\/IMG-c51857e2ed01178d79d31f78d9919bd2-V-768x455.jpg 768w, http:\/\/knjiznice.nsk.hr\/babina-greda\/wp-content\/uploads\/sites\/72\/2023\/03\/IMG-c51857e2ed01178d79d31f78d9919bd2-V-600x355.jpg 600w, http:\/\/knjiznice.nsk.hr\/babina-greda\/wp-content\/uploads\/sites\/72\/2023\/03\/IMG-c51857e2ed01178d79d31f78d9919bd2-V-1536x909.jpg 1536w, http:\/\/knjiznice.nsk.hr\/babina-greda\/wp-content\/uploads\/sites\/72\/2023\/03\/IMG-c51857e2ed01178d79d31f78d9919bd2-V-624x369.jpg 624w, http:\/\/knjiznice.nsk.hr\/babina-greda\/wp-content\/uploads\/sites\/72\/2023\/03\/IMG-c51857e2ed01178d79d31f78d9919bd2-V.jpg 1581w\" sizes=\"(max-width: 300px) 100vw, 300px\" \/><\/a>U subotu u 17 sati odr\u017eali smo promociju prvijenca Jasne Buha\u010d-Starc.<\/p>\n<div dir=\"auto\">Uz samu autoricu, prisutna je&nbsp;<\/div>\n<p><!--more--><\/p>\n<div dir=\"auto\">bila i lektorica i recenzentica Nina Martinovi\u0107 Salatovi\u0107. Samo predstavljanje knjige obogatili su glazbom duo &#8220;Pages&#8221; iz Vinkovaca.<\/div>\n<div dir=\"auto\">&#8220;Povijest jedne la\u017ei &#8211; nisam roba s gre\u0161kom&#8221; autorice Jasne Buha\u010d-Starc je kronolo\u0161ka ispovijest stvarnih doga\u0111aja, osje\u0107aja i ljudskih odnosa u razdoblju od 4 godine, od 2018. do 2022. godine.<\/div>\n<div dir=\"auto\">Autorica pi\u0161e kako nepravedno ostaje bez posla i biva optu\u017eena za ne\u0161to \u0161to joj nije nalik. Ali ova pri\u010da je puno vi\u0161e od toga, ovo je pri\u010da o sumnji u ljude oko sebe, u sve ono \u0161to poznajemo i sve ono \u0161to nas definira.<\/div>\n<div dir=\"auto\">Dok autorica pri\u010da o la\u017ei koja se kotrlja u njezinoj sredini i koju osje\u0107a u pogledima svojih poznanika, autorica govori i o svojoj istini, istini ponosne \u017eene, majke, supruge, k\u0107eri, odane kolegice . Jasna Buha\u010d-Starc svojim \u010ditateljima daje i \u017eivotne lekcije koje je sama na svojoj ko\u017ei osjetila. Iz svega, bilo dobroga bilo lo\u0161ega ra\u0111a se snaga. Ovaj put, snaga \u017eenske volje, snaga za oduprijeti se i ne prihvatiti kontrolu i mo\u0107 drugih, ve\u0107 biti gospodarom svoje vlastitosti. U tome je snaga rije\u010di Jasne Buha\u010d-Starc, a ovim knji\u017eevnim tekstom lije\u010di. Lije\u010di najprije sebe, a ostalima postavlja pitanje: &#8220;Kako \u0107e pri\u010da zavr\u0161iti&#8221;?<\/div>\n<\/div>\n<div class=\"x11i5rnm xat24cr x1mh8g0r x1vvkbs xtlvy1s x126k92a\">\n<div dir=\"auto\">Foto: Martina Mijatovi\u0107<\/div>\n<\/div>\n","protected":false},"excerpt":{"rendered":"<p>2024.&nbsp; U petak, 15. o\u017eujka, dru\u017eili smo se s Ivanom \u0160ojat, knji\u017eevnicom i prevoditeljicom, suradnicom brojnih \u010dasopisa, urednicom kazali\u0161nih izdanja. Odnedavno je Ivana \u0160ojat i studentica Povijesti umjetnosti i Filozofije na Filozofskom fakultetu u Osijeku. Odlikovana je za uspje\u0161no promicanje hrvatske kulture u zemlji i inozemstvu, dobitnica je brojnih nagrada za svoj knji\u017eevni rad i [&hellip;]<\/p>\n","protected":false},"author":86,"featured_media":0,"parent":0,"menu_order":0,"comment_status":"closed","ping_status":"closed","template":"page-templates\/front-page.php","meta":{"ngg_post_thumbnail":0},"yoast_head":"<!-- This site is optimized with the Yoast SEO plugin v16.4 - https:\/\/yoast.com\/wordpress\/plugins\/seo\/ -->\n<title>Knji\u017eevni susreti &ndash; Op\u0107inska narodna knji\u017enica Babina Greda<\/title>\n<meta name=\"description\" content=\"Op\u0107inska narodna knji\u017enica Babina Greda Knji\u017eevni susreti &ndash;\" \/>\n<meta name=\"robots\" content=\"index, follow, max-snippet:-1, max-image-preview:large, max-video-preview:-1\" \/>\n<link rel=\"canonical\" href=\"https:\/\/knjiznice.nsk.hr\/babina-greda\/knjizevni-susreti\/\" \/>\n<meta property=\"og:locale\" content=\"hr_HR\" \/>\n<meta property=\"og:type\" content=\"article\" \/>\n<meta property=\"og:title\" content=\"Knji\u017eevni susreti &ndash; Op\u0107inska narodna knji\u017enica Babina Greda\" \/>\n<meta property=\"og:description\" content=\"Op\u0107inska narodna knji\u017enica Babina Greda Knji\u017eevni susreti &ndash;\" \/>\n<meta property=\"og:url\" content=\"https:\/\/knjiznice.nsk.hr\/babina-greda\/knjizevni-susreti\/\" \/>\n<meta property=\"og:site_name\" content=\"Op\u0107inska narodna knji\u017enica Babina Greda\" \/>\n<meta property=\"article:publisher\" content=\"https:\/\/web.facebook.com\/opcinska.narodna.knjiznica.babina.greda\/?ref=bookmarks\" \/>\n<meta property=\"article:modified_time\" content=\"2024-03-19T09:35:17+00:00\" \/>\n<meta property=\"og:image\" content=\"http:\/\/knjiznice.nsk.hr\/babina-greda\/wp-content\/uploads\/sites\/72\/2024\/03\/unnamed-497x373.jpg\" \/>\n<meta name=\"twitter:label1\" content=\"Procijenjeno vrijeme \u010ditanja\" \/>\n\t<meta name=\"twitter:data1\" content=\"5 minuta\" \/>\n<script type=\"application\/ld+json\" class=\"yoast-schema-graph\">{\"@context\":\"https:\/\/schema.org\",\"@graph\":[{\"@type\":\"Organization\",\"@id\":\"http:\/\/knjiznice.nsk.hr\/babina-greda\/#organization\",\"name\":\"Op\\u0107inska narodna knji\\u017enica Babina Greda\",\"url\":\"http:\/\/knjiznice.nsk.hr\/babina-greda\/\",\"sameAs\":[\"https:\/\/web.facebook.com\/opcinska.narodna.knjiznica.babina.greda\/?ref=bookmarks\",\"https:\/\/www.instagram.com\/narodnaknjiznica_bg\/\",\"https:\/\/www.youtube.com\/channel\/UC4GLISM7P4Kh8XCIuNsLjHA?view_as=subscriber\"],\"logo\":{\"@type\":\"ImageObject\",\"@id\":\"http:\/\/knjiznice.nsk.hr\/babina-greda\/#logo\",\"inLanguage\":\"hr\",\"url\":\"http:\/\/knjiznice.nsk.hr\/babina-greda\/wp-content\/uploads\/sites\/72\/2017\/05\/logo.jpg\",\"contentUrl\":\"http:\/\/knjiznice.nsk.hr\/babina-greda\/wp-content\/uploads\/sites\/72\/2017\/05\/logo.jpg\",\"width\":1056,\"height\":1368,\"caption\":\"Op\\u0107inska narodna knji\\u017enica Babina Greda\"},\"image\":{\"@id\":\"http:\/\/knjiznice.nsk.hr\/babina-greda\/#logo\"}},{\"@type\":\"WebSite\",\"@id\":\"http:\/\/knjiznice.nsk.hr\/babina-greda\/#website\",\"url\":\"http:\/\/knjiznice.nsk.hr\/babina-greda\/\",\"name\":\"Op\\u0107inska narodna knji\\u017enica Babina Greda\",\"description\":\"\",\"publisher\":{\"@id\":\"http:\/\/knjiznice.nsk.hr\/babina-greda\/#organization\"},\"potentialAction\":[{\"@type\":\"SearchAction\",\"target\":\"http:\/\/knjiznice.nsk.hr\/babina-greda\/?s={search_term_string}\",\"query-input\":\"required name=search_term_string\"}],\"inLanguage\":\"hr\"},{\"@type\":\"ImageObject\",\"@id\":\"https:\/\/knjiznice.nsk.hr\/babina-greda\/knjizevni-susreti\/#primaryimage\",\"inLanguage\":\"hr\",\"url\":\"http:\/\/knjiznice.nsk.hr\/babina-greda\/wp-content\/uploads\/sites\/72\/2024\/03\/unnamed-497x373.jpg\",\"contentUrl\":\"http:\/\/knjiznice.nsk.hr\/babina-greda\/wp-content\/uploads\/sites\/72\/2024\/03\/unnamed-497x373.jpg\"},{\"@type\":\"WebPage\",\"@id\":\"https:\/\/knjiznice.nsk.hr\/babina-greda\/knjizevni-susreti\/#webpage\",\"url\":\"https:\/\/knjiznice.nsk.hr\/babina-greda\/knjizevni-susreti\/\",\"name\":\"Knji\\u017eevni susreti &ndash; Op\\u0107inska narodna knji\\u017enica Babina Greda\",\"isPartOf\":{\"@id\":\"http:\/\/knjiznice.nsk.hr\/babina-greda\/#website\"},\"primaryImageOfPage\":{\"@id\":\"https:\/\/knjiznice.nsk.hr\/babina-greda\/knjizevni-susreti\/#primaryimage\"},\"datePublished\":\"2016-08-22T10:02:41+00:00\",\"dateModified\":\"2024-03-19T09:35:17+00:00\",\"description\":\"Op\\u0107inska narodna knji\\u017enica Babina Greda Knji\\u017eevni susreti &ndash;\",\"breadcrumb\":{\"@id\":\"https:\/\/knjiznice.nsk.hr\/babina-greda\/knjizevni-susreti\/#breadcrumb\"},\"inLanguage\":\"hr\",\"potentialAction\":[{\"@type\":\"ReadAction\",\"target\":[\"https:\/\/knjiznice.nsk.hr\/babina-greda\/knjizevni-susreti\/\"]}]},{\"@type\":\"BreadcrumbList\",\"@id\":\"https:\/\/knjiznice.nsk.hr\/babina-greda\/knjizevni-susreti\/#breadcrumb\",\"itemListElement\":[{\"@type\":\"ListItem\",\"position\":1,\"item\":{\"@type\":\"WebPage\",\"@id\":\"http:\/\/knjiznice.nsk.hr\/babina-greda\/\",\"url\":\"http:\/\/knjiznice.nsk.hr\/babina-greda\/\",\"name\":\"Po\\u010detna stranica\"}},{\"@type\":\"ListItem\",\"position\":2,\"item\":{\"@id\":\"https:\/\/knjiznice.nsk.hr\/babina-greda\/knjizevni-susreti\/#webpage\"}}]}]}<\/script>\n<!-- \/ Yoast SEO plugin. -->","_links":{"self":[{"href":"http:\/\/knjiznice.nsk.hr\/babina-greda\/wp-json\/wp\/v2\/pages\/554"}],"collection":[{"href":"http:\/\/knjiznice.nsk.hr\/babina-greda\/wp-json\/wp\/v2\/pages"}],"about":[{"href":"http:\/\/knjiznice.nsk.hr\/babina-greda\/wp-json\/wp\/v2\/types\/page"}],"author":[{"embeddable":true,"href":"http:\/\/knjiznice.nsk.hr\/babina-greda\/wp-json\/wp\/v2\/users\/86"}],"replies":[{"embeddable":true,"href":"http:\/\/knjiznice.nsk.hr\/babina-greda\/wp-json\/wp\/v2\/comments?post=554"}],"version-history":[{"count":10,"href":"http:\/\/knjiznice.nsk.hr\/babina-greda\/wp-json\/wp\/v2\/pages\/554\/revisions"}],"predecessor-version":[{"id":2025,"href":"http:\/\/knjiznice.nsk.hr\/babina-greda\/wp-json\/wp\/v2\/pages\/554\/revisions\/2025"}],"wp:attachment":[{"href":"http:\/\/knjiznice.nsk.hr\/babina-greda\/wp-json\/wp\/v2\/media?parent=554"}],"curies":[{"name":"wp","href":"https:\/\/api.w.org\/{rel}","templated":true}]}}