{"id":235,"date":"2016-01-26T10:02:30","date_gmt":"2016-01-26T10:02:30","guid":{"rendered":"http:\/\/knjiznice.nsk.hr\/babina-greda\/?page_id=235"},"modified":"2019-04-04T06:53:13","modified_gmt":"2019-04-04T06:53:13","slug":"kontakt","status":"publish","type":"page","link":"http:\/\/knjiznice.nsk.hr\/babina-greda\/kontakt\/","title":{"rendered":"Kontakt"},"content":{"rendered":"<p><strong>Op\u0107inska narodna knji\u017enica Babina Greda<a href=\"http:\/\/knjiznice.nsk.hr\/babina-greda\/wp-content\/uploads\/sites\/72\/2016\/01\/IMG_20150904_080122.jpg\"><img loading=\"lazy\" class=\"aligncenter size-full wp-image-236\" src=\"http:\/\/knjiznice.nsk.hr\/babina-greda\/wp-content\/uploads\/sites\/72\/2016\/01\/IMG_20150904_080122.jpg\" alt=\"IMG_20150904_080122\" width=\"2982\" height=\"1678\" srcset=\"http:\/\/knjiznice.nsk.hr\/babina-greda\/wp-content\/uploads\/sites\/72\/2016\/01\/IMG_20150904_080122.jpg 2982w, http:\/\/knjiznice.nsk.hr\/babina-greda\/wp-content\/uploads\/sites\/72\/2016\/01\/IMG_20150904_080122-300x169.jpg 300w, http:\/\/knjiznice.nsk.hr\/babina-greda\/wp-content\/uploads\/sites\/72\/2016\/01\/IMG_20150904_080122-768x432.jpg 768w, http:\/\/knjiznice.nsk.hr\/babina-greda\/wp-content\/uploads\/sites\/72\/2016\/01\/IMG_20150904_080122-1024x576.jpg 1024w, http:\/\/knjiznice.nsk.hr\/babina-greda\/wp-content\/uploads\/sites\/72\/2016\/01\/IMG_20150904_080122-600x338.jpg 600w, http:\/\/knjiznice.nsk.hr\/babina-greda\/wp-content\/uploads\/sites\/72\/2016\/01\/IMG_20150904_080122-624x351.jpg 624w\" sizes=\"(max-width: 2982px) 100vw, 2982px\" \/><\/a><\/strong><\/p>\n<p><strong>Ravnateljica knji\u017enice: <\/strong><\/p>\n<p>Ivana Juri\u0107,<\/p>\n<p>mag. edu hrvatskog jezika i knji\u017eevnosti i dipl. knji\u017eni\u010dar<\/p>\n<p><strong>Adresa:&nbsp;<\/strong><\/p>\n<p>Vladimira Nazora 1<\/p>\n<p>32276 Babina Greda<\/p>\n<p><strong>Telefon: <\/strong><\/p>\n<p>032\/854-037<\/p>\n<p><strong>Broj mobitela:<\/strong><\/p>\n<p>099\/4977425<\/p>\n<p><strong>Web stranica:&nbsp;<\/strong><\/p>\n<p><a href=\"http:\/\/knjiznice.nsk.hr\/babina-greda\/dokumenti\/\">knjiznice.nsk.hr\/babina-greda<\/a><\/p>\n<p><strong>E-mail:<\/strong><\/p>\n<p>knjiznica.bg@gmail.com<\/p>\n<p>&nbsp;<\/p>\n","protected":false},"excerpt":{"rendered":"<p>Op\u0107inska narodna knji\u017enica Babina Greda Ravnateljica knji\u017enice: Ivana Juri\u0107, mag. edu hrvatskog jezika i knji\u017eevnosti i dipl. knji\u017eni\u010dar Adresa:&nbsp; Vladimira Nazora 1 32276 Babina Greda Telefon: 032\/854-037 Broj mobitela: 099\/4977425 Web stranica:&nbsp; knjiznice.nsk.hr\/babina-greda E-mail: knjiznica.bg@gmail.com &nbsp;<\/p>\n","protected":false},"author":86,"featured_media":0,"parent":0,"menu_order":0,"comment_status":"closed","ping_status":"closed","template":"","meta":{"ngg_post_thumbnail":0},"yoast_head":"<!-- This site is optimized with the Yoast SEO plugin v16.4 - https:\/\/yoast.com\/wordpress\/plugins\/seo\/ -->\n<title>Kontakt &ndash; Op\u0107inska narodna knji\u017enica Babina Greda<\/title>\n<meta name=\"description\" content=\"Op\u0107inska narodna knji\u017enica Babina Greda Kontakt &ndash;\" \/>\n<meta name=\"robots\" content=\"index, follow, max-snippet:-1, max-image-preview:large, max-video-preview:-1\" \/>\n<link rel=\"canonical\" href=\"http:\/\/knjiznice.nsk.hr\/babina-greda\/kontakt\/\" \/>\n<meta property=\"og:locale\" content=\"hr_HR\" \/>\n<meta property=\"og:type\" content=\"article\" \/>\n<meta property=\"og:title\" content=\"Kontakt &ndash; Op\u0107inska narodna knji\u017enica Babina Greda\" \/>\n<meta property=\"og:description\" content=\"Op\u0107inska narodna knji\u017enica Babina Greda Kontakt &ndash;\" \/>\n<meta property=\"og:url\" content=\"http:\/\/knjiznice.nsk.hr\/babina-greda\/kontakt\/\" \/>\n<meta property=\"og:site_name\" content=\"Op\u0107inska narodna knji\u017enica Babina Greda\" \/>\n<meta property=\"article:publisher\" content=\"https:\/\/web.facebook.com\/opcinska.narodna.knjiznica.babina.greda\/?ref=bookmarks\" \/>\n<meta property=\"article:modified_time\" content=\"2019-04-04T06:53:13+00:00\" \/>\n<meta property=\"og:image\" content=\"http:\/\/knjiznice.nsk.hr\/babina-greda\/wp-content\/uploads\/sites\/72\/2016\/01\/IMG_20150904_080122.jpg\" \/>\n<script type=\"application\/ld+json\" class=\"yoast-schema-graph\">{\"@context\":\"https:\/\/schema.org\",\"@graph\":[{\"@type\":\"Organization\",\"@id\":\"http:\/\/knjiznice.nsk.hr\/babina-greda\/#organization\",\"name\":\"Op\\u0107inska narodna knji\\u017enica Babina Greda\",\"url\":\"http:\/\/knjiznice.nsk.hr\/babina-greda\/\",\"sameAs\":[\"https:\/\/web.facebook.com\/opcinska.narodna.knjiznica.babina.greda\/?ref=bookmarks\",\"https:\/\/www.instagram.com\/narodnaknjiznica_bg\/\",\"https:\/\/www.youtube.com\/channel\/UC4GLISM7P4Kh8XCIuNsLjHA?view_as=subscriber\"],\"logo\":{\"@type\":\"ImageObject\",\"@id\":\"http:\/\/knjiznice.nsk.hr\/babina-greda\/#logo\",\"inLanguage\":\"hr\",\"url\":\"http:\/\/knjiznice.nsk.hr\/babina-greda\/wp-content\/uploads\/sites\/72\/2017\/05\/logo.jpg\",\"contentUrl\":\"http:\/\/knjiznice.nsk.hr\/babina-greda\/wp-content\/uploads\/sites\/72\/2017\/05\/logo.jpg\",\"width\":1056,\"height\":1368,\"caption\":\"Op\\u0107inska narodna knji\\u017enica Babina Greda\"},\"image\":{\"@id\":\"http:\/\/knjiznice.nsk.hr\/babina-greda\/#logo\"}},{\"@type\":\"WebSite\",\"@id\":\"http:\/\/knjiznice.nsk.hr\/babina-greda\/#website\",\"url\":\"http:\/\/knjiznice.nsk.hr\/babina-greda\/\",\"name\":\"Op\\u0107inska narodna knji\\u017enica Babina Greda\",\"description\":\"\",\"publisher\":{\"@id\":\"http:\/\/knjiznice.nsk.hr\/babina-greda\/#organization\"},\"potentialAction\":[{\"@type\":\"SearchAction\",\"target\":\"http:\/\/knjiznice.nsk.hr\/babina-greda\/?s={search_term_string}\",\"query-input\":\"required name=search_term_string\"}],\"inLanguage\":\"hr\"},{\"@type\":\"ImageObject\",\"@id\":\"http:\/\/knjiznice.nsk.hr\/babina-greda\/kontakt\/#primaryimage\",\"inLanguage\":\"hr\",\"url\":\"http:\/\/knjiznice.nsk.hr\/babina-greda\/wp-content\/uploads\/sites\/72\/2016\/01\/IMG_20150904_080122.jpg\",\"contentUrl\":\"http:\/\/knjiznice.nsk.hr\/babina-greda\/wp-content\/uploads\/sites\/72\/2016\/01\/IMG_20150904_080122.jpg\",\"width\":2982,\"height\":1678},{\"@type\":\"WebPage\",\"@id\":\"http:\/\/knjiznice.nsk.hr\/babina-greda\/kontakt\/#webpage\",\"url\":\"http:\/\/knjiznice.nsk.hr\/babina-greda\/kontakt\/\",\"name\":\"Kontakt &ndash; Op\\u0107inska narodna knji\\u017enica Babina Greda\",\"isPartOf\":{\"@id\":\"http:\/\/knjiznice.nsk.hr\/babina-greda\/#website\"},\"primaryImageOfPage\":{\"@id\":\"http:\/\/knjiznice.nsk.hr\/babina-greda\/kontakt\/#primaryimage\"},\"datePublished\":\"2016-01-26T10:02:30+00:00\",\"dateModified\":\"2019-04-04T06:53:13+00:00\",\"description\":\"Op\\u0107inska narodna knji\\u017enica Babina Greda Kontakt &ndash;\",\"breadcrumb\":{\"@id\":\"http:\/\/knjiznice.nsk.hr\/babina-greda\/kontakt\/#breadcrumb\"},\"inLanguage\":\"hr\",\"potentialAction\":[{\"@type\":\"ReadAction\",\"target\":[\"http:\/\/knjiznice.nsk.hr\/babina-greda\/kontakt\/\"]}]},{\"@type\":\"BreadcrumbList\",\"@id\":\"http:\/\/knjiznice.nsk.hr\/babina-greda\/kontakt\/#breadcrumb\",\"itemListElement\":[{\"@type\":\"ListItem\",\"position\":1,\"item\":{\"@type\":\"WebPage\",\"@id\":\"http:\/\/knjiznice.nsk.hr\/babina-greda\/\",\"url\":\"http:\/\/knjiznice.nsk.hr\/babina-greda\/\",\"name\":\"Po\\u010detna stranica\"}},{\"@type\":\"ListItem\",\"position\":2,\"item\":{\"@id\":\"http:\/\/knjiznice.nsk.hr\/babina-greda\/kontakt\/#webpage\"}}]}]}<\/script>\n<!-- \/ Yoast SEO plugin. -->","_links":{"self":[{"href":"http:\/\/knjiznice.nsk.hr\/babina-greda\/wp-json\/wp\/v2\/pages\/235"}],"collection":[{"href":"http:\/\/knjiznice.nsk.hr\/babina-greda\/wp-json\/wp\/v2\/pages"}],"about":[{"href":"http:\/\/knjiznice.nsk.hr\/babina-greda\/wp-json\/wp\/v2\/types\/page"}],"author":[{"embeddable":true,"href":"http:\/\/knjiznice.nsk.hr\/babina-greda\/wp-json\/wp\/v2\/users\/86"}],"replies":[{"embeddable":true,"href":"http:\/\/knjiznice.nsk.hr\/babina-greda\/wp-json\/wp\/v2\/comments?post=235"}],"version-history":[{"count":4,"href":"http:\/\/knjiznice.nsk.hr\/babina-greda\/wp-json\/wp\/v2\/pages\/235\/revisions"}],"predecessor-version":[{"id":1067,"href":"http:\/\/knjiznice.nsk.hr\/babina-greda\/wp-json\/wp\/v2\/pages\/235\/revisions\/1067"}],"wp:attachment":[{"href":"http:\/\/knjiznice.nsk.hr\/babina-greda\/wp-json\/wp\/v2\/media?parent=235"}],"curies":[{"name":"wp","href":"https:\/\/api.w.org\/{rel}","templated":true}]}}