{"id":2040,"date":"2024-03-21T08:39:33","date_gmt":"2024-03-21T08:39:33","guid":{"rendered":"http:\/\/knjiznice.nsk.hr\/babina-greda\/?page_id=2040"},"modified":"2024-04-04T10:37:44","modified_gmt":"2024-04-04T10:37:44","slug":"godisnja-izvjesca","status":"publish","type":"page","link":"http:\/\/knjiznice.nsk.hr\/babina-greda\/godisnja-izvjesca\/","title":{"rendered":"Godi\u0161nja izvje\u0161\u0107a"},"content":{"rendered":"<h4><em><a href=\"http:\/\/knjiznice.nsk.hr\/babina-greda\/wp-content\/uploads\/sites\/72\/2024\/03\/godisnje-izvjesce-2023.pdf\">Godi\u0161nje izvje\u0161\u0107e o radu Op\u0107inske narodne knji\u017enice Babina Greda 2023<\/a>.<\/em><\/h4>\n<h4><em><a href=\"http:\/\/knjiznice.nsk.hr\/babina-greda\/wp-content\/uploads\/sites\/72\/2023\/03\/godisnje-izvjesce-2022..docx\">Godi\u0161nje izvje\u0161\u0107e o radu Op\u0107inske narodne knji\u017enice Babina Greda2022.<\/a><\/em><\/h4>\n<h4><em><a href=\"http:\/\/knjiznice.nsk.hr\/babina-greda\/wp-content\/uploads\/sites\/72\/2023\/03\/GI-2021.pdf\">Godi\u0161nje izvje\u0161\u0107e o radu 2021.<\/a><\/em><\/h4>\n<h4><em><a href=\"http:\/\/knjiznice.nsk.hr\/babina-greda\/wp-content\/uploads\/sites\/72\/2023\/03\/GODISNJE-IZVJESCE-O-RADU-2020-sazeto.docx\">Godi\u0161nje izvje\u0161\u0107e o radu 2020. <\/a><\/em><\/h4>\n<h4><em><a href=\"http:\/\/knjiznice.nsk.hr\/babina-greda\/wp-content\/uploads\/sites\/72\/2020\/06\/GODI\u0160NJE-IZVJE\u0160\u0106E-O-RADU-sa\u017eeto-1.docx\">GODI\u0160NJE IZVJE\u0160\u0106E O RADU 2019. &#8211; sa\u017eeto<\/a><\/em><\/h4>\n<h4><em><a href=\"http:\/\/knjiznice.nsk.hr\/babina-greda\/wp-content\/uploads\/sites\/72\/2020\/06\/godi\u0161nje-izvje\u0161\u0107e-2018-1.docx\">&nbsp;<\/a><a href=\"http:\/\/knjiznice.nsk.hr\/babina-greda\/wp-content\/uploads\/sites\/72\/2020\/06\/godi\u0161nje-izvje\u0161\u0107e-2018-1.docx\">Godi\u0161nje izvje\u0161\u0107e o radu 2018.<\/a><\/em><\/h4>\n<h4><em><a href=\"http:\/\/knjiznice.nsk.hr\/babina-greda\/wp-content\/uploads\/sites\/72\/2016\/01\/izvje\u0161\u0107e-o-radu-2016..pdf\">Godi\u0161nje izvje\u0161\u0107e o radu 2016.<\/a><\/em><\/h4>\n<h4><em><a href=\"http:\/\/knjiznice.nsk.hr\/babina-greda\/wp-content\/uploads\/sites\/72\/2016\/01\/Godi\u0161nje-izvje\u0161\u0107e-o-radu-Op\u0107inske-narodne-knji\u017enice-Babina-Greda-2015..pdf\">Godi\u0161nje izvje\u0161\u0107e o radu Op\u0107inske narodne knji\u017enice Babina Greda 2015.<\/a><\/em><\/h4>\n<h4><em><a href=\"http:\/\/knjiznice.nsk.hr\/babina-greda\/wp-content\/uploads\/sites\/72\/2016\/01\/Izvje\u0161\u0107e-o-radu-Op\u0107inske-narodne-knji\u017enice-Babina-Greda.pdf\">Godi\u0161nje izvje\u0161\u0107e o radu 2014.<\/a><\/em><\/h4>\n","protected":false},"excerpt":{"rendered":"<p>Godi\u0161nje izvje\u0161\u0107e o radu Op\u0107inske narodne knji\u017enice Babina Greda 2023. Godi\u0161nje izvje\u0161\u0107e o radu Op\u0107inske narodne knji\u017enice Babina Greda2022. Godi\u0161nje izvje\u0161\u0107e o radu 2021. Godi\u0161nje izvje\u0161\u0107e o radu 2020. GODI\u0160NJE IZVJE\u0160\u0106E O RADU 2019. &#8211; sa\u017eeto &nbsp;Godi\u0161nje izvje\u0161\u0107e o radu 2018. Godi\u0161nje izvje\u0161\u0107e o radu 2016. Godi\u0161nje izvje\u0161\u0107e o radu Op\u0107inske narodne knji\u017enice Babina Greda [&hellip;]<\/p>\n","protected":false},"author":86,"featured_media":0,"parent":0,"menu_order":0,"comment_status":"closed","ping_status":"closed","template":"","meta":{"ngg_post_thumbnail":0},"yoast_head":"<!-- This site is optimized with the Yoast SEO plugin v16.4 - https:\/\/yoast.com\/wordpress\/plugins\/seo\/ -->\n<title>Godi\u0161nja izvje\u0161\u0107a &ndash; Op\u0107inska narodna knji\u017enica Babina Greda<\/title>\n<meta name=\"description\" content=\"Op\u0107inska narodna knji\u017enica Babina Greda Godi\u0161nja izvje\u0161\u0107a &ndash;\" \/>\n<meta name=\"robots\" content=\"index, follow, max-snippet:-1, max-image-preview:large, max-video-preview:-1\" \/>\n<link rel=\"canonical\" href=\"http:\/\/knjiznice.nsk.hr\/babina-greda\/godisnja-izvjesca\/\" \/>\n<meta property=\"og:locale\" content=\"hr_HR\" \/>\n<meta property=\"og:type\" content=\"article\" \/>\n<meta property=\"og:title\" content=\"Godi\u0161nja izvje\u0161\u0107a &ndash; Op\u0107inska narodna knji\u017enica Babina Greda\" \/>\n<meta property=\"og:description\" content=\"Op\u0107inska narodna knji\u017enica Babina Greda Godi\u0161nja izvje\u0161\u0107a &ndash;\" \/>\n<meta property=\"og:url\" content=\"http:\/\/knjiznice.nsk.hr\/babina-greda\/godisnja-izvjesca\/\" \/>\n<meta property=\"og:site_name\" content=\"Op\u0107inska narodna knji\u017enica Babina Greda\" \/>\n<meta property=\"article:publisher\" content=\"https:\/\/web.facebook.com\/opcinska.narodna.knjiznica.babina.greda\/?ref=bookmarks\" \/>\n<meta property=\"article:modified_time\" content=\"2024-04-04T10:37:44+00:00\" \/>\n<meta property=\"og:image\" content=\"http:\/\/knjiznice.nsk.hr\/babina-greda\/wp-content\/uploads\/sites\/72\/2016\/01\/IMG_20150904_080152.jpg\" \/>\n\t<meta property=\"og:image:width\" content=\"2982\" \/>\n\t<meta property=\"og:image:height\" content=\"1678\" \/>\n<meta name=\"twitter:label1\" content=\"Procijenjeno vrijeme \u010ditanja\" \/>\n\t<meta name=\"twitter:data1\" content=\"1 minuta\" \/>\n<script type=\"application\/ld+json\" class=\"yoast-schema-graph\">{\"@context\":\"https:\/\/schema.org\",\"@graph\":[{\"@type\":\"Organization\",\"@id\":\"http:\/\/knjiznice.nsk.hr\/babina-greda\/#organization\",\"name\":\"Op\\u0107inska narodna knji\\u017enica Babina Greda\",\"url\":\"http:\/\/knjiznice.nsk.hr\/babina-greda\/\",\"sameAs\":[\"https:\/\/web.facebook.com\/opcinska.narodna.knjiznica.babina.greda\/?ref=bookmarks\",\"https:\/\/www.instagram.com\/narodnaknjiznica_bg\/\",\"https:\/\/www.youtube.com\/channel\/UC4GLISM7P4Kh8XCIuNsLjHA?view_as=subscriber\"],\"logo\":{\"@type\":\"ImageObject\",\"@id\":\"http:\/\/knjiznice.nsk.hr\/babina-greda\/#logo\",\"inLanguage\":\"hr\",\"url\":\"http:\/\/knjiznice.nsk.hr\/babina-greda\/wp-content\/uploads\/sites\/72\/2017\/05\/logo.jpg\",\"contentUrl\":\"http:\/\/knjiznice.nsk.hr\/babina-greda\/wp-content\/uploads\/sites\/72\/2017\/05\/logo.jpg\",\"width\":1056,\"height\":1368,\"caption\":\"Op\\u0107inska narodna knji\\u017enica Babina Greda\"},\"image\":{\"@id\":\"http:\/\/knjiznice.nsk.hr\/babina-greda\/#logo\"}},{\"@type\":\"WebSite\",\"@id\":\"http:\/\/knjiznice.nsk.hr\/babina-greda\/#website\",\"url\":\"http:\/\/knjiznice.nsk.hr\/babina-greda\/\",\"name\":\"Op\\u0107inska narodna knji\\u017enica Babina Greda\",\"description\":\"\",\"publisher\":{\"@id\":\"http:\/\/knjiznice.nsk.hr\/babina-greda\/#organization\"},\"potentialAction\":[{\"@type\":\"SearchAction\",\"target\":\"http:\/\/knjiznice.nsk.hr\/babina-greda\/?s={search_term_string}\",\"query-input\":\"required name=search_term_string\"}],\"inLanguage\":\"hr\"},{\"@type\":\"WebPage\",\"@id\":\"http:\/\/knjiznice.nsk.hr\/babina-greda\/godisnja-izvjesca\/#webpage\",\"url\":\"http:\/\/knjiznice.nsk.hr\/babina-greda\/godisnja-izvjesca\/\",\"name\":\"Godi\\u0161nja izvje\\u0161\\u0107a &ndash; Op\\u0107inska narodna knji\\u017enica Babina Greda\",\"isPartOf\":{\"@id\":\"http:\/\/knjiznice.nsk.hr\/babina-greda\/#website\"},\"datePublished\":\"2024-03-21T08:39:33+00:00\",\"dateModified\":\"2024-04-04T10:37:44+00:00\",\"description\":\"Op\\u0107inska narodna knji\\u017enica Babina Greda Godi\\u0161nja izvje\\u0161\\u0107a &ndash;\",\"breadcrumb\":{\"@id\":\"http:\/\/knjiznice.nsk.hr\/babina-greda\/godisnja-izvjesca\/#breadcrumb\"},\"inLanguage\":\"hr\",\"potentialAction\":[{\"@type\":\"ReadAction\",\"target\":[\"http:\/\/knjiznice.nsk.hr\/babina-greda\/godisnja-izvjesca\/\"]}]},{\"@type\":\"BreadcrumbList\",\"@id\":\"http:\/\/knjiznice.nsk.hr\/babina-greda\/godisnja-izvjesca\/#breadcrumb\",\"itemListElement\":[{\"@type\":\"ListItem\",\"position\":1,\"item\":{\"@type\":\"WebPage\",\"@id\":\"http:\/\/knjiznice.nsk.hr\/babina-greda\/\",\"url\":\"http:\/\/knjiznice.nsk.hr\/babina-greda\/\",\"name\":\"Po\\u010detna stranica\"}},{\"@type\":\"ListItem\",\"position\":2,\"item\":{\"@id\":\"http:\/\/knjiznice.nsk.hr\/babina-greda\/godisnja-izvjesca\/#webpage\"}}]}]}<\/script>\n<!-- \/ Yoast SEO plugin. -->","_links":{"self":[{"href":"http:\/\/knjiznice.nsk.hr\/babina-greda\/wp-json\/wp\/v2\/pages\/2040"}],"collection":[{"href":"http:\/\/knjiznice.nsk.hr\/babina-greda\/wp-json\/wp\/v2\/pages"}],"about":[{"href":"http:\/\/knjiznice.nsk.hr\/babina-greda\/wp-json\/wp\/v2\/types\/page"}],"author":[{"embeddable":true,"href":"http:\/\/knjiznice.nsk.hr\/babina-greda\/wp-json\/wp\/v2\/users\/86"}],"replies":[{"embeddable":true,"href":"http:\/\/knjiznice.nsk.hr\/babina-greda\/wp-json\/wp\/v2\/comments?post=2040"}],"version-history":[{"count":4,"href":"http:\/\/knjiznice.nsk.hr\/babina-greda\/wp-json\/wp\/v2\/pages\/2040\/revisions"}],"predecessor-version":[{"id":2081,"href":"http:\/\/knjiznice.nsk.hr\/babina-greda\/wp-json\/wp\/v2\/pages\/2040\/revisions\/2081"}],"wp:attachment":[{"href":"http:\/\/knjiznice.nsk.hr\/babina-greda\/wp-json\/wp\/v2\/media?parent=2040"}],"curies":[{"name":"wp","href":"https:\/\/api.w.org\/{rel}","templated":true}]}}