{"id":1982,"date":"2024-02-16T09:38:54","date_gmt":"2024-02-16T09:38:54","guid":{"rendered":"http:\/\/knjiznice.nsk.hr\/babina-greda\/?page_id=1982"},"modified":"2024-04-26T06:57:21","modified_gmt":"2024-04-26T06:57:21","slug":"citateljski-klub-2024","status":"publish","type":"page","link":"http:\/\/knjiznice.nsk.hr\/babina-greda\/citateljski-klub-2024\/","title":{"rendered":"\u010cITATELJSKI KLUB 2024."},"content":{"rendered":"<p data-wahfont=\"14\"><strong>10.1.2024.<\/strong>&nbsp; Odr\u017ean je sastanak \u010ditateljskog kluba na kojemu smo razgovarali o knjigama koje su nam va\u017ene, koje su na neki na\u010din utjecale na nas i koje jo\u0161 uvijek rado \u010ditamo.<br \/>\nKroz razgovor smo shvatile da su te knjige u tom trenutku kad smo ih trebale bile utjeha, prijatelj, razbibriga, bijeg i smijeh. Kada sada \u010ditamo te knjige, \u010ditamo ih na druga\u010diji na\u010din, svjesni prolaznosti vremena i zrelosti koju imamo.<img loading=\"lazy\" class=\"size-medium wp-image-1972 alignleft\" src=\"http:\/\/knjiznice.nsk.hr\/babina-greda\/wp-content\/uploads\/sites\/72\/2024\/02\/418904651_762893739199557_6491650961541646186_n-497x429.jpg\" alt=\"\" width=\"497\" height=\"429\" srcset=\"http:\/\/knjiznice.nsk.hr\/babina-greda\/wp-content\/uploads\/sites\/72\/2024\/02\/418904651_762893739199557_6491650961541646186_n-497x429.jpg 497w, http:\/\/knjiznice.nsk.hr\/babina-greda\/wp-content\/uploads\/sites\/72\/2024\/02\/418904651_762893739199557_6491650961541646186_n-768x663.jpg 768w, http:\/\/knjiznice.nsk.hr\/babina-greda\/wp-content\/uploads\/sites\/72\/2024\/02\/418904651_762893739199557_6491650961541646186_n-600x518.jpg 600w, http:\/\/knjiznice.nsk.hr\/babina-greda\/wp-content\/uploads\/sites\/72\/2024\/02\/418904651_762893739199557_6491650961541646186_n-624x539.jpg 624w, http:\/\/knjiznice.nsk.hr\/babina-greda\/wp-content\/uploads\/sites\/72\/2024\/02\/418904651_762893739199557_6491650961541646186_n.jpg 895w\" sizes=\"(max-width: 497px) 100vw, 497px\" \/><span id=\"more-131\" data-wahfont=\"14\"><\/span><br \/>\nSpomenut \u0107emo neke od knjiga iz na\u0161ih \u201cpro\u0161losti\u201d:\u201dTri ratna druga\u201d (E. M. Remarque),\u201d Kamen na cesti\u201d (Marija Juri\u0107 Zagorka),\u201d (Skoro) sve \u0161to znam do sad\u201d (Andrea Andrassy), \u201cTrijumfalna kapija\u201d (E. M. Remarque), \u201cZelena milja\u201d (Stephen King),\u201dKlara i sunce\u201d (K. Ishiguro)\u2026 Sjetili smo se i nekih davnih, osnovno\u0161kolskih \u2013 Twainovog Toma Sawyera, Blytoninih pet prijatelja, romana Agathe Christie\u2026 Ono \u0161to nam je zaokru\u017eilo razgovor je roman \u201cDervi\u0161 i smrt\u201d \u2013 roman o filozofiji \u017eivota, iz kojeg smo pro\u010ditali nekoliko redaka (zapravo, gospo\u0111a Borka) iz kojih svi mo\u017eemo ne\u0161to nau\u010diti i malo vi\u0161e brinuti o zlatnoj ptici u sebi i oko sebe. Ako \u017eelite znati ne\u0161to vi\u0161e o zlatnoj ptici, pro\u010ditajte \u201cDervi\u0161 i smrt\u201d! Idu\u0107i sastanak \u010cK je u \u010detvrtak, 15. 2. u 17,30 h. Kako bi razbili ovu hladno\u0107u, \u010ditamo roman \u201cKlara i sunce\u201d (Kazuo Ishiguro)<\/p>\n<div dir=\"auto\">\n<p dir=\"auto\" data-wahfont=\"14\"><strong>15.2.2024<\/strong>. U moru crvenih knjiga ove velja\u010de na\u0161la se i jedna \u017euta. I stvarno posebna knjiga, \u201cKlara i Sunce\u201d. Posebna, u tolikoj mjeri da je neke \u010ditateljice nisu mogle ni pro\u010ditati.&nbsp;<img loading=\"lazy\" class=\"alignright size-medium wp-image-1974\" src=\"http:\/\/knjiznice.nsk.hr\/babina-greda\/wp-content\/uploads\/sites\/72\/2024\/02\/IMG_20240216_072135-252x448.jpg\" alt=\"\" width=\"252\" height=\"448\" srcset=\"http:\/\/knjiznice.nsk.hr\/babina-greda\/wp-content\/uploads\/sites\/72\/2024\/02\/IMG_20240216_072135-252x448.jpg 252w, http:\/\/knjiznice.nsk.hr\/babina-greda\/wp-content\/uploads\/sites\/72\/2024\/02\/IMG_20240216_072135-637x1131.jpg 637w, http:\/\/knjiznice.nsk.hr\/babina-greda\/wp-content\/uploads\/sites\/72\/2024\/02\/IMG_20240216_072135-768x1364.jpg 768w, http:\/\/knjiznice.nsk.hr\/babina-greda\/wp-content\/uploads\/sites\/72\/2024\/02\/IMG_20240216_072135-600x1066.jpg 600w, http:\/\/knjiznice.nsk.hr\/babina-greda\/wp-content\/uploads\/sites\/72\/2024\/02\/IMG_20240216_072135-865x1536.jpg 865w, http:\/\/knjiznice.nsk.hr\/babina-greda\/wp-content\/uploads\/sites\/72\/2024\/02\/IMG_20240216_072135-1153x2048.jpg 1153w, http:\/\/knjiznice.nsk.hr\/babina-greda\/wp-content\/uploads\/sites\/72\/2024\/02\/IMG_20240216_072135-624x1108.jpg 624w, http:\/\/knjiznice.nsk.hr\/babina-greda\/wp-content\/uploads\/sites\/72\/2024\/02\/IMG_20240216_072135-scaled.jpg 1441w\" sizes=\"(max-width: 252px) 100vw, 252px\" \/>A kad pri\u010damo o sadr\u017eaju, \u010dini se tako povr\u0161nom. Ali sve je ta knjiga, samo nije povr\u0161na.<\/p>\n<p dir=\"auto\" data-wahfont=\"14\">Pri\u010du pripovijeda Klara, robotica, umjetni prijatelj (UP), obdarena iznimnim zapa\u017eanjem, koja postaje dio obitelji i dru\u0161tvo djevoj\u010dici Josie. S vremenom roman otkriva koliko empatije ima u Klari, a koliko sebi\u010dnosti i nelogi\u010dnosti ima u ljudskim odnosima. Pisac nam ne nudi okvir toga budu\u0107eg dru\u0161tva nego ga sami trebamo zamisliti, a \u010ditaju\u0107i, ovaj svijet sve vi\u0161e sli\u010di na ovaj na\u0161 sada\u0161nji\u2026Klara i Sunce postavlja toliko te\u0161kih pitanja s \u010dijom se problematikom ne \u017eelimo suo\u010diti:<\/p>\n<p dir=\"auto\" data-wahfont=\"14\">\u2013 \u0160to je to \u0161to nas definira kao ljude?<\/p>\n<p dir=\"auto\" data-wahfont=\"14\">-Postajemo li roboti dru\u0161tvenih standarda?<\/p>\n<p dir=\"auto\" data-wahfont=\"14\">\u2013 I iskreno, \u017eivimo li da bismo imali?<\/p>\n<p dir=\"auto\" data-wahfont=\"14\">Roman je kritika dru\u0161tva i njegovih standarda, kritika ljudi koji zanemaruju ono \u0161to je va\u017eno \u2013 individualno i posebno i va\u017enost pridaju povr\u0161nosti, iza koje ni\u0161ta ne ostaje. Samo lim. I neki vijak.<\/p>\n<p dir=\"auto\" data-wahfont=\"14\">Idu\u0107i mjesec \u010ditamo \u201cRogus\u201d Ivane \u0160ojat, a sastanak \u0107emo odr\u017eati na knji\u017eevnom susretu s Ivanom \u0160ojat, 15. o\u017eujka u 18 sati, na koji su svi pozvani!<\/p>\n<p dir=\"auto\" data-wahfont=\"14\">25.4. 2024.&nbsp;<\/p>\n<p dir=\"auto\" style=\"text-align: center\" data-wahfont=\"14\"><strong>Valerie Perrin : Troje<\/strong><\/p>\n<p dir=\"auto\" data-wahfont=\"14\"><img loading=\"lazy\" class=\"aligncenter size-medium wp-image-2122\" src=\"http:\/\/knjiznice.nsk.hr\/babina-greda\/wp-content\/uploads\/sites\/72\/2024\/04\/IMG_20240426_081503-497x373.jpg\" alt=\"\" width=\"497\" height=\"373\" srcset=\"http:\/\/knjiznice.nsk.hr\/babina-greda\/wp-content\/uploads\/sites\/72\/2024\/04\/IMG_20240426_081503-497x373.jpg 497w, http:\/\/knjiznice.nsk.hr\/babina-greda\/wp-content\/uploads\/sites\/72\/2024\/04\/IMG_20240426_081503-1096x822.jpg 1096w, http:\/\/knjiznice.nsk.hr\/babina-greda\/wp-content\/uploads\/sites\/72\/2024\/04\/IMG_20240426_081503-768x576.jpg 768w, http:\/\/knjiznice.nsk.hr\/babina-greda\/wp-content\/uploads\/sites\/72\/2024\/04\/IMG_20240426_081503-600x450.jpg 600w, http:\/\/knjiznice.nsk.hr\/babina-greda\/wp-content\/uploads\/sites\/72\/2024\/04\/IMG_20240426_081503-1536x1152.jpg 1536w, http:\/\/knjiznice.nsk.hr\/babina-greda\/wp-content\/uploads\/sites\/72\/2024\/04\/IMG_20240426_081503-2048x1536.jpg 2048w, http:\/\/knjiznice.nsk.hr\/babina-greda\/wp-content\/uploads\/sites\/72\/2024\/04\/IMG_20240426_081503-624x468.jpg 624w\" sizes=\"(max-width: 497px) 100vw, 497px\" \/><\/p>\n<p dir=\"auto\" style=\"text-align: center\" data-wahfont=\"14\">Nevjerojatno je kako Perrin iscrpljuje sasvim banalne teme i odnose koje vidimo u svakodnevici na tako fantasti\u010dan na\u010din. \u010citateljski klub se ulovio u ko\u0161tac s ovom knjigom, a neki su \u010ditali i prethodni roman Valerie Perrin &#8220;Svje\u017ea voda za cvije\u0107e&#8221; koji je nadma\u0161io o\u010dekivanja. &#8220;Troje&#8221; nije dosegnuo tu razinu koju je Perrin postavila s prvim romanom, ali je majstorski napisan! Roman je pomalo biografski, kriminalisti\u010dki, ljubavni, sociolo\u0161ki, psiholo\u0161ki, i sve se to spaja u jednu zaokru\u017eenu cjelinu koju pri\u010da pripovjeda\u010dica ove pri\u010de, Virginie. Roman prati nerazdvojno prijateljstvo Etiennea, Adriena i Nine koji su nevjerojatno razli\u010diti, ali povezani istom idejom: osnovati bend i oti\u0107i u Pariz. Me\u0111usobno, neraskidiva je veza izme\u0111u njih, ali svatko od njih krije neku svoju&nbsp; tajnu koju nikomu ne govore. No, zbog niza nepo\u017eeljnih situacija, putevi im se razdvoje i vide se tek nakon dvadesetak godina kada odlu\u010duju jedni drugima pomo\u0107i. I tek tada, kao da nastavljaju tamo gdje su stali &#8211; otkrivaju svoja prava lica i po\u010dinju ponovno \u017eivjeti.&nbsp;<\/p>\n<p dir=\"auto\" style=\"text-align: center\" data-wahfont=\"14\">Valerie Perrin je stvorila prepoznatljiv spisateljski rukopis u ova dva romana prevedena na hrvatski jezik, no ba\u0161 nas zanima ho\u0107e li nastaviti s istom pripovjeda\u010dkom tehnikom ili \u0107e se u budu\u0107nosti ohrabriti i oku\u0161ati u ne\u010demu posve drugom&#8230;\u010cekamo budu\u0107e romane!<\/p>\n<p dir=\"auto\" style=\"text-align: center\" data-wahfont=\"14\">A dotad, \u010ditajte Valerie Perrin: &#8220;Postoje knjige koje \u010dovjek jednostavno propusti, kao neki susret koji se ne dogodi. U njima su pri\u010de i likovi koji su mo\u017eda sve mogli promijeniti. A propustili smo to u\u010diniti, zbog nekog nesporazuma, korica, sa\u017eetka, predrasuda. Sre\u0107om, \u017eivot nas katkad sam natjera da ih uzmemo u ruke&#8221;.<\/p>\n<\/div>\n","protected":false},"excerpt":{"rendered":"<p>10.1.2024.&nbsp; Odr\u017ean je sastanak \u010ditateljskog kluba na kojemu smo razgovarali o knjigama koje su nam va\u017ene, koje su na neki na\u010din utjecale na nas i koje jo\u0161 uvijek rado \u010ditamo. Kroz razgovor smo shvatile da su te knjige u tom trenutku kad smo ih trebale bile utjeha, prijatelj, razbibriga, bijeg i smijeh. Kada sada \u010ditamo [&hellip;]<\/p>\n","protected":false},"author":86,"featured_media":0,"parent":0,"menu_order":0,"comment_status":"closed","ping_status":"closed","template":"","meta":{"ngg_post_thumbnail":0},"yoast_head":"<!-- This site is optimized with the Yoast SEO plugin v16.4 - https:\/\/yoast.com\/wordpress\/plugins\/seo\/ -->\n<title>\u010cITATELJSKI KLUB 2024. &ndash; Op\u0107inska narodna knji\u017enica Babina Greda<\/title>\n<meta name=\"description\" content=\"Op\u0107inska narodna knji\u017enica Babina Greda \u010cITATELJSKI KLUB 2024. &ndash;\" \/>\n<meta name=\"robots\" content=\"index, follow, max-snippet:-1, max-image-preview:large, max-video-preview:-1\" \/>\n<link rel=\"canonical\" href=\"http:\/\/knjiznice.nsk.hr\/babina-greda\/citateljski-klub-2024\/\" \/>\n<meta property=\"og:locale\" content=\"hr_HR\" \/>\n<meta property=\"og:type\" content=\"article\" \/>\n<meta property=\"og:title\" content=\"\u010cITATELJSKI KLUB 2024. &ndash; Op\u0107inska narodna knji\u017enica Babina Greda\" \/>\n<meta property=\"og:description\" content=\"Op\u0107inska narodna knji\u017enica Babina Greda \u010cITATELJSKI KLUB 2024. &ndash;\" \/>\n<meta property=\"og:url\" content=\"http:\/\/knjiznice.nsk.hr\/babina-greda\/citateljski-klub-2024\/\" \/>\n<meta property=\"og:site_name\" content=\"Op\u0107inska narodna knji\u017enica Babina Greda\" \/>\n<meta property=\"article:publisher\" content=\"https:\/\/web.facebook.com\/opcinska.narodna.knjiznica.babina.greda\/?ref=bookmarks\" \/>\n<meta property=\"article:modified_time\" content=\"2024-04-26T06:57:21+00:00\" \/>\n<meta property=\"og:image\" content=\"http:\/\/knjiznice.nsk.hr\/babina-greda\/wp-content\/uploads\/sites\/72\/2024\/02\/418904651_762893739199557_6491650961541646186_n-497x429.jpg\" \/>\n<meta name=\"twitter:label1\" content=\"Procijenjeno vrijeme \u010ditanja\" \/>\n\t<meta name=\"twitter:data1\" content=\"4 minute\" \/>\n<script type=\"application\/ld+json\" class=\"yoast-schema-graph\">{\"@context\":\"https:\/\/schema.org\",\"@graph\":[{\"@type\":\"Organization\",\"@id\":\"http:\/\/knjiznice.nsk.hr\/babina-greda\/#organization\",\"name\":\"Op\\u0107inska narodna knji\\u017enica Babina Greda\",\"url\":\"http:\/\/knjiznice.nsk.hr\/babina-greda\/\",\"sameAs\":[\"https:\/\/web.facebook.com\/opcinska.narodna.knjiznica.babina.greda\/?ref=bookmarks\",\"https:\/\/www.instagram.com\/narodnaknjiznica_bg\/\",\"https:\/\/www.youtube.com\/channel\/UC4GLISM7P4Kh8XCIuNsLjHA?view_as=subscriber\"],\"logo\":{\"@type\":\"ImageObject\",\"@id\":\"http:\/\/knjiznice.nsk.hr\/babina-greda\/#logo\",\"inLanguage\":\"hr\",\"url\":\"http:\/\/knjiznice.nsk.hr\/babina-greda\/wp-content\/uploads\/sites\/72\/2017\/05\/logo.jpg\",\"contentUrl\":\"http:\/\/knjiznice.nsk.hr\/babina-greda\/wp-content\/uploads\/sites\/72\/2017\/05\/logo.jpg\",\"width\":1056,\"height\":1368,\"caption\":\"Op\\u0107inska narodna knji\\u017enica Babina Greda\"},\"image\":{\"@id\":\"http:\/\/knjiznice.nsk.hr\/babina-greda\/#logo\"}},{\"@type\":\"WebSite\",\"@id\":\"http:\/\/knjiznice.nsk.hr\/babina-greda\/#website\",\"url\":\"http:\/\/knjiznice.nsk.hr\/babina-greda\/\",\"name\":\"Op\\u0107inska narodna knji\\u017enica Babina Greda\",\"description\":\"\",\"publisher\":{\"@id\":\"http:\/\/knjiznice.nsk.hr\/babina-greda\/#organization\"},\"potentialAction\":[{\"@type\":\"SearchAction\",\"target\":\"http:\/\/knjiznice.nsk.hr\/babina-greda\/?s={search_term_string}\",\"query-input\":\"required name=search_term_string\"}],\"inLanguage\":\"hr\"},{\"@type\":\"ImageObject\",\"@id\":\"http:\/\/knjiznice.nsk.hr\/babina-greda\/citateljski-klub-2024\/#primaryimage\",\"inLanguage\":\"hr\",\"url\":\"http:\/\/knjiznice.nsk.hr\/babina-greda\/wp-content\/uploads\/sites\/72\/2024\/02\/418904651_762893739199557_6491650961541646186_n.jpg\",\"contentUrl\":\"http:\/\/knjiznice.nsk.hr\/babina-greda\/wp-content\/uploads\/sites\/72\/2024\/02\/418904651_762893739199557_6491650961541646186_n.jpg\",\"width\":895,\"height\":773},{\"@type\":\"WebPage\",\"@id\":\"http:\/\/knjiznice.nsk.hr\/babina-greda\/citateljski-klub-2024\/#webpage\",\"url\":\"http:\/\/knjiznice.nsk.hr\/babina-greda\/citateljski-klub-2024\/\",\"name\":\"\\u010cITATELJSKI KLUB 2024. &ndash; Op\\u0107inska narodna knji\\u017enica Babina Greda\",\"isPartOf\":{\"@id\":\"http:\/\/knjiznice.nsk.hr\/babina-greda\/#website\"},\"primaryImageOfPage\":{\"@id\":\"http:\/\/knjiznice.nsk.hr\/babina-greda\/citateljski-klub-2024\/#primaryimage\"},\"datePublished\":\"2024-02-16T09:38:54+00:00\",\"dateModified\":\"2024-04-26T06:57:21+00:00\",\"description\":\"Op\\u0107inska narodna knji\\u017enica Babina Greda \\u010cITATELJSKI KLUB 2024. &ndash;\",\"breadcrumb\":{\"@id\":\"http:\/\/knjiznice.nsk.hr\/babina-greda\/citateljski-klub-2024\/#breadcrumb\"},\"inLanguage\":\"hr\",\"potentialAction\":[{\"@type\":\"ReadAction\",\"target\":[\"http:\/\/knjiznice.nsk.hr\/babina-greda\/citateljski-klub-2024\/\"]}]},{\"@type\":\"BreadcrumbList\",\"@id\":\"http:\/\/knjiznice.nsk.hr\/babina-greda\/citateljski-klub-2024\/#breadcrumb\",\"itemListElement\":[{\"@type\":\"ListItem\",\"position\":1,\"item\":{\"@type\":\"WebPage\",\"@id\":\"http:\/\/knjiznice.nsk.hr\/babina-greda\/\",\"url\":\"http:\/\/knjiznice.nsk.hr\/babina-greda\/\",\"name\":\"Po\\u010detna stranica\"}},{\"@type\":\"ListItem\",\"position\":2,\"item\":{\"@id\":\"http:\/\/knjiznice.nsk.hr\/babina-greda\/citateljski-klub-2024\/#webpage\"}}]}]}<\/script>\n<!-- \/ Yoast SEO plugin. -->","_links":{"self":[{"href":"http:\/\/knjiznice.nsk.hr\/babina-greda\/wp-json\/wp\/v2\/pages\/1982"}],"collection":[{"href":"http:\/\/knjiznice.nsk.hr\/babina-greda\/wp-json\/wp\/v2\/pages"}],"about":[{"href":"http:\/\/knjiznice.nsk.hr\/babina-greda\/wp-json\/wp\/v2\/types\/page"}],"author":[{"embeddable":true,"href":"http:\/\/knjiznice.nsk.hr\/babina-greda\/wp-json\/wp\/v2\/users\/86"}],"replies":[{"embeddable":true,"href":"http:\/\/knjiznice.nsk.hr\/babina-greda\/wp-json\/wp\/v2\/comments?post=1982"}],"version-history":[{"count":5,"href":"http:\/\/knjiznice.nsk.hr\/babina-greda\/wp-json\/wp\/v2\/pages\/1982\/revisions"}],"predecessor-version":[{"id":2123,"href":"http:\/\/knjiznice.nsk.hr\/babina-greda\/wp-json\/wp\/v2\/pages\/1982\/revisions\/2123"}],"wp:attachment":[{"href":"http:\/\/knjiznice.nsk.hr\/babina-greda\/wp-json\/wp\/v2\/media?parent=1982"}],"curies":[{"name":"wp","href":"https:\/\/api.w.org\/{rel}","templated":true}]}}