{"id":1981,"date":"2024-02-16T09:38:54","date_gmt":"2024-02-16T09:38:54","guid":{"rendered":"http:\/\/knjiznice.nsk.hr\/babina-greda\/?page_id=1981"},"modified":"2024-02-16T09:40:46","modified_gmt":"2024-02-16T09:40:46","slug":"citateljski-klub-2023","status":"publish","type":"page","link":"http:\/\/knjiznice.nsk.hr\/babina-greda\/citateljski-klub-2023\/","title":{"rendered":"\u010cITATELJSKI KLUB 2023."},"content":{"rendered":"<p data-wahfont=\"14\">15. 11. 2023. Ve\u010deras smo odr\u017eali sastanak na\u0161eg \u010ditateljskog kluba! Za prvu knjigu odabrali smo roman Ivane \u0160ojat \u201cSama\u201d. Roman je to koji propituje dru\u0161tveni polo\u017eaj \u017eene kao radnice,<span id=\"more-131\" data-wahfont=\"14\"><\/span>&nbsp;majke, prijateljice, k\u0107eri i susjede. Roman je u mnogo\u010demu kritika dru\u0161tva u kojem se nalazimo, dru\u0161tva koji name\u0107e poznate stereotipe \u017eena, a da ne ide dublje od povr\u0161ine.&nbsp;<img loading=\"lazy\" class=\"size-medium wp-image-1967 alignright\" src=\"http:\/\/knjiznice.nsk.hr\/babina-greda\/wp-content\/uploads\/sites\/72\/2024\/02\/401781178_730718959083702_707180440671154531_n-431x448.jpg\" alt=\"\" width=\"431\" height=\"448\" srcset=\"http:\/\/knjiznice.nsk.hr\/babina-greda\/wp-content\/uploads\/sites\/72\/2024\/02\/401781178_730718959083702_707180440671154531_n-431x448.jpg 431w, http:\/\/knjiznice.nsk.hr\/babina-greda\/wp-content\/uploads\/sites\/72\/2024\/02\/401781178_730718959083702_707180440671154531_n-1087x1131.jpg 1087w, http:\/\/knjiznice.nsk.hr\/babina-greda\/wp-content\/uploads\/sites\/72\/2024\/02\/401781178_730718959083702_707180440671154531_n-768x799.jpg 768w, http:\/\/knjiznice.nsk.hr\/babina-greda\/wp-content\/uploads\/sites\/72\/2024\/02\/401781178_730718959083702_707180440671154531_n-600x624.jpg 600w, http:\/\/knjiznice.nsk.hr\/babina-greda\/wp-content\/uploads\/sites\/72\/2024\/02\/401781178_730718959083702_707180440671154531_n-1477x1536.jpg 1477w, http:\/\/knjiznice.nsk.hr\/babina-greda\/wp-content\/uploads\/sites\/72\/2024\/02\/401781178_730718959083702_707180440671154531_n-624x649.jpg 624w, http:\/\/knjiznice.nsk.hr\/babina-greda\/wp-content\/uploads\/sites\/72\/2024\/02\/401781178_730718959083702_707180440671154531_n.jpg 1744w\" sizes=\"(max-width: 431px) 100vw, 431px\" \/><span data-wahfont=\"14\">Kroz osobna iskustva smo se svi prona\u0161li u ovom romanu, i odlu\u010dili da nam idu\u0107i roman koji \u010ditamo bude roman Kristiana Novaka \u201cSlu\u010daj vlastite pogibelji\u201d. Tko se \u017eeli pridru\u017eiti ovoj veseloj ekipi, neka do\u0111e u knji\u017enicu po primjerak!&nbsp;<\/span><\/p>\n<p data-wahfont=\"14\">&nbsp;<\/p>\n<p data-wahfont=\"14\">&nbsp;<\/p>\n<p data-wahfont=\"14\">&nbsp;<\/p>\n<p data-wahfont=\"14\">&nbsp;<\/p>\n<p data-wahfont=\"14\"><strong>14.12.2023.<\/strong>&nbsp;Sino\u0107 smo odr\u017eali sastanak \u010ditateljskog kluba na kojem smo iznijeli dojmove o pro\u010ditanom romanu Kristijana Novaka: Slu\u010daj vlastite pogibelji.<img loading=\"lazy\" class=\"alignright size-medium wp-image-1969\" src=\"http:\/\/knjiznice.nsk.hr\/babina-greda\/wp-content\/uploads\/sites\/72\/2024\/02\/410353348_746110374211227_5911720093629194788_n-497x280.jpg\" alt=\"\" width=\"497\" height=\"280\" srcset=\"http:\/\/knjiznice.nsk.hr\/babina-greda\/wp-content\/uploads\/sites\/72\/2024\/02\/410353348_746110374211227_5911720093629194788_n-497x280.jpg 497w, http:\/\/knjiznice.nsk.hr\/babina-greda\/wp-content\/uploads\/sites\/72\/2024\/02\/410353348_746110374211227_5911720093629194788_n-1096x617.jpg 1096w, http:\/\/knjiznice.nsk.hr\/babina-greda\/wp-content\/uploads\/sites\/72\/2024\/02\/410353348_746110374211227_5911720093629194788_n-768x432.jpg 768w, http:\/\/knjiznice.nsk.hr\/babina-greda\/wp-content\/uploads\/sites\/72\/2024\/02\/410353348_746110374211227_5911720093629194788_n-600x338.jpg 600w, http:\/\/knjiznice.nsk.hr\/babina-greda\/wp-content\/uploads\/sites\/72\/2024\/02\/410353348_746110374211227_5911720093629194788_n-1536x865.jpg 1536w, http:\/\/knjiznice.nsk.hr\/babina-greda\/wp-content\/uploads\/sites\/72\/2024\/02\/410353348_746110374211227_5911720093629194788_n-624x351.jpg 624w, http:\/\/knjiznice.nsk.hr\/babina-greda\/wp-content\/uploads\/sites\/72\/2024\/02\/410353348_746110374211227_5911720093629194788_n.jpg 2048w\" sizes=\"(max-width: 497px) 100vw, 497px\" \/>Onaj tko nije \u010ditao Novaka ranije, iznenadit \u0107e se prisutno\u0161\u0107u me\u0111imurskog govora u razgovorima likova, \u0161to, naravno, u prvi mah odbija \u010ditatelja. No, u roman vas uvu\u010de nevjerojatna brzina i razvoj doga\u0111aja. Glavni doga\u0111aj romana je ubojstvo\/samoubojstvo mladog policajca i povod je reakcijama njegovih bli\u017enjih, poznanika i nadre\u0111enih. Novak je pri\u010du temeljio na stvarnom doga\u0111aju i zato je sama knjiga intrigantna, jer propituje sumnje koje su stvarne, nisu izmi\u0161ljene. Novak ovim romanom ne ispravlja dru\u0161tvenu nepravdu, samo ju potvr\u0111uje, a o tome svjedo\u010di i ovaj citat iz knjige: \u201cMi bi svi, sigurno nas 90 posto, potpisali da u ovoj dr\u017eavi kona\u010dno po\u010dnu svi cinkati svoje kvarne kolege i nadre\u0111ene, jer je sve toliko zagrezlo u korupciju da iz \u017eivog blata nemremo van. Ali \u010dim netko krene tim putom, ostane sam. Istina ne do\u0111e kao neki pobjedonosni trenutak. Kad ispliva, cijeli svijet se sru\u0161i na onoga tko ju je izgovorio \u201c. Vrijedi pro\u010ditati.<\/p>\n","protected":false},"excerpt":{"rendered":"<p>15. 11. 2023. Ve\u010deras smo odr\u017eali sastanak na\u0161eg \u010ditateljskog kluba! Za prvu knjigu odabrali smo roman Ivane \u0160ojat \u201cSama\u201d. Roman je to koji propituje dru\u0161tveni polo\u017eaj \u017eene kao radnice,&nbsp;majke, prijateljice, k\u0107eri i susjede. Roman je u mnogo\u010demu kritika dru\u0161tva u kojem se nalazimo, dru\u0161tva koji name\u0107e poznate stereotipe \u017eena, a da ne ide dublje od [&hellip;]<\/p>\n","protected":false},"author":86,"featured_media":0,"parent":0,"menu_order":0,"comment_status":"closed","ping_status":"closed","template":"","meta":{"ngg_post_thumbnail":0},"yoast_head":"<!-- This site is optimized with the Yoast SEO plugin v16.4 - https:\/\/yoast.com\/wordpress\/plugins\/seo\/ -->\n<title>\u010cITATELJSKI KLUB 2023. &ndash; Op\u0107inska narodna knji\u017enica Babina Greda<\/title>\n<meta name=\"description\" content=\"Op\u0107inska narodna knji\u017enica Babina Greda \u010cITATELJSKI KLUB 2023. &ndash;\" \/>\n<meta name=\"robots\" content=\"index, follow, max-snippet:-1, max-image-preview:large, max-video-preview:-1\" \/>\n<link rel=\"canonical\" href=\"http:\/\/knjiznice.nsk.hr\/babina-greda\/citateljski-klub-2023\/\" \/>\n<meta property=\"og:locale\" content=\"hr_HR\" \/>\n<meta property=\"og:type\" content=\"article\" \/>\n<meta property=\"og:title\" content=\"\u010cITATELJSKI KLUB 2023. &ndash; Op\u0107inska narodna knji\u017enica Babina Greda\" \/>\n<meta property=\"og:description\" content=\"Op\u0107inska narodna knji\u017enica Babina Greda \u010cITATELJSKI KLUB 2023. &ndash;\" \/>\n<meta property=\"og:url\" content=\"http:\/\/knjiznice.nsk.hr\/babina-greda\/citateljski-klub-2023\/\" \/>\n<meta property=\"og:site_name\" content=\"Op\u0107inska narodna knji\u017enica Babina Greda\" \/>\n<meta property=\"article:publisher\" content=\"https:\/\/web.facebook.com\/opcinska.narodna.knjiznica.babina.greda\/?ref=bookmarks\" \/>\n<meta property=\"article:modified_time\" content=\"2024-02-16T09:40:46+00:00\" \/>\n<meta property=\"og:image\" content=\"http:\/\/knjiznice.nsk.hr\/babina-greda\/wp-content\/uploads\/sites\/72\/2024\/02\/401781178_730718959083702_707180440671154531_n-431x448.jpg\" \/>\n<meta name=\"twitter:label1\" content=\"Procijenjeno vrijeme \u010ditanja\" \/>\n\t<meta name=\"twitter:data1\" content=\"2 minute\" \/>\n<script type=\"application\/ld+json\" class=\"yoast-schema-graph\">{\"@context\":\"https:\/\/schema.org\",\"@graph\":[{\"@type\":\"Organization\",\"@id\":\"http:\/\/knjiznice.nsk.hr\/babina-greda\/#organization\",\"name\":\"Op\\u0107inska narodna knji\\u017enica Babina Greda\",\"url\":\"http:\/\/knjiznice.nsk.hr\/babina-greda\/\",\"sameAs\":[\"https:\/\/web.facebook.com\/opcinska.narodna.knjiznica.babina.greda\/?ref=bookmarks\",\"https:\/\/www.instagram.com\/narodnaknjiznica_bg\/\",\"https:\/\/www.youtube.com\/channel\/UC4GLISM7P4Kh8XCIuNsLjHA?view_as=subscriber\"],\"logo\":{\"@type\":\"ImageObject\",\"@id\":\"http:\/\/knjiznice.nsk.hr\/babina-greda\/#logo\",\"inLanguage\":\"hr\",\"url\":\"http:\/\/knjiznice.nsk.hr\/babina-greda\/wp-content\/uploads\/sites\/72\/2017\/05\/logo.jpg\",\"contentUrl\":\"http:\/\/knjiznice.nsk.hr\/babina-greda\/wp-content\/uploads\/sites\/72\/2017\/05\/logo.jpg\",\"width\":1056,\"height\":1368,\"caption\":\"Op\\u0107inska narodna knji\\u017enica Babina Greda\"},\"image\":{\"@id\":\"http:\/\/knjiznice.nsk.hr\/babina-greda\/#logo\"}},{\"@type\":\"WebSite\",\"@id\":\"http:\/\/knjiznice.nsk.hr\/babina-greda\/#website\",\"url\":\"http:\/\/knjiznice.nsk.hr\/babina-greda\/\",\"name\":\"Op\\u0107inska narodna knji\\u017enica Babina Greda\",\"description\":\"\",\"publisher\":{\"@id\":\"http:\/\/knjiznice.nsk.hr\/babina-greda\/#organization\"},\"potentialAction\":[{\"@type\":\"SearchAction\",\"target\":\"http:\/\/knjiznice.nsk.hr\/babina-greda\/?s={search_term_string}\",\"query-input\":\"required name=search_term_string\"}],\"inLanguage\":\"hr\"},{\"@type\":\"ImageObject\",\"@id\":\"http:\/\/knjiznice.nsk.hr\/babina-greda\/citateljski-klub-2023\/#primaryimage\",\"inLanguage\":\"hr\",\"url\":\"http:\/\/knjiznice.nsk.hr\/babina-greda\/wp-content\/uploads\/sites\/72\/2024\/02\/401781178_730718959083702_707180440671154531_n.jpg\",\"contentUrl\":\"http:\/\/knjiznice.nsk.hr\/babina-greda\/wp-content\/uploads\/sites\/72\/2024\/02\/401781178_730718959083702_707180440671154531_n.jpg\",\"width\":1744,\"height\":1814},{\"@type\":\"WebPage\",\"@id\":\"http:\/\/knjiznice.nsk.hr\/babina-greda\/citateljski-klub-2023\/#webpage\",\"url\":\"http:\/\/knjiznice.nsk.hr\/babina-greda\/citateljski-klub-2023\/\",\"name\":\"\\u010cITATELJSKI KLUB 2023. &ndash; Op\\u0107inska narodna knji\\u017enica Babina Greda\",\"isPartOf\":{\"@id\":\"http:\/\/knjiznice.nsk.hr\/babina-greda\/#website\"},\"primaryImageOfPage\":{\"@id\":\"http:\/\/knjiznice.nsk.hr\/babina-greda\/citateljski-klub-2023\/#primaryimage\"},\"datePublished\":\"2024-02-16T09:38:54+00:00\",\"dateModified\":\"2024-02-16T09:40:46+00:00\",\"description\":\"Op\\u0107inska narodna knji\\u017enica Babina Greda \\u010cITATELJSKI KLUB 2023. &ndash;\",\"breadcrumb\":{\"@id\":\"http:\/\/knjiznice.nsk.hr\/babina-greda\/citateljski-klub-2023\/#breadcrumb\"},\"inLanguage\":\"hr\",\"potentialAction\":[{\"@type\":\"ReadAction\",\"target\":[\"http:\/\/knjiznice.nsk.hr\/babina-greda\/citateljski-klub-2023\/\"]}]},{\"@type\":\"BreadcrumbList\",\"@id\":\"http:\/\/knjiznice.nsk.hr\/babina-greda\/citateljski-klub-2023\/#breadcrumb\",\"itemListElement\":[{\"@type\":\"ListItem\",\"position\":1,\"item\":{\"@type\":\"WebPage\",\"@id\":\"http:\/\/knjiznice.nsk.hr\/babina-greda\/\",\"url\":\"http:\/\/knjiznice.nsk.hr\/babina-greda\/\",\"name\":\"Po\\u010detna stranica\"}},{\"@type\":\"ListItem\",\"position\":2,\"item\":{\"@id\":\"http:\/\/knjiznice.nsk.hr\/babina-greda\/citateljski-klub-2023\/#webpage\"}}]}]}<\/script>\n<!-- \/ Yoast SEO plugin. -->","_links":{"self":[{"href":"http:\/\/knjiznice.nsk.hr\/babina-greda\/wp-json\/wp\/v2\/pages\/1981"}],"collection":[{"href":"http:\/\/knjiznice.nsk.hr\/babina-greda\/wp-json\/wp\/v2\/pages"}],"about":[{"href":"http:\/\/knjiznice.nsk.hr\/babina-greda\/wp-json\/wp\/v2\/types\/page"}],"author":[{"embeddable":true,"href":"http:\/\/knjiznice.nsk.hr\/babina-greda\/wp-json\/wp\/v2\/users\/86"}],"replies":[{"embeddable":true,"href":"http:\/\/knjiznice.nsk.hr\/babina-greda\/wp-json\/wp\/v2\/comments?post=1981"}],"version-history":[{"count":3,"href":"http:\/\/knjiznice.nsk.hr\/babina-greda\/wp-json\/wp\/v2\/pages\/1981\/revisions"}],"predecessor-version":[{"id":1991,"href":"http:\/\/knjiznice.nsk.hr\/babina-greda\/wp-json\/wp\/v2\/pages\/1981\/revisions\/1991"}],"wp:attachment":[{"href":"http:\/\/knjiznice.nsk.hr\/babina-greda\/wp-json\/wp\/v2\/media?parent=1981"}],"curies":[{"name":"wp","href":"https:\/\/api.w.org\/{rel}","templated":true}]}}