{"id":1220,"date":"2020-09-21T10:55:12","date_gmt":"2020-09-21T10:55:12","guid":{"rendered":"http:\/\/knjiznice.nsk.hr\/babina-greda\/?page_id=1220"},"modified":"2020-09-21T10:55:12","modified_gmt":"2020-09-21T10:55:12","slug":"izjava-o-pristupacnosti","status":"publish","type":"page","link":"http:\/\/knjiznice.nsk.hr\/babina-greda\/izjava-o-pristupacnosti\/","title":{"rendered":"IZJAVA O PRISTUPA\u010cNOSTI"},"content":{"rendered":"<p><strong>Op\u0107enito<\/strong><\/p>\n<p>Op\u0107inska narodna knji\u017enica Babina Greda nastoji svoje mre\u017ene stranice u\u010diniti pristupa\u010dnima u skladu sa <a href=\"https:\/\/www.zakon.hr\/z\/1929\/Zakon-o-pristupa%C4%8Dnosti-mre%C5%BEnih-stranica-i-programskih-rje%C5%A1enja-za-pokretne-ure%C4%91aje-tijela-javnog-sektora\">Zakonom o pristupa\u010dnosti mre\u017enih stranica i programskih rje\u0161enja za pokretne ure\u0111aje tijela javnog sektora Republike Hrvatske<\/a>&nbsp;(\u201eNarodne novine\u201c, broj 17\/19; dalje u tekstu: Zakon) kojim se prenosi&nbsp;<a href=\"https:\/\/eur-lex.europa.eu\/legal-content\/HR\/AUTO\/?uri=OJ:L:2016:327:TOC\">Direktiva (EU)&nbsp;2016\/2102 Europskog parlamenta i Vije\u0107a od 26.&nbsp;listopada 2016. o pristupa\u010dnosti internetskih stranica i mobilnih aplikacija tijela javnog sektora<\/a>&nbsp;(SL&nbsp;L&nbsp;327, 2.12.2016.).<\/p>\n<p>Ova Izjava o pristupa\u010dnosti primjenjuje se na mre\u017eno sjedi\u0161te Op\u0107inske narodne knji\u017enice Babina Greda koje se nalazi na adresi<a href=\"http:\/\/knjiznice.nsk.hr\/babina-greda\/\"> knjiznice.nsk.hr\/babina-greda<\/a> .<\/p>\n<p>&nbsp;<\/p>\n<p><strong>Status uskla\u0111enosti<\/strong><\/p>\n<p>Mre\u017eno sjedi\u0161te&nbsp;<a href=\"http:\/\/knjiznice.nsk.hr\/babina-greda\/\">http:\/\/knjiznice.nsk.hr\/babina-greda\/<\/a> djelomi\u010dno je uskla\u0111eno sa Zakonom zbog neuskla\u0111enosti koje su navedene u nastavku.<\/p>\n<p>&nbsp;<\/p>\n<p><strong>Nepristupa\u010dan sadr\u017eaj<\/strong><\/p>\n<p>Sadr\u017eaj naveden u nastavku je nepristupa\u010dan iz razloga:<\/p>\n<ol>\n<li>neuskla\u0111enosti sa Zakonom<\/li>\n<\/ol>\n<ul>\n<li>Kontrast na pojedinim dijelovima stranice nije zadovoljavaju\u0107.<\/li>\n<li>Veli\u010dina fonta na mre\u017enom mjestu je premala.<\/li>\n<li>Nazivi pojedinih poveznica trebali bi konkretnije specificirati sadr\u017eaj koji se iza njih nalazi.<\/li>\n<li>Mre\u017eno mjesto nema mogu\u0107nost reprodukcije tekstualnog sadr\u017eaja u audio obliku.<\/li>\n<li>Pojedine slike na stranici ne sadr\u017ee &lt;alt&gt; atribut.<\/li>\n<li>Pojedine slike na stranici ne sadr\u017ee kratak tekstualni opis sadr\u017eaja i funkcije slike.<\/li>\n<li>Navigacija u sidebaru prikazuje padaju\u0107e izbornike na prelazak mi\u0161a preko elementa navigacije, a ne na klik na odre\u0111eni element.<\/li>\n<\/ul>\n<ol>\n<li>nerazmjerno optere\u0107enje<\/li>\n<\/ol>\n<p>Za neuskla\u0111enosti navedene pod to\u010dkom a), Op\u0107inska narodna knji\u017enica Babina Greda se poziva na iznimku zbog nerazmjernog optere\u0107enja sukladno \u010dlanku 8. Zakona.<\/p>\n<ol>\n<li>sadr\u017eaj nije obuhva\u0107en podru\u010djem primjene primjenjivog zakonodavstva<\/li>\n<\/ol>\n<p>Sukladno \u010dlanku 3. Zakona, isti se ne primjenjuje na uredske datoteke objavljene prije 23. rujna 2018. \u010diji sadr\u017eaj nije potreban za postupke u tijeku koje tijelo javnog sektora obavlja u okviru svog djelokruga.<\/p>\n<p>&nbsp;<\/p>\n<p>Sukladno \u010dlanku 3. Zakona, isti se ne primjenjuje na prethodno snimljene medijske sadr\u017eaje u obliku audiozapisa, videozapisa, audio i videozapisa, audio i\/ili videozapisa kombiniranih s interakcijom, objavljene prije 23. rujna 2020.<\/p>\n<p>&nbsp;<\/p>\n<p><strong>Priprema ove izjave o pristupa\u010dnosti<\/strong><\/p>\n<p>Ova je izjava sastavljena 21. rujna 2020. godine, prema Predlo\u0161ku izjave o pristupa\u010dnosti koji je u skladu s Direktivom (EU) 2016\/2102 Europskog parlamenta i Vije\u0107a o pristupa\u010dnosti internetskih stranica i mobilnih aplikacija tijela javnog sektora, a utvr\u0111en je <a href=\"https:\/\/eur-lex.europa.eu\/legal-content\/HR\/TXT\/HTML\/?uri=CELEX:32018D1523&amp;qid=1590482508144&amp;from=HR\">Provedbenom odlukom Komisije (EU) 2018\/1523<\/a>.<\/p>\n<p>Izjava je zadnji put preispitana 21. rujna 2020. godine.&nbsp;<\/p>\n<p>&nbsp;<\/p>\n<p><strong>Povratne informacije i podaci za kontakt<\/strong><\/p>\n<p>Molimo korisnike ove mre\u017ene stranice ako primijete neuskla\u0111en sadr\u017eaj, koji nije obuhva\u0107en ovom izjavom, da o tome obavijeste Op\u0107insku narodnu knji\u017enicu Babina Greda.<\/p>\n<p>Sve upite i sugestije vezane uz pristupa\u010dnost mre\u017enog sjedi\u0161ta Op\u0107inske narodne knji\u017enice Babina Greda korisnici mogu uputiti putem elektroni\u010dke po\u0161te: <a href=\"mailto:knjiznica.bg@gmail.com\">knjiznica.bg@gmail.com<\/a>.<\/p>\n<p>[NAVESTI PUNI NAZIV USTANOVE] je du\u017ena na upit, obavijest ili zahtjev korisnika vezano uz osiguravanje pristupa\u010dnosti odgovoriti u roku od 15 dana od dana primitka obavijesti, odnosno zahtjeva ili ga u istom roku, uz detaljno obrazlo\u017eenje razloga koji zahtijevaju odgodu, obavijestiti o naknadnom roku u kojem \u0107e odgovoriti na korisnikovu obavijest ili zahtjev.<\/p>\n<p>&nbsp;<\/p>\n<p><strong>Postupak pra\u0107enja provedbe propisa<\/strong><\/p>\n<p>Povjerenik za informiranje Republike Hrvatske je tijelo nadle\u017eno za pra\u0107enje uskla\u0111enosti mre\u017enih stranica i programskih rje\u0161enja za pokretne ure\u0111aje tijela javnog sektora sa zahtjevima pristupa\u010dnosti kao i za nadzor nad provedbom Zakona.<\/p>\n<p>U slu\u010daju nezadovoljavaju\u0107ih odgovora na obavijest ili zahtjev za povratne informacije o pristupa\u010dnosti ovih mre\u017enih stranica, korisnici se mogu obratiti Povjereniku za informiranje putem elektroni\u010dke po\u0161te:&nbsp;<u><a href=\"mailto:pristupacnost@pristupinfo.hr\">pristupacnost@pristupinfo.hr<\/a><\/u>.<\/p>\n<p>&nbsp;<\/p>\n","protected":false},"excerpt":{"rendered":"<p>Op\u0107enito Op\u0107inska narodna knji\u017enica Babina Greda nastoji svoje mre\u017ene stranice u\u010diniti pristupa\u010dnima u skladu sa Zakonom o pristupa\u010dnosti mre\u017enih stranica i programskih rje\u0161enja za pokretne ure\u0111aje tijela javnog sektora Republike Hrvatske&nbsp;(\u201eNarodne novine\u201c, broj 17\/19; dalje u tekstu: Zakon) kojim se prenosi&nbsp;Direktiva (EU)&nbsp;2016\/2102 Europskog parlamenta i Vije\u0107a od 26.&nbsp;listopada 2016. o pristupa\u010dnosti internetskih stranica i mobilnih [&hellip;]<\/p>\n","protected":false},"author":86,"featured_media":0,"parent":0,"menu_order":0,"comment_status":"closed","ping_status":"closed","template":"page-templates\/front-page.php","meta":{"ngg_post_thumbnail":0},"yoast_head":"<!-- This site is optimized with the Yoast SEO plugin v16.4 - https:\/\/yoast.com\/wordpress\/plugins\/seo\/ -->\n<title>IZJAVA O PRISTUPA\u010cNOSTI &ndash; Op\u0107inska narodna knji\u017enica Babina Greda<\/title>\n<meta name=\"description\" content=\"Op\u0107inska narodna knji\u017enica Babina Greda IZJAVA O PRISTUPA\u010cNOSTI &ndash;\" \/>\n<meta name=\"robots\" content=\"index, follow, max-snippet:-1, max-image-preview:large, max-video-preview:-1\" \/>\n<link rel=\"canonical\" href=\"http:\/\/knjiznice.nsk.hr\/babina-greda\/izjava-o-pristupacnosti\/\" \/>\n<meta property=\"og:locale\" content=\"hr_HR\" \/>\n<meta property=\"og:type\" content=\"article\" \/>\n<meta property=\"og:title\" content=\"IZJAVA O PRISTUPA\u010cNOSTI &ndash; Op\u0107inska narodna knji\u017enica Babina Greda\" \/>\n<meta property=\"og:description\" content=\"Op\u0107inska narodna knji\u017enica Babina Greda IZJAVA O PRISTUPA\u010cNOSTI &ndash;\" \/>\n<meta property=\"og:url\" content=\"http:\/\/knjiznice.nsk.hr\/babina-greda\/izjava-o-pristupacnosti\/\" \/>\n<meta property=\"og:site_name\" content=\"Op\u0107inska narodna knji\u017enica Babina Greda\" \/>\n<meta property=\"article:publisher\" content=\"https:\/\/web.facebook.com\/opcinska.narodna.knjiznica.babina.greda\/?ref=bookmarks\" \/>\n<meta property=\"og:image\" content=\"http:\/\/knjiznice.nsk.hr\/babina-greda\/wp-content\/uploads\/sites\/72\/2016\/01\/IMG_20150904_080152.jpg\" \/>\n\t<meta property=\"og:image:width\" content=\"2982\" \/>\n\t<meta property=\"og:image:height\" content=\"1678\" \/>\n<meta name=\"twitter:label1\" content=\"Procijenjeno vrijeme \u010ditanja\" \/>\n\t<meta name=\"twitter:data1\" content=\"3 minute\" \/>\n<script type=\"application\/ld+json\" class=\"yoast-schema-graph\">{\"@context\":\"https:\/\/schema.org\",\"@graph\":[{\"@type\":\"Organization\",\"@id\":\"http:\/\/knjiznice.nsk.hr\/babina-greda\/#organization\",\"name\":\"Op\\u0107inska narodna knji\\u017enica Babina Greda\",\"url\":\"http:\/\/knjiznice.nsk.hr\/babina-greda\/\",\"sameAs\":[\"https:\/\/web.facebook.com\/opcinska.narodna.knjiznica.babina.greda\/?ref=bookmarks\",\"https:\/\/www.instagram.com\/narodnaknjiznica_bg\/\",\"https:\/\/www.youtube.com\/channel\/UC4GLISM7P4Kh8XCIuNsLjHA?view_as=subscriber\"],\"logo\":{\"@type\":\"ImageObject\",\"@id\":\"http:\/\/knjiznice.nsk.hr\/babina-greda\/#logo\",\"inLanguage\":\"hr\",\"url\":\"http:\/\/knjiznice.nsk.hr\/babina-greda\/wp-content\/uploads\/sites\/72\/2017\/05\/logo.jpg\",\"contentUrl\":\"http:\/\/knjiznice.nsk.hr\/babina-greda\/wp-content\/uploads\/sites\/72\/2017\/05\/logo.jpg\",\"width\":1056,\"height\":1368,\"caption\":\"Op\\u0107inska narodna knji\\u017enica Babina Greda\"},\"image\":{\"@id\":\"http:\/\/knjiznice.nsk.hr\/babina-greda\/#logo\"}},{\"@type\":\"WebSite\",\"@id\":\"http:\/\/knjiznice.nsk.hr\/babina-greda\/#website\",\"url\":\"http:\/\/knjiznice.nsk.hr\/babina-greda\/\",\"name\":\"Op\\u0107inska narodna knji\\u017enica Babina Greda\",\"description\":\"\",\"publisher\":{\"@id\":\"http:\/\/knjiznice.nsk.hr\/babina-greda\/#organization\"},\"potentialAction\":[{\"@type\":\"SearchAction\",\"target\":\"http:\/\/knjiznice.nsk.hr\/babina-greda\/?s={search_term_string}\",\"query-input\":\"required name=search_term_string\"}],\"inLanguage\":\"hr\"},{\"@type\":\"WebPage\",\"@id\":\"http:\/\/knjiznice.nsk.hr\/babina-greda\/izjava-o-pristupacnosti\/#webpage\",\"url\":\"http:\/\/knjiznice.nsk.hr\/babina-greda\/izjava-o-pristupacnosti\/\",\"name\":\"IZJAVA O PRISTUPA\\u010cNOSTI &ndash; Op\\u0107inska narodna knji\\u017enica Babina Greda\",\"isPartOf\":{\"@id\":\"http:\/\/knjiznice.nsk.hr\/babina-greda\/#website\"},\"datePublished\":\"2020-09-21T10:55:12+00:00\",\"dateModified\":\"2020-09-21T10:55:12+00:00\",\"description\":\"Op\\u0107inska narodna knji\\u017enica Babina Greda IZJAVA O PRISTUPA\\u010cNOSTI &ndash;\",\"breadcrumb\":{\"@id\":\"http:\/\/knjiznice.nsk.hr\/babina-greda\/izjava-o-pristupacnosti\/#breadcrumb\"},\"inLanguage\":\"hr\",\"potentialAction\":[{\"@type\":\"ReadAction\",\"target\":[\"http:\/\/knjiznice.nsk.hr\/babina-greda\/izjava-o-pristupacnosti\/\"]}]},{\"@type\":\"BreadcrumbList\",\"@id\":\"http:\/\/knjiznice.nsk.hr\/babina-greda\/izjava-o-pristupacnosti\/#breadcrumb\",\"itemListElement\":[{\"@type\":\"ListItem\",\"position\":1,\"item\":{\"@type\":\"WebPage\",\"@id\":\"http:\/\/knjiznice.nsk.hr\/babina-greda\/\",\"url\":\"http:\/\/knjiznice.nsk.hr\/babina-greda\/\",\"name\":\"Po\\u010detna stranica\"}},{\"@type\":\"ListItem\",\"position\":2,\"item\":{\"@id\":\"http:\/\/knjiznice.nsk.hr\/babina-greda\/izjava-o-pristupacnosti\/#webpage\"}}]}]}<\/script>\n<!-- \/ Yoast SEO plugin. -->","_links":{"self":[{"href":"http:\/\/knjiznice.nsk.hr\/babina-greda\/wp-json\/wp\/v2\/pages\/1220"}],"collection":[{"href":"http:\/\/knjiznice.nsk.hr\/babina-greda\/wp-json\/wp\/v2\/pages"}],"about":[{"href":"http:\/\/knjiznice.nsk.hr\/babina-greda\/wp-json\/wp\/v2\/types\/page"}],"author":[{"embeddable":true,"href":"http:\/\/knjiznice.nsk.hr\/babina-greda\/wp-json\/wp\/v2\/users\/86"}],"replies":[{"embeddable":true,"href":"http:\/\/knjiznice.nsk.hr\/babina-greda\/wp-json\/wp\/v2\/comments?post=1220"}],"version-history":[{"count":1,"href":"http:\/\/knjiznice.nsk.hr\/babina-greda\/wp-json\/wp\/v2\/pages\/1220\/revisions"}],"predecessor-version":[{"id":1221,"href":"http:\/\/knjiznice.nsk.hr\/babina-greda\/wp-json\/wp\/v2\/pages\/1220\/revisions\/1221"}],"wp:attachment":[{"href":"http:\/\/knjiznice.nsk.hr\/babina-greda\/wp-json\/wp\/v2\/media?parent=1220"}],"curies":[{"name":"wp","href":"https:\/\/api.w.org\/{rel}","templated":true}]}}