{"id":1011,"date":"2017-06-07T15:51:05","date_gmt":"2017-06-07T15:51:05","guid":{"rendered":"http:\/\/knjiznice.nsk.hr\/babina-greda\/?page_id=1011"},"modified":"2017-06-07T15:51:05","modified_gmt":"2017-06-07T15:51:05","slug":"savska","status":"publish","type":"page","link":"http:\/\/knjiznice.nsk.hr\/babina-greda\/kucice-knjiznice\/savska\/","title":{"rendered":"Savska"},"content":{"rendered":"<p><strong>\u010citaoni\u010dko dru\u0161tvo \u201eSava<\/strong>\u201c je osnovano 1979.\/1980. godine, a idejni za\u010detnik \u010ditaonice bio je Ilija Koturi\u0107, prosvjetni djelatnik. Gradnja i djelovanje ove \u010ditaonice je nastavljeno i nakon Domovinskog rata. Danas je tako\u0111er pogodno mjesto za dru\u017eenje mje\u0161tana, iako prostor \u010ditaonice u budu\u0107nosti bi trebao biti preure\u0111en. Zahvaljujemo predsjedniku \u010ditaonice, gospodinu Peji i ostalim mje\u0161tanima koji su nas do\u010dekali.&nbsp;<\/p>\n<!-- index.php -->\n<div\n\tclass=\"ngg-galleryoverview ngg-ajax-pagination-none\"\n\tid=\"ngg-gallery-21212c594155f648dcfe3b118633f8ed-1\">\n\n    \t<div class=\"slideshowlink\">\n        <a href='http:\/\/knjiznice.nsk.hr\/babina-greda\/kucice-knjiznice\/savska\/nggallery\/slideshow'>&#091;Show slideshow&#093;<\/a>\n\t\t\n\t<\/div>\n\t\t\t<!-- Thumbnails -->\n\t\t\t\t<div id=\"ngg-image-0\" class=\"ngg-gallery-thumbnail-box\" >\n\t\t\t\t        <div class=\"ngg-gallery-thumbnail\">\n            <a href=\"http:\/\/knjiznice.nsk.hr\/babina-greda\/wp-content\/uploads\/sites\/72\/nggallery\/savska\/DSC_0383.JPG\"\n               title=\"\"\n               data-src=\"http:\/\/knjiznice.nsk.hr\/babina-greda\/wp-content\/uploads\/sites\/72\/nggallery\/savska\/DSC_0383.JPG\"\n               data-thumbnail=\"http:\/\/knjiznice.nsk.hr\/babina-greda\/wp-content\/uploads\/sites\/72\/nggallery\/savska\/thumbs\/thumbs_DSC_0383.JPG\"\n               data-image-id=\"215\"\n               data-title=\"DSC_0383\"\n               data-description=\"\"\n               data-image-slug=\"dsc_0383\"\n               class=\"ngg-fancybox\" rel=\"21212c594155f648dcfe3b118633f8ed\">\n                <img\n                    title=\"DSC_0383\"\n                    alt=\"DSC_0383\"\n                    src=\"http:\/\/knjiznice.nsk.hr\/babina-greda\/wp-content\/uploads\/sites\/72\/nggallery\/savska\/thumbs\/thumbs_DSC_0383.JPG\"\n                    width=\"120\"\n                    height=\"90\"\n                    style=\"max-width:100%;\"\n                \/>\n            <\/a>\n        <\/div>\n\t\t\t\t\t\t\t<\/div> \n\t\t\t\n        \n\t\t\t\t<div id=\"ngg-image-1\" class=\"ngg-gallery-thumbnail-box\" >\n\t\t\t\t        <div class=\"ngg-gallery-thumbnail\">\n            <a href=\"http:\/\/knjiznice.nsk.hr\/babina-greda\/wp-content\/uploads\/sites\/72\/nggallery\/savska\/DSC_0384.JPG\"\n               title=\"\"\n               data-src=\"http:\/\/knjiznice.nsk.hr\/babina-greda\/wp-content\/uploads\/sites\/72\/nggallery\/savska\/DSC_0384.JPG\"\n               data-thumbnail=\"http:\/\/knjiznice.nsk.hr\/babina-greda\/wp-content\/uploads\/sites\/72\/nggallery\/savska\/thumbs\/thumbs_DSC_0384.JPG\"\n               data-image-id=\"216\"\n               data-title=\"DSC_0384\"\n               data-description=\"\"\n               data-image-slug=\"dsc_0384\"\n               class=\"ngg-fancybox\" rel=\"21212c594155f648dcfe3b118633f8ed\">\n                <img\n                    title=\"DSC_0384\"\n                    alt=\"DSC_0384\"\n                    src=\"http:\/\/knjiznice.nsk.hr\/babina-greda\/wp-content\/uploads\/sites\/72\/nggallery\/savska\/thumbs\/thumbs_DSC_0384.JPG\"\n                    width=\"120\"\n                    height=\"90\"\n                    style=\"max-width:100%;\"\n                \/>\n            <\/a>\n        <\/div>\n\t\t\t\t\t\t\t<\/div> \n\t\t\t\n        \n\t\t\t\t<div id=\"ngg-image-2\" class=\"ngg-gallery-thumbnail-box\" >\n\t\t\t\t        <div class=\"ngg-gallery-thumbnail\">\n            <a href=\"http:\/\/knjiznice.nsk.hr\/babina-greda\/wp-content\/uploads\/sites\/72\/nggallery\/savska\/DSC_0386.JPG\"\n               title=\"\"\n               data-src=\"http:\/\/knjiznice.nsk.hr\/babina-greda\/wp-content\/uploads\/sites\/72\/nggallery\/savska\/DSC_0386.JPG\"\n               data-thumbnail=\"http:\/\/knjiznice.nsk.hr\/babina-greda\/wp-content\/uploads\/sites\/72\/nggallery\/savska\/thumbs\/thumbs_DSC_0386.JPG\"\n               data-image-id=\"217\"\n               data-title=\"DSC_0386\"\n               data-description=\"\"\n               data-image-slug=\"dsc_0386\"\n               class=\"ngg-fancybox\" rel=\"21212c594155f648dcfe3b118633f8ed\">\n                <img\n                    title=\"DSC_0386\"\n                    alt=\"DSC_0386\"\n                    src=\"http:\/\/knjiznice.nsk.hr\/babina-greda\/wp-content\/uploads\/sites\/72\/nggallery\/savska\/thumbs\/thumbs_DSC_0386.JPG\"\n                    width=\"120\"\n                    height=\"90\"\n                    style=\"max-width:100%;\"\n                \/>\n            <\/a>\n        <\/div>\n\t\t\t\t\t\t\t<\/div> \n\t\t\t\n        \n\t\t\t\t<div id=\"ngg-image-3\" class=\"ngg-gallery-thumbnail-box\" >\n\t\t\t\t        <div class=\"ngg-gallery-thumbnail\">\n            <a href=\"http:\/\/knjiznice.nsk.hr\/babina-greda\/wp-content\/uploads\/sites\/72\/nggallery\/savska\/DSC_0385.JPG\"\n               title=\"\"\n               data-src=\"http:\/\/knjiznice.nsk.hr\/babina-greda\/wp-content\/uploads\/sites\/72\/nggallery\/savska\/DSC_0385.JPG\"\n               data-thumbnail=\"http:\/\/knjiznice.nsk.hr\/babina-greda\/wp-content\/uploads\/sites\/72\/nggallery\/savska\/thumbs\/thumbs_DSC_0385.JPG\"\n               data-image-id=\"218\"\n               data-title=\"DSC_0385\"\n               data-description=\"\"\n               data-image-slug=\"dsc_0385\"\n               class=\"ngg-fancybox\" rel=\"21212c594155f648dcfe3b118633f8ed\">\n                <img\n                    title=\"DSC_0385\"\n                    alt=\"DSC_0385\"\n                    src=\"http:\/\/knjiznice.nsk.hr\/babina-greda\/wp-content\/uploads\/sites\/72\/nggallery\/savska\/thumbs\/thumbs_DSC_0385.JPG\"\n                    width=\"120\"\n                    height=\"90\"\n                    style=\"max-width:100%;\"\n                \/>\n            <\/a>\n        <\/div>\n\t\t\t\t\t\t\t<\/div> \n\t\t\t\n        \n\t\t\n\t\t<!-- Pagination -->\n\t<div class='ngg-clear'><\/div>\t<\/div>\n\n","protected":false},"excerpt":{"rendered":"<p>\u010citaoni\u010dko dru\u0161tvo \u201eSava\u201c je osnovano 1979.\/1980. godine, a idejni za\u010detnik \u010ditaonice bio je Ilija Koturi\u0107, prosvjetni djelatnik. Gradnja i djelovanje ove \u010ditaonice je nastavljeno i nakon Domovinskog rata. Danas je tako\u0111er pogodno mjesto za dru\u017eenje mje\u0161tana, iako prostor \u010ditaonice u budu\u0107nosti bi trebao biti preure\u0111en. Zahvaljujemo predsjedniku \u010ditaonice, gospodinu Peji i ostalim mje\u0161tanima koji su [&hellip;]<\/p>\n","protected":false},"author":86,"featured_media":0,"parent":906,"menu_order":0,"comment_status":"closed","ping_status":"closed","template":"","meta":{"ngg_post_thumbnail":0},"yoast_head":"<!-- This site is optimized with the Yoast SEO plugin v16.4 - https:\/\/yoast.com\/wordpress\/plugins\/seo\/ -->\n<title>Savska &ndash; Op\u0107inska narodna knji\u017enica Babina Greda<\/title>\n<meta name=\"description\" content=\"Op\u0107inska narodna knji\u017enica Babina Greda Savska &ndash;\" \/>\n<meta name=\"robots\" content=\"index, follow, max-snippet:-1, max-image-preview:large, max-video-preview:-1\" \/>\n<link rel=\"canonical\" href=\"http:\/\/knjiznice.nsk.hr\/babina-greda\/kucice-knjiznice\/savska\/\" \/>\n<meta property=\"og:locale\" content=\"hr_HR\" \/>\n<meta property=\"og:type\" content=\"article\" \/>\n<meta property=\"og:title\" content=\"Savska &ndash; Op\u0107inska narodna knji\u017enica Babina Greda\" \/>\n<meta property=\"og:description\" content=\"Op\u0107inska narodna knji\u017enica Babina Greda Savska &ndash;\" \/>\n<meta property=\"og:url\" content=\"http:\/\/knjiznice.nsk.hr\/babina-greda\/kucice-knjiznice\/savska\/\" \/>\n<meta property=\"og:site_name\" content=\"Op\u0107inska narodna knji\u017enica Babina Greda\" \/>\n<meta property=\"article:publisher\" content=\"https:\/\/web.facebook.com\/opcinska.narodna.knjiznica.babina.greda\/?ref=bookmarks\" \/>\n<meta property=\"og:image\" content=\"http:\/\/knjiznice.nsk.hr\/babina-greda\/wp-content\/uploads\/sites\/72\/2016\/01\/IMG_20150904_080152.jpg\" \/>\n\t<meta property=\"og:image:width\" content=\"2982\" \/>\n\t<meta property=\"og:image:height\" content=\"1678\" \/>\n<meta name=\"twitter:label1\" content=\"Procijenjeno vrijeme \u010ditanja\" \/>\n\t<meta name=\"twitter:data1\" content=\"1 minuta\" \/>\n<script type=\"application\/ld+json\" class=\"yoast-schema-graph\">{\"@context\":\"https:\/\/schema.org\",\"@graph\":[{\"@type\":\"Organization\",\"@id\":\"http:\/\/knjiznice.nsk.hr\/babina-greda\/#organization\",\"name\":\"Op\\u0107inska narodna knji\\u017enica Babina Greda\",\"url\":\"http:\/\/knjiznice.nsk.hr\/babina-greda\/\",\"sameAs\":[\"https:\/\/web.facebook.com\/opcinska.narodna.knjiznica.babina.greda\/?ref=bookmarks\",\"https:\/\/www.instagram.com\/narodnaknjiznica_bg\/\",\"https:\/\/www.youtube.com\/channel\/UC4GLISM7P4Kh8XCIuNsLjHA?view_as=subscriber\"],\"logo\":{\"@type\":\"ImageObject\",\"@id\":\"http:\/\/knjiznice.nsk.hr\/babina-greda\/#logo\",\"inLanguage\":\"hr\",\"url\":\"http:\/\/knjiznice.nsk.hr\/babina-greda\/wp-content\/uploads\/sites\/72\/2017\/05\/logo.jpg\",\"contentUrl\":\"http:\/\/knjiznice.nsk.hr\/babina-greda\/wp-content\/uploads\/sites\/72\/2017\/05\/logo.jpg\",\"width\":1056,\"height\":1368,\"caption\":\"Op\\u0107inska narodna knji\\u017enica Babina Greda\"},\"image\":{\"@id\":\"http:\/\/knjiznice.nsk.hr\/babina-greda\/#logo\"}},{\"@type\":\"WebSite\",\"@id\":\"http:\/\/knjiznice.nsk.hr\/babina-greda\/#website\",\"url\":\"http:\/\/knjiznice.nsk.hr\/babina-greda\/\",\"name\":\"Op\\u0107inska narodna knji\\u017enica Babina Greda\",\"description\":\"\",\"publisher\":{\"@id\":\"http:\/\/knjiznice.nsk.hr\/babina-greda\/#organization\"},\"potentialAction\":[{\"@type\":\"SearchAction\",\"target\":\"http:\/\/knjiznice.nsk.hr\/babina-greda\/?s={search_term_string}\",\"query-input\":\"required name=search_term_string\"}],\"inLanguage\":\"hr\"},{\"@type\":\"WebPage\",\"@id\":\"http:\/\/knjiznice.nsk.hr\/babina-greda\/kucice-knjiznice\/savska\/#webpage\",\"url\":\"http:\/\/knjiznice.nsk.hr\/babina-greda\/kucice-knjiznice\/savska\/\",\"name\":\"Savska &ndash; Op\\u0107inska narodna knji\\u017enica Babina Greda\",\"isPartOf\":{\"@id\":\"http:\/\/knjiznice.nsk.hr\/babina-greda\/#website\"},\"datePublished\":\"2017-06-07T15:51:05+00:00\",\"dateModified\":\"2017-06-07T15:51:05+00:00\",\"description\":\"Op\\u0107inska narodna knji\\u017enica Babina Greda Savska &ndash;\",\"breadcrumb\":{\"@id\":\"http:\/\/knjiznice.nsk.hr\/babina-greda\/kucice-knjiznice\/savska\/#breadcrumb\"},\"inLanguage\":\"hr\",\"potentialAction\":[{\"@type\":\"ReadAction\",\"target\":[\"http:\/\/knjiznice.nsk.hr\/babina-greda\/kucice-knjiznice\/savska\/\"]}]},{\"@type\":\"BreadcrumbList\",\"@id\":\"http:\/\/knjiznice.nsk.hr\/babina-greda\/kucice-knjiznice\/savska\/#breadcrumb\",\"itemListElement\":[{\"@type\":\"ListItem\",\"position\":1,\"item\":{\"@type\":\"WebPage\",\"@id\":\"http:\/\/knjiznice.nsk.hr\/babina-greda\/\",\"url\":\"http:\/\/knjiznice.nsk.hr\/babina-greda\/\",\"name\":\"Po\\u010detna stranica\"}},{\"@type\":\"ListItem\",\"position\":2,\"item\":{\"@type\":\"WebPage\",\"@id\":\"http:\/\/knjiznice.nsk.hr\/babina-greda\/kucice-knjiznice\/\",\"url\":\"http:\/\/knjiznice.nsk.hr\/babina-greda\/kucice-knjiznice\/\",\"name\":\"Ku\\u0107ice-knji\\u017enice\"}},{\"@type\":\"ListItem\",\"position\":3,\"item\":{\"@id\":\"http:\/\/knjiznice.nsk.hr\/babina-greda\/kucice-knjiznice\/savska\/#webpage\"}}]}]}<\/script>\n<!-- \/ Yoast SEO plugin. -->","_links":{"self":[{"href":"http:\/\/knjiznice.nsk.hr\/babina-greda\/wp-json\/wp\/v2\/pages\/1011"}],"collection":[{"href":"http:\/\/knjiznice.nsk.hr\/babina-greda\/wp-json\/wp\/v2\/pages"}],"about":[{"href":"http:\/\/knjiznice.nsk.hr\/babina-greda\/wp-json\/wp\/v2\/types\/page"}],"author":[{"embeddable":true,"href":"http:\/\/knjiznice.nsk.hr\/babina-greda\/wp-json\/wp\/v2\/users\/86"}],"replies":[{"embeddable":true,"href":"http:\/\/knjiznice.nsk.hr\/babina-greda\/wp-json\/wp\/v2\/comments?post=1011"}],"version-history":[{"count":1,"href":"http:\/\/knjiznice.nsk.hr\/babina-greda\/wp-json\/wp\/v2\/pages\/1011\/revisions"}],"predecessor-version":[{"id":1026,"href":"http:\/\/knjiznice.nsk.hr\/babina-greda\/wp-json\/wp\/v2\/pages\/1011\/revisions\/1026"}],"up":[{"embeddable":true,"href":"http:\/\/knjiznice.nsk.hr\/babina-greda\/wp-json\/wp\/v2\/pages\/906"}],"wp:attachment":[{"href":"http:\/\/knjiznice.nsk.hr\/babina-greda\/wp-json\/wp\/v2\/media?parent=1011"}],"curies":[{"name":"wp","href":"https:\/\/api.w.org\/{rel}","templated":true}]}}